{"id":402,"date":"2026-01-25T14:55:00","date_gmt":"2026-01-25T17:55:00","guid":{"rendered":"https:\/\/demo.creativethemes.com\/stagingeight\/?page_id=402"},"modified":"2026-07-01T11:26:22","modified_gmt":"2026-07-01T14:26:22","slug":"home","status":"publish","type":"page","link":"https:\/\/congressocmba.com.br\/site\/","title":{"rendered":"Home"},"content":{"rendered":"\n<div class=\"wp-block-group cmba-homepage is-layout-flow wp-block-group-is-layout-flow\">\n<section class=\"cmba-event-hero\"><div class=\"cmba-shell cmba-shell--wide cmba-event-hero__grid\"><div class=\"cmba-event-hero__copy\"><p class=\"cmba-kicker cmba-kicker--dark\">congresso cmba 2026<\/p><h1>XXX Congresso Internacional de Acupuntura do CMBA 2026<\/h1><div class=\"cmba-event-hero__meta\"><h2>VIII Congresso de Dor CMBA<\/h2><div class=\"cmba-event-hero__details\"><p>27 e 28 de novembro de 2026<\/p><p>Sheraton Santos Hotel - Santos, SP<\/p><\/div><\/div><div class=\"wp-block-buttons cmba-button-row\"><div class=\"wp-block-button cmba-primary-button\"><a class=\"wp-block-button__link wp-element-button\" href=\"\/site\/inscricao-cmba-congresso-2026\/\">INSCRI\u00c7\u00d5ES ABERTAS<\/a><\/div><div class=\"wp-block-button cmba-secondary-button\"><a class=\"wp-block-button__link wp-element-button\" href=\"\/site\/trabalhos-cientificos\/\">Trabalhos Cient\u00edficos<\/a><\/div><\/div><\/div><div class=\"cmba-event-hero__visual\"><div class=\"cmba-event-hero__image-frame\"><figure class=\"wp-block-image size-large cmba-event-hero__image\"><img src=\"\/site\/wp-content\/uploads\/2026\/04\/SANTOS.jpg\" alt=\"Santos - SP\" loading=\"eager\" decoding=\"async\"\/><\/figure><div class=\"cmba-event-hero__caption\"><p>Santos - SP<\/p><p class=\"cmba-utility\">27-28 NOV<\/p><\/div><\/div><\/div><\/div><div class=\"cmba-shell cmba-shell--wide cmba-status-rail\"><div class=\"cmba-status-rail__item\"><span class=\"cmba-status-rail__label\">Data<\/span><span class=\"cmba-status-rail__value\">27 e 28 de novembro de 2026<\/span><\/div><div class=\"cmba-status-rail__item\"><span class=\"cmba-status-rail__label\">Local<\/span><span class=\"cmba-status-rail__value\">Sheraton Santos Hotel<\/span><\/div><div class=\"cmba-status-rail__item\"><span class=\"cmba-status-rail__label\">Cidade<\/span><span class=\"cmba-status-rail__value\">Santos - SP<\/span><\/div><div class=\"cmba-status-rail__item\"><span class=\"cmba-status-rail__label\">Inscri\u00e7\u00f5es<\/span><a class=\"cmba-status-rail__value\" href=\"\/site\/inscricao-cmba-congresso-2026\/\">INSCREVA-SE<\/a><\/div><div class=\"cmba-status-rail__item\"><span class=\"cmba-status-rail__label\">Trabalhos Cient\u00edficos<\/span><a class=\"cmba-status-rail__value\" href=\"\/site\/trabalhos-cientificos\/\">Trabalhos Cient\u00edficos<\/a><\/div><\/div><\/section><section class=\"cmba-home-promo\" aria-labelledby=\"cmba-home-promo-title\"><div class=\"cmba-shell cmba-shell--wide\"><article class=\"cmba-home-promo__card\"><p class=\"cmba-home-promo__badge\">\ud83d\udd25 Vagas Limitadas \u2013 Lote Promocional<\/p><div class=\"cmba-home-promo__body\"><h2 id=\"cmba-home-promo-title\">XXX Congresso Internacional de Acupuntura do CMBA 2026<\/h2><p>O maior encontro da Acupuntura M\u00e9dica brasileira j\u00e1 tem data e local confirmados. Prepare-se para uma experi\u00eancia cient\u00edfica de alto n\u00edvel.<\/p><div class=\"cmba-home-promo__meta\" aria-label=\"Data e local do congresso\"><div><span aria-hidden=\"true\">\ud83d\udcc5<\/span><strong>27 e 28 de Novembro de 2026<\/strong><\/div><div><span aria-hidden=\"true\">\ud83d\udccd<\/span><strong>Sheraton Santos Hotel<\/strong><\/div><\/div><div class=\"cmba-home-promo__discount\"><h3>\ud83d\udcb0 Descontos Exclusivos<\/h3><p>Condi\u00e7\u00f5es especiais para Associados Quites do CMBA, m\u00e9dicos residentes e estudantes. Garanta o valor de 1\u00ba lote realizando sua inscri\u00e7\u00e3o antecipada pelo portal Associatec.<\/p><\/div><div class=\"wp-block-buttons cmba-button-row cmba-home-promo__actions\"><div class=\"wp-block-button cmba-primary-button\"><a class=\"wp-block-button__link wp-element-button\" href=\"https:\/\/eventoscmba.associatec.com.br\/\" target=\"_blank\" rel=\"noopener noreferrer\">INSCREVA-SE<\/a><\/div><\/div><p class=\"cmba-home-promo__foot\">Inscri\u00e7\u00f5es 100% Online via Plataforma <strong>Associatec<\/strong><\/p><\/div><\/article><\/div><\/section><section class=\"cmba-home-countdown\" aria-label=\"Contagem regressiva do congresso\"><div class=\"cmba-shell cmba-shell--wide\"><div class=\"cmba-countdown-band cmba-countdown-band--venue-marquee\"><div class=\"cmba-countdown-band__venue\" aria-hidden=\"true\"><\/div><div class=\"cmba-countdown-band__board\" data-countdown-target=\"2026-11-27T00:00:00-03:00\"><div class=\"cmba-countdown-band__copy\"><p class=\"cmba-kicker cmba-kicker--dark\">Santos recebe o CMBA<\/p><h2 class=\"cmba-countdown-band__headline\">Faltam <span data-countdown-unit=\"days\">081<\/span> dias<\/h2><p>XXX Congresso Internacional de Acupuntura do CMBA 2026 \u00b7 VIII Congresso de Dor CMBA \u00b7 27 e 28 de novembro de 2026<\/p><\/div><div class=\"cmba-countdown-band__units\"><article><strong data-countdown-unit=\"hours\">16<\/strong><span>HORAS<\/span><\/article><article><strong data-countdown-unit=\"minutes\">36<\/strong><span>MINUTOS<\/span><\/article><article><strong data-countdown-unit=\"seconds\">52<\/strong><span>SEGUNDOS<\/span><\/article><article class=\"is-location\"><strong>Sheraton<\/strong><span>LOCAL<\/span><\/article><\/div><\/div><\/div><\/section><section class=\"cmba-home-section cmba-home-section--presidents\" aria-label=\"Mensagens da presid\u00eancia\"><div class=\"cmba-shell cmba-shell--wide cmba-president-stack\"><article class=\"cmba-president-card\"><figure class=\"cmba-president-card__media\"><img src=\"\/site\/wp-content\/uploads\/2026\/04\/CleanShot-2026-04-02-at-18.05.06.png\" alt=\"Dr. Ricardo Morad Basseto\" loading=\"eager\" decoding=\"async\"\/><\/figure><div class=\"cmba-president-card__copy\"><p class=\"cmba-kicker\">Palavra<\/p><h2>Carta do Presidente<\/h2><div class=\"cmba-president-card__body\"><p>Em 27 e 28 de novembro de 2026, ocorrer\u00e1 em Santos o XXX Congresso Internacional de Acupuntura do CMBA. Quero convid\u00e1-los e tamb\u00e9m instig\u00e1-los a reservar essa data para participarem deste grande evento da Acupunturiatria brasileira.<\/p><p>Congressistas M\u00e9dicos, Acad\u00eamicos, Pesquisadores e Expositores, espero de verdade encontr\u00e1-los, ent\u00e3o, com data j\u00e1 marcada para juntos, mais uma vez, engrandecermos a Acupuntura.<\/p><p>Conto ent\u00e3o com voc\u00eas na apraz\u00edvel e hist\u00f3rica cidade de Santos, minha cidade Natal.<\/p><\/div><footer><strong>Dr. Ricardo Morad Basseto<\/strong><span>Presidente do XXX Congresso Internacional de Acupuntura do CMBA<\/span><\/footer><\/div><\/article><article class=\"cmba-president-card cmba-president-card--reverse\"><figure class=\"cmba-president-card__media\"><img src=\"\/site\/wp-content\/uploads\/2026\/04\/CleanShot-2026-04-02-at-18.03.50-750x1024.png\" alt=\"Dra. Luc\u00edlia de Brito Tavares\" loading=\"eager\" decoding=\"async\"\/><\/figure><div class=\"cmba-president-card__copy\"><p class=\"cmba-kicker\">Palavra<\/p><h2>Essencial para M\u00e9dicos e Especialistas<\/h2><div class=\"cmba-president-card__body\"><p>\u00c9 com grande entusiasmo que convidamos todos os acupunturiatras a participarem do VIII Congresso de Dor do Col\u00e9gio M\u00e9dico Brasileiro de Acupuntura.<\/p><p>Ser\u00e1 um encontro imperd\u00edvel, repleto de troca de conhecimento, atualiza\u00e7\u00e3o cient\u00edfica e conex\u00f5es enriquecedoras com profissionais que compartilham a mesma paix\u00e3o pelo cuidado integral do paciente.<\/p><p>Vamos discutir avan\u00e7os, explorar novas abordagens e fortalecer ainda mais o papel da acupuntura no manejo da dor. Este \u00e9 o momento de se inspirar, se atualizar e fazer parte de um movimento que valoriza a excel\u00eancia e a humaniza\u00e7\u00e3o na pr\u00e1tica m\u00e9dica.<\/p><p>Contamos com a sua presen\u00e7a para tornar este evento ainda mais especial!<\/p><p>Venha viver essa experi\u00eancia conosco!<\/p><\/div><footer><strong>Dra. Luc\u00edlia de Brito Tavares<\/strong><span>Presidente do VIII Congresso de Dor do CMBA<\/span><\/footer><\/div><\/article><\/div><\/section>\n\n\n<section class=\"cmba-home-section cmba-home-section--signal\"><div class=\"cmba-shell cmba-home-routes\"><div class=\"cmba-section-header\"><div><p class=\"cmba-kicker\">Inscri\u00e7\u00f5es<\/p><h2>Inscri\u00e7\u00f5es 100% Online via Plataforma <strong>Associatec<\/strong><\/h2><\/div><p>Condi\u00e7\u00f5es especiais para <strong>Associados Quites do CMBA<\/strong>, m\u00e9dicos residentes e estudantes. Garanta o valor de 1\u00ba lote realizando sua inscri\u00e7\u00e3o antecipada pelo portal Associatec.<\/p><\/div><div class=\"cmba-route-table\"><a href=\"\/site\/inscricao-cmba-congresso-2026\/\"><span><strong>Inscri\u00e7\u00e3o 2026<\/strong><span>INSCREVA-SE<\/span><\/span><code>Associatec<\/code><\/a><a href=\"\/site\/programacao-cientifica\/\"><span><strong>Programa\u00e7\u00e3o<\/strong><span>Programa\u00e7\u00e3o cient\u00edfica<\/span><\/span><code>2026<\/code><\/a><a href=\"\/site\/palestrantes-internacionais\/\"><span><strong>Palestrantes Internacionais<\/strong><span>Convidados internacionais<\/span><\/span><code>2026<\/code><\/a><a href=\"\/site\/local-do-evento\/\"><span><strong>Local do Evento<\/strong><span>Sheraton Santos Hotel<\/span><\/span><code>Santos<\/code><\/a><\/div><div class=\"wp-block-buttons cmba-button-row cmba-home-routes__registration\"><div class=\"wp-block-button cmba-primary-button\"><a class=\"wp-block-button__link wp-element-button\" href=\"\/site\/inscricao-cmba-congresso-2026\/\">INSCREVA-SE<\/a><\/div><\/div><\/div><\/section>\n\n\n<section class=\"cmba-home-section cmba-home-section--registration\"><div class=\"cmba-shell cmba-shell--wide\"><div class=\"cmba-registration-matrix\"><div class=\"cmba-registration-matrix__lead\"><p class=\"cmba-kicker cmba-kicker--dark\">Inscri\u00e7\u00f5es<\/p><h2>Valores e Inscri\u00e7\u00f5es<\/h2><p>Condi\u00e7\u00f5es especiais para <strong>Associados Quites do CMBA<\/strong>, m\u00e9dicos residentes e estudantes. Garanta o valor de 1\u00ba lote realizando sua inscri\u00e7\u00e3o antecipada pelo portal Associatec.<\/p><div class=\"wp-block-buttons cmba-button-row\"><div class=\"wp-block-button cmba-primary-button\"><a class=\"wp-block-button__link wp-element-button\" href=\"\/site\/inscricao-cmba-congresso-2026\/\">INSCREVA-SE<\/a><\/div><\/div><\/div><div class=\"cmba-registration-matrix__prices\"><section class=\"cmba-price-card\"><h3>Estudantes de Medicina<\/h3><div class=\"cmba-price-row\"><span>At\u00e9 30\/04\/2026<\/span><strong>R$ 300,00<\/strong><\/div><div class=\"cmba-price-row\"><span>01\/05 a 30\/06\/2026<\/span><strong>R$ 330,00<\/strong><\/div><div class=\"cmba-price-row\"><span>01\/07 a 31\/08\/2026<\/span><strong>R$ 360,00<\/strong><\/div><div class=\"cmba-price-row\"><span>01\/09 a 31\/10\/2026<\/span><strong>R$ 390,00<\/strong><\/div><div class=\"cmba-price-row\"><span>01\/11 a 25\/11\/2026<\/span><strong>R$ 420,00<\/strong><\/div><div class=\"cmba-price-row\"><span>No Local<\/span><strong>R$ 550,00<\/strong><\/div><\/section><section class=\"cmba-price-card\"><h3>Alunos de P\u00f3s-Gradua\u00e7\u00e3o (Cursos credenciados CMBA) e Adimplentes com o CMBA<\/h3><div class=\"cmba-price-row\"><span>At\u00e9 30\/04\/2026<\/span><strong>R$ 650,00<\/strong><\/div><div class=\"cmba-price-row\"><span>01\/05 a 30\/06\/2026<\/span><strong>R$ 850,00<\/strong><\/div><div class=\"cmba-price-row\"><span>01\/07 a 31\/08\/2026<\/span><strong>R$ 990,00<\/strong><\/div><div class=\"cmba-price-row\"><span>01\/09 a 31\/10\/2026<\/span><strong>R$ 1.100,00<\/strong><\/div><div class=\"cmba-price-row\"><span>01\/11 a 25\/11\/2026<\/span><strong>R$ 1.300,00<\/strong><\/div><div class=\"cmba-price-row\"><span>No Local<\/span><strong>R$ 1.800,00<\/strong><\/div><\/section><section class=\"cmba-price-card\"><h3>M\u00e9dicos adimplentes do CMBA e das entidades internacionais parceiras<\/h3><div class=\"cmba-price-row\"><span>At\u00e9 30\/04\/2026<\/span><strong>R$ 850,00<\/strong><\/div><div class=\"cmba-price-row\"><span>01\/05 a 30\/06\/2026<\/span><strong>R$ 950,00<\/strong><\/div><div class=\"cmba-price-row\"><span>01\/07 a 31\/08\/2026<\/span><strong>R$ 1.100,00<\/strong><\/div><div class=\"cmba-price-row\"><span>01\/09 a 31\/10\/2026<\/span><strong>R$ 1.200,00<\/strong><\/div><div class=\"cmba-price-row\"><span>01\/11 a 25\/11\/2026<\/span><strong>R$ 1.400,00<\/strong><\/div><div class=\"cmba-price-row\"><span>No Local<\/span><strong>R$ 2.100,00<\/strong><\/div><\/section><section class=\"cmba-price-card\"><h3>M\u00e9dicos n\u00e3o s\u00f3cios CMBA<\/h3><div class=\"cmba-price-row\"><span>At\u00e9 30\/04\/2026<\/span><strong>R$ 2.000,00<\/strong><\/div><div class=\"cmba-price-row\"><span>01\/05 a 30\/06\/2026<\/span><strong>R$ 2.200,00<\/strong><\/div><div class=\"cmba-price-row\"><span>01\/07 a 31\/08\/2026<\/span><strong>R$ 2.400,00<\/strong><\/div><div class=\"cmba-price-row\"><span>01\/09 a 31\/10\/2026<\/span><strong>R$ 2.500,00<\/strong><\/div><div class=\"cmba-price-row\"><span>01\/11 a 25\/11\/2026<\/span><strong>R$ 2.800,00<\/strong><\/div><div class=\"cmba-price-row\"><span>No Local<\/span><strong>R$ 3.800,00<\/strong><\/div><\/section><section class=\"cmba-price-card\"><h3>M\u00e9dicos Residentes em Acupuntura e Adimplentes com o CMBA<\/h3><div class=\"cmba-price-row\"><span>At\u00e9 31\/08\/2026<\/span><strong>ISENTOS<\/strong><\/div><div class=\"cmba-price-row\"><span>01\/11 a 25\/11\/2026<\/span><strong>R$ 400,00<\/strong><\/div><div class=\"cmba-price-row\"><span>No Local<\/span><strong>R$ 800,00<\/strong><\/div><\/section><section class=\"cmba-price-card\"><h3>M\u00e9dicos Residentes em Outras Especialidades M\u00e9dicas<\/h3><div class=\"cmba-price-row\"><span>At\u00e9 30\/04\/2026<\/span><strong>R$ 550,00<\/strong><\/div><div class=\"cmba-price-row\"><span>01\/05 a 30\/06\/2026<\/span><strong>R$ 650,00<\/strong><\/div><div class=\"cmba-price-row\"><span>01\/07 a 31\/08\/2026<\/span><strong>R$ 750,00<\/strong><\/div><div class=\"cmba-price-row\"><span>01\/09 a 31\/10\/2026<\/span><strong>R$ 950,00<\/strong><\/div><div class=\"cmba-price-row\"><span>01\/11 a 25\/11\/2026<\/span><strong>R$ 1.100,00<\/strong><\/div><div class=\"cmba-price-row\"><span>No Local<\/span><strong>R$ 1.400,00<\/strong><\/div><\/section><\/div><\/div><\/div><\/section>\n\n\n<section class=\"cmba-home-international-speakers cmba-home-section cmba-home-section--dark\"><div class=\"cmba-shell cmba-shell--wide\"><header class=\"cmba-home-international-speakers__intro\"><div><p class=\"cmba-kicker\">Palestrantes<\/p><h2>Presen\u00e7as internacionais confirmadas<\/h2><p>Grandes nomes internacionais confirmados para o XXX Congresso Internacional de Acupuntura e VIII Congresso de Dor CMBA.<\/p><\/div><a class=\"cmba-home-international-speakers__link\" href=\"\/site\/palestrantes-internacionais\/\">Palestrantes Internacionais<\/a><\/header><div class=\"cmba-speaker-grid\" aria-label=\"Palestrantes internacionais confirmados\"><article class=\"cmba-speaker-card\"><figure class=\"cmba-speaker-card__portrait\"><img src=\"\/site\/wp-content\/uploads\/2026\/05\/dominik-irnich.jpg\" alt=\"Dominik Irnich\" loading=\"lazy\" decoding=\"async\"><\/figure><div class=\"cmba-speaker-card__identity\"><p class=\"cmba-speaker-card__country\">Alemanha<\/p><h3>Dominik Irnich<\/h3><\/div><\/article><article class=\"cmba-speaker-card\"><figure class=\"cmba-speaker-card__portrait\"><img src=\"\/site\/wp-content\/uploads\/2026\/05\/franco-menichelli.jpg\" alt=\"Franco Menichelli\" loading=\"lazy\" decoding=\"async\"><\/figure><div class=\"cmba-speaker-card__identity\"><p class=\"cmba-speaker-card__country\">It\u00e1lia<\/p><h3>Franco Menichelli<\/h3><\/div><\/article><article class=\"cmba-speaker-card\"><figure class=\"cmba-speaker-card__portrait\"><img src=\"\/site\/wp-content\/uploads\/2026\/05\/eleonora-marchi.jpg\" alt=\"Eleonora Marchi\" loading=\"lazy\" decoding=\"async\"><\/figure><div class=\"cmba-speaker-card__identity\"><p class=\"cmba-speaker-card__country\">It\u00e1lia<\/p><h3>Eleonora Marchi<\/h3><\/div><\/article><article class=\"cmba-speaker-card\"><figure class=\"cmba-speaker-card__portrait\"><img src=\"\/site\/wp-content\/uploads\/2026\/05\/francesco-menichelli.jpg\" alt=\"Francesco Menichelli\" loading=\"lazy\" decoding=\"async\"><\/figure><div class=\"cmba-speaker-card__identity\"><p class=\"cmba-speaker-card__country\">It\u00e1lia<\/p><h3>Francesco Menichelli<\/h3><\/div><\/article><article class=\"cmba-speaker-card\"><figure class=\"cmba-speaker-card__portrait\"><img src=\"\/site\/wp-content\/uploads\/2026\/05\/andrea-cormano.jpg\" alt=\"Andrea Cormano\" loading=\"lazy\" decoding=\"async\"><\/figure><div class=\"cmba-speaker-card__identity\"><p class=\"cmba-speaker-card__country\">It\u00e1lia<\/p><h3>Andrea Cormano<\/h3><\/div><\/article><\/div><\/div><\/section><section class=\"cmba-home-section cmba-home-section--national-mural\" aria-labelledby=\"cmba-national-mural-title\"><div class=\"cmba-home-national-mural\"><div class=\"cmba-home-national-mural__wall\" aria-label=\"Palestrantes nacionais confirmados\"><a class=\"cmba-home-national-mural__tile\" href=\"https:\/\/congressocmba.com.br\/site\/palestrantes\/agamenon-honorio-silva\/\" aria-label=\"Ver perfil de AGAMENON HON\u00d3RIO SILVA\"><img src=\"https:\/\/congressocmba.com.br\/site\/wp-content\/uploads\/2026\/07\/87169-1-768x1024.jpg\" alt=\"\" loading=\"lazy\" decoding=\"async\"><\/a><a class=\"cmba-home-national-mural__tile\" href=\"https:\/\/congressocmba.com.br\/site\/palestrantes\/alexandre-massao-yoshizumi\/\" aria-label=\"Ver perfil de ALEXANDRE MASSAO YOSHIZUMI\"><img src=\"https:\/\/congressocmba.com.br\/site\/wp-content\/uploads\/2026\/07\/DR.-ALEXANDRE-YOSHIZUMI-2-2-683x1024.jpeg\" alt=\"\" loading=\"lazy\" decoding=\"async\"><\/a><a class=\"cmba-home-national-mural__tile\" href=\"https:\/\/congressocmba.com.br\/site\/palestrantes\/alexandre-valotta-da-silva\/\" aria-label=\"Ver perfil de Alexandre Valotta da Silva\"><img src=\"https:\/\/congressocmba.com.br\/site\/wp-content\/uploads\/2026\/07\/1000233347-767x1024.jpg\" alt=\"\" loading=\"lazy\" decoding=\"async\"><\/a><a class=\"cmba-home-national-mural__tile\" href=\"https:\/\/congressocmba.com.br\/site\/palestrantes\/ananilia-finizola-de-vasconcelos\/\" aria-label=\"Ver perfil de Ananilia Finizola de Vasconcelos\"><img src=\"https:\/\/congressocmba.com.br\/site\/wp-content\/uploads\/2026\/07\/foto-congresso-e1785009191412.jpg\" alt=\"\" loading=\"lazy\" decoding=\"async\"><\/a><a class=\"cmba-home-national-mural__tile\" href=\"https:\/\/congressocmba.com.br\/site\/palestrantes\/andre-horcajo-agostinetti\/\" aria-label=\"Ver perfil de ANDR\u00c9 HORCAJO AGOSTINETTI\"><img src=\"https:\/\/congressocmba.com.br\/site\/wp-content\/uploads\/2026\/07\/1000002380.jpg\" alt=\"\" loading=\"lazy\" decoding=\"async\"><\/a><a class=\"cmba-home-national-mural__tile\" href=\"https:\/\/congressocmba.com.br\/site\/palestrantes\/andre-w-w-tsai\/\" aria-label=\"Ver perfil de ANDRE W W TSAI\"><img src=\"https:\/\/congressocmba.com.br\/site\/wp-content\/uploads\/2026\/07\/Andre-Wan-Wen-Tsai-1.png\" alt=\"\" loading=\"lazy\" decoding=\"async\"><\/a><a class=\"cmba-home-national-mural__tile\" href=\"https:\/\/congressocmba.com.br\/site\/palestrantes\/anita-perpetua-carvalho-rocha-castro\/\" aria-label=\"Ver perfil de ANITA PERP\u00c9TUA CARVALHO ROCHA CASTRO\"><img src=\"https:\/\/congressocmba.com.br\/site\/wp-content\/uploads\/2026\/08\/Captura-de-Tela-2026-08-10-as-10.07.00-1024x1004.png\" alt=\"\" loading=\"lazy\" decoding=\"async\"><\/a><a class=\"cmba-home-national-mural__tile\" href=\"https:\/\/congressocmba.com.br\/site\/palestrantes\/antonio-carlos-martins-cirilo\/\" aria-label=\"Ver perfil de Antonio Carlos Martins Cirilo\"><img src=\"https:\/\/congressocmba.com.br\/site\/wp-content\/uploads\/2026\/07\/FOTO.jpg\" alt=\"\" loading=\"lazy\" decoding=\"async\"><\/a><a class=\"cmba-home-national-mural__tile\" href=\"https:\/\/congressocmba.com.br\/site\/palestrantes\/antonio-maciel\/\" aria-label=\"Ver perfil de Antonio Maciel\"><img src=\"https:\/\/congressocmba.com.br\/site\/wp-content\/uploads\/2026\/07\/tao-91-683x1024.jpg\" alt=\"\" loading=\"lazy\" decoding=\"async\"><\/a><a class=\"cmba-home-national-mural__tile\" href=\"https:\/\/congressocmba.com.br\/site\/palestrantes\/arlindo-a-c-e-silva\/\" aria-label=\"Ver perfil de ARLINDO A C E SILVA\"><img src=\"https:\/\/congressocmba.com.br\/site\/wp-content\/uploads\/2026\/07\/dr_ARLINDO-editado-1-737x1024.png\" alt=\"\" loading=\"lazy\" decoding=\"async\"><\/a><a class=\"cmba-home-national-mural__tile\" href=\"https:\/\/congressocmba.com.br\/site\/palestrantes\/armando-o-freitas\/\" aria-label=\"Ver perfil de ARMANDO O FREITAS\"><img src=\"https:\/\/congressocmba.com.br\/site\/wp-content\/uploads\/2026\/07\/WhatsApp-Image-2024-10-22-at-07.46.37-1.jpeg\" alt=\"\" loading=\"lazy\" decoding=\"async\"><\/a><a class=\"cmba-home-national-mural__tile\" href=\"https:\/\/congressocmba.com.br\/site\/palestrantes\/barbara-pimenta\/\" aria-label=\"Ver perfil de Barbara Pimenta\"><img src=\"https:\/\/congressocmba.com.br\/site\/wp-content\/uploads\/2026\/07\/IMG_8432-768x1024.jpeg\" alt=\"\" loading=\"lazy\" decoding=\"async\"><\/a><a class=\"cmba-home-national-mural__tile\" href=\"https:\/\/congressocmba.com.br\/site\/palestrantes\/bernardo-silveira\/\" aria-label=\"Ver perfil de BERNARDO SILVEIRA\"><img src=\"https:\/\/congressocmba.com.br\/site\/wp-content\/uploads\/2026\/07\/IMG_1007.jpeg\" alt=\"\" loading=\"lazy\" decoding=\"async\"><\/a><a class=\"cmba-home-national-mural__tile\" href=\"https:\/\/congressocmba.com.br\/site\/palestrantes\/bernardo-ulisses-goldberger\/\" aria-label=\"Ver perfil de Bernardo Ulisses Goldberger\"><img src=\"https:\/\/congressocmba.com.br\/site\/wp-content\/uploads\/2026\/07\/Bernardo_Goldberger-682x1024.jpeg\" alt=\"\" loading=\"lazy\" decoding=\"async\"><\/a><a class=\"cmba-home-national-mural__tile\" href=\"https:\/\/congressocmba.com.br\/site\/palestrantes\/bruno-belo-de-lima\/\" aria-label=\"Ver perfil de Bruno Belo de Lima\"><img src=\"https:\/\/congressocmba.com.br\/site\/wp-content\/uploads\/2026\/08\/Captura-de-Tela-2025-04-10-as-08.26.22.png\" alt=\"\" loading=\"lazy\" decoding=\"async\"><\/a><a class=\"cmba-home-national-mural__tile\" href=\"https:\/\/congressocmba.com.br\/site\/palestrantes\/chang-yen-yin\/\" aria-label=\"Ver perfil de Chang Yen Yin\"><img src=\"https:\/\/congressocmba.com.br\/site\/wp-content\/uploads\/2026\/07\/IMG_5713-642x1024.jpeg\" alt=\"\" loading=\"lazy\" decoding=\"async\"><\/a><a class=\"cmba-home-national-mural__tile\" href=\"https:\/\/congressocmba.com.br\/site\/palestrantes\/chin-an-lin\/\" aria-label=\"Ver perfil de CHIN AN LIN\"><img src=\"https:\/\/congressocmba.com.br\/site\/wp-content\/uploads\/2026\/07\/IMG_3004-768x1024.jpeg\" alt=\"\" loading=\"lazy\" decoding=\"async\"><\/a><a class=\"cmba-home-national-mural__tile\" href=\"https:\/\/congressocmba.com.br\/site\/palestrantes\/daniela-charnizon\/\" aria-label=\"Ver perfil de DANIELA CHARNIZON\"><img src=\"https:\/\/congressocmba.com.br\/site\/wp-content\/uploads\/2026\/07\/foto-curriculum.jpeg\" alt=\"\" loading=\"lazy\" decoding=\"async\"><\/a><a class=\"cmba-home-national-mural__tile\" href=\"https:\/\/congressocmba.com.br\/site\/palestrantes\/diogo-assis-couto\/\" aria-label=\"Ver perfil de Diogo Assis Couto\"><img src=\"https:\/\/congressocmba.com.br\/site\/wp-content\/uploads\/2026\/07\/Di-insta-1024x1003.png\" alt=\"\" loading=\"lazy\" decoding=\"async\"><\/a><a class=\"cmba-home-national-mural__tile\" href=\"https:\/\/congressocmba.com.br\/site\/palestrantes\/durval-dionisio-souza-mota\/\" aria-label=\"Ver perfil de DURVAL DIONISIO SOUZA MOTA\"><img src=\"https:\/\/congressocmba.com.br\/site\/wp-content\/uploads\/2022\/06\/Dr-Durval-Mota.jpeg\" alt=\"\" loading=\"lazy\" decoding=\"async\"><\/a><a class=\"cmba-home-national-mural__tile\" href=\"https:\/\/congressocmba.com.br\/site\/palestrantes\/eduardo-dalessandro\/\" aria-label=\"Ver perfil de EDUARDO D&#8217;ALESSANDRO\"><img src=\"https:\/\/congressocmba.com.br\/site\/wp-content\/uploads\/2026\/07\/Eduardo-Guilherme-DAlessandro.jpg\" alt=\"\" loading=\"lazy\" decoding=\"async\"><\/a><a class=\"cmba-home-national-mural__tile\" href=\"https:\/\/congressocmba.com.br\/site\/palestrantes\/eduardo-de-melo-carvalho-rocha\/\" aria-label=\"Ver perfil de EDUARDO DE MELO CARVALHO ROCHA\"><img src=\"https:\/\/congressocmba.com.br\/site\/wp-content\/uploads\/2026\/07\/59e99f1b-17e4-46d6-b327-b61b9457f68b.jpeg\" alt=\"\" loading=\"lazy\" decoding=\"async\"><\/a><a class=\"cmba-home-national-mural__tile\" href=\"https:\/\/congressocmba.com.br\/site\/palestrantes\/fernando-mendes-santanna\/\" aria-label=\"Ver perfil de Fernando Mendes Santanna\"><img src=\"https:\/\/congressocmba.com.br\/site\/wp-content\/uploads\/2026\/07\/PHOTO-2022-12-02-20-48-39-1024x702.jpg\" alt=\"\" loading=\"lazy\" decoding=\"async\"><\/a><a class=\"cmba-home-national-mural__tile\" href=\"https:\/\/congressocmba.com.br\/site\/palestrantes\/flavia-vadas\/\" aria-label=\"Ver perfil de FLAVIA VADAS\"><img src=\"https:\/\/congressocmba.com.br\/site\/wp-content\/uploads\/2026\/07\/IMG_4698-770x1024.jpeg\" alt=\"\" loading=\"lazy\" decoding=\"async\"><\/a><a class=\"cmba-home-national-mural__tile\" href=\"https:\/\/congressocmba.com.br\/site\/palestrantes\/frederico-rodrigues-da-cunha-ferro\/\" aria-label=\"Ver perfil de FREDERICO RODRIGUES DA CUNHA FERRO\"><img src=\"https:\/\/congressocmba.com.br\/site\/wp-content\/uploads\/2026\/07\/IMG_7576.jpeg\" alt=\"\" loading=\"lazy\" decoding=\"async\"><\/a><a class=\"cmba-home-national-mural__tile\" href=\"https:\/\/congressocmba.com.br\/site\/palestrantes\/gabriel-kubota\/\" aria-label=\"Ver perfil de GABRIEL KUBOTA\"><img src=\"https:\/\/congressocmba.com.br\/site\/wp-content\/uploads\/2026\/07\/gabriel-kubota.jpg\" alt=\"\" loading=\"lazy\" decoding=\"async\"><\/a><a class=\"cmba-home-national-mural__tile\" href=\"https:\/\/congressocmba.com.br\/site\/palestrantes\/helio-widson-alves-pinheiro\/\" aria-label=\"Ver perfil de HELIO WIDSON ALVES PINHEIRO\"><img src=\"https:\/\/congressocmba.com.br\/site\/wp-content\/uploads\/2026\/07\/1614779019803.jpeg\" alt=\"\" loading=\"lazy\" decoding=\"async\"><\/a><a class=\"cmba-home-national-mural__tile\" href=\"https:\/\/congressocmba.com.br\/site\/palestrantes\/henrique-sidi\/\" aria-label=\"Ver perfil de HENRIQUE SIDI\"><img src=\"https:\/\/congressocmba.com.br\/site\/wp-content\/uploads\/2026\/07\/Editedimage_178515712666-683x1024.png\" alt=\"\" loading=\"lazy\" decoding=\"async\"><\/a><a class=\"cmba-home-national-mural__tile\" href=\"https:\/\/congressocmba.com.br\/site\/palestrantes\/hiaeno-hirata-ayabe\/\" aria-label=\"Ver perfil de HIAENO HIRATA AYABE\"><img src=\"https:\/\/congressocmba.com.br\/site\/wp-content\/uploads\/2026\/07\/HIAENO-1.jpg\" alt=\"\" loading=\"lazy\" decoding=\"async\"><\/a><a class=\"cmba-home-national-mural__tile\" href=\"https:\/\/congressocmba.com.br\/site\/palestrantes\/hildebrando-sabato\/\" aria-label=\"Ver perfil de HILDEBRANDO SABATO\"><img src=\"https:\/\/congressocmba.com.br\/site\/wp-content\/uploads\/2026\/07\/a5d91e6d-557d-4ea7-b2b6-d8c317743e3e.jpeg\" alt=\"\" loading=\"lazy\" decoding=\"async\"><\/a><a class=\"cmba-home-national-mural__tile\" href=\"https:\/\/congressocmba.com.br\/site\/palestrantes\/hiro-naves-ynoue\/\" aria-label=\"Ver perfil de HIRO NAVES YNOUE\"><img src=\"https:\/\/congressocmba.com.br\/site\/wp-content\/uploads\/2026\/07\/355130-716x1024.jpg\" alt=\"\" loading=\"lazy\" decoding=\"async\"><\/a><a class=\"cmba-home-national-mural__tile\" href=\"https:\/\/congressocmba.com.br\/site\/palestrantes\/hong-jin-pai\/\" aria-label=\"Ver perfil de HONG JIN PAI\"><img src=\"https:\/\/congressocmba.com.br\/site\/wp-content\/uploads\/2026\/07\/hong-jin-pai-1024x1024.jpg\" alt=\"\" loading=\"lazy\" decoding=\"async\"><\/a><a class=\"cmba-home-national-mural__tile\" href=\"https:\/\/congressocmba.com.br\/site\/palestrantes\/ibrahim-afranio-willi-liu\/\" aria-label=\"Ver perfil de Ibrahim Afr\u00e2nio Willi Liu\"><img src=\"https:\/\/congressocmba.com.br\/site\/wp-content\/uploads\/2026\/07\/1000095257-846x1024.jpg\" alt=\"\" loading=\"lazy\" decoding=\"async\"><\/a><a class=\"cmba-home-national-mural__tile\" href=\"https:\/\/congressocmba.com.br\/site\/palestrantes\/janete-shatkoski-bandeira\/\" aria-label=\"Ver perfil de Janete Shatkoski Bandeira\"><img src=\"https:\/\/congressocmba.com.br\/site\/wp-content\/uploads\/2026\/07\/Foto-Dra-Janete-Bandeira-1-672x1024.jpeg\" alt=\"\" loading=\"lazy\" decoding=\"async\"><\/a><a class=\"cmba-home-national-mural__tile\" href=\"https:\/\/congressocmba.com.br\/site\/palestrantes\/joao-b-g-silva\/\" aria-label=\"Ver perfil de JOAO B G SILVA\"><img src=\"https:\/\/congressocmba.com.br\/site\/wp-content\/uploads\/2026\/07\/Retrato-Congresso.png\" alt=\"\" loading=\"lazy\" decoding=\"async\"><\/a><a class=\"cmba-home-national-mural__tile\" href=\"https:\/\/congressocmba.com.br\/site\/palestrantes\/joao-roberto-bissoto\/\" aria-label=\"Ver perfil de JO\u00c3O ROBERTO BISSOTO\"><img src=\"https:\/\/congressocmba.com.br\/site\/wp-content\/uploads\/2026\/07\/joao-roberto-bissoto.png\" alt=\"\" loading=\"lazy\" decoding=\"async\"><\/a><a class=\"cmba-home-national-mural__tile\" href=\"https:\/\/congressocmba.com.br\/site\/palestrantes\/johnny-tah-ji-ng\/\" aria-label=\"Ver perfil de JOHNNY TAH JI NG\"><img src=\"https:\/\/congressocmba.com.br\/site\/wp-content\/uploads\/2026\/07\/Dr-Johnny-Ng-CEIMEC-01-935x1024.jpg\" alt=\"\" loading=\"lazy\" decoding=\"async\"><\/a><a class=\"cmba-home-national-mural__tile\" href=\"https:\/\/congressocmba.com.br\/site\/palestrantes\/karenthan-abreu-rodrigues\/\" aria-label=\"Ver perfil de KARENTHAN ABREU RODRIGUES\"><img src=\"https:\/\/congressocmba.com.br\/site\/wp-content\/uploads\/2026\/07\/B7DFBCDD-2A67-481F-B979-F396986BFF0B-768x1024.png\" alt=\"\" loading=\"lazy\" decoding=\"async\"><\/a><a class=\"cmba-home-national-mural__tile\" href=\"https:\/\/congressocmba.com.br\/site\/palestrantes\/kelson-koiti-ogata\/\" aria-label=\"Ver perfil de KELSON KOITI OGATA\"><img src=\"https:\/\/congressocmba.com.br\/site\/wp-content\/uploads\/2026\/07\/Foto-Kelson-1-879x1024.jpg\" alt=\"\" loading=\"lazy\" decoding=\"async\"><\/a><a class=\"cmba-home-national-mural__tile\" href=\"https:\/\/congressocmba.com.br\/site\/palestrantes\/levi-higino-jales-junior\/\" aria-label=\"Ver perfil de LEVI HIGINO JALES JUNIOR\"><img src=\"https:\/\/congressocmba.com.br\/site\/wp-content\/uploads\/2026\/08\/Dr-LEVI-JALES--682x1024.jpeg\" alt=\"\" loading=\"lazy\" decoding=\"async\"><\/a><a class=\"cmba-home-national-mural__tile\" href=\"https:\/\/congressocmba.com.br\/site\/palestrantes\/ling-tung-yang\/\" aria-label=\"Ver perfil de Ling Tung Yang\"><img src=\"https:\/\/congressocmba.com.br\/site\/wp-content\/uploads\/2026\/07\/IMG_5900-1-818x1024.jpeg\" alt=\"\" loading=\"lazy\" decoding=\"async\"><\/a><a class=\"cmba-home-national-mural__tile\" href=\"https:\/\/congressocmba.com.br\/site\/palestrantes\/luciana-aikawa\/\" aria-label=\"Ver perfil de LUCIANA AIKAWA\"><img src=\"https:\/\/congressocmba.com.br\/site\/wp-content\/uploads\/2026\/07\/1000057927-1024x760.jpg\" alt=\"\" loading=\"lazy\" decoding=\"async\"><\/a><\/div><div class=\"cmba-home-national-mural__content\"><p class=\"cmba-home-national-mural__eyebrow\">CMBA 2026 \u00b7 Palestrantes nacionais<\/p><h2 id=\"cmba-national-mural-title\">A for\u00e7a cl\u00ednica<br>do Brasil, junta.<\/h2><p class=\"cmba-home-national-mural__copy\">Especialistas de todo o pa\u00eds reunidos para dois dias de encontro, pr\u00e1tica e ci\u00eancia em Santos.<\/p><a class=\"cmba-home-national-mural__cta\" href=\"\/site\/palestrantes\/\">VER TODOS <span aria-hidden=\"true\">\u2197<\/span><\/a><\/div><footer class=\"cmba-home-national-mural__footer\"><span><strong>42<\/strong> especialistas em destaque<\/span><span>27\u201328 NOV \u00b7 SANTOS, SP<\/span><\/footer><\/div><\/section>\n\n\n<section class=\"cmba-home-section cmba-home-section--dossier\"><div class=\"cmba-shell cmba-dossier-layout\"><div class=\"cmba-section-header\"><div><p class=\"cmba-kicker\">Trabalhos Cient\u00edficos<\/p><h2>Trabalhos Cient\u00edficos<\/h2><\/div><p>Baixe o template oficial em formato PowerPoint para a sua apresenta\u00e7\u00e3o.<\/p><\/div><div class=\"cmba-submission-dashboard\"><div class=\"cmba-panel cmba-panel--accent\"><p class=\"cmba-kicker\">Autores<\/p><h3>Modelo de P\u00f4ster (E-Poster)<\/h3><div class=\"wp-block-buttons\"><div class=\"wp-block-button cmba-primary-button\"><a class=\"wp-block-button__link wp-element-button\" href=\"\/site\/wp-content\/uploads\/2025\/11\/MODELO-POSTER-CMBA.pptx\">BAIXAR TEMPLATE (PPT)<\/a><\/div><\/div><\/div><div class=\"cmba-dashboard-list\"><div><p><strong>Data Limite<\/strong><br>02 de Outubro de 2026<\/p><\/div><div><p><strong>Envio de Trabalhos<\/strong><br><a href=\"mailto:cientifica@cmba.org.br\">cientifica@cmba.org.br<\/a><\/p><\/div><div><p><strong>Modelo de P\u00f4ster (E-Poster)<\/strong><br>Baixe o template oficial em formato PowerPoint para a sua apresenta\u00e7\u00e3o.<\/p><\/div><\/div><\/div><\/div><\/section>\n\n\n<section class=\"cmba-home-section cmba-home-section--venue\"><div class=\"cmba-shell cmba-shell--wide cmba-venue-arrival\"><div class=\"cmba-panel cmba-venue-arrival__copy\"><p class=\"cmba-kicker\">Local do Evento<\/p><h2>Sheraton Santos Hotel<\/h2><p>27 e 28 de Novembro de 2026<\/p><div class=\"cmba-venue-facts\"><div><p><strong>Sede<\/strong><br>Sheraton Santos Hotel<\/p><\/div><div><p><strong>Cidade<\/strong><br>Santos - SP<\/p><\/div><div><p><strong>Evento<\/strong><br>27 e 28 de novembro<\/p><\/div><\/div><div class=\"wp-block-buttons\"><div class=\"wp-block-button cmba-primary-button\"><a class=\"wp-block-button__link wp-element-button\" href=\"\/site\/local-do-evento\/\">Local do Evento<\/a><\/div><\/div><\/div><div class=\"cmba-venue-gallery\"><figure class=\"wp-block-image size-large\"><img src=\"\/site\/wp-content\/uploads\/2026\/02\/i3a6676-1_13_239623.jpg\" alt=\"Sheraton Santos Hotel\" loading=\"eager\" decoding=\"async\"\/><\/figure><figure class=\"wp-block-image size-large\"><img src=\"\/site\/wp-content\/uploads\/2026\/02\/saoss-meeting-room-1576-hor-wide.jpg\" alt=\"Sala de evento no Sheraton Santos\" loading=\"eager\" decoding=\"async\"\/><\/figure><\/div><\/div><\/section>\n\n\n<section class=\"cmba-home-section cmba-home-section--archive\"><div class=\"cmba-shell cmba-shell--wide cmba-archive-monograph\"><div class=\"cmba-section-header\"><div><p class=\"cmba-kicker\">Hist\u00f3rico<\/p><h2>Congresso CMBA 2025<\/h2><\/div><p>Fotos do Congresso CMBA 2023<\/p><\/div><div class=\"cmba-archive-ledger\"><div><figure class=\"cmba-archive-ledger__media\"><img src=\"\/site\/wp-content\/uploads\/2026\/02\/CMBA2026.jpeg\" alt=\"XXX Congresso Internacional de Acupuntura do CMBA 2026\" loading=\"eager\" decoding=\"async\"\/><\/figure><strong>2026<\/strong><p>XXX Congresso Internacional de Acupuntura do CMBA 2026<\/p><a href=\"\/site\/\">congresso cmba 2026<\/a><\/div><div><figure class=\"cmba-archive-ledger__media\"><img src=\"\/site\/wp-content\/uploads\/2025\/06\/cmba-2025-logo-congresso.jpg\" alt=\"Congresso CMBA 2025\" loading=\"eager\" decoding=\"async\"\/><\/figure><strong>2025<\/strong><p>Congresso CMBA 2025<\/p><a href=\"\/site\/congresso-cmba\/\">Congresso CMBA 2025<\/a><\/div><div><figure class=\"cmba-archive-ledger__media\"><img src=\"\/site\/wp-content\/uploads\/2023\/11\/CongressoCMBA1.jpg\" alt=\"Fotos do Congresso CMBA 2023\" loading=\"eager\" decoding=\"async\"\/><\/figure><strong>2023<\/strong><p>Fotos do Congresso CMBA 2023<\/p><a href=\"\/site\/fotos-do-congresso-cmba-2023\/\">Fotos do Congresso CMBA 2023<\/a><\/div><\/div><\/div><\/section>\n\n<\/div>\n","protected":false},"excerpt":{"rendered":"<p>27 e 28 de Novembro de 2026 &#8211; Santos &#8211; SP<\/p>\n","protected":false},"author":2,"featured_media":3261,"parent":0,"menu_order":0,"comment_status":"closed","ping_status":"closed","template":"","meta":{"footnotes":""},"class_list":["post-402","page","type-page","status-publish","has-post-thumbnail","hentry"],"blocksy_meta":{"styles_descriptor":{"styles":{"desktop":"","tablet":"","mobile":""},"google_fonts":[],"version":7}},"_links":{"self":[{"href":"https:\/\/congressocmba.com.br\/site\/wp-json\/wp\/v2\/pages\/402","targetHints":{"allow":["GET"]}}],"collection":[{"href":"https:\/\/congressocmba.com.br\/site\/wp-json\/wp\/v2\/pages"}],"about":[{"href":"https:\/\/congressocmba.com.br\/site\/wp-json\/wp\/v2\/types\/page"}],"author":[{"embeddable":true,"href":"https:\/\/congressocmba.com.br\/site\/wp-json\/wp\/v2\/users\/2"}],"replies":[{"embeddable":true,"href":"https:\/\/congressocmba.com.br\/site\/wp-json\/wp\/v2\/comments?post=402"}],"version-history":[{"count":9,"href":"https:\/\/congressocmba.com.br\/site\/wp-json\/wp\/v2\/pages\/402\/revisions"}],"predecessor-version":[{"id":3443,"href":"https:\/\/congressocmba.com.br\/site\/wp-json\/wp\/v2\/pages\/402\/revisions\/3443"}],"wp:featuredmedia":[{"embeddable":true,"href":"https:\/\/congressocmba.com.br\/site\/wp-json\/wp\/v2\/media\/3261"}],"wp:attachment":[{"href":"https:\/\/congressocmba.com.br\/site\/wp-json\/wp\/v2\/media?parent=402"}],"curies":[{"name":"wp","href":"https:\/\/api.w.org\/{rel}","templated":true}]}}