{"id":465,"date":"2022-06-06T15:17:07","date_gmt":"2022-06-06T18:17:07","guid":{"rendered":"http:\/\/congressocmba.com.br\/site\/?page_id=465"},"modified":"2026-08-17T09:14:32","modified_gmt":"2026-08-17T12:14:32","slug":"programacao-cientifica","status":"publish","type":"page","link":"https:\/\/congressocmba.com.br\/site\/programacao-cientifica\/","title":{"rendered":"Programa\u00e7\u00e3o"},"content":{"rendered":"\n<div class=\"wp-block-group cmba-program-agenda-shell is-layout-flow wp-block-group-is-layout-flow\"><main class=\"cmba-program-agenda\" data-program-agenda><section class=\"cmba-program-agenda__hero\"><div class=\"cmba-shell cmba-shell--wide\"><p>CMBA 2026 \u00b7 Santos, SP<\/p><h1>Programa\u00e7\u00e3o cient\u00edfica<\/h1><div><strong>26\u201328 NOV<\/strong><span>XXX Congresso Internacional de Acupuntura do CMBA 2026 \u00b7 VIII Congresso de Dor do CMBA<\/span><\/div><\/div><\/section><section class=\"cmba-program-agenda__format-choice\" aria-label=\"Formatos de consulta\"><div class=\"cmba-shell cmba-shell--wide\"><a class=\"cmba-program-agenda__format-link cmba-program-agenda__format-link--pdf\" href=\"https:\/\/congressocmba.com.br\/site\/wp-content\/uploads\/2026\/08\/cmba-2026-programacao-cientifica.pdf?rev=20260902-0032\" target=\"_blank\" rel=\"noopener\" type=\"application\/pdf\"><svg viewBox=\"0 0 24 24\" aria-hidden=\"true\"><path d=\"M6.75 2.75h7.5l4 4v14.5H6.75zM14 2.75v4.5h4.25M8.75 14.25h6.5M8.75 17.25h5\"\/><\/svg><span>Abrir programa\u00e7\u00e3o em PDF<small>Recomendado para celular \u00b7 grade completa por sala<\/small><\/span><\/a><a class=\"cmba-program-agenda__format-link cmba-program-agenda__format-link--browser\" href=\"#agenda-browser\">Visualizar no navegador<\/a><\/div><\/section><section class=\"cmba-program-agenda__body\" id=\"agenda-browser\"><div class=\"cmba-shell cmba-shell--wide\"><nav class=\"cmba-program-agenda__tabs\" aria-label=\"Dias da programa\u00e7\u00e3o\" role=\"tablist\"><button class=\"cmba-program-agenda__tab--0\" id=\"agenda-tab-26-11-quinta\" type=\"button\" role=\"tab\" aria-selected=\"true\" aria-controls=\"agenda-day-26-11-quinta\" data-agenda-day-tab=\"26-11-quinta\"><strong>26\/11<\/strong><span>Quinta<\/span><small>PR\u00c9-CONGRESSO<\/small><\/button><button class=\"cmba-program-agenda__tab--1\" id=\"agenda-tab-27-11-sexta\" type=\"button\" role=\"tab\" aria-selected=\"false\" aria-controls=\"agenda-day-27-11-sexta\" data-agenda-day-tab=\"27-11-sexta\"><strong>27\/11<\/strong><span>Sexta<\/span><\/button><button class=\"cmba-program-agenda__tab--2\" id=\"agenda-tab-28-11-sabado\" type=\"button\" role=\"tab\" aria-selected=\"false\" aria-controls=\"agenda-day-28-11-sabado\" data-agenda-day-tab=\"28-11-sabado\"><strong>28\/11<\/strong><span>S\u00e1bado<\/span><\/button><\/nav><div class=\"cmba-program-agenda__tools\" data-agenda-toolbar><header><strong>Buscar e filtrar programa\u00e7\u00e3o<\/strong><span data-agenda-result-count>9 atividades<\/span><\/header><div class=\"cmba-program-agenda__toolbar\"><label class=\"cmba-program-agenda__search\"><span>Buscar<\/span><input type=\"search\" data-agenda-search placeholder=\"Tema, palestrante ou m\u00f3dulo\" \/><\/label><div class=\"cmba-program-agenda__controls\" data-agenda-controls><label><span>Sala<\/span><select data-agenda-room-select><option value=\"\">Todas as salas<\/option><option value=\"SALA HERCULES\">SALA HERCULES<\/option><option value=\"SALA ARA\">SALA ARA<\/option><option value=\"SALA LYRA\">SALA LYRA<\/option><option value=\"SALA ORION\">SALA ORION<\/option><option value=\"SALA HYDRA\">SALA HYDRA<\/option><\/select><\/label><label><span>M\u00f3dulo<\/span><select data-agenda-module-select><option value=\"\">Todos os m\u00f3dulos<\/option><option value=\"Manh\u00e3\">Manh\u00e3<\/option><option value=\"PR\u00c9-CONGRESSO\">PR\u00c9-CONGRESSO<\/option><option value=\"Tarde\">Tarde<\/option><option value=\"Pr\u00e1ticas Corporais\">Pr\u00e1ticas Corporais<\/option><option value=\"Neuromodula\u00e7\u00e3o\">Neuromodula\u00e7\u00e3o<\/option><option value=\"Metabolismo, Inflama\u00e7\u00e3o e Longevidade\">Metabolismo, Inflama\u00e7\u00e3o e Longevidade<\/option><option value=\"Enxaqueca: tratamentos atuais que mudaram a vida dos pacientes\">Enxaqueca: tratamentos atuais que mudaram a vida dos pacientes<\/option><option value=\"CURSO INTERVEN\u00c7\u00c3O EM DOR\">CURSO INTERVEN\u00c7\u00c3O EM DOR<\/option><option value=\"MTC\">MTC<\/option><option value=\"Neurologia\">Neurologia<\/option><option value=\"Neuropatias Perif\u00e9ricas\">Neuropatias Perif\u00e9ricas<\/option><option value=\"Intervalo\">Intervalo<\/option><option value=\"Oncologia\">Oncologia<\/option><option value=\"Doen\u00e7as Pulmonares\">Doen\u00e7as Pulmonares<\/option><option value=\"Medicina do Esporte\">Medicina do Esporte<\/option><option value=\"Plen\u00e1ria Especial\">Plen\u00e1ria Especial<\/option><option value=\"Fitoterapia\">Fitoterapia<\/option><option value=\"S\u00edndrome da Sensibiliza\u00e7\u00e3o Central\">S\u00edndrome da Sensibiliza\u00e7\u00e3o Central<\/option><option value=\"Dor Lombar\">Dor Lombar<\/option><option value=\"Dor de Quadril na Pr\u00e1tica Cl\u00ednica\">Dor de Quadril na Pr\u00e1tica Cl\u00ednica<\/option><option value=\"T\u00e9cnicas Complementares na Dor\">T\u00e9cnicas Complementares na Dor<\/option><option value=\"Dor P\u00e9lvica Cr\u00f4nica: Um Impacto na Sa\u00fade da Mulher\">Dor P\u00e9lvica Cr\u00f4nica: Um Impacto na Sa\u00fade da Mulher<\/option><option value=\"Experi\u00eancia Cl\u00ednica em Dor\">Experi\u00eancia Cl\u00ednica em Dor<\/option><option value=\"Infertilidade\">Infertilidade<\/option><option value=\"ABERTURA\">ABERTURA<\/option><option value=\"Acupuntura no Contexto Hospitalar\">Acupuntura no Contexto Hospitalar<\/option><option value=\"Sa\u00fade Mental, Sono e Qualidade de Vida\">Sa\u00fade Mental, Sono e Qualidade de Vida<\/option><option value=\"Osteoartrite\">Osteoartrite<\/option><option value=\"TEMAS GERAIS\">TEMAS GERAIS<\/option><option value=\"Dor Tor\u00e1cica e Acupuntura\">Dor Tor\u00e1cica e Acupuntura<\/option><option value=\"Canabin\u00f3ides de Tratamento da Dor\">Canabin\u00f3ides de Tratamento da Dor<\/option><option value=\"Internacionais\">Internacionais<\/option><option value=\"Sa\u00fade da Mulher\">Sa\u00fade da Mulher<\/option><option value=\"Fibromialgia\">Fibromialgia<\/option><option value=\"12:00 - 14:00\">12:00 - 14:00<\/option><option value=\"Dor Musculoesquel\u00e9tica\">Dor Musculoesquel\u00e9tica<\/option><option value=\"S\u00edndrome Dolorosa Miofascial\">S\u00edndrome Dolorosa Miofascial<\/option><option value=\"Dor Oncol\u00f3gica: Ci\u00eancia, Inova\u00e7\u00e3o e Humaniza\u00e7\u00e3o\">Dor Oncol\u00f3gica: Ci\u00eancia, Inova\u00e7\u00e3o e Humaniza\u00e7\u00e3o<\/option><option value=\"Acupuntura Est\u00e9tica\">Acupuntura Est\u00e9tica<\/option><option value=\"Cuidados Paliativos\">Cuidados Paliativos<\/option><option value=\"Rela\u00e7\u00e3o Entre Horm\u00f4nio e Dor\">Rela\u00e7\u00e3o Entre Horm\u00f4nio e Dor<\/option><option value=\"Doen\u00e7as Gastrointestinais\">Doen\u00e7as Gastrointestinais<\/option><option value=\"Medicina Regenerativa: Um Novo Olhar no Controle da Dor\">Medicina Regenerativa: Um Novo Olhar no Controle da Dor<\/option><option value=\"ENCERRAMENTO\">ENCERRAMENTO<\/option><\/select><\/label><button type=\"button\" data-agenda-reset>Limpar<\/button><\/div><\/div><\/div><p class=\"screen-reader-text\" aria-live=\"polite\" data-agenda-live><\/p><section class=\"cmba-program-agenda__day cmba-program-agenda__day--0\" id=\"agenda-day-26-11-quinta\" role=\"tabpanel\" aria-labelledby=\"agenda-tab-26-11-quinta\" data-agenda-day=\"26-11-quinta\"><header class=\"cmba-program-agenda__day-head\"><p>26\/11 Quinta<\/p><h2><span>PR\u00c9-CONGRESSO<\/span><\/h2><span>9 atividades<\/span><\/header><div class=\"cmba-program-agenda__desktop\" aria-label=\"Grade por sala\"><div class=\"cmba-program-agenda__matrix-scroll\"><div class=\"cmba-program-agenda__matrix\" style=\"--agenda-room-count:3\"><div class=\"cmba-program-agenda__matrix-head\"><span>Hor\u00e1rio<\/span><div class=\"cmba-program-agenda__matrix-cells\"><div class=\"cmba-program-agenda__room-label cmba-program-agenda__room-tone--sala-hercules\" data-agenda-room-panel=\"SALA HERCULES\"><span>Sala<\/span><h3>SALA HERCULES<\/h3><small>2 itens<\/small><\/div><div class=\"cmba-program-agenda__room-label cmba-program-agenda__room-tone--sala-ara\" data-agenda-room-panel=\"SALA ARA\"><span>Sala<\/span><h3>SALA ARA<\/h3><small>2 itens<\/small><\/div><div class=\"cmba-program-agenda__room-label cmba-program-agenda__room-tone--sala-lyra\" data-agenda-room-panel=\"SALA LYRA\"><span>Sala<\/span><h3>SALA LYRA<\/h3><small>2 itens<\/small><\/div><\/div><\/div><div class=\"cmba-program-agenda__matrix-row\"><time datetime=\"2026-11-26T08:00:00-03:00\">08:00<\/time><div class=\"cmba-program-agenda__matrix-cells\"><div class=\"cmba-program-agenda__matrix-cell cmba-program-agenda__room-tone--sala-hercules\" data-agenda-room-cell=\"SALA HERCULES\"><header class=\"cmba-program-agenda__module-context cmba-program-agenda__room-tone--sala-hercules cmba-program-agenda__day-module--1\" data-agenda-context data-agenda-context-key=\"sala-hercules-manha-janete-bandeira\"><strong>Manh\u00e3<\/strong><span>Modera\u00e7\u00e3o: Janete Bandeira<\/span><\/header><article class=\"cmba-program-agenda__session cmba-program-agenda__session--workshop cmba-program-agenda__room-tone--sala-hercules cmba-program-agenda__day-module--1\" id=\"agenda-26-11-quinta-sala-hercules-0800-palestrante-luiz-coura-e-rodrigo-suarez-workshop-1-abordagem-do-segmento-cefalico-com-acupuntura-neurofuncional-cefaleia-cervicalgia-e-dtm\" data-agenda-session data-day=\"26-11-quinta\" data-room=\"SALA HERCULES\" data-module=\"Manh\u00e3\" data-search=\"sala hercules manh\u00e3 pr\u00c9-congresso workshop 1: abordagem do segmento cef\u00e1lico com acupuntura neurofuncional: cefaleia, cervicalgia e dtm. palestrante: luiz coura e rodrigo suarez moderador: janete bandeira\" data-agenda-context-key=\"sala-hercules-manha-janete-bandeira\" data-agenda-wide=\"false\" style=\"--agenda-row-start:4;--agenda-row-span:6\"><div class=\"cmba-program-agenda__session-head\"><time datetime=\"2026-11-26T08:00:00-03:00\">08:00 - 10:00 \/ 10:30 - 12:00<\/time><\/div><h3>WORKSHOP 1: Abordagem do Segmento Cef\u00e1lico com Acupuntura Neurofuncional: Cefaleia, Cervicalgia e DTM.<\/h3><p class=\"cmba-program-agenda__speaker\">Palestrante: Luiz Coura e Rodrigo Suarez<\/p><p class=\"cmba-program-agenda__meta\"><span>SALA HERCULES<\/span><\/p><\/article><\/div><div class=\"cmba-program-agenda__matrix-cell cmba-program-agenda__room-tone--sala-ara\" data-agenda-room-cell=\"SALA ARA\"><header class=\"cmba-program-agenda__module-context cmba-program-agenda__room-tone--sala-ara cmba-program-agenda__day-module--1\" data-agenda-context data-agenda-context-key=\"sala-ara-manha-alexandre-valotta\"><strong>Manh\u00e3<\/strong><span>Modera\u00e7\u00e3o: Alexandre Valotta<\/span><\/header><article class=\"cmba-program-agenda__session cmba-program-agenda__session--workshop cmba-program-agenda__room-tone--sala-ara cmba-program-agenda__day-module--1\" id=\"agenda-26-11-quinta-sala-ara-0800-marlene-ueda-workshop-2-dietoterapia-na-mtc\" data-agenda-session data-day=\"26-11-quinta\" data-room=\"SALA ARA\" data-module=\"Manh\u00e3\" data-search=\"sala ara manh\u00e3 pr\u00c9-congresso workshop 2 dietoterapia na mtc marlene ueda moderador: alexandre valotta\" data-agenda-context-key=\"sala-ara-manha-alexandre-valotta\" data-agenda-wide=\"false\" style=\"--agenda-row-start:4;--agenda-row-span:6\"><div class=\"cmba-program-agenda__session-head\"><time datetime=\"2026-11-26T08:00:00-03:00\">08:00 - 10:00 \/ 10:30 - 12:00<\/time><\/div><h3>WORKSHOP 2 Dietoterapia na MTC<\/h3><p class=\"cmba-program-agenda__speaker\">Marlene Ueda<\/p><p class=\"cmba-program-agenda__meta\"><span>SALA ARA<\/span><\/p><\/article><\/div><div class=\"cmba-program-agenda__matrix-cell cmba-program-agenda__room-tone--sala-lyra\" data-agenda-room-cell=\"SALA LYRA\"><header class=\"cmba-program-agenda__module-context cmba-program-agenda__room-tone--sala-lyra cmba-program-agenda__day-module--1\" data-agenda-context data-agenda-context-key=\"sala-lyra-manha-ana-beatriz-soares\"><strong>Manh\u00e3<\/strong><span>Modera\u00e7\u00e3o: Ana Beatriz Soares<\/span><\/header><article class=\"cmba-program-agenda__session cmba-program-agenda__session--workshop cmba-program-agenda__room-tone--sala-lyra cmba-program-agenda__day-module--1\" id=\"agenda-26-11-quinta-sala-lyra-0800-jou-eel-jia-workshop-3-recursos-da-mtc-para-qualidade-de-vida\" data-agenda-session data-day=\"26-11-quinta\" data-room=\"SALA LYRA\" data-module=\"Manh\u00e3\" data-search=\"sala lyra manh\u00e3 pr\u00c9-congresso workshop 3: recursos da mtc para qualidade de vida jou eel jia moderador: ana beatriz soares\" data-agenda-context-key=\"sala-lyra-manha-ana-beatriz-soares\" data-agenda-wide=\"false\" style=\"--agenda-row-start:4;--agenda-row-span:6\"><div class=\"cmba-program-agenda__session-head\"><time datetime=\"2026-11-26T08:00:00-03:00\">08:00 - 10:00 \/ 10:30 - 12:00<\/time><\/div><h3>WORKSHOP 3: Recursos da MTC para Qualidade de Vida<\/h3><p class=\"cmba-program-agenda__speaker\">Jou Eel Jia<\/p><p class=\"cmba-program-agenda__meta\"><span>SALA LYRA<\/span><\/p><\/article><\/div><\/div><\/div><div class=\"cmba-program-agenda__matrix-row cmba-program-agenda__matrix-row--wide\"><time datetime=\"2026-11-26T10:00:00-03:00\">10:00<\/time><div class=\"cmba-program-agenda__matrix-wide cmba-program-agenda__room-tone--todas-as-salas\"><article class=\"cmba-program-agenda__session cmba-program-agenda__session--break cmba-program-agenda__room-tone--todas-as-salas cmba-program-agenda__day-module--1\" id=\"agenda-26-11-quinta-todas-as-salas-1000-coffee-break-coffee-break\" data-agenda-session data-day=\"26-11-quinta\" data-room=\"Todas as salas\" data-module=\"PR\u00c9-CONGRESSO\" data-search=\"todas as salas pr\u00c9-congresso pr\u00c9-congresso coffee break\" data-agenda-context-key=\"todas-as-salas-pre-congresso\" data-agenda-wide=\"true\" style=\"--agenda-row-start:10;--agenda-row-span:2\"><div class=\"cmba-program-agenda__session-head\"><time datetime=\"2026-11-26T10:00:00-03:00\">10:00 - 10:30<\/time><\/div><h3>Coffee Break<\/h3><p class=\"cmba-program-agenda__meta\"><span>Todas as salas<\/span><\/p><\/article><\/div><\/div><div class=\"cmba-program-agenda__matrix-row cmba-program-agenda__matrix-row--wide\"><time datetime=\"2026-11-26T12:00:00-03:00\">12:00<\/time><div class=\"cmba-program-agenda__matrix-wide cmba-program-agenda__room-tone--todas-as-salas\"><article class=\"cmba-program-agenda__session cmba-program-agenda__session--break cmba-program-agenda__room-tone--todas-as-salas cmba-program-agenda__day-module--2\" id=\"agenda-26-11-quinta-todas-as-salas-1200-intervalo-para-almoco-intervalo-para-almoco\" data-agenda-session data-day=\"26-11-quinta\" data-room=\"Todas as salas\" data-module=\"PR\u00c9-CONGRESSO\" data-search=\"todas as salas pr\u00c9-congresso pr\u00c9-congresso intervalo para almo\u00e7o\" data-agenda-context-key=\"todas-as-salas-pre-congresso\" data-agenda-wide=\"true\" style=\"--agenda-row-start:16;--agenda-row-span:6\"><div class=\"cmba-program-agenda__session-head\"><time datetime=\"2026-11-26T12:00:00-03:00\">12:00 - 14:00<\/time><\/div><h3>Intervalo para Almo\u00e7o<\/h3><p class=\"cmba-program-agenda__meta\"><span>Todas as salas<\/span><\/p><\/article><\/div><\/div><div class=\"cmba-program-agenda__matrix-row\"><time datetime=\"2026-11-26T14:00:00-03:00\">14:00<\/time><div class=\"cmba-program-agenda__matrix-cells\"><div class=\"cmba-program-agenda__matrix-cell cmba-program-agenda__room-tone--sala-hercules cmba-program-agenda__matrix-cell--module-start\" data-agenda-room-cell=\"SALA HERCULES\"><header class=\"cmba-program-agenda__module-context cmba-program-agenda__room-tone--sala-hercules cmba-program-agenda__day-module--2\" data-agenda-context data-agenda-context-key=\"sala-hercules-tarde-marcus-pai\"><strong>Tarde<\/strong><span>Modera\u00e7\u00e3o: Marcus Pai<\/span><\/header><article class=\"cmba-program-agenda__session cmba-program-agenda__session--workshop cmba-program-agenda__room-tone--sala-hercules cmba-program-agenda__day-module--2\" id=\"agenda-26-11-quinta-sala-hercules-1400-palestrante-hong-jin-pai-e-equipe-workshop-4-experiencia-clinica-com-pontos-hp-hong-pai-na-dor-aguda-ou-cronica-agudizada\" data-agenda-session data-day=\"26-11-quinta\" data-room=\"SALA HERCULES\" data-module=\"Tarde\" data-search=\"sala hercules tarde pr\u00c9-congresso workshop 4: experi\u00eancia cl\u00ednica com pontos hp (hong pai) na dor aguda ou cr\u00f4nica agudizada palestrante: hong jin pai e equipe moderador: marcus pai\" data-agenda-context-key=\"sala-hercules-tarde-marcus-pai\" data-agenda-wide=\"false\" style=\"--agenda-row-start:22;--agenda-row-span:6\"><div class=\"cmba-program-agenda__session-head\"><time datetime=\"2026-11-26T14:00:00-03:00\">14:00 - 16:00 \/ 16:30 - 18:00<\/time><\/div><h3>WORKSHOP 4: Experi\u00eancia Cl\u00ednica com Pontos HP (Hong Pai) na Dor Aguda ou Cr\u00f4nica Agudizada<\/h3><p class=\"cmba-program-agenda__speaker\">Palestrante: Hong Jin Pai e Equipe<\/p><p class=\"cmba-program-agenda__meta\"><span>SALA HERCULES<\/span><\/p><\/article><\/div><div class=\"cmba-program-agenda__matrix-cell cmba-program-agenda__room-tone--sala-ara cmba-program-agenda__matrix-cell--module-start\" data-agenda-room-cell=\"SALA ARA\"><header class=\"cmba-program-agenda__module-context cmba-program-agenda__room-tone--sala-ara cmba-program-agenda__day-module--2\" data-agenda-context data-agenda-context-key=\"sala-ara-tarde-ling-tung-yang\"><strong>Tarde<\/strong><span>Modera\u00e7\u00e3o: Ling Tung Yang<\/span><\/header><article class=\"cmba-program-agenda__session cmba-program-agenda__session--workshop cmba-program-agenda__room-tone--sala-ara cmba-program-agenda__day-module--2\" id=\"agenda-26-11-quinta-sala-ara-1400-palestrante-hildebrando-sabato-workshop-5-tuina\" data-agenda-session data-day=\"26-11-quinta\" data-room=\"SALA ARA\" data-module=\"Tarde\" data-search=\"sala ara tarde pr\u00c9-congresso workshop 5: tuina palestrante: hildebrando sabato moderador: ling tung yang\" data-agenda-context-key=\"sala-ara-tarde-ling-tung-yang\" data-agenda-wide=\"false\" style=\"--agenda-row-start:22;--agenda-row-span:6\"><div class=\"cmba-program-agenda__session-head\"><time datetime=\"2026-11-26T14:00:00-03:00\">14:00 - 16:00 \/ 16:30 - 18:00<\/time><\/div><h3>WORKSHOP 5: Tuina<\/h3><p class=\"cmba-program-agenda__speaker\">Palestrante: Hildebrando Sabato<\/p><p class=\"cmba-program-agenda__meta\"><span>SALA ARA<\/span><\/p><\/article><\/div><div class=\"cmba-program-agenda__matrix-cell cmba-program-agenda__room-tone--sala-lyra cmba-program-agenda__matrix-cell--module-start\" data-agenda-room-cell=\"SALA LYRA\"><header class=\"cmba-program-agenda__module-context cmba-program-agenda__room-tone--sala-lyra cmba-program-agenda__day-module--2\" data-agenda-context data-agenda-context-key=\"sala-lyra-tarde-luiz-dian\"><strong>Tarde<\/strong><span>Modera\u00e7\u00e3o: Luiz Dian<\/span><\/header><article class=\"cmba-program-agenda__session cmba-program-agenda__session--workshop cmba-program-agenda__room-tone--sala-lyra cmba-program-agenda__day-module--2\" id=\"agenda-26-11-quinta-sala-lyra-1400-palestrante-dominik-irnich-workshop-6-inativacao-de-pontos-gatilhos-na-pratica-clinica\" data-agenda-session data-day=\"26-11-quinta\" data-room=\"SALA LYRA\" data-module=\"Tarde\" data-search=\"sala lyra tarde pr\u00c9-congresso workshop 6: inativa\u00e7\u00e3o de pontos gatilhos na pr\u00e1tica cl\u00ednica palestrante: dominik irnich moderador: luiz dian\" data-agenda-context-key=\"sala-lyra-tarde-luiz-dian\" data-agenda-wide=\"false\" style=\"--agenda-row-start:22;--agenda-row-span:6\"><div class=\"cmba-program-agenda__session-head\"><time datetime=\"2026-11-26T14:00:00-03:00\">14:00 - 16:00 \/ 16:30 - 18:00<\/time><\/div><h3>WORKSHOP 6: Inativa\u00e7\u00e3o de Pontos gatilhos na Pr\u00e1tica Cl\u00ednica<\/h3><p class=\"cmba-program-agenda__speaker\">Palestrante: Dominik Irnich<\/p><p class=\"cmba-program-agenda__meta\"><span>SALA LYRA<\/span><\/p><\/article><\/div><\/div><\/div><div class=\"cmba-program-agenda__matrix-row cmba-program-agenda__matrix-row--wide\"><time datetime=\"2026-11-26T16:00:00-03:00\">16:00<\/time><div class=\"cmba-program-agenda__matrix-wide cmba-program-agenda__room-tone--todas-as-salas\"><article class=\"cmba-program-agenda__session cmba-program-agenda__session--break cmba-program-agenda__room-tone--todas-as-salas cmba-program-agenda__day-module--2\" id=\"agenda-26-11-quinta-todas-as-salas-1600-coffee-break-coffee-break\" data-agenda-session data-day=\"26-11-quinta\" data-room=\"Todas as salas\" data-module=\"PR\u00c9-CONGRESSO\" data-search=\"todas as salas pr\u00c9-congresso pr\u00c9-congresso coffee break\" data-agenda-context-key=\"todas-as-salas-pre-congresso\" data-agenda-wide=\"true\" style=\"--agenda-row-start:28;--agenda-row-span:2\"><div class=\"cmba-program-agenda__session-head\"><time datetime=\"2026-11-26T16:00:00-03:00\">16:00 - 16:30<\/time><\/div><h3>Coffee Break<\/h3><p class=\"cmba-program-agenda__meta\"><span>Todas as salas<\/span><\/p><\/article><\/div><\/div><\/div><\/div><\/div><div class=\"cmba-program-agenda__feed\" aria-label=\"Agenda por sala\"><section class=\"cmba-program-agenda__feed-room cmba-program-agenda__room-tone--sala-hercules\" data-agenda-feed-room data-agenda-room=\"SALA HERCULES\"><header class=\"cmba-program-agenda__feed-room-head\"><span>Agenda por sala<\/span><h3>SALA HERCULES<\/h3><\/header><header class=\"cmba-program-agenda__module-context cmba-program-agenda__room-tone--sala-hercules cmba-program-agenda__day-module--1 cmba-program-agenda__module-context--feed\" data-agenda-context data-agenda-context-key=\"sala-hercules-manha-janete-bandeira\"><strong>Manh\u00e3<\/strong><span>Modera\u00e7\u00e3o: Janete Bandeira<\/span><\/header><article class=\"cmba-program-agenda__session cmba-program-agenda__session--workshop cmba-program-agenda__room-tone--sala-hercules cmba-program-agenda__day-module--1 cmba-program-agenda__session--feed\" data-agenda-session data-day=\"26-11-quinta\" data-room=\"SALA HERCULES\" data-module=\"Manh\u00e3\" data-search=\"sala hercules manh\u00e3 pr\u00c9-congresso workshop 1: abordagem do segmento cef\u00e1lico com acupuntura neurofuncional: cefaleia, cervicalgia e dtm. palestrante: luiz coura e rodrigo suarez moderador: janete bandeira\" data-agenda-context-key=\"sala-hercules-manha-janete-bandeira\" data-agenda-wide=\"false\"><div class=\"cmba-program-agenda__session-head\"><time datetime=\"2026-11-26T08:00:00-03:00\">08:00 - 10:00 \/ 10:30 - 12:00<\/time><\/div><h3>WORKSHOP 1: Abordagem do Segmento Cef\u00e1lico com Acupuntura Neurofuncional: Cefaleia, Cervicalgia e DTM.<\/h3><p class=\"cmba-program-agenda__speaker\">Palestrante: Luiz Coura e Rodrigo Suarez<\/p><p class=\"cmba-program-agenda__meta\"><span>SALA HERCULES<\/span><\/p><\/article><header class=\"cmba-program-agenda__module-context cmba-program-agenda__room-tone--sala-hercules cmba-program-agenda__day-module--2 cmba-program-agenda__module-context--feed\" data-agenda-context data-agenda-context-key=\"sala-hercules-tarde-marcus-pai\"><strong>Tarde<\/strong><span>Modera\u00e7\u00e3o: Marcus Pai<\/span><\/header><article class=\"cmba-program-agenda__session cmba-program-agenda__session--workshop cmba-program-agenda__room-tone--sala-hercules cmba-program-agenda__day-module--2 cmba-program-agenda__session--feed\" data-agenda-session data-day=\"26-11-quinta\" data-room=\"SALA HERCULES\" data-module=\"Tarde\" data-search=\"sala hercules tarde pr\u00c9-congresso workshop 4: experi\u00eancia cl\u00ednica com pontos hp (hong pai) na dor aguda ou cr\u00f4nica agudizada palestrante: hong jin pai e equipe moderador: marcus pai\" data-agenda-context-key=\"sala-hercules-tarde-marcus-pai\" data-agenda-wide=\"false\"><div class=\"cmba-program-agenda__session-head\"><time datetime=\"2026-11-26T14:00:00-03:00\">14:00 - 16:00 \/ 16:30 - 18:00<\/time><\/div><h3>WORKSHOP 4: Experi\u00eancia Cl\u00ednica com Pontos HP (Hong Pai) na Dor Aguda ou Cr\u00f4nica Agudizada<\/h3><p class=\"cmba-program-agenda__speaker\">Palestrante: Hong Jin Pai e Equipe<\/p><p class=\"cmba-program-agenda__meta\"><span>SALA HERCULES<\/span><\/p><\/article><\/section><section class=\"cmba-program-agenda__feed-room cmba-program-agenda__room-tone--sala-ara\" data-agenda-feed-room data-agenda-room=\"SALA ARA\"><header class=\"cmba-program-agenda__feed-room-head\"><span>Agenda por sala<\/span><h3>SALA ARA<\/h3><\/header><header class=\"cmba-program-agenda__module-context cmba-program-agenda__room-tone--sala-ara cmba-program-agenda__day-module--1 cmba-program-agenda__module-context--feed\" data-agenda-context data-agenda-context-key=\"sala-ara-manha-alexandre-valotta\"><strong>Manh\u00e3<\/strong><span>Modera\u00e7\u00e3o: Alexandre Valotta<\/span><\/header><article class=\"cmba-program-agenda__session cmba-program-agenda__session--workshop cmba-program-agenda__room-tone--sala-ara cmba-program-agenda__day-module--1 cmba-program-agenda__session--feed\" data-agenda-session data-day=\"26-11-quinta\" data-room=\"SALA ARA\" data-module=\"Manh\u00e3\" data-search=\"sala ara manh\u00e3 pr\u00c9-congresso workshop 2 dietoterapia na mtc marlene ueda moderador: alexandre valotta\" data-agenda-context-key=\"sala-ara-manha-alexandre-valotta\" data-agenda-wide=\"false\"><div class=\"cmba-program-agenda__session-head\"><time datetime=\"2026-11-26T08:00:00-03:00\">08:00 - 10:00 \/ 10:30 - 12:00<\/time><\/div><h3>WORKSHOP 2 Dietoterapia na MTC<\/h3><p class=\"cmba-program-agenda__speaker\">Marlene Ueda<\/p><p class=\"cmba-program-agenda__meta\"><span>SALA ARA<\/span><\/p><\/article><header class=\"cmba-program-agenda__module-context cmba-program-agenda__room-tone--sala-ara cmba-program-agenda__day-module--2 cmba-program-agenda__module-context--feed\" data-agenda-context data-agenda-context-key=\"sala-ara-tarde-ling-tung-yang\"><strong>Tarde<\/strong><span>Modera\u00e7\u00e3o: Ling Tung Yang<\/span><\/header><article class=\"cmba-program-agenda__session cmba-program-agenda__session--workshop cmba-program-agenda__room-tone--sala-ara cmba-program-agenda__day-module--2 cmba-program-agenda__session--feed\" data-agenda-session data-day=\"26-11-quinta\" data-room=\"SALA ARA\" data-module=\"Tarde\" data-search=\"sala ara tarde pr\u00c9-congresso workshop 5: tuina palestrante: hildebrando sabato moderador: ling tung yang\" data-agenda-context-key=\"sala-ara-tarde-ling-tung-yang\" data-agenda-wide=\"false\"><div class=\"cmba-program-agenda__session-head\"><time datetime=\"2026-11-26T14:00:00-03:00\">14:00 - 16:00 \/ 16:30 - 18:00<\/time><\/div><h3>WORKSHOP 5: Tuina<\/h3><p class=\"cmba-program-agenda__speaker\">Palestrante: Hildebrando Sabato<\/p><p class=\"cmba-program-agenda__meta\"><span>SALA ARA<\/span><\/p><\/article><\/section><section class=\"cmba-program-agenda__feed-room cmba-program-agenda__room-tone--sala-lyra\" data-agenda-feed-room data-agenda-room=\"SALA LYRA\"><header class=\"cmba-program-agenda__feed-room-head\"><span>Agenda por sala<\/span><h3>SALA LYRA<\/h3><\/header><header class=\"cmba-program-agenda__module-context cmba-program-agenda__room-tone--sala-lyra cmba-program-agenda__day-module--1 cmba-program-agenda__module-context--feed\" data-agenda-context data-agenda-context-key=\"sala-lyra-manha-ana-beatriz-soares\"><strong>Manh\u00e3<\/strong><span>Modera\u00e7\u00e3o: Ana Beatriz Soares<\/span><\/header><article class=\"cmba-program-agenda__session cmba-program-agenda__session--workshop cmba-program-agenda__room-tone--sala-lyra cmba-program-agenda__day-module--1 cmba-program-agenda__session--feed\" data-agenda-session data-day=\"26-11-quinta\" data-room=\"SALA LYRA\" data-module=\"Manh\u00e3\" data-search=\"sala lyra manh\u00e3 pr\u00c9-congresso workshop 3: recursos da mtc para qualidade de vida jou eel jia moderador: ana beatriz soares\" data-agenda-context-key=\"sala-lyra-manha-ana-beatriz-soares\" data-agenda-wide=\"false\"><div class=\"cmba-program-agenda__session-head\"><time datetime=\"2026-11-26T08:00:00-03:00\">08:00 - 10:00 \/ 10:30 - 12:00<\/time><\/div><h3>WORKSHOP 3: Recursos da MTC para Qualidade de Vida<\/h3><p class=\"cmba-program-agenda__speaker\">Jou Eel Jia<\/p><p class=\"cmba-program-agenda__meta\"><span>SALA LYRA<\/span><\/p><\/article><header class=\"cmba-program-agenda__module-context cmba-program-agenda__room-tone--sala-lyra cmba-program-agenda__day-module--2 cmba-program-agenda__module-context--feed\" data-agenda-context data-agenda-context-key=\"sala-lyra-tarde-luiz-dian\"><strong>Tarde<\/strong><span>Modera\u00e7\u00e3o: Luiz Dian<\/span><\/header><article class=\"cmba-program-agenda__session cmba-program-agenda__session--workshop cmba-program-agenda__room-tone--sala-lyra cmba-program-agenda__day-module--2 cmba-program-agenda__session--feed\" data-agenda-session data-day=\"26-11-quinta\" data-room=\"SALA LYRA\" data-module=\"Tarde\" data-search=\"sala lyra tarde pr\u00c9-congresso workshop 6: inativa\u00e7\u00e3o de pontos gatilhos na pr\u00e1tica cl\u00ednica palestrante: dominik irnich moderador: luiz dian\" data-agenda-context-key=\"sala-lyra-tarde-luiz-dian\" data-agenda-wide=\"false\"><div class=\"cmba-program-agenda__session-head\"><time datetime=\"2026-11-26T14:00:00-03:00\">14:00 - 16:00 \/ 16:30 - 18:00<\/time><\/div><h3>WORKSHOP 6: Inativa\u00e7\u00e3o de Pontos gatilhos na Pr\u00e1tica Cl\u00ednica<\/h3><p class=\"cmba-program-agenda__speaker\">Palestrante: Dominik Irnich<\/p><p class=\"cmba-program-agenda__meta\"><span>SALA LYRA<\/span><\/p><\/article><\/section><section class=\"cmba-program-agenda__feed-room cmba-program-agenda__room-tone--todas-as-salas cmba-program-agenda__feed-room--shared\" data-agenda-feed-room data-agenda-room=\"Todas as salas\"><header class=\"cmba-program-agenda__feed-room-head\"><span>Eventos do congresso<\/span><h3>Eventos gerais<\/h3><\/header><article class=\"cmba-program-agenda__session cmba-program-agenda__session--break cmba-program-agenda__room-tone--todas-as-salas cmba-program-agenda__day-module--1 cmba-program-agenda__session--feed\" data-agenda-session data-day=\"26-11-quinta\" data-room=\"Todas as salas\" data-module=\"PR\u00c9-CONGRESSO\" data-search=\"todas as salas pr\u00c9-congresso pr\u00c9-congresso coffee break\" data-agenda-context-key=\"todas-as-salas-pre-congresso\" data-agenda-wide=\"true\"><div class=\"cmba-program-agenda__session-head\"><time datetime=\"2026-11-26T10:00:00-03:00\">10:00 - 10:30<\/time><\/div><h3>Coffee Break<\/h3><p class=\"cmba-program-agenda__meta\"><span>Todas as salas<\/span><\/p><\/article><article class=\"cmba-program-agenda__session cmba-program-agenda__session--break cmba-program-agenda__room-tone--todas-as-salas cmba-program-agenda__day-module--2 cmba-program-agenda__session--feed\" data-agenda-session data-day=\"26-11-quinta\" data-room=\"Todas as salas\" data-module=\"PR\u00c9-CONGRESSO\" data-search=\"todas as salas pr\u00c9-congresso pr\u00c9-congresso intervalo para almo\u00e7o\" data-agenda-context-key=\"todas-as-salas-pre-congresso\" data-agenda-wide=\"true\"><div class=\"cmba-program-agenda__session-head\"><time datetime=\"2026-11-26T12:00:00-03:00\">12:00 - 14:00<\/time><\/div><h3>Intervalo para Almo\u00e7o<\/h3><p class=\"cmba-program-agenda__meta\"><span>Todas as salas<\/span><\/p><\/article><article class=\"cmba-program-agenda__session cmba-program-agenda__session--break cmba-program-agenda__room-tone--todas-as-salas cmba-program-agenda__day-module--2 cmba-program-agenda__session--feed\" data-agenda-session data-day=\"26-11-quinta\" data-room=\"Todas as salas\" data-module=\"PR\u00c9-CONGRESSO\" data-search=\"todas as salas pr\u00c9-congresso pr\u00c9-congresso coffee break\" data-agenda-context-key=\"todas-as-salas-pre-congresso\" data-agenda-wide=\"true\"><div class=\"cmba-program-agenda__session-head\"><time datetime=\"2026-11-26T16:00:00-03:00\">16:00 - 16:30<\/time><\/div><h3>Coffee Break<\/h3><p class=\"cmba-program-agenda__meta\"><span>Todas as salas<\/span><\/p><\/article><\/section><\/div><\/section><section class=\"cmba-program-agenda__day cmba-program-agenda__day--1\" id=\"agenda-day-27-11-sexta\" role=\"tabpanel\" aria-labelledby=\"agenda-tab-27-11-sexta\" data-agenda-day=\"27-11-sexta\"><header class=\"cmba-program-agenda__day-head\"><p>27\/11 Sexta<\/p><h2><span>XXX Congresso Internacional de Acupuntura do CMBA 2026<\/span><span>VIII Congresso de Dor do CMBA<\/span><\/h2><span>70 atividades<\/span><\/header><div class=\"cmba-program-agenda__desktop\" aria-label=\"Grade por sala\"><div class=\"cmba-program-agenda__matrix-scroll\"><div class=\"cmba-program-agenda__matrix\" style=\"--agenda-room-count:4\"><div class=\"cmba-program-agenda__matrix-head\"><span>Hor\u00e1rio<\/span><div class=\"cmba-program-agenda__matrix-cells\"><div class=\"cmba-program-agenda__room-label cmba-program-agenda__room-tone--sala-orion\" data-agenda-room-panel=\"SALA ORION\"><span>Sala<\/span><h3>SALA ORION<\/h3><small>20 itens<\/small><\/div><div class=\"cmba-program-agenda__room-label cmba-program-agenda__room-tone--sala-hydra\" data-agenda-room-panel=\"SALA HYDRA\"><span>Sala<\/span><h3>SALA HYDRA<\/h3><small>20 itens<\/small><\/div><div class=\"cmba-program-agenda__room-label cmba-program-agenda__room-tone--sala-hercules\" data-agenda-room-panel=\"SALA HERCULES\"><span>Sala<\/span><h3>SALA HERCULES<\/h3><small>21 itens<\/small><\/div><div class=\"cmba-program-agenda__room-label cmba-program-agenda__room-tone--sala-lyra\" data-agenda-room-panel=\"SALA LYRA\"><span>Sala<\/span><h3>SALA LYRA<\/h3><small>4 itens<\/small><\/div><\/div><\/div><div class=\"cmba-program-agenda__matrix-row cmba-program-agenda__matrix-row--wide\"><time datetime=\"2026-11-27T07:00:00-03:00\">07:00<\/time><div class=\"cmba-program-agenda__matrix-wide cmba-program-agenda__room-tone--espaco-garden\"><article class=\"cmba-program-agenda__session cmba-program-agenda__session--special cmba-program-agenda__room-tone--espaco-garden cmba-program-agenda__day-module--1\" id=\"agenda-27-11-sexta-espaco-garden-0700-luiz-carlos-souza-sampaio-yi-jin-jing\" data-agenda-session data-day=\"27-11-sexta\" data-room=\"ESPA\u00c7O GARDEN\" data-module=\"Pr\u00e1ticas Corporais\" data-search=\"espa\u00c7o garden pr\u00e1ticas corporais pr\u00e1ticas corporais yi jin jing \u6613\u7b4b\u7ecf luiz carlos souza sampaio\" data-agenda-context-key=\"espaco-garden-praticas-corporais\" data-agenda-wide=\"true\" style=\"--agenda-row-start:1;--agenda-row-span:2\"><div class=\"cmba-program-agenda__session-head\"><time datetime=\"2026-11-27T07:00:00-03:00\">07:00 - 07:30<\/time><\/div><h3>YI JIN JING \u6613\u7b4b\u7ecf<\/h3><p class=\"cmba-program-agenda__speaker\">LUIZ CARLOS SOUZA SAMPAIO<\/p><p class=\"cmba-program-agenda__meta\"><span>ESPA\u00c7O GARDEN<\/span><\/p><\/article><\/div><\/div><div class=\"cmba-program-agenda__matrix-row\"><time datetime=\"2026-11-27T08:00:00-03:00\">08:00<\/time><div class=\"cmba-program-agenda__matrix-cells\"><div class=\"cmba-program-agenda__matrix-cell cmba-program-agenda__room-tone--sala-orion\" data-agenda-room-cell=\"SALA ORION\"><header class=\"cmba-program-agenda__module-context cmba-program-agenda__room-tone--sala-orion cmba-program-agenda__day-module--1\" data-agenda-context data-agenda-context-key=\"sala-orion-neuromodulacao-fernando-santanna\"><strong>Neuromodula\u00e7\u00e3o<\/strong><span>Modera\u00e7\u00e3o: Fernando Sant&#039;Anna<\/span><\/header><article class=\"cmba-program-agenda__session cmba-program-agenda__session--lecture cmba-program-agenda__room-tone--sala-orion cmba-program-agenda__day-module--1\" id=\"agenda-27-11-sexta-sala-orion-0800-andrea-cormano-neuromodulacao-auricular-no-equilibrio-psicologico-e-obesidade\" data-agenda-session data-day=\"27-11-sexta\" data-room=\"SALA ORION\" data-module=\"Neuromodula\u00e7\u00e3o\" data-search=\"sala orion neuromodula\u00e7\u00e3o neuromodula\u00e7\u00e3o neuromodula\u00e7\u00e3o auricular no equil\u00edbrio psicol\u00f3gico e obesidade andrea cormano moderador: fernando sant&#039;anna\" data-agenda-context-key=\"sala-orion-neuromodulacao-fernando-santanna\" data-agenda-wide=\"false\" style=\"--agenda-row-start:4;--agenda-row-span:1\"><div class=\"cmba-program-agenda__session-head\"><time datetime=\"2026-11-27T08:00:00-03:00\">08:00 - 08:20<\/time><\/div><h3>Neuromodula\u00e7\u00e3o Auricular no Equil\u00edbrio Psicol\u00f3gico e Obesidade<\/h3><p class=\"cmba-program-agenda__speaker\">ANDREA CORMANO<\/p><p class=\"cmba-program-agenda__meta\"><span>SALA ORION<\/span><\/p><\/article><\/div><div class=\"cmba-program-agenda__matrix-cell cmba-program-agenda__room-tone--sala-hydra\" data-agenda-room-cell=\"SALA HYDRA\"><header class=\"cmba-program-agenda__module-context cmba-program-agenda__room-tone--sala-hydra cmba-program-agenda__day-module--1\" data-agenda-context data-agenda-context-key=\"sala-hydra-metabolismo-inflamacao-e-longevidade-rassen-saidah\"><strong>Metabolismo, Inflama\u00e7\u00e3o e Longevidade<\/strong><span>Modera\u00e7\u00e3o: Rassen Saidah<\/span><\/header><article class=\"cmba-program-agenda__session cmba-program-agenda__session--lecture cmba-program-agenda__room-tone--sala-hydra cmba-program-agenda__day-module--1\" id=\"agenda-27-11-sexta-sala-hydra-0800-wilson-tadeu-acupuntura-e-obesidade-mecanismos-metabolicos-envolvidos\" data-agenda-session data-day=\"27-11-sexta\" data-room=\"SALA HYDRA\" data-module=\"Metabolismo, Inflama\u00e7\u00e3o e Longevidade\" data-search=\"sala hydra metabolismo, inflama\u00e7\u00e3o e longevidade metabolismo, inflama\u00e7\u00e3o e longevidade acupuntura e obesidade: mecanismos metab\u00f3licos envolvidos wilson tadeu moderador: rassen saidah\" data-agenda-context-key=\"sala-hydra-metabolismo-inflamacao-e-longevidade-rassen-saidah\" data-agenda-wide=\"false\" style=\"--agenda-row-start:4;--agenda-row-span:1\"><div class=\"cmba-program-agenda__session-head\"><time datetime=\"2026-11-27T08:00:00-03:00\">08:00 - 08:20<\/time><\/div><h3>Acupuntura e Obesidade: Mecanismos Metab\u00f3licos Envolvidos<\/h3><p class=\"cmba-program-agenda__speaker\">WILSON TADEU<\/p><p class=\"cmba-program-agenda__meta\"><span>SALA HYDRA<\/span><\/p><\/article><\/div><div class=\"cmba-program-agenda__matrix-cell cmba-program-agenda__room-tone--sala-hercules\" data-agenda-room-cell=\"SALA HERCULES\"><header class=\"cmba-program-agenda__module-context cmba-program-agenda__room-tone--sala-hercules cmba-program-agenda__day-module--1\" data-agenda-context data-agenda-context-key=\"sala-hercules-enxaqueca-tratamentos-atuais-que-mudaram-a-vida-dos-pacientes-eline-barbosa\"><strong>Enxaqueca: tratamentos atuais que mudaram a vida dos pacientes<\/strong><span>Modera\u00e7\u00e3o: Eline Barbosa<\/span><\/header><article class=\"cmba-program-agenda__session cmba-program-agenda__session--lecture cmba-program-agenda__room-tone--sala-hercules cmba-program-agenda__day-module--1\" id=\"agenda-27-11-sexta-sala-hercules-0800-bruna-queiroz-o-uso-de-novas-terapias-e-anticorpos-monoclonais-no-tratamento-da-enxaqueca\" data-agenda-session data-day=\"27-11-sexta\" data-room=\"SALA HERCULES\" data-module=\"Enxaqueca: tratamentos atuais que mudaram a vida dos pacientes\" data-search=\"sala hercules enxaqueca: tratamentos atuais que mudaram a vida dos pacientes enxaqueca: tratamentos atuais que mudaram a vida dos pacientes o uso de novas terapias e anticorpos monoclonais no tratamento da enxaqueca bruna queiroz moderador: eline barbosa\" data-agenda-context-key=\"sala-hercules-enxaqueca-tratamentos-atuais-que-mudaram-a-vida-dos-pacientes-eline-barbosa\" data-agenda-wide=\"false\" style=\"--agenda-row-start:4;--agenda-row-span:1\"><div class=\"cmba-program-agenda__session-head\"><time datetime=\"2026-11-27T08:00:00-03:00\">08:00 - 08:20<\/time><\/div><h3>O Uso de Novas Terapias e Anticorpos Monoclonais no Tratamento da Enxaqueca<\/h3><p class=\"cmba-program-agenda__speaker\">BRUNA QUEIROZ<\/p><p class=\"cmba-program-agenda__meta\"><span>SALA HERCULES<\/span><\/p><\/article><\/div><div class=\"cmba-program-agenda__matrix-cell cmba-program-agenda__room-tone--sala-lyra\" data-agenda-room-cell=\"SALA LYRA\"><header class=\"cmba-program-agenda__module-context cmba-program-agenda__room-tone--sala-lyra cmba-program-agenda__day-module--1\" data-agenda-context data-agenda-context-key=\"sala-lyra-curso-intervencao-em-dor-frederico-ferro\"><strong>CURSO INTERVEN\u00c7\u00c3O EM DOR<\/strong><span>Modera\u00e7\u00e3o: Frederico Ferro<\/span><\/header><article class=\"cmba-program-agenda__session cmba-program-agenda__session--course cmba-program-agenda__room-tone--sala-lyra cmba-program-agenda__day-module--1\" id=\"agenda-27-11-sexta-sala-lyra-0800-palestrante-renan-ferreira-jorge-procedimentos-guiados-por-ultrassom-conceitos-basicos\" data-agenda-session data-day=\"27-11-sexta\" data-room=\"SALA LYRA\" data-module=\"CURSO INTERVEN\u00c7\u00c3O EM DOR\" data-search=\"sala lyra curso interven\u00c7\u00c3o em dor curso interven\u00c7\u00c3o em dor procedimentos guiados por ultrassom: conceitos b\u00e1sicos palestrante: renan ferreira jorge moderador: frederico ferro\" data-agenda-context-key=\"sala-lyra-curso-intervencao-em-dor-frederico-ferro\" data-agenda-wide=\"false\" style=\"--agenda-row-start:4;--agenda-row-span:5\"><div class=\"cmba-program-agenda__session-head\"><time datetime=\"2026-11-27T08:00:00-03:00\">08:00 - 09:30<\/time><\/div><h3>Procedimentos Guiados Por ultrassom: Conceitos B\u00e1sicos<\/h3><p class=\"cmba-program-agenda__speaker\">Palestrante: RENAN FERREIRA JORGE<\/p><p class=\"cmba-program-agenda__meta\"><span>SALA LYRA<\/span><\/p><\/article><\/div><\/div><\/div><div class=\"cmba-program-agenda__matrix-row\"><time datetime=\"2026-11-27T08:20:00-03:00\">08:20<\/time><div class=\"cmba-program-agenda__matrix-cells\"><div class=\"cmba-program-agenda__matrix-cell cmba-program-agenda__room-tone--sala-orion\" data-agenda-room-cell=\"SALA ORION\"><article class=\"cmba-program-agenda__session cmba-program-agenda__session--lecture cmba-program-agenda__room-tone--sala-orion cmba-program-agenda__day-module--1\" id=\"agenda-27-11-sexta-sala-orion-0820-eleonora-marchi-neuromodulacao-auricular-na-dor-neuropatica\" data-agenda-session data-day=\"27-11-sexta\" data-room=\"SALA ORION\" data-module=\"Neuromodula\u00e7\u00e3o\" data-search=\"sala orion 1.0 neuromodula\u00e7\u00e3o neuromodula\u00e7\u00e3o auricular na dor neurop\u00e1tica eleonora marchi moderador: fernando sant&#039;anna\" data-agenda-context-key=\"sala-orion-neuromodulacao-fernando-santanna\" data-agenda-wide=\"false\" style=\"--agenda-row-start:5;--agenda-row-span:1\"><div class=\"cmba-program-agenda__session-head\"><time datetime=\"2026-11-27T08:20:00-03:00\">08:20 - 08:40<\/time><\/div><h3>Neuromodula\u00e7\u00e3o Auricular na Dor Neurop\u00e1tica<\/h3><p class=\"cmba-program-agenda__speaker\">ELEONORA MARCHI<\/p><p class=\"cmba-program-agenda__meta\"><span>SALA ORION<\/span><\/p><\/article><\/div><div class=\"cmba-program-agenda__matrix-cell cmba-program-agenda__room-tone--sala-hydra\" data-agenda-room-cell=\"SALA HYDRA\"><article class=\"cmba-program-agenda__session cmba-program-agenda__session--lecture cmba-program-agenda__room-tone--sala-hydra cmba-program-agenda__day-module--1\" id=\"agenda-27-11-sexta-sala-hydra-0820-hildebrando-sabato-inflamacao-sistemica-cronica-e-acupuntura\" data-agenda-session data-day=\"27-11-sexta\" data-room=\"SALA HYDRA\" data-module=\"Metabolismo, Inflama\u00e7\u00e3o e Longevidade\" data-search=\"sala hydra 1.0 metabolismo, inflama\u00e7\u00e3o e longevidade inflama\u00e7\u00e3o sist\u00eamica cr\u00f4nica e acupuntura hildebrando s\u00c1bato moderador: rassen saidah\" data-agenda-context-key=\"sala-hydra-metabolismo-inflamacao-e-longevidade-rassen-saidah\" data-agenda-wide=\"false\" style=\"--agenda-row-start:5;--agenda-row-span:1\"><div class=\"cmba-program-agenda__session-head\"><time datetime=\"2026-11-27T08:20:00-03:00\">08:20 - 08:40<\/time><\/div><h3>Inflama\u00e7\u00e3o Sist\u00eamica Cr\u00f4nica e Acupuntura<\/h3><p class=\"cmba-program-agenda__speaker\">HILDEBRANDO S\u00c1BATO<\/p><p class=\"cmba-program-agenda__meta\"><span>SALA HYDRA<\/span><\/p><\/article><\/div><div class=\"cmba-program-agenda__matrix-cell cmba-program-agenda__room-tone--sala-hercules\" data-agenda-room-cell=\"SALA HERCULES\"><article class=\"cmba-program-agenda__session cmba-program-agenda__session--lecture cmba-program-agenda__room-tone--sala-hercules cmba-program-agenda__day-module--1\" id=\"agenda-27-11-sexta-sala-hercules-0820-helio-pinheiro-acupuntura-e-neuromodulacao-o-que-temos-de-evidencias-atuais\" data-agenda-session data-day=\"27-11-sexta\" data-room=\"SALA HERCULES\" data-module=\"Enxaqueca: tratamentos atuais que mudaram a vida dos pacientes\" data-search=\"sala hercules 1.0 enxaqueca: tratamentos atuais que mudaram a vida dos pacientes acupuntura e neuromodula\u00e7\u00e3o: o que temos de evid\u00eancias atuais? h\u00c9lio pinheiro moderador: eline barbosa\" data-agenda-context-key=\"sala-hercules-enxaqueca-tratamentos-atuais-que-mudaram-a-vida-dos-pacientes-eline-barbosa\" data-agenda-wide=\"false\" style=\"--agenda-row-start:5;--agenda-row-span:1\"><div class=\"cmba-program-agenda__session-head\"><time datetime=\"2026-11-27T08:20:00-03:00\">08:20 - 08:40<\/time><\/div><h3>Acupuntura e Neuromodula\u00e7\u00e3o: O Que temos de Evid\u00eancias Atuais?<\/h3><p class=\"cmba-program-agenda__speaker\">H\u00c9LIO PINHEIRO<\/p><p class=\"cmba-program-agenda__meta\"><span>SALA HERCULES<\/span><\/p><\/article><\/div><div class=\"cmba-program-agenda__matrix-cell cmba-program-agenda__room-tone--sala-lyra\" data-agenda-room-cell=\"SALA LYRA\"><\/div><\/div><\/div><div class=\"cmba-program-agenda__matrix-row\"><time datetime=\"2026-11-27T08:40:00-03:00\">08:40<\/time><div class=\"cmba-program-agenda__matrix-cells\"><div class=\"cmba-program-agenda__matrix-cell cmba-program-agenda__room-tone--sala-orion\" data-agenda-room-cell=\"SALA ORION\"><article class=\"cmba-program-agenda__session cmba-program-agenda__session--lecture cmba-program-agenda__room-tone--sala-orion cmba-program-agenda__day-module--1\" id=\"agenda-27-11-sexta-sala-orion-0840-fernando-sant-anna-peculiaridades-da-neuromodulacao-pela-auriculoacuountura-francesa\" data-agenda-session data-day=\"27-11-sexta\" data-room=\"SALA ORION\" data-module=\"Neuromodula\u00e7\u00e3o\" data-search=\"sala orion neuromodula\u00e7\u00e3o neuromodula\u00e7\u00e3o peculiaridades da neuromodula\u00e7ao pela auriculoacuountura francesa fernando sant&#039;anna moderador: fernando sant&#039;anna\" data-agenda-context-key=\"sala-orion-neuromodulacao-fernando-santanna\" data-agenda-wide=\"false\" style=\"--agenda-row-start:6;--agenda-row-span:1\"><div class=\"cmba-program-agenda__session-head\"><time datetime=\"2026-11-27T08:40:00-03:00\">08:40 - 09:00<\/time><\/div><h3>Peculiaridades da neuromodula\u00e7ao pela Auriculoacuountura Francesa<\/h3><p class=\"cmba-program-agenda__speaker\">Fernando Sant&#039;Anna<\/p><p class=\"cmba-program-agenda__meta\"><span>SALA ORION<\/span><\/p><\/article><\/div><div class=\"cmba-program-agenda__matrix-cell cmba-program-agenda__room-tone--sala-hydra\" data-agenda-room-cell=\"SALA HYDRA\"><article class=\"cmba-program-agenda__session cmba-program-agenda__session--lecture cmba-program-agenda__room-tone--sala-hydra cmba-program-agenda__day-module--1\" id=\"agenda-27-11-sexta-sala-hydra-0840-arlindo-cerqueira-acupuntura-aplicada-a-longevidade-saudavel\" data-agenda-session data-day=\"27-11-sexta\" data-room=\"SALA HYDRA\" data-module=\"Metabolismo, Inflama\u00e7\u00e3o e Longevidade\" data-search=\"sala hydra metabolismo, inflama\u00e7\u00e3o e longevidade metabolismo, inflama\u00e7\u00e3o e longevidade acupuntura aplicada \u00c0 longevidade saud\u00e1vel arlindo cerqueira moderador: rassen saidah\" data-agenda-context-key=\"sala-hydra-metabolismo-inflamacao-e-longevidade-rassen-saidah\" data-agenda-wide=\"false\" style=\"--agenda-row-start:6;--agenda-row-span:1\"><div class=\"cmba-program-agenda__session-head\"><time datetime=\"2026-11-27T08:40:00-03:00\">08:40 - 09:00<\/time><\/div><h3>Acupuntura Aplicada \u00c0 Longevidade Saud\u00e1vel<\/h3><p class=\"cmba-program-agenda__speaker\">ARLINDO CERQUEIRA<\/p><p class=\"cmba-program-agenda__meta\"><span>SALA HYDRA<\/span><\/p><\/article><\/div><div class=\"cmba-program-agenda__matrix-cell cmba-program-agenda__room-tone--sala-hercules\" data-agenda-room-cell=\"SALA HERCULES\"><article class=\"cmba-program-agenda__session cmba-program-agenda__session--lecture cmba-program-agenda__room-tone--sala-hercules cmba-program-agenda__day-module--1\" id=\"agenda-27-11-sexta-sala-hercules-0840-paula-gusson-procedimentos-intervencionistas-no-controle-da-migranea\" data-agenda-session data-day=\"27-11-sexta\" data-room=\"SALA HERCULES\" data-module=\"Enxaqueca: tratamentos atuais que mudaram a vida dos pacientes\" data-search=\"sala hercules enxaqueca: tratamentos atuais que mudaram a vida dos pacientes enxaqueca: tratamentos atuais que mudaram a vida dos pacientes procedimentos intervencionistas no controle da migr\u00e2nea paula gusson moderador: eline barbosa\" data-agenda-context-key=\"sala-hercules-enxaqueca-tratamentos-atuais-que-mudaram-a-vida-dos-pacientes-eline-barbosa\" data-agenda-wide=\"false\" style=\"--agenda-row-start:6;--agenda-row-span:1\"><div class=\"cmba-program-agenda__session-head\"><time datetime=\"2026-11-27T08:40:00-03:00\">08:40 - 09:00<\/time><\/div><h3>Procedimentos Intervencionistas no Controle da Migr\u00e2nea<\/h3><p class=\"cmba-program-agenda__speaker\">PAULA GUSSON<\/p><p class=\"cmba-program-agenda__meta\"><span>SALA HERCULES<\/span><\/p><\/article><\/div><div class=\"cmba-program-agenda__matrix-cell cmba-program-agenda__room-tone--sala-lyra\" data-agenda-room-cell=\"SALA LYRA\"><\/div><\/div><\/div><div class=\"cmba-program-agenda__matrix-row\"><time datetime=\"2026-11-27T09:00:00-03:00\">09:00<\/time><div class=\"cmba-program-agenda__matrix-cells\"><div class=\"cmba-program-agenda__matrix-cell cmba-program-agenda__room-tone--sala-orion\" data-agenda-room-cell=\"SALA ORION\"><article class=\"cmba-program-agenda__session cmba-program-agenda__session--debate cmba-program-agenda__room-tone--sala-orion cmba-program-agenda__day-module--1\" id=\"agenda-27-11-sexta-sala-orion-0900-debate-debate\" data-agenda-session data-day=\"27-11-sexta\" data-room=\"SALA ORION\" data-module=\"Neuromodula\u00e7\u00e3o\" data-search=\"sala orion neuromodula\u00e7\u00e3o neuromodula\u00e7\u00e3o debate moderador: fernando sant&#039;anna\" data-agenda-context-key=\"sala-orion-neuromodulacao-fernando-santanna\" data-agenda-wide=\"false\" style=\"--agenda-row-start:7;--agenda-row-span:2\"><div class=\"cmba-program-agenda__session-head\"><time datetime=\"2026-11-27T09:00:00-03:00\">09:00 - 09:30<\/time><\/div><h3>DEBATE<\/h3><p class=\"cmba-program-agenda__meta\"><span>SALA ORION<\/span><\/p><\/article><\/div><div class=\"cmba-program-agenda__matrix-cell cmba-program-agenda__room-tone--sala-hydra\" data-agenda-room-cell=\"SALA HYDRA\"><article class=\"cmba-program-agenda__session cmba-program-agenda__session--debate cmba-program-agenda__room-tone--sala-hydra cmba-program-agenda__day-module--1\" id=\"agenda-27-11-sexta-sala-hydra-0900-debate-debate\" data-agenda-session data-day=\"27-11-sexta\" data-room=\"SALA HYDRA\" data-module=\"Metabolismo, Inflama\u00e7\u00e3o e Longevidade\" data-search=\"sala hydra metabolismo, inflama\u00e7\u00e3o e longevidade metabolismo, inflama\u00e7\u00e3o e longevidade debate moderador: rassen saidah\" data-agenda-context-key=\"sala-hydra-metabolismo-inflamacao-e-longevidade-rassen-saidah\" data-agenda-wide=\"false\" style=\"--agenda-row-start:7;--agenda-row-span:2\"><div class=\"cmba-program-agenda__session-head\"><time datetime=\"2026-11-27T09:00:00-03:00\">09:00 - 09:30<\/time><\/div><h3>DEBATE<\/h3><p class=\"cmba-program-agenda__meta\"><span>SALA HYDRA<\/span><\/p><\/article><\/div><div class=\"cmba-program-agenda__matrix-cell cmba-program-agenda__room-tone--sala-hercules\" data-agenda-room-cell=\"SALA HERCULES\"><article class=\"cmba-program-agenda__session cmba-program-agenda__session--debate cmba-program-agenda__room-tone--sala-hercules cmba-program-agenda__day-module--1\" id=\"agenda-27-11-sexta-sala-hercules-0900-debate-debate\" data-agenda-session data-day=\"27-11-sexta\" data-room=\"SALA HERCULES\" data-module=\"Enxaqueca: tratamentos atuais que mudaram a vida dos pacientes\" data-search=\"sala hercules enxaqueca: tratamentos atuais que mudaram a vida dos pacientes enxaqueca: tratamentos atuais que mudaram a vida dos pacientes debate moderador: eline barbosa\" data-agenda-context-key=\"sala-hercules-enxaqueca-tratamentos-atuais-que-mudaram-a-vida-dos-pacientes-eline-barbosa\" data-agenda-wide=\"false\" style=\"--agenda-row-start:7;--agenda-row-span:2\"><div class=\"cmba-program-agenda__session-head\"><time datetime=\"2026-11-27T09:00:00-03:00\">09:00 - 09:30<\/time><\/div><h3>DEBATE<\/h3><p class=\"cmba-program-agenda__meta\"><span>SALA HERCULES<\/span><\/p><\/article><\/div><div class=\"cmba-program-agenda__matrix-cell cmba-program-agenda__room-tone--sala-lyra\" data-agenda-room-cell=\"SALA LYRA\"><\/div><\/div><\/div><div class=\"cmba-program-agenda__matrix-row\"><time datetime=\"2026-11-27T09:30:00-03:00\">09:30<\/time><div class=\"cmba-program-agenda__matrix-cells\"><div class=\"cmba-program-agenda__matrix-cell cmba-program-agenda__room-tone--sala-orion cmba-program-agenda__matrix-cell--module-start\" data-agenda-room-cell=\"SALA ORION\"><header class=\"cmba-program-agenda__module-context cmba-program-agenda__room-tone--sala-orion cmba-program-agenda__day-module--2\" data-agenda-context data-agenda-context-key=\"sala-orion-mtc-orlando-goncalves\"><strong>MTC<\/strong><span>Modera\u00e7\u00e3o: Orlando Gon\u00e7alves<\/span><\/header><article class=\"cmba-program-agenda__session cmba-program-agenda__session--lecture cmba-program-agenda__room-tone--sala-orion cmba-program-agenda__day-module--2\" id=\"agenda-27-11-sexta-sala-orion-0930-durval-mota-qi-uma-perspectiva-antropologica\" data-agenda-session data-day=\"27-11-sexta\" data-room=\"SALA ORION\" data-module=\"MTC\" data-search=\"sala orion mtc mtc &quot;qi&quot;: uma perspectiva antropol\u00f3gica durval mota moderador: orlando gon\u00e7alves\" data-agenda-context-key=\"sala-orion-mtc-orlando-goncalves\" data-agenda-wide=\"false\" style=\"--agenda-row-start:8;--agenda-row-span:1\"><div class=\"cmba-program-agenda__session-head\"><time datetime=\"2026-11-27T09:30:00-03:00\">09:30 - 09:50<\/time><\/div><h3>&quot;Qi&quot;: Uma Perspectiva Antropol\u00f3gica<\/h3><p class=\"cmba-program-agenda__speaker\">DURVAL MOTA<\/p><p class=\"cmba-program-agenda__meta\"><span>SALA ORION<\/span><\/p><\/article><\/div><div class=\"cmba-program-agenda__matrix-cell cmba-program-agenda__room-tone--sala-hydra cmba-program-agenda__matrix-cell--module-start\" data-agenda-room-cell=\"SALA HYDRA\"><header class=\"cmba-program-agenda__module-context cmba-program-agenda__room-tone--sala-hydra cmba-program-agenda__day-module--2\" data-agenda-context data-agenda-context-key=\"sala-hydra-neurologia-melania-sidorak\"><strong>Neurologia<\/strong><span>Modera\u00e7\u00e3o: Melania Sidorak<\/span><\/header><article class=\"cmba-program-agenda__session cmba-program-agenda__session--lecture cmba-program-agenda__room-tone--sala-hydra cmba-program-agenda__day-module--2\" id=\"agenda-27-11-sexta-sala-hydra-0930-alexandre-valotta-neuroplasticidade-induzida-por-acupuntura-na-dor-cronica\" data-agenda-session data-day=\"27-11-sexta\" data-room=\"SALA HYDRA\" data-module=\"Neurologia\" data-search=\"sala hydra neurologia neurologia neuroplasticidade induzida por acupuntura na dor cr\u00f4nica alexandre valotta moderador: melania sidorak\" data-agenda-context-key=\"sala-hydra-neurologia-melania-sidorak\" data-agenda-wide=\"false\" style=\"--agenda-row-start:8;--agenda-row-span:1\"><div class=\"cmba-program-agenda__session-head\"><time datetime=\"2026-11-27T09:30:00-03:00\">09:30 - 09:50<\/time><\/div><h3>Neuroplasticidade induzida por acupuntura na dor cr\u00f4nica<\/h3><p class=\"cmba-program-agenda__speaker\">ALEXANDRE VALOTTA<\/p><p class=\"cmba-program-agenda__meta\"><span>SALA HYDRA<\/span><\/p><\/article><\/div><div class=\"cmba-program-agenda__matrix-cell cmba-program-agenda__room-tone--sala-hercules cmba-program-agenda__matrix-cell--module-start\" data-agenda-room-cell=\"SALA HERCULES\"><header class=\"cmba-program-agenda__module-context cmba-program-agenda__room-tone--sala-hercules cmba-program-agenda__day-module--2\" data-agenda-context data-agenda-context-key=\"sala-hercules-neuropatias-perifericas-claudia-misorelli\"><strong>Neuropatias Perif\u00e9ricas<\/strong><span>Modera\u00e7\u00e3o: Claudia Misorelli<\/span><\/header><article class=\"cmba-program-agenda__session cmba-program-agenda__session--lecture cmba-program-agenda__room-tone--sala-hercules cmba-program-agenda__day-module--2\" id=\"agenda-27-11-sexta-sala-hercules-0930-gabriel-kubota-herpes-zoster-e-neuralgia-pos-herpetica-da-prevencao-ao-tratamento\" data-agenda-session data-day=\"27-11-sexta\" data-room=\"SALA HERCULES\" data-module=\"Neuropatias Perif\u00e9ricas\" data-search=\"sala hercules neuropatias perif\u00e9ricas neuropatias perif\u00e9ricas herpes zoster e neuralgia p\u00f3s herp\u00e9tica: da preven\u00e7\u00e3o ao tratamento gabriel kubota moderador: claudia misorelli\" data-agenda-context-key=\"sala-hercules-neuropatias-perifericas-claudia-misorelli\" data-agenda-wide=\"false\" style=\"--agenda-row-start:8;--agenda-row-span:1\"><div class=\"cmba-program-agenda__session-head\"><time datetime=\"2026-11-27T09:30:00-03:00\">09:30 - 09:50<\/time><\/div><h3>Herpes Zoster e Neuralgia P\u00f3s Herp\u00e9tica: Da Preven\u00e7\u00e3o ao Tratamento<\/h3><p class=\"cmba-program-agenda__speaker\">GABRIEL KUBOTA<\/p><p class=\"cmba-program-agenda__meta\"><span>SALA HERCULES<\/span><\/p><\/article><\/div><div class=\"cmba-program-agenda__matrix-cell cmba-program-agenda__room-tone--sala-lyra\" data-agenda-room-cell=\"SALA LYRA\"><\/div><\/div><\/div><div class=\"cmba-program-agenda__matrix-row\"><time datetime=\"2026-11-27T09:50:00-03:00\">09:50<\/time><div class=\"cmba-program-agenda__matrix-cells\"><div class=\"cmba-program-agenda__matrix-cell cmba-program-agenda__room-tone--sala-orion\" data-agenda-room-cell=\"SALA ORION\"><article class=\"cmba-program-agenda__session cmba-program-agenda__session--lecture cmba-program-agenda__room-tone--sala-orion cmba-program-agenda__day-module--2\" id=\"agenda-27-11-sexta-sala-orion-0950-fernando-genschow-ontologia-da-mtc-aplicacao-no-raciocinio-medico\" data-agenda-session data-day=\"27-11-sexta\" data-room=\"SALA ORION\" data-module=\"MTC\" data-search=\"sala orion 2.0 mtc ontologia da mtc: aplica\u00e7\u00e3o no racioc\u00ednio m\u00e9dico fernando genschow moderador: orlando gon\u00e7alves\" data-agenda-context-key=\"sala-orion-mtc-orlando-goncalves\" data-agenda-wide=\"false\" style=\"--agenda-row-start:9;--agenda-row-span:1\"><div class=\"cmba-program-agenda__session-head\"><time datetime=\"2026-11-27T09:50:00-03:00\">09:50 - 10:10<\/time><\/div><h3>Ontologia da MTC: Aplica\u00e7\u00e3o no Racioc\u00ednio M\u00e9dico<\/h3><p class=\"cmba-program-agenda__speaker\">FERNANDO GENSCHOW<\/p><p class=\"cmba-program-agenda__meta\"><span>SALA ORION<\/span><\/p><\/article><\/div><div class=\"cmba-program-agenda__matrix-cell cmba-program-agenda__room-tone--sala-hydra\" data-agenda-room-cell=\"SALA HYDRA\"><article class=\"cmba-program-agenda__session cmba-program-agenda__session--lecture cmba-program-agenda__room-tone--sala-hydra cmba-program-agenda__day-module--2\" id=\"agenda-27-11-sexta-sala-hydra-0950-andre-horcajo-o-papel-da-acupuntura-na-doenca-de-parkinson\" data-agenda-session data-day=\"27-11-sexta\" data-room=\"SALA HYDRA\" data-module=\"Neurologia\" data-search=\"sala hydra 2.0 neurologia o papel da acupuntura na doen\u00e7a de parkinson andr\u00c9 horcajo moderador: melania sidorak\" data-agenda-context-key=\"sala-hydra-neurologia-melania-sidorak\" data-agenda-wide=\"false\" style=\"--agenda-row-start:9;--agenda-row-span:1\"><div class=\"cmba-program-agenda__session-head\"><time datetime=\"2026-11-27T09:50:00-03:00\">09:50 - 10:10<\/time><\/div><h3>O Papel da Acupuntura na Doen\u00e7a de Parkinson<\/h3><p class=\"cmba-program-agenda__speaker\">ANDR\u00c9 HORCAJO<\/p><p class=\"cmba-program-agenda__meta\"><span>SALA HYDRA<\/span><\/p><\/article><\/div><div class=\"cmba-program-agenda__matrix-cell cmba-program-agenda__room-tone--sala-hercules\" data-agenda-room-cell=\"SALA HERCULES\"><article class=\"cmba-program-agenda__session cmba-program-agenda__session--lecture cmba-program-agenda__room-tone--sala-hercules cmba-program-agenda__day-module--2\" id=\"agenda-27-11-sexta-sala-hercules-0950-hazem-adel-ashmawi-principais-intervencoes-nas-neuropatias-perifericas\" data-agenda-session data-day=\"27-11-sexta\" data-room=\"SALA HERCULES\" data-module=\"Neuropatias Perif\u00e9ricas\" data-search=\"sala hercules 2.0 neuropatias perif\u00e9ricas principais interven\u00e7\u00f5es nas neuropatias perif\u00e9ricas hazem adel ashmawi moderador: claudia misorelli\" data-agenda-context-key=\"sala-hercules-neuropatias-perifericas-claudia-misorelli\" data-agenda-wide=\"false\" style=\"--agenda-row-start:9;--agenda-row-span:1\"><div class=\"cmba-program-agenda__session-head\"><time datetime=\"2026-11-27T09:50:00-03:00\">09:50 - 10:10<\/time><\/div><h3>Principais Interven\u00e7\u00f5es nas Neuropatias Perif\u00e9ricas<\/h3><p class=\"cmba-program-agenda__speaker\">HAZEM ADEL ASHMAWI<\/p><p class=\"cmba-program-agenda__meta\"><span>SALA HERCULES<\/span><\/p><\/article><\/div><div class=\"cmba-program-agenda__matrix-cell cmba-program-agenda__room-tone--sala-lyra\" data-agenda-room-cell=\"SALA LYRA\"><\/div><\/div><\/div><div class=\"cmba-program-agenda__matrix-row\"><time datetime=\"2026-11-27T10:10:00-03:00\">10:10<\/time><div class=\"cmba-program-agenda__matrix-cells\"><div class=\"cmba-program-agenda__matrix-cell cmba-program-agenda__room-tone--sala-orion\" data-agenda-room-cell=\"SALA ORION\"><article class=\"cmba-program-agenda__session cmba-program-agenda__session--debate cmba-program-agenda__room-tone--sala-orion cmba-program-agenda__day-module--2\" id=\"agenda-27-11-sexta-sala-orion-1010-debate-debate\" data-agenda-session data-day=\"27-11-sexta\" data-room=\"SALA ORION\" data-module=\"MTC\" data-search=\"sala orion mtc mtc debate moderador: orlando gon\u00e7alves\" data-agenda-context-key=\"sala-orion-mtc-orlando-goncalves\" data-agenda-wide=\"false\" style=\"--agenda-row-start:10;--agenda-row-span:1\"><div class=\"cmba-program-agenda__session-head\"><time datetime=\"2026-11-27T10:10:00-03:00\">10:10 - 10:30<\/time><\/div><h3>DEBATE<\/h3><p class=\"cmba-program-agenda__meta\"><span>SALA ORION<\/span><\/p><\/article><\/div><div class=\"cmba-program-agenda__matrix-cell cmba-program-agenda__room-tone--sala-hydra\" data-agenda-room-cell=\"SALA HYDRA\"><article class=\"cmba-program-agenda__session cmba-program-agenda__session--debate cmba-program-agenda__room-tone--sala-hydra cmba-program-agenda__day-module--2\" id=\"agenda-27-11-sexta-sala-hydra-1010-debate-debate\" data-agenda-session data-day=\"27-11-sexta\" data-room=\"SALA HYDRA\" data-module=\"Neurologia\" data-search=\"sala hydra neurologia neurologia debate moderador: melania sidorak\" data-agenda-context-key=\"sala-hydra-neurologia-melania-sidorak\" data-agenda-wide=\"false\" style=\"--agenda-row-start:10;--agenda-row-span:1\"><div class=\"cmba-program-agenda__session-head\"><time datetime=\"2026-11-27T10:10:00-03:00\">10:10 - 10:30<\/time><\/div><h3>DEBATE<\/h3><p class=\"cmba-program-agenda__meta\"><span>SALA HYDRA<\/span><\/p><\/article><\/div><div class=\"cmba-program-agenda__matrix-cell cmba-program-agenda__room-tone--sala-hercules\" data-agenda-room-cell=\"SALA HERCULES\"><article class=\"cmba-program-agenda__session cmba-program-agenda__session--debate cmba-program-agenda__room-tone--sala-hercules cmba-program-agenda__day-module--2\" id=\"agenda-27-11-sexta-sala-hercules-1010-debate-debate\" data-agenda-session data-day=\"27-11-sexta\" data-room=\"SALA HERCULES\" data-module=\"Neuropatias Perif\u00e9ricas\" data-search=\"sala hercules neuropatias perif\u00e9ricas neuropatias perif\u00e9ricas debate moderador: claudia misorelli\" data-agenda-context-key=\"sala-hercules-neuropatias-perifericas-claudia-misorelli\" data-agenda-wide=\"false\" style=\"--agenda-row-start:10;--agenda-row-span:1\"><div class=\"cmba-program-agenda__session-head\"><time datetime=\"2026-11-27T10:10:00-03:00\">10:10 - 10:30<\/time><\/div><h3>DEBATE<\/h3><p class=\"cmba-program-agenda__meta\"><span>SALA HERCULES<\/span><\/p><\/article><\/div><div class=\"cmba-program-agenda__matrix-cell cmba-program-agenda__room-tone--sala-lyra\" data-agenda-room-cell=\"SALA LYRA\"><\/div><\/div><\/div><div class=\"cmba-program-agenda__matrix-row cmba-program-agenda__matrix-row--wide\"><time datetime=\"2026-11-27T10:30:00-03:00\">10:30<\/time><div class=\"cmba-program-agenda__matrix-wide cmba-program-agenda__room-tone--todas-as-salas\"><article class=\"cmba-program-agenda__session cmba-program-agenda__session--break cmba-program-agenda__room-tone--todas-as-salas cmba-program-agenda__day-module--2\" id=\"agenda-27-11-sexta-todas-as-salas-1030-coffee-break-coffee-break\" data-agenda-session data-day=\"27-11-sexta\" data-room=\"Todas as salas\" data-module=\"Intervalo\" data-search=\"todas as salas intervalo intervalo coffee break\" data-agenda-context-key=\"todas-as-salas-intervalo\" data-agenda-wide=\"true\" style=\"--agenda-row-start:11;--agenda-row-span:2\"><div class=\"cmba-program-agenda__session-head\"><time datetime=\"2026-11-27T10:30:00-03:00\">10:30 - 11:00<\/time><\/div><h3>Coffee Break<\/h3><p class=\"cmba-program-agenda__meta\"><span>Todas as salas<\/span><\/p><\/article><\/div><\/div><div class=\"cmba-program-agenda__matrix-row\"><time datetime=\"2026-11-27T11:00:00-03:00\">11:00<\/time><div class=\"cmba-program-agenda__matrix-cells\"><div class=\"cmba-program-agenda__matrix-cell cmba-program-agenda__room-tone--sala-orion cmba-program-agenda__matrix-cell--module-start\" data-agenda-room-cell=\"SALA ORION\"><header class=\"cmba-program-agenda__module-context cmba-program-agenda__room-tone--sala-orion cmba-program-agenda__day-module--3\" data-agenda-context data-agenda-context-key=\"sala-orion-oncologia-patricia-spengler\"><strong>Oncologia<\/strong><span>Modera\u00e7\u00e3o: Patr\u00edcia Spengler<\/span><\/header><article class=\"cmba-program-agenda__session cmba-program-agenda__session--lecture cmba-program-agenda__room-tone--sala-orion cmba-program-agenda__day-module--3\" id=\"agenda-27-11-sexta-sala-orion-1100-maria-cristina-cerqueira-e-silva-acupunturiatria-oncologica-e-epigenetica\" data-agenda-session data-day=\"27-11-sexta\" data-room=\"SALA ORION\" data-module=\"Oncologia\" data-search=\"sala orion oncologia oncologia acupunturiatria oncol\u00f3gica e epigen\u00e9tica maria cristina cerqueira e silva moderador: patr\u00edcia spengler\" data-agenda-context-key=\"sala-orion-oncologia-patricia-spengler\" data-agenda-wide=\"false\" style=\"--agenda-row-start:13;--agenda-row-span:1\"><div class=\"cmba-program-agenda__session-head\"><time datetime=\"2026-11-27T11:00:00-03:00\">11:00 - 11:20<\/time><\/div><h3>Acupunturiatria Oncol\u00f3gica e Epigen\u00e9tica<\/h3><p class=\"cmba-program-agenda__speaker\">MARIA CRISTINA CERQUEIRA E SILVA<\/p><p class=\"cmba-program-agenda__meta\"><span>SALA ORION<\/span><\/p><\/article><\/div><div class=\"cmba-program-agenda__matrix-cell cmba-program-agenda__room-tone--sala-hydra cmba-program-agenda__matrix-cell--module-start\" data-agenda-room-cell=\"SALA HYDRA\"><header class=\"cmba-program-agenda__module-context cmba-program-agenda__room-tone--sala-hydra cmba-program-agenda__day-module--3\" data-agenda-context data-agenda-context-key=\"sala-hydra-doencas-pulmonares-chin-an-lin\"><strong>Doen\u00e7as Pulmonares<\/strong><span>Modera\u00e7\u00e3o: Chin An Lin<\/span><\/header><article class=\"cmba-program-agenda__session cmba-program-agenda__session--lecture cmba-program-agenda__room-tone--sala-hydra cmba-program-agenda__day-module--3\" id=\"agenda-27-11-sexta-sala-hydra-1100-marcelo-neubauer-acupuntura-nas-doencas-respiratorias-cronicas-evidencias-atuais-do-uso-do-laser-na-pediatria\" data-agenda-session data-day=\"27-11-sexta\" data-room=\"SALA HYDRA\" data-module=\"Doen\u00e7as Pulmonares\" data-search=\"sala hydra doen\u00e7as pulmonares doen\u00e7as pulmonares acupuntura nas doen\u00e7as respirat\u00f3rias cr\u00f4nicas: evid\u00eancias atuais do uso do laser na pediatria marcelo neubauer moderador: chin an lin\" data-agenda-context-key=\"sala-hydra-doencas-pulmonares-chin-an-lin\" data-agenda-wide=\"false\" style=\"--agenda-row-start:13;--agenda-row-span:1\"><div class=\"cmba-program-agenda__session-head\"><time datetime=\"2026-11-27T11:00:00-03:00\">11:00 - 11:20<\/time><\/div><h3>Acupuntura nas Doen\u00e7as Respirat\u00f3rias Cr\u00f4nicas: Evid\u00eancias Atuais do uso do Laser na Pediatria<\/h3><p class=\"cmba-program-agenda__speaker\">MARCELO NEUBAUER<\/p><p class=\"cmba-program-agenda__meta\"><span>SALA HYDRA<\/span><\/p><\/article><\/div><div class=\"cmba-program-agenda__matrix-cell cmba-program-agenda__room-tone--sala-hercules cmba-program-agenda__matrix-cell--module-start\" data-agenda-room-cell=\"SALA HERCULES\"><header class=\"cmba-program-agenda__module-context cmba-program-agenda__room-tone--sala-hercules cmba-program-agenda__day-module--3\" data-agenda-context data-agenda-context-key=\"sala-hercules-medicina-do-esporte-janete-bandeira\"><strong>Medicina do Esporte<\/strong><span>Modera\u00e7\u00e3o: Janete Bandeira<\/span><\/header><article class=\"cmba-program-agenda__session cmba-program-agenda__session--lecture cmba-program-agenda__room-tone--sala-hercules cmba-program-agenda__day-module--3\" id=\"agenda-27-11-sexta-sala-hercules-1100-frederico-ferro-dor-musculoesqueletica-no-atleta-abordagem-contemporanea\" data-agenda-session data-day=\"27-11-sexta\" data-room=\"SALA HERCULES\" data-module=\"Medicina do Esporte\" data-search=\"sala hercules medicina do esporte medicina do esporte dor musculoesquel\u00e9tica no atleta - abordagem contempor\u00e2nea frederico ferro moderador: janete bandeira\" data-agenda-context-key=\"sala-hercules-medicina-do-esporte-janete-bandeira\" data-agenda-wide=\"false\" style=\"--agenda-row-start:13;--agenda-row-span:1\"><div class=\"cmba-program-agenda__session-head\"><time datetime=\"2026-11-27T11:00:00-03:00\">11:00 - 11:20<\/time><\/div><h3>Dor Musculoesquel\u00e9tica no Atleta - Abordagem Contempor\u00e2nea<\/h3><p class=\"cmba-program-agenda__speaker\">FREDERICO FERRO<\/p><p class=\"cmba-program-agenda__meta\"><span>SALA HERCULES<\/span><\/p><\/article><\/div><div class=\"cmba-program-agenda__matrix-cell cmba-program-agenda__room-tone--sala-lyra cmba-program-agenda__matrix-cell--module-start\" data-agenda-room-cell=\"SALA LYRA\"><article class=\"cmba-program-agenda__session cmba-program-agenda__session--course cmba-program-agenda__room-tone--sala-lyra cmba-program-agenda__day-module--3\" id=\"agenda-27-11-sexta-sala-lyra-1100-palestrante-renan-ferreira-jorge-procedimentos-guiados-por-ultrassom-conceitos-basicos\" data-agenda-session data-day=\"27-11-sexta\" data-room=\"SALA LYRA\" data-module=\"CURSO INTERVEN\u00c7\u00c3O EM DOR\" data-search=\"sala lyra curso interven\u00c7\u00c3o em dor curso interven\u00c7\u00c3o em dor procedimentos guiados por ultrassom: conceitos b\u00e1sicos palestrante: renan ferreira jorge moderador: frederico ferro\" data-agenda-context-key=\"sala-lyra-curso-intervencao-em-dor-frederico-ferro\" data-agenda-wide=\"false\" style=\"--agenda-row-start:13;--agenda-row-span:3\"><div class=\"cmba-program-agenda__session-head\"><time datetime=\"2026-11-27T11:00:00-03:00\">11:00 - 12:00<\/time><\/div><h3>Procedimentos Guiados Por ultrassom: Conceitos B\u00e1sicos<\/h3><p class=\"cmba-program-agenda__speaker\">Palestrante: RENAN FERREIRA JORGE<\/p><p class=\"cmba-program-agenda__meta\"><span>SALA LYRA<\/span><\/p><\/article><\/div><\/div><\/div><div class=\"cmba-program-agenda__matrix-row\"><time datetime=\"2026-11-27T11:20:00-03:00\">11:20<\/time><div class=\"cmba-program-agenda__matrix-cells\"><div class=\"cmba-program-agenda__matrix-cell cmba-program-agenda__room-tone--sala-orion\" data-agenda-room-cell=\"SALA ORION\"><article class=\"cmba-program-agenda__session cmba-program-agenda__session--lecture cmba-program-agenda__room-tone--sala-orion cmba-program-agenda__day-module--3\" id=\"agenda-27-11-sexta-sala-orion-1120-hiro-ynoue-ca-de-mama-e-acupuntura\" data-agenda-session data-day=\"27-11-sexta\" data-room=\"SALA ORION\" data-module=\"Oncologia\" data-search=\"sala orion 3.0 oncologia ca de mama e acupuntura hiro ynoue moderador: patr\u00edcia spengler\" data-agenda-context-key=\"sala-orion-oncologia-patricia-spengler\" data-agenda-wide=\"false\" style=\"--agenda-row-start:14;--agenda-row-span:1\"><div class=\"cmba-program-agenda__session-head\"><time datetime=\"2026-11-27T11:20:00-03:00\">11:20 - 11:40<\/time><\/div><h3>Ca de Mama e Acupuntura<\/h3><p class=\"cmba-program-agenda__speaker\">HIRO YNOUE<\/p><p class=\"cmba-program-agenda__meta\"><span>SALA ORION<\/span><\/p><\/article><\/div><div class=\"cmba-program-agenda__matrix-cell cmba-program-agenda__room-tone--sala-hydra\" data-agenda-room-cell=\"SALA HYDRA\"><article class=\"cmba-program-agenda__session cmba-program-agenda__session--lecture cmba-program-agenda__room-tone--sala-hydra cmba-program-agenda__day-module--3\" id=\"agenda-27-11-sexta-sala-hydra-1120-henrique-sidi-o-papel-da-acupuntura-na-asma-bronquica-mecanismos-e-aplicacoes-clinicas\" data-agenda-session data-day=\"27-11-sexta\" data-room=\"SALA HYDRA\" data-module=\"Doen\u00e7as Pulmonares\" data-search=\"sala hydra 3.0 doen\u00e7as pulmonares o papel da acupuntura na asma br\u00f4nquica: mecanismos e aplica\u00e7\u00f5es cl\u00ednicas henrique sidi moderador: chin an lin\" data-agenda-context-key=\"sala-hydra-doencas-pulmonares-chin-an-lin\" data-agenda-wide=\"false\" style=\"--agenda-row-start:14;--agenda-row-span:1\"><div class=\"cmba-program-agenda__session-head\"><time datetime=\"2026-11-27T11:20:00-03:00\">11:20 - 11:40<\/time><\/div><h3>O Papel da Acupuntura na Asma br\u00f4nquica: Mecanismos e Aplica\u00e7\u00f5es Cl\u00ednicas<\/h3><p class=\"cmba-program-agenda__speaker\">HENRIQUE SIDI<\/p><p class=\"cmba-program-agenda__meta\"><span>SALA HYDRA<\/span><\/p><\/article><\/div><div class=\"cmba-program-agenda__matrix-cell cmba-program-agenda__room-tone--sala-hercules\" data-agenda-room-cell=\"SALA HERCULES\"><article class=\"cmba-program-agenda__session cmba-program-agenda__session--lecture cmba-program-agenda__room-tone--sala-hercules cmba-program-agenda__day-module--3\" id=\"agenda-27-11-sexta-sala-hercules-1120-mario-sergio-rossi-vieira-principais-lesoes-no-esporte-como-a-acupuntura-pode-ajudar\" data-agenda-session data-day=\"27-11-sexta\" data-room=\"SALA HERCULES\" data-module=\"Medicina do Esporte\" data-search=\"sala hercules 3.0 medicina do esporte principais les\u00f5es no esporte - como a acupuntura pode ajudar? m\u00c1rio s\u00c9rgio rossi vieira moderador: janete bandeira\" data-agenda-context-key=\"sala-hercules-medicina-do-esporte-janete-bandeira\" data-agenda-wide=\"false\" style=\"--agenda-row-start:14;--agenda-row-span:1\"><div class=\"cmba-program-agenda__session-head\"><time datetime=\"2026-11-27T11:20:00-03:00\">11:20 - 11:40<\/time><\/div><h3>Principais Les\u00f5es no Esporte - Como a Acupuntura Pode Ajudar?<\/h3><p class=\"cmba-program-agenda__speaker\">M\u00c1RIO S\u00c9RGIO ROSSI VIEIRA<\/p><p class=\"cmba-program-agenda__meta\"><span>SALA HERCULES<\/span><\/p><\/article><\/div><div class=\"cmba-program-agenda__matrix-cell cmba-program-agenda__room-tone--sala-lyra\" data-agenda-room-cell=\"SALA LYRA\"><\/div><\/div><\/div><div class=\"cmba-program-agenda__matrix-row\"><time datetime=\"2026-11-27T11:40:00-03:00\">11:40<\/time><div class=\"cmba-program-agenda__matrix-cells\"><div class=\"cmba-program-agenda__matrix-cell cmba-program-agenda__room-tone--sala-orion\" data-agenda-room-cell=\"SALA ORION\"><article class=\"cmba-program-agenda__session cmba-program-agenda__session--debate cmba-program-agenda__room-tone--sala-orion cmba-program-agenda__day-module--3\" id=\"agenda-27-11-sexta-sala-orion-1140-debate-debate\" data-agenda-session data-day=\"27-11-sexta\" data-room=\"SALA ORION\" data-module=\"Oncologia\" data-search=\"sala orion oncologia oncologia debate moderador: patr\u00edcia spengler\" data-agenda-context-key=\"sala-orion-oncologia-patricia-spengler\" data-agenda-wide=\"false\" style=\"--agenda-row-start:15;--agenda-row-span:1\"><div class=\"cmba-program-agenda__session-head\"><time datetime=\"2026-11-27T11:40:00-03:00\">11:40 - 12:00<\/time><\/div><h3>DEBATE<\/h3><p class=\"cmba-program-agenda__meta\"><span>SALA ORION<\/span><\/p><\/article><\/div><div class=\"cmba-program-agenda__matrix-cell cmba-program-agenda__room-tone--sala-hydra\" data-agenda-room-cell=\"SALA HYDRA\"><article class=\"cmba-program-agenda__session cmba-program-agenda__session--debate cmba-program-agenda__room-tone--sala-hydra cmba-program-agenda__day-module--3\" id=\"agenda-27-11-sexta-sala-hydra-1140-debate-debate\" data-agenda-session data-day=\"27-11-sexta\" data-room=\"SALA HYDRA\" data-module=\"Doen\u00e7as Pulmonares\" data-search=\"sala hydra doen\u00e7as pulmonares doen\u00e7as pulmonares debate moderador: chin an lin\" data-agenda-context-key=\"sala-hydra-doencas-pulmonares-chin-an-lin\" data-agenda-wide=\"false\" style=\"--agenda-row-start:15;--agenda-row-span:1\"><div class=\"cmba-program-agenda__session-head\"><time datetime=\"2026-11-27T11:40:00-03:00\">11:40 - 12:00<\/time><\/div><h3>DEBATE<\/h3><p class=\"cmba-program-agenda__meta\"><span>SALA HYDRA<\/span><\/p><\/article><\/div><div class=\"cmba-program-agenda__matrix-cell cmba-program-agenda__room-tone--sala-hercules\" data-agenda-room-cell=\"SALA HERCULES\"><article class=\"cmba-program-agenda__session cmba-program-agenda__session--debate cmba-program-agenda__room-tone--sala-hercules cmba-program-agenda__day-module--3\" id=\"agenda-27-11-sexta-sala-hercules-1140-debate-debate\" data-agenda-session data-day=\"27-11-sexta\" data-room=\"SALA HERCULES\" data-module=\"Medicina do Esporte\" data-search=\"sala hercules medicina do esporte medicina do esporte debate moderador: janete bandeira\" data-agenda-context-key=\"sala-hercules-medicina-do-esporte-janete-bandeira\" data-agenda-wide=\"false\" style=\"--agenda-row-start:15;--agenda-row-span:1\"><div class=\"cmba-program-agenda__session-head\"><time datetime=\"2026-11-27T11:40:00-03:00\">11:40 - 12:00<\/time><\/div><h3>DEBATE<\/h3><p class=\"cmba-program-agenda__meta\"><span>SALA HERCULES<\/span><\/p><\/article><\/div><div class=\"cmba-program-agenda__matrix-cell cmba-program-agenda__room-tone--sala-lyra\" data-agenda-room-cell=\"SALA LYRA\"><\/div><\/div><\/div><div class=\"cmba-program-agenda__matrix-row cmba-program-agenda__matrix-row--wide\"><time datetime=\"2026-11-27T12:15:00-03:00\">12:15<\/time><div class=\"cmba-program-agenda__matrix-wide cmba-program-agenda__room-tone--plenaria\"><article class=\"cmba-program-agenda__session cmba-program-agenda__session--plenary cmba-program-agenda__room-tone--plenaria cmba-program-agenda__day-module--3\" id=\"agenda-27-11-sexta-plenaria-1215-forum-de-defesa-profissional-fernando-genschow-e-eliane-aboud-forum-de-defesa-profissional-fernando-genschow-e-eliane-aboud\" data-agenda-session data-day=\"27-11-sexta\" data-room=\"Plen\u00e1ria\" data-module=\"Plen\u00e1ria Especial\" data-search=\"plen\u00e1ria plen\u00e1ria especial plen\u00e1ria especial forum de defesa profissional - fernando genschow e eliane aboud\" data-agenda-context-key=\"plenaria-plenaria-especial\" data-agenda-wide=\"true\" style=\"--agenda-row-start:16;--agenda-row-span:3\"><div class=\"cmba-program-agenda__session-head\"><time datetime=\"2026-11-27T12:15:00-03:00\">12:15 - 13:15<\/time><\/div><h3>FORUM DE DEFESA PROFISSIONAL - Fernando Genschow e Eliane Aboud<\/h3><p class=\"cmba-program-agenda__meta\"><span>Plen\u00e1ria<\/span><\/p><\/article><\/div><\/div><div class=\"cmba-program-agenda__matrix-row\"><time datetime=\"2026-11-27T14:00:00-03:00\">14:00<\/time><div class=\"cmba-program-agenda__matrix-cells\"><div class=\"cmba-program-agenda__matrix-cell cmba-program-agenda__room-tone--sala-orion cmba-program-agenda__matrix-cell--module-start\" data-agenda-room-cell=\"SALA ORION\"><header class=\"cmba-program-agenda__module-context cmba-program-agenda__room-tone--sala-orion cmba-program-agenda__day-module--4\" data-agenda-context data-agenda-context-key=\"sala-orion-fitoterapia-liyoko-okino\"><strong>Fitoterapia<\/strong><span>Modera\u00e7\u00e3o: Liyoko Okino<\/span><\/header><article class=\"cmba-program-agenda__session cmba-program-agenda__session--lecture cmba-program-agenda__room-tone--sala-orion cmba-program-agenda__day-module--4\" id=\"agenda-27-11-sexta-sala-orion-1400-tazue-hara-branquinho-peculiaridades-diagnosticas-e-terapeuticas-exemplos-clinicos\" data-agenda-session data-day=\"27-11-sexta\" data-room=\"SALA ORION\" data-module=\"Fitoterapia\" data-search=\"sala orion fitoterapia fitoterapia peculiaridades diagn\u00f3sticas e terap\u00eauticas - exemplos cl\u00ednicos tazue hara branquinho moderador: liyoko okino\" data-agenda-context-key=\"sala-orion-fitoterapia-liyoko-okino\" data-agenda-wide=\"false\" style=\"--agenda-row-start:22;--agenda-row-span:1\"><div class=\"cmba-program-agenda__session-head\"><time datetime=\"2026-11-27T14:00:00-03:00\">14:00 - 14:20<\/time><\/div><h3>Peculiaridades Diagn\u00f3sticas e Terap\u00eauticas - Exemplos Cl\u00ednicos<\/h3><p class=\"cmba-program-agenda__speaker\">TAZUE HARA BRANQUINHO<\/p><p class=\"cmba-program-agenda__meta\"><span>SALA ORION<\/span><\/p><\/article><\/div><div class=\"cmba-program-agenda__matrix-cell cmba-program-agenda__room-tone--sala-hydra cmba-program-agenda__matrix-cell--module-start\" data-agenda-room-cell=\"SALA HYDRA\"><header class=\"cmba-program-agenda__module-context cmba-program-agenda__room-tone--sala-hydra cmba-program-agenda__day-module--4\" data-agenda-context data-agenda-context-key=\"sala-hydra-sindrome-da-sensibilizacao-central-johnny-tah-ji-ng\"><strong>S\u00edndrome da Sensibiliza\u00e7\u00e3o Central<\/strong><span>Modera\u00e7\u00e3o: Johnny Tah Ji Ng<\/span><\/header><article class=\"cmba-program-agenda__session cmba-program-agenda__session--lecture cmba-program-agenda__room-tone--sala-hydra cmba-program-agenda__day-module--4\" id=\"agenda-27-11-sexta-sala-hydra-1400-bernardo-goldberg-fibromialgia\" data-agenda-session data-day=\"27-11-sexta\" data-room=\"SALA HYDRA\" data-module=\"S\u00edndrome da Sensibiliza\u00e7\u00e3o Central\" data-search=\"sala hydra s\u00edndrome da sensibiliza\u00e7\u00e3o central s\u00edndrome da sensibiliza\u00e7\u00e3o central fibromialgia bernardo goldberg moderador: johnny tah ji ng\" data-agenda-context-key=\"sala-hydra-sindrome-da-sensibilizacao-central-johnny-tah-ji-ng\" data-agenda-wide=\"false\" style=\"--agenda-row-start:22;--agenda-row-span:1\"><div class=\"cmba-program-agenda__session-head\"><time datetime=\"2026-11-27T14:00:00-03:00\">14:00 - 14:20<\/time><\/div><h3>Fibromialgia<\/h3><p class=\"cmba-program-agenda__speaker\">BERNARDO GOLDBERG<\/p><p class=\"cmba-program-agenda__meta\"><span>SALA HYDRA<\/span><\/p><\/article><\/div><div class=\"cmba-program-agenda__matrix-cell cmba-program-agenda__room-tone--sala-hercules cmba-program-agenda__matrix-cell--module-start\" data-agenda-room-cell=\"SALA HERCULES\"><header class=\"cmba-program-agenda__module-context cmba-program-agenda__room-tone--sala-hercules cmba-program-agenda__day-module--4\" data-agenda-context data-agenda-context-key=\"sala-hercules-dor-lombar-lucilia-de-brito-tavares\"><strong>Dor Lombar<\/strong><span>Modera\u00e7\u00e3o: Luc\u00edlia de Brito Tavares<\/span><\/header><article class=\"cmba-program-agenda__session cmba-program-agenda__session--lecture cmba-program-agenda__room-tone--sala-hercules cmba-program-agenda__day-module--4\" id=\"agenda-27-11-sexta-sala-hercules-1400-ibrahim-liu-dor-lombar-epidemia-silenciosa\" data-agenda-session data-day=\"27-11-sexta\" data-room=\"SALA HERCULES\" data-module=\"Dor Lombar\" data-search=\"sala hercules dor lombar dor lombar dor lombar - epidemia silenciosa? ibrahim liu moderador: luc\u00edlia de brito tavares\" data-agenda-context-key=\"sala-hercules-dor-lombar-lucilia-de-brito-tavares\" data-agenda-wide=\"false\" style=\"--agenda-row-start:22;--agenda-row-span:1\"><div class=\"cmba-program-agenda__session-head\"><time datetime=\"2026-11-27T14:00:00-03:00\">14:00 - 14:20<\/time><\/div><h3>Dor Lombar - Epidemia Silenciosa?<\/h3><p class=\"cmba-program-agenda__speaker\">IBRAHIM LIU<\/p><p class=\"cmba-program-agenda__meta\"><span>SALA HERCULES<\/span><\/p><\/article><\/div><div class=\"cmba-program-agenda__matrix-cell cmba-program-agenda__room-tone--sala-lyra cmba-program-agenda__matrix-cell--module-start\" data-agenda-room-cell=\"SALA LYRA\"><header class=\"cmba-program-agenda__module-context cmba-program-agenda__room-tone--sala-lyra cmba-program-agenda__day-module--4\" data-agenda-context data-agenda-context-key=\"sala-lyra-curso-intervencao-em-dor-diogo-assis-couto\"><strong>CURSO INTERVEN\u00c7\u00c3O EM DOR<\/strong><span>Modera\u00e7\u00e3o: Diogo Assis Couto<\/span><\/header><article class=\"cmba-program-agenda__session cmba-program-agenda__session--course cmba-program-agenda__room-tone--sala-lyra cmba-program-agenda__day-module--4\" id=\"agenda-27-11-sexta-sala-lyra-1400-palestrante-raul-coelho-lamberti-mesoterapia\" data-agenda-session data-day=\"27-11-sexta\" data-room=\"SALA LYRA\" data-module=\"CURSO INTERVEN\u00c7\u00c3O EM DOR\" data-search=\"sala lyra curso interven\u00c7\u00c3o em dor curso interven\u00c7\u00c3o em dor mesoterapia palestrante: raul coelho lamberti moderador: diogo assis couto\" data-agenda-context-key=\"sala-lyra-curso-intervencao-em-dor-diogo-assis-couto\" data-agenda-wide=\"false\" style=\"--agenda-row-start:22;--agenda-row-span:5\"><div class=\"cmba-program-agenda__session-head\"><time datetime=\"2026-11-27T14:00:00-03:00\">14:00 - 15:30<\/time><\/div><h3>Mesoterapia<\/h3><p class=\"cmba-program-agenda__speaker\">Palestrante: RAUL COELHO LAMBERTI<\/p><p class=\"cmba-program-agenda__meta\"><span>SALA LYRA<\/span><\/p><\/article><\/div><\/div><\/div><div class=\"cmba-program-agenda__matrix-row\"><time datetime=\"2026-11-27T14:20:00-03:00\">14:20<\/time><div class=\"cmba-program-agenda__matrix-cells\"><div class=\"cmba-program-agenda__matrix-cell cmba-program-agenda__room-tone--sala-orion\" data-agenda-room-cell=\"SALA ORION\"><article class=\"cmba-program-agenda__session cmba-program-agenda__session--lecture cmba-program-agenda__room-tone--sala-orion cmba-program-agenda__day-module--4\" id=\"agenda-27-11-sexta-sala-orion-1420-antonio-maciel-sindromes-superficiais-peculiaridades-diagnosticas-e-terapeuticas\" data-agenda-session data-day=\"27-11-sexta\" data-room=\"SALA ORION\" data-module=\"Fitoterapia\" data-search=\"sala orion 4.0 fitoterapia s\u00cdndromes superficiais - peculiaridades diagn\u00d3sticas e terap\u00cauticas antonio maciel moderador: liyoko okino\" data-agenda-context-key=\"sala-orion-fitoterapia-liyoko-okino\" data-agenda-wide=\"false\" style=\"--agenda-row-start:23;--agenda-row-span:1\"><div class=\"cmba-program-agenda__session-head\"><time datetime=\"2026-11-27T14:20:00-03:00\">14:20 - 14:40<\/time><\/div><h3>S\u00cdNDROMES SUPERFICIAIS - PECULIARIDADES DIAGN\u00d3STICAS E TERAP\u00caUTICAS<\/h3><p class=\"cmba-program-agenda__speaker\">ANTONIO MACIEL<\/p><p class=\"cmba-program-agenda__meta\"><span>SALA ORION<\/span><\/p><\/article><\/div><div class=\"cmba-program-agenda__matrix-cell cmba-program-agenda__room-tone--sala-hydra\" data-agenda-room-cell=\"SALA HYDRA\"><article class=\"cmba-program-agenda__session cmba-program-agenda__session--lecture cmba-program-agenda__room-tone--sala-hydra cmba-program-agenda__day-module--4\" id=\"agenda-27-11-sexta-sala-hydra-1420-taina-calvette-disfuncao-temporomandibular\" data-agenda-session data-day=\"27-11-sexta\" data-room=\"SALA HYDRA\" data-module=\"S\u00edndrome da Sensibiliza\u00e7\u00e3o Central\" data-search=\"sala hydra 4.0 s\u00edndrome da sensibiliza\u00e7\u00e3o central disfun\u00e7\u00e3o temporomandibular taina calvette moderador: johnny tah ji ng\" data-agenda-context-key=\"sala-hydra-sindrome-da-sensibilizacao-central-johnny-tah-ji-ng\" data-agenda-wide=\"false\" style=\"--agenda-row-start:23;--agenda-row-span:1\"><div class=\"cmba-program-agenda__session-head\"><time datetime=\"2026-11-27T14:20:00-03:00\">14:20 - 14:40<\/time><\/div><h3>Disfun\u00e7\u00e3o Temporomandibular<\/h3><p class=\"cmba-program-agenda__speaker\">TAINA CALVETTE<\/p><p class=\"cmba-program-agenda__meta\"><span>SALA HYDRA<\/span><\/p><\/article><\/div><div class=\"cmba-program-agenda__matrix-cell cmba-program-agenda__room-tone--sala-hercules\" data-agenda-room-cell=\"SALA HERCULES\"><article class=\"cmba-program-agenda__session cmba-program-agenda__session--lecture cmba-program-agenda__room-tone--sala-hercules cmba-program-agenda__day-module--4\" id=\"agenda-27-11-sexta-sala-hercules-1420-liaw-chao-acupuntura-e-neuromodulacao-na-dor-lombar\" data-agenda-session data-day=\"27-11-sexta\" data-room=\"SALA HERCULES\" data-module=\"Dor Lombar\" data-search=\"sala hercules 4.0 dor lombar acupuntura e neuromodula\u00e7\u00e3o na dor lombar liaw chao moderador: luc\u00edlia de brito tavares\" data-agenda-context-key=\"sala-hercules-dor-lombar-lucilia-de-brito-tavares\" data-agenda-wide=\"false\" style=\"--agenda-row-start:23;--agenda-row-span:1\"><div class=\"cmba-program-agenda__session-head\"><time datetime=\"2026-11-27T14:20:00-03:00\">14:20 - 14:40<\/time><\/div><h3>Acupuntura e Neuromodula\u00e7\u00e3o na Dor Lombar<\/h3><p class=\"cmba-program-agenda__speaker\">LIAW CHAO<\/p><p class=\"cmba-program-agenda__meta\"><span>SALA HERCULES<\/span><\/p><\/article><\/div><div class=\"cmba-program-agenda__matrix-cell cmba-program-agenda__room-tone--sala-lyra\" data-agenda-room-cell=\"SALA LYRA\"><\/div><\/div><\/div><div class=\"cmba-program-agenda__matrix-row\"><time datetime=\"2026-11-27T14:40:00-03:00\">14:40<\/time><div class=\"cmba-program-agenda__matrix-cells\"><div class=\"cmba-program-agenda__matrix-cell cmba-program-agenda__room-tone--sala-orion\" data-agenda-room-cell=\"SALA ORION\"><article class=\"cmba-program-agenda__session cmba-program-agenda__session--lecture cmba-program-agenda__room-tone--sala-orion cmba-program-agenda__day-module--4\" id=\"agenda-27-11-sexta-sala-orion-1440-vicente-faggion-alencar-sindromes-complexas-o-que-muda-na-pratica-clinica\" data-agenda-session data-day=\"27-11-sexta\" data-room=\"SALA ORION\" data-module=\"Fitoterapia\" data-search=\"sala orion fitoterapia fitoterapia s\u00cdndromes complexas - o que muda na pr\u00c1tica cl\u00cdnica? vicente faggion alencar moderador: liyoko okino\" data-agenda-context-key=\"sala-orion-fitoterapia-liyoko-okino\" data-agenda-wide=\"false\" style=\"--agenda-row-start:24;--agenda-row-span:1\"><div class=\"cmba-program-agenda__session-head\"><time datetime=\"2026-11-27T14:40:00-03:00\">14:40 - 15:00<\/time><\/div><h3>S\u00cdNDROMES COMPLEXAS - O QUE MUDA NA PR\u00c1TICA CL\u00cdNICA?<\/h3><p class=\"cmba-program-agenda__speaker\">VICENTE FAGGION ALENCAR<\/p><p class=\"cmba-program-agenda__meta\"><span>SALA ORION<\/span><\/p><\/article><\/div><div class=\"cmba-program-agenda__matrix-cell cmba-program-agenda__room-tone--sala-hydra\" data-agenda-room-cell=\"SALA HYDRA\"><article class=\"cmba-program-agenda__session cmba-program-agenda__session--lecture cmba-program-agenda__room-tone--sala-hydra cmba-program-agenda__day-module--4\" id=\"agenda-27-11-sexta-sala-hydra-1440-eliane-aboud-sindrome-do-coracao-partido-cardiomiopatia-de-takotsubo\" data-agenda-session data-day=\"27-11-sexta\" data-room=\"SALA HYDRA\" data-module=\"S\u00edndrome da Sensibiliza\u00e7\u00e3o Central\" data-search=\"sala hydra s\u00edndrome da sensibiliza\u00e7\u00e3o central s\u00edndrome da sensibiliza\u00e7\u00e3o central s\u00cdndrome do cora\u00c7\u00c3o partido - cardiomiopatia de takotsubo eliane aboud moderador: johnny tah ji ng\" data-agenda-context-key=\"sala-hydra-sindrome-da-sensibilizacao-central-johnny-tah-ji-ng\" data-agenda-wide=\"false\" style=\"--agenda-row-start:24;--agenda-row-span:1\"><div class=\"cmba-program-agenda__session-head\"><time datetime=\"2026-11-27T14:40:00-03:00\">14:40 - 15:00<\/time><\/div><h3>S\u00cdNDROME DO CORA\u00c7\u00c3O PARTIDO - CARDIOMIOPATIA DE TAKOTSUBO<\/h3><p class=\"cmba-program-agenda__speaker\">ELIANE ABOUD<\/p><p class=\"cmba-program-agenda__meta\"><span>SALA HYDRA<\/span><\/p><\/article><\/div><div class=\"cmba-program-agenda__matrix-cell cmba-program-agenda__room-tone--sala-hercules\" data-agenda-room-cell=\"SALA HERCULES\"><article class=\"cmba-program-agenda__session cmba-program-agenda__session--lecture cmba-program-agenda__room-tone--sala-hercules cmba-program-agenda__day-module--4\" id=\"agenda-27-11-sexta-sala-hercules-1440-amelie-falcone-procedimentos-minimamente-invasivos-no-manejo-da-lombalgia\" data-agenda-session data-day=\"27-11-sexta\" data-room=\"SALA HERCULES\" data-module=\"Dor Lombar\" data-search=\"sala hercules dor lombar dor lombar procedimentos minimamente invasivos no manejo da lombalgia amelie falcone moderador: luc\u00edlia de brito tavares\" data-agenda-context-key=\"sala-hercules-dor-lombar-lucilia-de-brito-tavares\" data-agenda-wide=\"false\" style=\"--agenda-row-start:24;--agenda-row-span:1\"><div class=\"cmba-program-agenda__session-head\"><time datetime=\"2026-11-27T14:40:00-03:00\">14:40 - 15:00<\/time><\/div><h3>Procedimentos Minimamente Invasivos no Manejo da Lombalgia<\/h3><p class=\"cmba-program-agenda__speaker\">AMELIE FALCONE<\/p><p class=\"cmba-program-agenda__meta\"><span>SALA HERCULES<\/span><\/p><\/article><\/div><div class=\"cmba-program-agenda__matrix-cell cmba-program-agenda__room-tone--sala-lyra\" data-agenda-room-cell=\"SALA LYRA\"><\/div><\/div><\/div><div class=\"cmba-program-agenda__matrix-row\"><time datetime=\"2026-11-27T15:00:00-03:00\">15:00<\/time><div class=\"cmba-program-agenda__matrix-cells\"><div class=\"cmba-program-agenda__matrix-cell cmba-program-agenda__room-tone--sala-orion\" data-agenda-room-cell=\"SALA ORION\"><article class=\"cmba-program-agenda__session cmba-program-agenda__session--debate cmba-program-agenda__room-tone--sala-orion cmba-program-agenda__day-module--4\" id=\"agenda-27-11-sexta-sala-orion-1500-debate-debate\" data-agenda-session data-day=\"27-11-sexta\" data-room=\"SALA ORION\" data-module=\"Fitoterapia\" data-search=\"sala orion fitoterapia fitoterapia debate moderador: liyoko okino\" data-agenda-context-key=\"sala-orion-fitoterapia-liyoko-okino\" data-agenda-wide=\"false\" style=\"--agenda-row-start:25;--agenda-row-span:2\"><div class=\"cmba-program-agenda__session-head\"><time datetime=\"2026-11-27T15:00:00-03:00\">15:00 - 15:30<\/time><\/div><h3>DEBATE<\/h3><p class=\"cmba-program-agenda__meta\"><span>SALA ORION<\/span><\/p><\/article><\/div><div class=\"cmba-program-agenda__matrix-cell cmba-program-agenda__room-tone--sala-hydra\" data-agenda-room-cell=\"SALA HYDRA\"><article class=\"cmba-program-agenda__session cmba-program-agenda__session--debate cmba-program-agenda__room-tone--sala-hydra cmba-program-agenda__day-module--4\" id=\"agenda-27-11-sexta-sala-hydra-1500-debate-debate\" data-agenda-session data-day=\"27-11-sexta\" data-room=\"SALA HYDRA\" data-module=\"S\u00edndrome da Sensibiliza\u00e7\u00e3o Central\" data-search=\"sala hydra s\u00edndrome da sensibiliza\u00e7\u00e3o central s\u00edndrome da sensibiliza\u00e7\u00e3o central debate moderador: johnny tah ji ng\" data-agenda-context-key=\"sala-hydra-sindrome-da-sensibilizacao-central-johnny-tah-ji-ng\" data-agenda-wide=\"false\" style=\"--agenda-row-start:25;--agenda-row-span:2\"><div class=\"cmba-program-agenda__session-head\"><time datetime=\"2026-11-27T15:00:00-03:00\">15:00 - 15:30<\/time><\/div><h3>DEBATE<\/h3><p class=\"cmba-program-agenda__meta\"><span>SALA HYDRA<\/span><\/p><\/article><\/div><div class=\"cmba-program-agenda__matrix-cell cmba-program-agenda__room-tone--sala-hercules\" data-agenda-room-cell=\"SALA HERCULES\"><article class=\"cmba-program-agenda__session cmba-program-agenda__session--lecture cmba-program-agenda__room-tone--sala-hercules cmba-program-agenda__day-module--4\" id=\"agenda-27-11-sexta-sala-hercules-1500-eduardo-rocha-dor-lombar-da-cronificacao-da-dor-a-recuperacao-funcional-eduardo-rocha\" data-agenda-session data-day=\"27-11-sexta\" data-room=\"SALA HERCULES\" data-module=\"Dor Lombar\" data-search=\"sala hercules dor lombar dor lombar dor lombar: da cronifica\u00e7\u00e3o da dor \u00e0 recupera\u00e7\u00e3o funcional - eduardo rocha eduardo rocha moderador: luc\u00edlia de brito tavares\" data-agenda-context-key=\"sala-hercules-dor-lombar-lucilia-de-brito-tavares\" data-agenda-wide=\"false\" style=\"--agenda-row-start:25;--agenda-row-span:1\"><div class=\"cmba-program-agenda__session-head\"><time datetime=\"2026-11-27T15:00:00-03:00\">15:00 - 15:20<\/time><\/div><h3>Dor Lombar: Da Cronifica\u00e7\u00e3o da Dor \u00e0 Recupera\u00e7\u00e3o Funcional - Eduardo Rocha<\/h3><p class=\"cmba-program-agenda__speaker\">EDUARDO ROCHA<\/p><p class=\"cmba-program-agenda__meta\"><span>SALA HERCULES<\/span><\/p><\/article><\/div><div class=\"cmba-program-agenda__matrix-cell cmba-program-agenda__room-tone--sala-lyra\" data-agenda-room-cell=\"SALA LYRA\"><\/div><\/div><\/div><div class=\"cmba-program-agenda__matrix-row\"><time datetime=\"2026-11-27T15:20:00-03:00\">15:20<\/time><div class=\"cmba-program-agenda__matrix-cells\"><div class=\"cmba-program-agenda__matrix-cell cmba-program-agenda__room-tone--sala-orion\" data-agenda-room-cell=\"SALA ORION\"><\/div><div class=\"cmba-program-agenda__matrix-cell cmba-program-agenda__room-tone--sala-hydra\" data-agenda-room-cell=\"SALA HYDRA\"><\/div><div class=\"cmba-program-agenda__matrix-cell cmba-program-agenda__room-tone--sala-hercules\" data-agenda-room-cell=\"SALA HERCULES\"><article class=\"cmba-program-agenda__session cmba-program-agenda__session--debate cmba-program-agenda__room-tone--sala-hercules cmba-program-agenda__day-module--4\" id=\"agenda-27-11-sexta-sala-hercules-1520-debate-debate\" data-agenda-session data-day=\"27-11-sexta\" data-room=\"SALA HERCULES\" data-module=\"Dor Lombar\" data-search=\"sala hercules dor lombar dor lombar debate moderador: luc\u00edlia de brito tavares\" data-agenda-context-key=\"sala-hercules-dor-lombar-lucilia-de-brito-tavares\" data-agenda-wide=\"false\" style=\"--agenda-row-start:26;--agenda-row-span:1\"><div class=\"cmba-program-agenda__session-head\"><time datetime=\"2026-11-27T15:20:00-03:00\">15:20 - 15:30<\/time><\/div><h3>DEBATE<\/h3><p class=\"cmba-program-agenda__meta\"><span>SALA HERCULES<\/span><\/p><\/article><\/div><div class=\"cmba-program-agenda__matrix-cell cmba-program-agenda__room-tone--sala-lyra\" data-agenda-room-cell=\"SALA LYRA\"><\/div><\/div><\/div><div class=\"cmba-program-agenda__matrix-row\"><time datetime=\"2026-11-27T15:30:00-03:00\">15:30<\/time><div class=\"cmba-program-agenda__matrix-cells\"><div class=\"cmba-program-agenda__matrix-cell cmba-program-agenda__room-tone--sala-orion cmba-program-agenda__matrix-cell--module-start\" data-agenda-room-cell=\"SALA ORION\"><header class=\"cmba-program-agenda__module-context cmba-program-agenda__room-tone--sala-orion cmba-program-agenda__day-module--5\" data-agenda-context data-agenda-context-key=\"sala-orion-dor-de-quadril-na-pratica-clinica-celia-yunes-portiolli\"><strong>Dor de Quadril na Pr\u00e1tica Cl\u00ednica<\/strong><span>Modera\u00e7\u00e3o: C\u00e9lia Yunes Portiolli<\/span><\/header><article class=\"cmba-program-agenda__session cmba-program-agenda__session--lecture cmba-program-agenda__room-tone--sala-orion cmba-program-agenda__day-module--5\" id=\"agenda-27-11-sexta-sala-orion-1530-roberta-dalla-corte-quadril-doloroso-diagnostico-diferencial-implicacoes-na-clinica-de-acupuntura\" data-agenda-session data-day=\"27-11-sexta\" data-room=\"SALA ORION\" data-module=\"Dor de Quadril na Pr\u00e1tica Cl\u00ednica\" data-search=\"sala orion dor de quadril na pr\u00e1tica cl\u00ednica dor de quadril na pr\u00e1tica cl\u00ednica quadril doloroso: diagn\u00f3stico diferencial - implica\u00e7\u00f5es na cl\u00ednica de acupuntura roberta dalla corte moderador: c\u00e9lia yunes portiolli\" data-agenda-context-key=\"sala-orion-dor-de-quadril-na-pratica-clinica-celia-yunes-portiolli\" data-agenda-wide=\"false\" style=\"--agenda-row-start:26;--agenda-row-span:1\"><div class=\"cmba-program-agenda__session-head\"><time datetime=\"2026-11-27T15:30:00-03:00\">15:30 - 15:50<\/time><\/div><h3>Quadril Doloroso: Diagn\u00f3stico Diferencial - Implica\u00e7\u00f5es na Cl\u00ednica de Acupuntura<\/h3><p class=\"cmba-program-agenda__speaker\">ROBERTA DALLA CORTE<\/p><p class=\"cmba-program-agenda__meta\"><span>SALA ORION<\/span><\/p><\/article><\/div><div class=\"cmba-program-agenda__matrix-cell cmba-program-agenda__room-tone--sala-hydra cmba-program-agenda__matrix-cell--module-start\" data-agenda-room-cell=\"SALA HYDRA\"><header class=\"cmba-program-agenda__module-context cmba-program-agenda__room-tone--sala-hydra cmba-program-agenda__day-module--5\" data-agenda-context data-agenda-context-key=\"sala-hydra-tecnicas-complementares-na-dor-luciana-aikawa\"><strong>T\u00e9cnicas Complementares na Dor<\/strong><span>Modera\u00e7\u00e3o: Luciana Aikawa<\/span><\/header><article class=\"cmba-program-agenda__session cmba-program-agenda__session--lecture cmba-program-agenda__room-tone--sala-hydra cmba-program-agenda__day-module--5\" id=\"agenda-27-11-sexta-sala-hydra-1530-ruy-tanigawa-principais-indicacoes-da-laserterapia\" data-agenda-session data-day=\"27-11-sexta\" data-room=\"SALA HYDRA\" data-module=\"T\u00e9cnicas Complementares na Dor\" data-search=\"sala hydra t\u00e9cnicas complementares na dor t\u00e9cnicas complementares na dor principais indica\u00e7\u00f5es da laserterapia ruy tanigawa moderador: luciana aikawa\" data-agenda-context-key=\"sala-hydra-tecnicas-complementares-na-dor-luciana-aikawa\" data-agenda-wide=\"false\" style=\"--agenda-row-start:26;--agenda-row-span:1\"><div class=\"cmba-program-agenda__session-head\"><time datetime=\"2026-11-27T15:30:00-03:00\">15:30 - 15:50<\/time><\/div><h3>Principais Indica\u00e7\u00f5es da Laserterapia<\/h3><p class=\"cmba-program-agenda__speaker\">RUY TANIGAWA<\/p><p class=\"cmba-program-agenda__meta\"><span>SALA HYDRA<\/span><\/p><\/article><\/div><div class=\"cmba-program-agenda__matrix-cell cmba-program-agenda__room-tone--sala-hercules cmba-program-agenda__matrix-cell--module-start\" data-agenda-room-cell=\"SALA HERCULES\"><header class=\"cmba-program-agenda__module-context cmba-program-agenda__room-tone--sala-hercules cmba-program-agenda__day-module--5\" data-agenda-context data-agenda-context-key=\"sala-hercules-dor-pelvica-cronica-um-impacto-na-saude-da-mulher-ananilia-filizola\"><strong>Dor P\u00e9lvica Cr\u00f4nica: Um Impacto na Sa\u00fade da Mulher<\/strong><span>Modera\u00e7\u00e3o: Ananilia Filizola<\/span><\/header><article class=\"cmba-program-agenda__session cmba-program-agenda__session--lecture cmba-program-agenda__room-tone--sala-hercules cmba-program-agenda__day-module--5\" id=\"agenda-27-11-sexta-sala-hercules-1530-anita-perpetua-carvalho-rocha-castro-endometriose-e-manejo-da-dor\" data-agenda-session data-day=\"27-11-sexta\" data-room=\"SALA HERCULES\" data-module=\"Dor P\u00e9lvica Cr\u00f4nica: Um Impacto na Sa\u00fade da Mulher\" data-search=\"sala hercules dor p\u00e9lvica cr\u00f4nica: um impacto na sa\u00fade da mulher dor p\u00e9lvica cr\u00f4nica: um impacto na sa\u00fade da mulher endometriose e manejo da dor anita perp\u00c9tua carvalho rocha castro moderador: ananilia filizola\" data-agenda-context-key=\"sala-hercules-dor-pelvica-cronica-um-impacto-na-saude-da-mulher-ananilia-filizola\" data-agenda-wide=\"false\" style=\"--agenda-row-start:26;--agenda-row-span:1\"><div class=\"cmba-program-agenda__session-head\"><time datetime=\"2026-11-27T15:30:00-03:00\">15:30 - 15:50<\/time><\/div><h3>Endometriose e Manejo da Dor<\/h3><p class=\"cmba-program-agenda__speaker\">ANITA PERP\u00c9TUA CARVALHO ROCHA CASTRO<\/p><p class=\"cmba-program-agenda__meta\"><span>SALA HERCULES<\/span><\/p><\/article><\/div><div class=\"cmba-program-agenda__matrix-cell cmba-program-agenda__room-tone--sala-lyra\" data-agenda-room-cell=\"SALA LYRA\"><\/div><\/div><\/div><div class=\"cmba-program-agenda__matrix-row\"><time datetime=\"2026-11-27T15:50:00-03:00\">15:50<\/time><div class=\"cmba-program-agenda__matrix-cells\"><div class=\"cmba-program-agenda__matrix-cell cmba-program-agenda__room-tone--sala-orion\" data-agenda-room-cell=\"SALA ORION\"><article class=\"cmba-program-agenda__session cmba-program-agenda__session--lecture cmba-program-agenda__room-tone--sala-orion cmba-program-agenda__day-module--5\" id=\"agenda-27-11-sexta-sala-orion-1550-wu-tu-hsing-tratamento-de-quadril-com-acupuntura\" data-agenda-session data-day=\"27-11-sexta\" data-room=\"SALA ORION\" data-module=\"Dor de Quadril na Pr\u00e1tica Cl\u00ednica\" data-search=\"sala orion 5.0 dor de quadril na pr\u00e1tica cl\u00ednica tratamento de quadril com acupuntura wu tu hsing moderador: c\u00e9lia yunes portiolli\" data-agenda-context-key=\"sala-orion-dor-de-quadril-na-pratica-clinica-celia-yunes-portiolli\" data-agenda-wide=\"false\" style=\"--agenda-row-start:27;--agenda-row-span:1\"><div class=\"cmba-program-agenda__session-head\"><time datetime=\"2026-11-27T15:50:00-03:00\">15:50 - 16:10<\/time><\/div><h3>Tratamento de quadril com Acupuntura<\/h3><p class=\"cmba-program-agenda__speaker\">WU TU HSING<\/p><p class=\"cmba-program-agenda__meta\"><span>SALA ORION<\/span><\/p><\/article><\/div><div class=\"cmba-program-agenda__matrix-cell cmba-program-agenda__room-tone--sala-hydra\" data-agenda-room-cell=\"SALA HYDRA\"><article class=\"cmba-program-agenda__session cmba-program-agenda__session--lecture cmba-program-agenda__room-tone--sala-hydra cmba-program-agenda__day-module--5\" id=\"agenda-27-11-sexta-sala-hydra-1550-alexandre-massao-yoshizumi-ynsa\" data-agenda-session data-day=\"27-11-sexta\" data-room=\"SALA HYDRA\" data-module=\"T\u00e9cnicas Complementares na Dor\" data-search=\"sala hydra 5.0 t\u00e9cnicas complementares na dor ynsa alexandre massao yoshizumi moderador: luciana aikawa\" data-agenda-context-key=\"sala-hydra-tecnicas-complementares-na-dor-luciana-aikawa\" data-agenda-wide=\"false\" style=\"--agenda-row-start:27;--agenda-row-span:1\"><div class=\"cmba-program-agenda__session-head\"><time datetime=\"2026-11-27T15:50:00-03:00\">15:50 - 16:10<\/time><\/div><h3>YNSA<\/h3><p class=\"cmba-program-agenda__speaker\">ALEXANDRE MASSAO YOSHIZUMI<\/p><p class=\"cmba-program-agenda__meta\"><span>SALA HYDRA<\/span><\/p><\/article><\/div><div class=\"cmba-program-agenda__matrix-cell cmba-program-agenda__room-tone--sala-hercules\" data-agenda-room-cell=\"SALA HERCULES\"><article class=\"cmba-program-agenda__session cmba-program-agenda__session--lecture cmba-program-agenda__room-tone--sala-hercules cmba-program-agenda__day-module--5\" id=\"agenda-27-11-sexta-sala-hercules-1550-lucilia-de-brito-tavares-neuralgia-do-pudendo-do-subdiagnostico-ao-controle-da-dor\" data-agenda-session data-day=\"27-11-sexta\" data-room=\"SALA HERCULES\" data-module=\"Dor P\u00e9lvica Cr\u00f4nica: Um Impacto na Sa\u00fade da Mulher\" data-search=\"sala hercules 5.0 dor p\u00e9lvica cr\u00f4nica: um impacto na sa\u00fade da mulher neuralgia do pudendo: do subdiagn\u00f3stico ao controle da dor luc\u00cdlia de brito tavares moderador: ananilia filizola\" data-agenda-context-key=\"sala-hercules-dor-pelvica-cronica-um-impacto-na-saude-da-mulher-ananilia-filizola\" data-agenda-wide=\"false\" style=\"--agenda-row-start:27;--agenda-row-span:1\"><div class=\"cmba-program-agenda__session-head\"><time datetime=\"2026-11-27T15:50:00-03:00\">15:50 - 16:10<\/time><\/div><h3>Neuralgia do Pudendo: Do Subdiagn\u00f3stico ao Controle da Dor<\/h3><p class=\"cmba-program-agenda__speaker\">LUC\u00cdLIA DE BRITO TAVARES<\/p><p class=\"cmba-program-agenda__meta\"><span>SALA HERCULES<\/span><\/p><\/article><\/div><div class=\"cmba-program-agenda__matrix-cell cmba-program-agenda__room-tone--sala-lyra\" data-agenda-room-cell=\"SALA LYRA\"><\/div><\/div><\/div><div class=\"cmba-program-agenda__matrix-row\"><time datetime=\"2026-11-27T16:10:00-03:00\">16:10<\/time><div class=\"cmba-program-agenda__matrix-cells\"><div class=\"cmba-program-agenda__matrix-cell cmba-program-agenda__room-tone--sala-orion\" data-agenda-room-cell=\"SALA ORION\"><article class=\"cmba-program-agenda__session cmba-program-agenda__session--debate cmba-program-agenda__room-tone--sala-orion cmba-program-agenda__day-module--5\" id=\"agenda-27-11-sexta-sala-orion-1610-debate-debate\" data-agenda-session data-day=\"27-11-sexta\" data-room=\"SALA ORION\" data-module=\"Dor de Quadril na Pr\u00e1tica Cl\u00ednica\" data-search=\"sala orion dor de quadril na pr\u00e1tica cl\u00ednica dor de quadril na pr\u00e1tica cl\u00ednica debate moderador: c\u00e9lia yunes portiolli\" data-agenda-context-key=\"sala-orion-dor-de-quadril-na-pratica-clinica-celia-yunes-portiolli\" data-agenda-wide=\"false\" style=\"--agenda-row-start:28;--agenda-row-span:1\"><div class=\"cmba-program-agenda__session-head\"><time datetime=\"2026-11-27T16:10:00-03:00\">16:10 - 16:30<\/time><\/div><h3>DEBATE<\/h3><p class=\"cmba-program-agenda__meta\"><span>SALA ORION<\/span><\/p><\/article><\/div><div class=\"cmba-program-agenda__matrix-cell cmba-program-agenda__room-tone--sala-hydra\" data-agenda-room-cell=\"SALA HYDRA\"><article class=\"cmba-program-agenda__session cmba-program-agenda__session--debate cmba-program-agenda__room-tone--sala-hydra cmba-program-agenda__day-module--5\" id=\"agenda-27-11-sexta-sala-hydra-1610-debate-debate\" data-agenda-session data-day=\"27-11-sexta\" data-room=\"SALA HYDRA\" data-module=\"T\u00e9cnicas Complementares na Dor\" data-search=\"sala hydra t\u00e9cnicas complementares na dor t\u00e9cnicas complementares na dor debate moderador: luciana aikawa\" data-agenda-context-key=\"sala-hydra-tecnicas-complementares-na-dor-luciana-aikawa\" data-agenda-wide=\"false\" style=\"--agenda-row-start:28;--agenda-row-span:1\"><div class=\"cmba-program-agenda__session-head\"><time datetime=\"2026-11-27T16:10:00-03:00\">16:10 - 16:30<\/time><\/div><h3>DEBATE<\/h3><p class=\"cmba-program-agenda__meta\"><span>SALA HYDRA<\/span><\/p><\/article><\/div><div class=\"cmba-program-agenda__matrix-cell cmba-program-agenda__room-tone--sala-hercules\" data-agenda-room-cell=\"SALA HERCULES\"><article class=\"cmba-program-agenda__session cmba-program-agenda__session--debate cmba-program-agenda__room-tone--sala-hercules cmba-program-agenda__day-module--5\" id=\"agenda-27-11-sexta-sala-hercules-1610-debate-debate\" data-agenda-session data-day=\"27-11-sexta\" data-room=\"SALA HERCULES\" data-module=\"Dor P\u00e9lvica Cr\u00f4nica: Um Impacto na Sa\u00fade da Mulher\" data-search=\"sala hercules dor p\u00e9lvica cr\u00f4nica: um impacto na sa\u00fade da mulher dor p\u00e9lvica cr\u00f4nica: um impacto na sa\u00fade da mulher debate moderador: ananilia filizola\" data-agenda-context-key=\"sala-hercules-dor-pelvica-cronica-um-impacto-na-saude-da-mulher-ananilia-filizola\" data-agenda-wide=\"false\" style=\"--agenda-row-start:28;--agenda-row-span:1\"><div class=\"cmba-program-agenda__session-head\"><time datetime=\"2026-11-27T16:10:00-03:00\">16:10 - 16:30<\/time><\/div><h3>DEBATE<\/h3><p class=\"cmba-program-agenda__meta\"><span>SALA HERCULES<\/span><\/p><\/article><\/div><div class=\"cmba-program-agenda__matrix-cell cmba-program-agenda__room-tone--sala-lyra\" data-agenda-room-cell=\"SALA LYRA\"><\/div><\/div><\/div><div class=\"cmba-program-agenda__matrix-row cmba-program-agenda__matrix-row--wide\"><time datetime=\"2026-11-27T16:30:00-03:00\">16:30<\/time><div class=\"cmba-program-agenda__matrix-wide cmba-program-agenda__room-tone--todas-as-salas\"><article class=\"cmba-program-agenda__session cmba-program-agenda__session--break cmba-program-agenda__room-tone--todas-as-salas cmba-program-agenda__day-module--5\" id=\"agenda-27-11-sexta-todas-as-salas-1630-coffee-break-coffee-break\" data-agenda-session data-day=\"27-11-sexta\" data-room=\"Todas as salas\" data-module=\"Intervalo\" data-search=\"todas as salas intervalo intervalo coffee break\" data-agenda-context-key=\"todas-as-salas-intervalo\" data-agenda-wide=\"true\" style=\"--agenda-row-start:29;--agenda-row-span:2\"><div class=\"cmba-program-agenda__session-head\"><time datetime=\"2026-11-27T16:30:00-03:00\">16:30 - 17:00<\/time><\/div><h3>Coffee Break<\/h3><p class=\"cmba-program-agenda__meta\"><span>Todas as salas<\/span><\/p><\/article><\/div><\/div><div class=\"cmba-program-agenda__matrix-row\"><time datetime=\"2026-11-27T17:00:00-03:00\">17:00<\/time><div class=\"cmba-program-agenda__matrix-cells\"><div class=\"cmba-program-agenda__matrix-cell cmba-program-agenda__room-tone--sala-orion cmba-program-agenda__matrix-cell--module-start\" data-agenda-room-cell=\"SALA ORION\"><header class=\"cmba-program-agenda__module-context cmba-program-agenda__room-tone--sala-orion cmba-program-agenda__day-module--6\" data-agenda-context data-agenda-context-key=\"sala-orion-experiencia-clinica-em-dor-ricardo-bassetto\"><strong>Experi\u00eancia Cl\u00ednica em Dor<\/strong><span>Modera\u00e7\u00e3o: Ricardo Bassetto<\/span><\/header><article class=\"cmba-program-agenda__session cmba-program-agenda__session--lecture cmba-program-agenda__room-tone--sala-orion cmba-program-agenda__day-module--6\" id=\"agenda-27-11-sexta-sala-orion-1700-hong-jin-pai-o-que-faz-a-diferenca\" data-agenda-session data-day=\"27-11-sexta\" data-room=\"SALA ORION\" data-module=\"Experi\u00eancia Cl\u00ednica em Dor\" data-search=\"sala orion experi\u00eancia cl\u00ednica em dor experi\u00eancia cl\u00ednica em dor o que faz a diferen\u00e7a? hong jin pai moderador: ricardo bassetto\" data-agenda-context-key=\"sala-orion-experiencia-clinica-em-dor-ricardo-bassetto\" data-agenda-wide=\"false\" style=\"--agenda-row-start:31;--agenda-row-span:1\"><div class=\"cmba-program-agenda__session-head\"><time datetime=\"2026-11-27T17:00:00-03:00\">17:00 - 17:20<\/time><\/div><h3>O que faz a diferen\u00e7a?<\/h3><p class=\"cmba-program-agenda__speaker\">HONG JIN PAI<\/p><p class=\"cmba-program-agenda__meta\"><span>SALA ORION<\/span><\/p><\/article><\/div><div class=\"cmba-program-agenda__matrix-cell cmba-program-agenda__room-tone--sala-hydra cmba-program-agenda__matrix-cell--module-start\" data-agenda-room-cell=\"SALA HYDRA\"><header class=\"cmba-program-agenda__module-context cmba-program-agenda__room-tone--sala-hydra cmba-program-agenda__day-module--6\" data-agenda-context data-agenda-context-key=\"sala-hydra-infertilidade-maria-cristina-cerqueira-e-silva\"><strong>Infertilidade<\/strong><span>Modera\u00e7\u00e3o: MARIA CRISTINA CERQUEIRA E SILVA<\/span><\/header><article class=\"cmba-program-agenda__session cmba-program-agenda__session--lecture cmba-program-agenda__room-tone--sala-hydra cmba-program-agenda__day-module--6\" id=\"agenda-27-11-sexta-sala-hydra-1700-gustavo-cerqueira-acupuntura-na-infertilidade-evidencias-e-aplicacoes-clinicas\" data-agenda-session data-day=\"27-11-sexta\" data-room=\"SALA HYDRA\" data-module=\"Infertilidade\" data-search=\"sala hydra infertilidade infertilidade acupuntura na infertilidade: evid\u00eancias e aplica\u00e7\u00f5es cl\u00ednicas gustavo cerqueira moderador: maria cristina cerqueira e silva\" data-agenda-context-key=\"sala-hydra-infertilidade-maria-cristina-cerqueira-e-silva\" data-agenda-wide=\"false\" style=\"--agenda-row-start:31;--agenda-row-span:1\"><div class=\"cmba-program-agenda__session-head\"><time datetime=\"2026-11-27T17:00:00-03:00\">17:00 - 17:20<\/time><\/div><h3>Acupuntura na Infertilidade: Evid\u00eancias e Aplica\u00e7\u00f5es Cl\u00ednicas<\/h3><p class=\"cmba-program-agenda__speaker\">GUSTAVO CERQUEIRA<\/p><p class=\"cmba-program-agenda__meta\"><span>SALA HYDRA<\/span><\/p><\/article><\/div><div class=\"cmba-program-agenda__matrix-cell cmba-program-agenda__room-tone--sala-hercules cmba-program-agenda__matrix-cell--module-start\" data-agenda-room-cell=\"SALA HERCULES\"><header class=\"cmba-program-agenda__module-context cmba-program-agenda__room-tone--sala-hercules cmba-program-agenda__day-module--6\" data-agenda-context data-agenda-context-key=\"sala-hercules-neuromodulacao-andrew-park\"><strong>Neuromodula\u00e7\u00e3o<\/strong><span>Modera\u00e7\u00e3o: Andrew Park<\/span><\/header><article class=\"cmba-program-agenda__session cmba-program-agenda__session--lecture cmba-program-agenda__room-tone--sala-hercules cmba-program-agenda__day-module--6\" id=\"agenda-27-11-sexta-sala-hercules-1700-luiz-coura-neuromodulacao-afinal-o-que-e\" data-agenda-session data-day=\"27-11-sexta\" data-room=\"SALA HERCULES\" data-module=\"Neuromodula\u00e7\u00e3o\" data-search=\"sala hercules neuromodula\u00e7\u00e3o neuromodula\u00e7\u00e3o neuromodula\u00e7\u00e3o, afinal o que \u00e9? luiz coura moderador: andrew park\" data-agenda-context-key=\"sala-hercules-neuromodulacao-andrew-park\" data-agenda-wide=\"false\" style=\"--agenda-row-start:31;--agenda-row-span:1\"><div class=\"cmba-program-agenda__session-head\"><time datetime=\"2026-11-27T17:00:00-03:00\">17:00 - 17:20<\/time><\/div><h3>Neuromodula\u00e7\u00e3o, afinal o que \u00e9?<\/h3><p class=\"cmba-program-agenda__speaker\">LUIZ COURA<\/p><p class=\"cmba-program-agenda__meta\"><span>SALA HERCULES<\/span><\/p><\/article><\/div><div class=\"cmba-program-agenda__matrix-cell cmba-program-agenda__room-tone--sala-lyra cmba-program-agenda__matrix-cell--module-start\" data-agenda-room-cell=\"SALA LYRA\"><article class=\"cmba-program-agenda__session cmba-program-agenda__session--course cmba-program-agenda__room-tone--sala-lyra cmba-program-agenda__day-module--6\" id=\"agenda-27-11-sexta-sala-lyra-1700-palestrante-raul-coelho-lamberti-mesoterapia\" data-agenda-session data-day=\"27-11-sexta\" data-room=\"SALA LYRA\" data-module=\"CURSO INTERVEN\u00c7\u00c3O EM DOR\" data-search=\"sala lyra curso interven\u00c7\u00c3o em dor curso interven\u00c7\u00c3o em dor mesoterapia palestrante: raul coelho lamberti moderador: diogo assis couto\" data-agenda-context-key=\"sala-lyra-curso-intervencao-em-dor-diogo-assis-couto\" data-agenda-wide=\"false\" style=\"--agenda-row-start:31;--agenda-row-span:3\"><div class=\"cmba-program-agenda__session-head\"><time datetime=\"2026-11-27T17:00:00-03:00\">17:00 - 18:00<\/time><\/div><h3>Mesoterapia<\/h3><p class=\"cmba-program-agenda__speaker\">Palestrante: RAUL COELHO LAMBERTI<\/p><p class=\"cmba-program-agenda__meta\"><span>SALA LYRA<\/span><\/p><\/article><\/div><\/div><\/div><div class=\"cmba-program-agenda__matrix-row\"><time datetime=\"2026-11-27T17:20:00-03:00\">17:20<\/time><div class=\"cmba-program-agenda__matrix-cells\"><div class=\"cmba-program-agenda__matrix-cell cmba-program-agenda__room-tone--sala-orion\" data-agenda-room-cell=\"SALA ORION\"><article class=\"cmba-program-agenda__session cmba-program-agenda__session--lecture cmba-program-agenda__room-tone--sala-orion cmba-program-agenda__day-module--6\" id=\"agenda-27-11-sexta-sala-orion-1720-lin-tchia-yeng-avaliacao-e-tratamento-multidisciplinar-de-pacientes-com-dores-cronicas\" data-agenda-session data-day=\"27-11-sexta\" data-room=\"SALA ORION\" data-module=\"Experi\u00eancia Cl\u00ednica em Dor\" data-search=\"sala orion 6.0 experi\u00eancia cl\u00ednica em dor avalia\u00e7\u00e3o e tratamento multidisciplinar de pacientes com dores cr\u00f4nicas lin tchia yeng moderador: ricardo bassetto\" data-agenda-context-key=\"sala-orion-experiencia-clinica-em-dor-ricardo-bassetto\" data-agenda-wide=\"false\" style=\"--agenda-row-start:32;--agenda-row-span:1\"><div class=\"cmba-program-agenda__session-head\"><time datetime=\"2026-11-27T17:20:00-03:00\">17:20 - 17:40<\/time><\/div><h3>Avalia\u00e7\u00e3o e Tratamento Multidisciplinar de Pacientes com Dores Cr\u00f4nicas<\/h3><p class=\"cmba-program-agenda__speaker\">LIN TCHIA YENG<\/p><p class=\"cmba-program-agenda__meta\"><span>SALA ORION<\/span><\/p><\/article><\/div><div class=\"cmba-program-agenda__matrix-cell cmba-program-agenda__room-tone--sala-hydra\" data-agenda-room-cell=\"SALA HYDRA\"><article class=\"cmba-program-agenda__session cmba-program-agenda__session--lecture cmba-program-agenda__room-tone--sala-hydra cmba-program-agenda__day-module--6\" id=\"agenda-27-11-sexta-sala-hydra-1720-luciano-curuci-endometriose-e-infertilidade-abordagem-integrativa-com-acupuntura\" data-agenda-session data-day=\"27-11-sexta\" data-room=\"SALA HYDRA\" data-module=\"Infertilidade\" data-search=\"sala hydra 6.0 infertilidade endometriose e infertilidade: abordagem integrativa com acupuntura luciano curuci moderador: maria cristina cerqueira e silva\" data-agenda-context-key=\"sala-hydra-infertilidade-maria-cristina-cerqueira-e-silva\" data-agenda-wide=\"false\" style=\"--agenda-row-start:32;--agenda-row-span:1\"><div class=\"cmba-program-agenda__session-head\"><time datetime=\"2026-11-27T17:20:00-03:00\">17:20 - 17:40<\/time><\/div><h3>Endometriose e Infertilidade: Abordagem Integrativa com Acupuntura<\/h3><p class=\"cmba-program-agenda__speaker\">LUCIANO CURUCI<\/p><p class=\"cmba-program-agenda__meta\"><span>SALA HYDRA<\/span><\/p><\/article><\/div><div class=\"cmba-program-agenda__matrix-cell cmba-program-agenda__room-tone--sala-hercules\" data-agenda-room-cell=\"SALA HERCULES\"><article class=\"cmba-program-agenda__session cmba-program-agenda__session--lecture cmba-program-agenda__room-tone--sala-hercules cmba-program-agenda__day-module--6\" id=\"agenda-27-11-sexta-sala-hercules-1720-manoel-jacobsen-estimulacao-medular-na-dor-indicacoes-nos-casos-refratarios\" data-agenda-session data-day=\"27-11-sexta\" data-room=\"SALA HERCULES\" data-module=\"Neuromodula\u00e7\u00e3o\" data-search=\"sala hercules 6.0 neuromodula\u00e7\u00e3o estimula\u00e7\u00e3o medular na dor - indica\u00e7\u00f5es nos casos refrat\u00e1rios manoel jacobsen moderador: andrew park\" data-agenda-context-key=\"sala-hercules-neuromodulacao-andrew-park\" data-agenda-wide=\"false\" style=\"--agenda-row-start:32;--agenda-row-span:1\"><div class=\"cmba-program-agenda__session-head\"><time datetime=\"2026-11-27T17:20:00-03:00\">17:20 - 17:40<\/time><\/div><h3>Estimula\u00e7\u00e3o Medular na Dor - Indica\u00e7\u00f5es nos casos refrat\u00e1rios<\/h3><p class=\"cmba-program-agenda__speaker\">MANOEL JACOBSEN<\/p><p class=\"cmba-program-agenda__meta\"><span>SALA HERCULES<\/span><\/p><\/article><\/div><div class=\"cmba-program-agenda__matrix-cell cmba-program-agenda__room-tone--sala-lyra\" data-agenda-room-cell=\"SALA LYRA\"><\/div><\/div><\/div><div class=\"cmba-program-agenda__matrix-row\"><time datetime=\"2026-11-27T17:40:00-03:00\">17:40<\/time><div class=\"cmba-program-agenda__matrix-cells\"><div class=\"cmba-program-agenda__matrix-cell cmba-program-agenda__room-tone--sala-orion\" data-agenda-room-cell=\"SALA ORION\"><article class=\"cmba-program-agenda__session cmba-program-agenda__session--debate cmba-program-agenda__room-tone--sala-orion cmba-program-agenda__day-module--6\" id=\"agenda-27-11-sexta-sala-orion-1740-debate-debate\" data-agenda-session data-day=\"27-11-sexta\" data-room=\"SALA ORION\" data-module=\"Experi\u00eancia Cl\u00ednica em Dor\" data-search=\"sala orion experi\u00eancia cl\u00ednica em dor experi\u00eancia cl\u00ednica em dor debate moderador: ricardo bassetto\" data-agenda-context-key=\"sala-orion-experiencia-clinica-em-dor-ricardo-bassetto\" data-agenda-wide=\"false\" style=\"--agenda-row-start:33;--agenda-row-span:1\"><div class=\"cmba-program-agenda__session-head\"><time datetime=\"2026-11-27T17:40:00-03:00\">17:40 - 18:00<\/time><\/div><h3>DEBATE<\/h3><p class=\"cmba-program-agenda__meta\"><span>SALA ORION<\/span><\/p><\/article><\/div><div class=\"cmba-program-agenda__matrix-cell cmba-program-agenda__room-tone--sala-hydra\" data-agenda-room-cell=\"SALA HYDRA\"><article class=\"cmba-program-agenda__session cmba-program-agenda__session--debate cmba-program-agenda__room-tone--sala-hydra cmba-program-agenda__day-module--6\" id=\"agenda-27-11-sexta-sala-hydra-1740-debate-debate\" data-agenda-session data-day=\"27-11-sexta\" data-room=\"SALA HYDRA\" data-module=\"Infertilidade\" data-search=\"sala hydra infertilidade infertilidade debate moderador: maria cristina cerqueira e silva\" data-agenda-context-key=\"sala-hydra-infertilidade-maria-cristina-cerqueira-e-silva\" data-agenda-wide=\"false\" style=\"--agenda-row-start:33;--agenda-row-span:1\"><div class=\"cmba-program-agenda__session-head\"><time datetime=\"2026-11-27T17:40:00-03:00\">17:40 - 18:00<\/time><\/div><h3>DEBATE<\/h3><p class=\"cmba-program-agenda__meta\"><span>SALA HYDRA<\/span><\/p><\/article><\/div><div class=\"cmba-program-agenda__matrix-cell cmba-program-agenda__room-tone--sala-hercules\" data-agenda-room-cell=\"SALA HERCULES\"><article class=\"cmba-program-agenda__session cmba-program-agenda__session--debate cmba-program-agenda__room-tone--sala-hercules cmba-program-agenda__day-module--6\" id=\"agenda-27-11-sexta-sala-hercules-1740-debate-debate\" data-agenda-session data-day=\"27-11-sexta\" data-room=\"SALA HERCULES\" data-module=\"Neuromodula\u00e7\u00e3o\" data-search=\"sala hercules neuromodula\u00e7\u00e3o neuromodula\u00e7\u00e3o debate moderador: andrew park\" data-agenda-context-key=\"sala-hercules-neuromodulacao-andrew-park\" data-agenda-wide=\"false\" style=\"--agenda-row-start:33;--agenda-row-span:1\"><div class=\"cmba-program-agenda__session-head\"><time datetime=\"2026-11-27T17:40:00-03:00\">17:40 - 18:00<\/time><\/div><h3>DEBATE<\/h3><p class=\"cmba-program-agenda__meta\"><span>SALA HERCULES<\/span><\/p><\/article><\/div><div class=\"cmba-program-agenda__matrix-cell cmba-program-agenda__room-tone--sala-lyra\" data-agenda-room-cell=\"SALA LYRA\"><\/div><\/div><\/div><div class=\"cmba-program-agenda__matrix-row cmba-program-agenda__matrix-row--wide\"><time datetime=\"2026-11-27T18:30:00-03:00\">18:30<\/time><div class=\"cmba-program-agenda__matrix-wide cmba-program-agenda__room-tone--plenaria\"><article class=\"cmba-program-agenda__session cmba-program-agenda__session--plenary cmba-program-agenda__room-tone--plenaria cmba-program-agenda__day-module--6\" id=\"agenda-27-11-sexta-plenaria-1830-cerimonia-de-abertura-cerimonia-de-abertura\" data-agenda-session data-day=\"27-11-sexta\" data-room=\"Plen\u00e1ria\" data-module=\"ABERTURA\" data-search=\"plen\u00e1ria abertura abertura cerim\u00d4nia de abertura\" data-agenda-context-key=\"plenaria-abertura\" data-agenda-wide=\"true\" style=\"--agenda-row-start:35;--agenda-row-span:2\"><div class=\"cmba-program-agenda__session-head\"><time datetime=\"2026-11-27T18:30:00-03:00\">18:30<\/time><\/div><h3>CERIM\u00d4NIA DE ABERTURA<\/h3><p class=\"cmba-program-agenda__meta\"><span>Plen\u00e1ria<\/span><\/p><\/article><\/div><\/div><\/div><\/div><\/div><div class=\"cmba-program-agenda__feed\" aria-label=\"Agenda por sala\"><section class=\"cmba-program-agenda__feed-room cmba-program-agenda__room-tone--sala-orion\" data-agenda-feed-room data-agenda-room=\"SALA ORION\"><header class=\"cmba-program-agenda__feed-room-head\"><span>Agenda por sala<\/span><h3>SALA ORION<\/h3><\/header><header class=\"cmba-program-agenda__module-context cmba-program-agenda__room-tone--sala-orion cmba-program-agenda__day-module--1 cmba-program-agenda__module-context--feed\" data-agenda-context data-agenda-context-key=\"sala-orion-neuromodulacao-fernando-santanna\"><strong>Neuromodula\u00e7\u00e3o<\/strong><span>Modera\u00e7\u00e3o: Fernando Sant&#039;Anna<\/span><\/header><article class=\"cmba-program-agenda__session cmba-program-agenda__session--lecture cmba-program-agenda__room-tone--sala-orion cmba-program-agenda__day-module--1 cmba-program-agenda__session--feed\" data-agenda-session data-day=\"27-11-sexta\" data-room=\"SALA ORION\" data-module=\"Neuromodula\u00e7\u00e3o\" data-search=\"sala orion neuromodula\u00e7\u00e3o neuromodula\u00e7\u00e3o neuromodula\u00e7\u00e3o auricular no equil\u00edbrio psicol\u00f3gico e obesidade andrea cormano moderador: fernando sant&#039;anna\" data-agenda-context-key=\"sala-orion-neuromodulacao-fernando-santanna\" data-agenda-wide=\"false\"><div class=\"cmba-program-agenda__session-head\"><time datetime=\"2026-11-27T08:00:00-03:00\">08:00 - 08:20<\/time><\/div><h3>Neuromodula\u00e7\u00e3o Auricular no Equil\u00edbrio Psicol\u00f3gico e Obesidade<\/h3><p class=\"cmba-program-agenda__speaker\">ANDREA CORMANO<\/p><p class=\"cmba-program-agenda__meta\"><span>SALA ORION<\/span><\/p><\/article><article class=\"cmba-program-agenda__session cmba-program-agenda__session--lecture cmba-program-agenda__room-tone--sala-orion cmba-program-agenda__day-module--1 cmba-program-agenda__session--feed\" data-agenda-session data-day=\"27-11-sexta\" data-room=\"SALA ORION\" data-module=\"Neuromodula\u00e7\u00e3o\" data-search=\"sala orion 1.0 neuromodula\u00e7\u00e3o neuromodula\u00e7\u00e3o auricular na dor neurop\u00e1tica eleonora marchi moderador: fernando sant&#039;anna\" data-agenda-context-key=\"sala-orion-neuromodulacao-fernando-santanna\" data-agenda-wide=\"false\"><div class=\"cmba-program-agenda__session-head\"><time datetime=\"2026-11-27T08:20:00-03:00\">08:20 - 08:40<\/time><\/div><h3>Neuromodula\u00e7\u00e3o Auricular na Dor Neurop\u00e1tica<\/h3><p class=\"cmba-program-agenda__speaker\">ELEONORA MARCHI<\/p><p class=\"cmba-program-agenda__meta\"><span>SALA ORION<\/span><\/p><\/article><article class=\"cmba-program-agenda__session cmba-program-agenda__session--lecture cmba-program-agenda__room-tone--sala-orion cmba-program-agenda__day-module--1 cmba-program-agenda__session--feed\" data-agenda-session data-day=\"27-11-sexta\" data-room=\"SALA ORION\" data-module=\"Neuromodula\u00e7\u00e3o\" data-search=\"sala orion neuromodula\u00e7\u00e3o neuromodula\u00e7\u00e3o peculiaridades da neuromodula\u00e7ao pela auriculoacuountura francesa fernando sant&#039;anna moderador: fernando sant&#039;anna\" data-agenda-context-key=\"sala-orion-neuromodulacao-fernando-santanna\" data-agenda-wide=\"false\"><div class=\"cmba-program-agenda__session-head\"><time datetime=\"2026-11-27T08:40:00-03:00\">08:40 - 09:00<\/time><\/div><h3>Peculiaridades da neuromodula\u00e7ao pela Auriculoacuountura Francesa<\/h3><p class=\"cmba-program-agenda__speaker\">Fernando Sant&#039;Anna<\/p><p class=\"cmba-program-agenda__meta\"><span>SALA ORION<\/span><\/p><\/article><article class=\"cmba-program-agenda__session cmba-program-agenda__session--debate cmba-program-agenda__room-tone--sala-orion cmba-program-agenda__day-module--1 cmba-program-agenda__session--feed\" data-agenda-session data-day=\"27-11-sexta\" data-room=\"SALA ORION\" data-module=\"Neuromodula\u00e7\u00e3o\" data-search=\"sala orion neuromodula\u00e7\u00e3o neuromodula\u00e7\u00e3o debate moderador: fernando sant&#039;anna\" data-agenda-context-key=\"sala-orion-neuromodulacao-fernando-santanna\" data-agenda-wide=\"false\"><div class=\"cmba-program-agenda__session-head\"><time datetime=\"2026-11-27T09:00:00-03:00\">09:00 - 09:30<\/time><\/div><h3>DEBATE<\/h3><p class=\"cmba-program-agenda__meta\"><span>SALA ORION<\/span><\/p><\/article><header class=\"cmba-program-agenda__module-context cmba-program-agenda__room-tone--sala-orion cmba-program-agenda__day-module--2 cmba-program-agenda__module-context--feed\" data-agenda-context data-agenda-context-key=\"sala-orion-mtc-orlando-goncalves\"><strong>MTC<\/strong><span>Modera\u00e7\u00e3o: Orlando Gon\u00e7alves<\/span><\/header><article class=\"cmba-program-agenda__session cmba-program-agenda__session--lecture cmba-program-agenda__room-tone--sala-orion cmba-program-agenda__day-module--2 cmba-program-agenda__session--feed\" data-agenda-session data-day=\"27-11-sexta\" data-room=\"SALA ORION\" data-module=\"MTC\" data-search=\"sala orion mtc mtc &quot;qi&quot;: uma perspectiva antropol\u00f3gica durval mota moderador: orlando gon\u00e7alves\" data-agenda-context-key=\"sala-orion-mtc-orlando-goncalves\" data-agenda-wide=\"false\"><div class=\"cmba-program-agenda__session-head\"><time datetime=\"2026-11-27T09:30:00-03:00\">09:30 - 09:50<\/time><\/div><h3>&quot;Qi&quot;: Uma Perspectiva Antropol\u00f3gica<\/h3><p class=\"cmba-program-agenda__speaker\">DURVAL MOTA<\/p><p class=\"cmba-program-agenda__meta\"><span>SALA ORION<\/span><\/p><\/article><article class=\"cmba-program-agenda__session cmba-program-agenda__session--lecture cmba-program-agenda__room-tone--sala-orion cmba-program-agenda__day-module--2 cmba-program-agenda__session--feed\" data-agenda-session data-day=\"27-11-sexta\" data-room=\"SALA ORION\" data-module=\"MTC\" data-search=\"sala orion 2.0 mtc ontologia da mtc: aplica\u00e7\u00e3o no racioc\u00ednio m\u00e9dico fernando genschow moderador: orlando gon\u00e7alves\" data-agenda-context-key=\"sala-orion-mtc-orlando-goncalves\" data-agenda-wide=\"false\"><div class=\"cmba-program-agenda__session-head\"><time datetime=\"2026-11-27T09:50:00-03:00\">09:50 - 10:10<\/time><\/div><h3>Ontologia da MTC: Aplica\u00e7\u00e3o no Racioc\u00ednio M\u00e9dico<\/h3><p class=\"cmba-program-agenda__speaker\">FERNANDO GENSCHOW<\/p><p class=\"cmba-program-agenda__meta\"><span>SALA ORION<\/span><\/p><\/article><article class=\"cmba-program-agenda__session cmba-program-agenda__session--debate cmba-program-agenda__room-tone--sala-orion cmba-program-agenda__day-module--2 cmba-program-agenda__session--feed\" data-agenda-session data-day=\"27-11-sexta\" data-room=\"SALA ORION\" data-module=\"MTC\" data-search=\"sala orion mtc mtc debate moderador: orlando gon\u00e7alves\" data-agenda-context-key=\"sala-orion-mtc-orlando-goncalves\" data-agenda-wide=\"false\"><div class=\"cmba-program-agenda__session-head\"><time datetime=\"2026-11-27T10:10:00-03:00\">10:10 - 10:30<\/time><\/div><h3>DEBATE<\/h3><p class=\"cmba-program-agenda__meta\"><span>SALA ORION<\/span><\/p><\/article><header class=\"cmba-program-agenda__module-context cmba-program-agenda__room-tone--sala-orion cmba-program-agenda__day-module--3 cmba-program-agenda__module-context--feed\" data-agenda-context data-agenda-context-key=\"sala-orion-oncologia-patricia-spengler\"><strong>Oncologia<\/strong><span>Modera\u00e7\u00e3o: Patr\u00edcia Spengler<\/span><\/header><article class=\"cmba-program-agenda__session cmba-program-agenda__session--lecture cmba-program-agenda__room-tone--sala-orion cmba-program-agenda__day-module--3 cmba-program-agenda__session--feed\" data-agenda-session data-day=\"27-11-sexta\" data-room=\"SALA ORION\" data-module=\"Oncologia\" data-search=\"sala orion oncologia oncologia acupunturiatria oncol\u00f3gica e epigen\u00e9tica maria cristina cerqueira e silva moderador: patr\u00edcia spengler\" data-agenda-context-key=\"sala-orion-oncologia-patricia-spengler\" data-agenda-wide=\"false\"><div class=\"cmba-program-agenda__session-head\"><time datetime=\"2026-11-27T11:00:00-03:00\">11:00 - 11:20<\/time><\/div><h3>Acupunturiatria Oncol\u00f3gica e Epigen\u00e9tica<\/h3><p class=\"cmba-program-agenda__speaker\">MARIA CRISTINA CERQUEIRA E SILVA<\/p><p class=\"cmba-program-agenda__meta\"><span>SALA ORION<\/span><\/p><\/article><article class=\"cmba-program-agenda__session cmba-program-agenda__session--lecture cmba-program-agenda__room-tone--sala-orion cmba-program-agenda__day-module--3 cmba-program-agenda__session--feed\" data-agenda-session data-day=\"27-11-sexta\" data-room=\"SALA ORION\" data-module=\"Oncologia\" data-search=\"sala orion 3.0 oncologia ca de mama e acupuntura hiro ynoue moderador: patr\u00edcia spengler\" data-agenda-context-key=\"sala-orion-oncologia-patricia-spengler\" data-agenda-wide=\"false\"><div class=\"cmba-program-agenda__session-head\"><time datetime=\"2026-11-27T11:20:00-03:00\">11:20 - 11:40<\/time><\/div><h3>Ca de Mama e Acupuntura<\/h3><p class=\"cmba-program-agenda__speaker\">HIRO YNOUE<\/p><p class=\"cmba-program-agenda__meta\"><span>SALA ORION<\/span><\/p><\/article><article class=\"cmba-program-agenda__session cmba-program-agenda__session--debate cmba-program-agenda__room-tone--sala-orion cmba-program-agenda__day-module--3 cmba-program-agenda__session--feed\" data-agenda-session data-day=\"27-11-sexta\" data-room=\"SALA ORION\" data-module=\"Oncologia\" data-search=\"sala orion oncologia oncologia debate moderador: patr\u00edcia spengler\" data-agenda-context-key=\"sala-orion-oncologia-patricia-spengler\" data-agenda-wide=\"false\"><div class=\"cmba-program-agenda__session-head\"><time datetime=\"2026-11-27T11:40:00-03:00\">11:40 - 12:00<\/time><\/div><h3>DEBATE<\/h3><p class=\"cmba-program-agenda__meta\"><span>SALA ORION<\/span><\/p><\/article><header class=\"cmba-program-agenda__module-context cmba-program-agenda__room-tone--sala-orion cmba-program-agenda__day-module--4 cmba-program-agenda__module-context--feed\" data-agenda-context data-agenda-context-key=\"sala-orion-fitoterapia-liyoko-okino\"><strong>Fitoterapia<\/strong><span>Modera\u00e7\u00e3o: Liyoko Okino<\/span><\/header><article class=\"cmba-program-agenda__session cmba-program-agenda__session--lecture cmba-program-agenda__room-tone--sala-orion cmba-program-agenda__day-module--4 cmba-program-agenda__session--feed\" data-agenda-session data-day=\"27-11-sexta\" data-room=\"SALA ORION\" data-module=\"Fitoterapia\" data-search=\"sala orion fitoterapia fitoterapia peculiaridades diagn\u00f3sticas e terap\u00eauticas - exemplos cl\u00ednicos tazue hara branquinho moderador: liyoko okino\" data-agenda-context-key=\"sala-orion-fitoterapia-liyoko-okino\" data-agenda-wide=\"false\"><div class=\"cmba-program-agenda__session-head\"><time datetime=\"2026-11-27T14:00:00-03:00\">14:00 - 14:20<\/time><\/div><h3>Peculiaridades Diagn\u00f3sticas e Terap\u00eauticas - Exemplos Cl\u00ednicos<\/h3><p class=\"cmba-program-agenda__speaker\">TAZUE HARA BRANQUINHO<\/p><p class=\"cmba-program-agenda__meta\"><span>SALA ORION<\/span><\/p><\/article><article class=\"cmba-program-agenda__session cmba-program-agenda__session--lecture cmba-program-agenda__room-tone--sala-orion cmba-program-agenda__day-module--4 cmba-program-agenda__session--feed\" data-agenda-session data-day=\"27-11-sexta\" data-room=\"SALA ORION\" data-module=\"Fitoterapia\" data-search=\"sala orion 4.0 fitoterapia s\u00cdndromes superficiais - peculiaridades diagn\u00d3sticas e terap\u00cauticas antonio maciel moderador: liyoko okino\" data-agenda-context-key=\"sala-orion-fitoterapia-liyoko-okino\" data-agenda-wide=\"false\"><div class=\"cmba-program-agenda__session-head\"><time datetime=\"2026-11-27T14:20:00-03:00\">14:20 - 14:40<\/time><\/div><h3>S\u00cdNDROMES SUPERFICIAIS - PECULIARIDADES DIAGN\u00d3STICAS E TERAP\u00caUTICAS<\/h3><p class=\"cmba-program-agenda__speaker\">ANTONIO MACIEL<\/p><p class=\"cmba-program-agenda__meta\"><span>SALA ORION<\/span><\/p><\/article><article class=\"cmba-program-agenda__session cmba-program-agenda__session--lecture cmba-program-agenda__room-tone--sala-orion cmba-program-agenda__day-module--4 cmba-program-agenda__session--feed\" data-agenda-session data-day=\"27-11-sexta\" data-room=\"SALA ORION\" data-module=\"Fitoterapia\" data-search=\"sala orion fitoterapia fitoterapia s\u00cdndromes complexas - o que muda na pr\u00c1tica cl\u00cdnica? vicente faggion alencar moderador: liyoko okino\" data-agenda-context-key=\"sala-orion-fitoterapia-liyoko-okino\" data-agenda-wide=\"false\"><div class=\"cmba-program-agenda__session-head\"><time datetime=\"2026-11-27T14:40:00-03:00\">14:40 - 15:00<\/time><\/div><h3>S\u00cdNDROMES COMPLEXAS - O QUE MUDA NA PR\u00c1TICA CL\u00cdNICA?<\/h3><p class=\"cmba-program-agenda__speaker\">VICENTE FAGGION ALENCAR<\/p><p class=\"cmba-program-agenda__meta\"><span>SALA ORION<\/span><\/p><\/article><article class=\"cmba-program-agenda__session cmba-program-agenda__session--debate cmba-program-agenda__room-tone--sala-orion cmba-program-agenda__day-module--4 cmba-program-agenda__session--feed\" data-agenda-session data-day=\"27-11-sexta\" data-room=\"SALA ORION\" data-module=\"Fitoterapia\" data-search=\"sala orion fitoterapia fitoterapia debate moderador: liyoko okino\" data-agenda-context-key=\"sala-orion-fitoterapia-liyoko-okino\" data-agenda-wide=\"false\"><div class=\"cmba-program-agenda__session-head\"><time datetime=\"2026-11-27T15:00:00-03:00\">15:00 - 15:30<\/time><\/div><h3>DEBATE<\/h3><p class=\"cmba-program-agenda__meta\"><span>SALA ORION<\/span><\/p><\/article><header class=\"cmba-program-agenda__module-context cmba-program-agenda__room-tone--sala-orion cmba-program-agenda__day-module--5 cmba-program-agenda__module-context--feed\" data-agenda-context data-agenda-context-key=\"sala-orion-dor-de-quadril-na-pratica-clinica-celia-yunes-portiolli\"><strong>Dor de Quadril na Pr\u00e1tica Cl\u00ednica<\/strong><span>Modera\u00e7\u00e3o: C\u00e9lia Yunes Portiolli<\/span><\/header><article class=\"cmba-program-agenda__session cmba-program-agenda__session--lecture cmba-program-agenda__room-tone--sala-orion cmba-program-agenda__day-module--5 cmba-program-agenda__session--feed\" data-agenda-session data-day=\"27-11-sexta\" data-room=\"SALA ORION\" data-module=\"Dor de Quadril na Pr\u00e1tica Cl\u00ednica\" data-search=\"sala orion dor de quadril na pr\u00e1tica cl\u00ednica dor de quadril na pr\u00e1tica cl\u00ednica quadril doloroso: diagn\u00f3stico diferencial - implica\u00e7\u00f5es na cl\u00ednica de acupuntura roberta dalla corte moderador: c\u00e9lia yunes portiolli\" data-agenda-context-key=\"sala-orion-dor-de-quadril-na-pratica-clinica-celia-yunes-portiolli\" data-agenda-wide=\"false\"><div class=\"cmba-program-agenda__session-head\"><time datetime=\"2026-11-27T15:30:00-03:00\">15:30 - 15:50<\/time><\/div><h3>Quadril Doloroso: Diagn\u00f3stico Diferencial - Implica\u00e7\u00f5es na Cl\u00ednica de Acupuntura<\/h3><p class=\"cmba-program-agenda__speaker\">ROBERTA DALLA CORTE<\/p><p class=\"cmba-program-agenda__meta\"><span>SALA ORION<\/span><\/p><\/article><article class=\"cmba-program-agenda__session cmba-program-agenda__session--lecture cmba-program-agenda__room-tone--sala-orion cmba-program-agenda__day-module--5 cmba-program-agenda__session--feed\" data-agenda-session data-day=\"27-11-sexta\" data-room=\"SALA ORION\" data-module=\"Dor de Quadril na Pr\u00e1tica Cl\u00ednica\" data-search=\"sala orion 5.0 dor de quadril na pr\u00e1tica cl\u00ednica tratamento de quadril com acupuntura wu tu hsing moderador: c\u00e9lia yunes portiolli\" data-agenda-context-key=\"sala-orion-dor-de-quadril-na-pratica-clinica-celia-yunes-portiolli\" data-agenda-wide=\"false\"><div class=\"cmba-program-agenda__session-head\"><time datetime=\"2026-11-27T15:50:00-03:00\">15:50 - 16:10<\/time><\/div><h3>Tratamento de quadril com Acupuntura<\/h3><p class=\"cmba-program-agenda__speaker\">WU TU HSING<\/p><p class=\"cmba-program-agenda__meta\"><span>SALA ORION<\/span><\/p><\/article><article class=\"cmba-program-agenda__session cmba-program-agenda__session--debate cmba-program-agenda__room-tone--sala-orion cmba-program-agenda__day-module--5 cmba-program-agenda__session--feed\" data-agenda-session data-day=\"27-11-sexta\" data-room=\"SALA ORION\" data-module=\"Dor de Quadril na Pr\u00e1tica Cl\u00ednica\" data-search=\"sala orion dor de quadril na pr\u00e1tica cl\u00ednica dor de quadril na pr\u00e1tica cl\u00ednica debate moderador: c\u00e9lia yunes portiolli\" data-agenda-context-key=\"sala-orion-dor-de-quadril-na-pratica-clinica-celia-yunes-portiolli\" data-agenda-wide=\"false\"><div class=\"cmba-program-agenda__session-head\"><time datetime=\"2026-11-27T16:10:00-03:00\">16:10 - 16:30<\/time><\/div><h3>DEBATE<\/h3><p class=\"cmba-program-agenda__meta\"><span>SALA ORION<\/span><\/p><\/article><header class=\"cmba-program-agenda__module-context cmba-program-agenda__room-tone--sala-orion cmba-program-agenda__day-module--6 cmba-program-agenda__module-context--feed\" data-agenda-context data-agenda-context-key=\"sala-orion-experiencia-clinica-em-dor-ricardo-bassetto\"><strong>Experi\u00eancia Cl\u00ednica em Dor<\/strong><span>Modera\u00e7\u00e3o: Ricardo Bassetto<\/span><\/header><article class=\"cmba-program-agenda__session cmba-program-agenda__session--lecture cmba-program-agenda__room-tone--sala-orion cmba-program-agenda__day-module--6 cmba-program-agenda__session--feed\" data-agenda-session data-day=\"27-11-sexta\" data-room=\"SALA ORION\" data-module=\"Experi\u00eancia Cl\u00ednica em Dor\" data-search=\"sala orion experi\u00eancia cl\u00ednica em dor experi\u00eancia cl\u00ednica em dor o que faz a diferen\u00e7a? hong jin pai moderador: ricardo bassetto\" data-agenda-context-key=\"sala-orion-experiencia-clinica-em-dor-ricardo-bassetto\" data-agenda-wide=\"false\"><div class=\"cmba-program-agenda__session-head\"><time datetime=\"2026-11-27T17:00:00-03:00\">17:00 - 17:20<\/time><\/div><h3>O que faz a diferen\u00e7a?<\/h3><p class=\"cmba-program-agenda__speaker\">HONG JIN PAI<\/p><p class=\"cmba-program-agenda__meta\"><span>SALA ORION<\/span><\/p><\/article><article class=\"cmba-program-agenda__session cmba-program-agenda__session--lecture cmba-program-agenda__room-tone--sala-orion cmba-program-agenda__day-module--6 cmba-program-agenda__session--feed\" data-agenda-session data-day=\"27-11-sexta\" data-room=\"SALA ORION\" data-module=\"Experi\u00eancia Cl\u00ednica em Dor\" data-search=\"sala orion 6.0 experi\u00eancia cl\u00ednica em dor avalia\u00e7\u00e3o e tratamento multidisciplinar de pacientes com dores cr\u00f4nicas lin tchia yeng moderador: ricardo bassetto\" data-agenda-context-key=\"sala-orion-experiencia-clinica-em-dor-ricardo-bassetto\" data-agenda-wide=\"false\"><div class=\"cmba-program-agenda__session-head\"><time datetime=\"2026-11-27T17:20:00-03:00\">17:20 - 17:40<\/time><\/div><h3>Avalia\u00e7\u00e3o e Tratamento Multidisciplinar de Pacientes com Dores Cr\u00f4nicas<\/h3><p class=\"cmba-program-agenda__speaker\">LIN TCHIA YENG<\/p><p class=\"cmba-program-agenda__meta\"><span>SALA ORION<\/span><\/p><\/article><article class=\"cmba-program-agenda__session cmba-program-agenda__session--debate cmba-program-agenda__room-tone--sala-orion cmba-program-agenda__day-module--6 cmba-program-agenda__session--feed\" data-agenda-session data-day=\"27-11-sexta\" data-room=\"SALA ORION\" data-module=\"Experi\u00eancia Cl\u00ednica em Dor\" data-search=\"sala orion experi\u00eancia cl\u00ednica em dor experi\u00eancia cl\u00ednica em dor debate moderador: ricardo bassetto\" data-agenda-context-key=\"sala-orion-experiencia-clinica-em-dor-ricardo-bassetto\" data-agenda-wide=\"false\"><div class=\"cmba-program-agenda__session-head\"><time datetime=\"2026-11-27T17:40:00-03:00\">17:40 - 18:00<\/time><\/div><h3>DEBATE<\/h3><p class=\"cmba-program-agenda__meta\"><span>SALA ORION<\/span><\/p><\/article><\/section><section class=\"cmba-program-agenda__feed-room cmba-program-agenda__room-tone--sala-hydra\" data-agenda-feed-room data-agenda-room=\"SALA HYDRA\"><header class=\"cmba-program-agenda__feed-room-head\"><span>Agenda por sala<\/span><h3>SALA HYDRA<\/h3><\/header><header class=\"cmba-program-agenda__module-context cmba-program-agenda__room-tone--sala-hydra cmba-program-agenda__day-module--1 cmba-program-agenda__module-context--feed\" data-agenda-context data-agenda-context-key=\"sala-hydra-metabolismo-inflamacao-e-longevidade-rassen-saidah\"><strong>Metabolismo, Inflama\u00e7\u00e3o e Longevidade<\/strong><span>Modera\u00e7\u00e3o: Rassen Saidah<\/span><\/header><article class=\"cmba-program-agenda__session cmba-program-agenda__session--lecture cmba-program-agenda__room-tone--sala-hydra cmba-program-agenda__day-module--1 cmba-program-agenda__session--feed\" data-agenda-session data-day=\"27-11-sexta\" data-room=\"SALA HYDRA\" data-module=\"Metabolismo, Inflama\u00e7\u00e3o e Longevidade\" data-search=\"sala hydra metabolismo, inflama\u00e7\u00e3o e longevidade metabolismo, inflama\u00e7\u00e3o e longevidade acupuntura e obesidade: mecanismos metab\u00f3licos envolvidos wilson tadeu moderador: rassen saidah\" data-agenda-context-key=\"sala-hydra-metabolismo-inflamacao-e-longevidade-rassen-saidah\" data-agenda-wide=\"false\"><div class=\"cmba-program-agenda__session-head\"><time datetime=\"2026-11-27T08:00:00-03:00\">08:00 - 08:20<\/time><\/div><h3>Acupuntura e Obesidade: Mecanismos Metab\u00f3licos Envolvidos<\/h3><p class=\"cmba-program-agenda__speaker\">WILSON TADEU<\/p><p class=\"cmba-program-agenda__meta\"><span>SALA HYDRA<\/span><\/p><\/article><article class=\"cmba-program-agenda__session cmba-program-agenda__session--lecture cmba-program-agenda__room-tone--sala-hydra cmba-program-agenda__day-module--1 cmba-program-agenda__session--feed\" data-agenda-session data-day=\"27-11-sexta\" data-room=\"SALA HYDRA\" data-module=\"Metabolismo, Inflama\u00e7\u00e3o e Longevidade\" data-search=\"sala hydra 1.0 metabolismo, inflama\u00e7\u00e3o e longevidade inflama\u00e7\u00e3o sist\u00eamica cr\u00f4nica e acupuntura hildebrando s\u00c1bato moderador: rassen saidah\" data-agenda-context-key=\"sala-hydra-metabolismo-inflamacao-e-longevidade-rassen-saidah\" data-agenda-wide=\"false\"><div class=\"cmba-program-agenda__session-head\"><time datetime=\"2026-11-27T08:20:00-03:00\">08:20 - 08:40<\/time><\/div><h3>Inflama\u00e7\u00e3o Sist\u00eamica Cr\u00f4nica e Acupuntura<\/h3><p class=\"cmba-program-agenda__speaker\">HILDEBRANDO S\u00c1BATO<\/p><p class=\"cmba-program-agenda__meta\"><span>SALA HYDRA<\/span><\/p><\/article><article class=\"cmba-program-agenda__session cmba-program-agenda__session--lecture cmba-program-agenda__room-tone--sala-hydra cmba-program-agenda__day-module--1 cmba-program-agenda__session--feed\" data-agenda-session data-day=\"27-11-sexta\" data-room=\"SALA HYDRA\" data-module=\"Metabolismo, Inflama\u00e7\u00e3o e Longevidade\" data-search=\"sala hydra metabolismo, inflama\u00e7\u00e3o e longevidade metabolismo, inflama\u00e7\u00e3o e longevidade acupuntura aplicada \u00c0 longevidade saud\u00e1vel arlindo cerqueira moderador: rassen saidah\" data-agenda-context-key=\"sala-hydra-metabolismo-inflamacao-e-longevidade-rassen-saidah\" data-agenda-wide=\"false\"><div class=\"cmba-program-agenda__session-head\"><time datetime=\"2026-11-27T08:40:00-03:00\">08:40 - 09:00<\/time><\/div><h3>Acupuntura Aplicada \u00c0 Longevidade Saud\u00e1vel<\/h3><p class=\"cmba-program-agenda__speaker\">ARLINDO CERQUEIRA<\/p><p class=\"cmba-program-agenda__meta\"><span>SALA HYDRA<\/span><\/p><\/article><article class=\"cmba-program-agenda__session cmba-program-agenda__session--debate cmba-program-agenda__room-tone--sala-hydra cmba-program-agenda__day-module--1 cmba-program-agenda__session--feed\" data-agenda-session data-day=\"27-11-sexta\" data-room=\"SALA HYDRA\" data-module=\"Metabolismo, Inflama\u00e7\u00e3o e Longevidade\" data-search=\"sala hydra metabolismo, inflama\u00e7\u00e3o e longevidade metabolismo, inflama\u00e7\u00e3o e longevidade debate moderador: rassen saidah\" data-agenda-context-key=\"sala-hydra-metabolismo-inflamacao-e-longevidade-rassen-saidah\" data-agenda-wide=\"false\"><div class=\"cmba-program-agenda__session-head\"><time datetime=\"2026-11-27T09:00:00-03:00\">09:00 - 09:30<\/time><\/div><h3>DEBATE<\/h3><p class=\"cmba-program-agenda__meta\"><span>SALA HYDRA<\/span><\/p><\/article><header class=\"cmba-program-agenda__module-context cmba-program-agenda__room-tone--sala-hydra cmba-program-agenda__day-module--2 cmba-program-agenda__module-context--feed\" data-agenda-context data-agenda-context-key=\"sala-hydra-neurologia-melania-sidorak\"><strong>Neurologia<\/strong><span>Modera\u00e7\u00e3o: Melania Sidorak<\/span><\/header><article class=\"cmba-program-agenda__session cmba-program-agenda__session--lecture cmba-program-agenda__room-tone--sala-hydra cmba-program-agenda__day-module--2 cmba-program-agenda__session--feed\" data-agenda-session data-day=\"27-11-sexta\" data-room=\"SALA HYDRA\" data-module=\"Neurologia\" data-search=\"sala hydra neurologia neurologia neuroplasticidade induzida por acupuntura na dor cr\u00f4nica alexandre valotta moderador: melania sidorak\" data-agenda-context-key=\"sala-hydra-neurologia-melania-sidorak\" data-agenda-wide=\"false\"><div class=\"cmba-program-agenda__session-head\"><time datetime=\"2026-11-27T09:30:00-03:00\">09:30 - 09:50<\/time><\/div><h3>Neuroplasticidade induzida por acupuntura na dor cr\u00f4nica<\/h3><p class=\"cmba-program-agenda__speaker\">ALEXANDRE VALOTTA<\/p><p class=\"cmba-program-agenda__meta\"><span>SALA HYDRA<\/span><\/p><\/article><article class=\"cmba-program-agenda__session cmba-program-agenda__session--lecture cmba-program-agenda__room-tone--sala-hydra cmba-program-agenda__day-module--2 cmba-program-agenda__session--feed\" data-agenda-session data-day=\"27-11-sexta\" data-room=\"SALA HYDRA\" data-module=\"Neurologia\" data-search=\"sala hydra 2.0 neurologia o papel da acupuntura na doen\u00e7a de parkinson andr\u00c9 horcajo moderador: melania sidorak\" data-agenda-context-key=\"sala-hydra-neurologia-melania-sidorak\" data-agenda-wide=\"false\"><div class=\"cmba-program-agenda__session-head\"><time datetime=\"2026-11-27T09:50:00-03:00\">09:50 - 10:10<\/time><\/div><h3>O Papel da Acupuntura na Doen\u00e7a de Parkinson<\/h3><p class=\"cmba-program-agenda__speaker\">ANDR\u00c9 HORCAJO<\/p><p class=\"cmba-program-agenda__meta\"><span>SALA HYDRA<\/span><\/p><\/article><article class=\"cmba-program-agenda__session cmba-program-agenda__session--debate cmba-program-agenda__room-tone--sala-hydra cmba-program-agenda__day-module--2 cmba-program-agenda__session--feed\" data-agenda-session data-day=\"27-11-sexta\" data-room=\"SALA HYDRA\" data-module=\"Neurologia\" data-search=\"sala hydra neurologia neurologia debate moderador: melania sidorak\" data-agenda-context-key=\"sala-hydra-neurologia-melania-sidorak\" data-agenda-wide=\"false\"><div class=\"cmba-program-agenda__session-head\"><time datetime=\"2026-11-27T10:10:00-03:00\">10:10 - 10:30<\/time><\/div><h3>DEBATE<\/h3><p class=\"cmba-program-agenda__meta\"><span>SALA HYDRA<\/span><\/p><\/article><header class=\"cmba-program-agenda__module-context cmba-program-agenda__room-tone--sala-hydra cmba-program-agenda__day-module--3 cmba-program-agenda__module-context--feed\" data-agenda-context data-agenda-context-key=\"sala-hydra-doencas-pulmonares-chin-an-lin\"><strong>Doen\u00e7as Pulmonares<\/strong><span>Modera\u00e7\u00e3o: Chin An Lin<\/span><\/header><article class=\"cmba-program-agenda__session cmba-program-agenda__session--lecture cmba-program-agenda__room-tone--sala-hydra cmba-program-agenda__day-module--3 cmba-program-agenda__session--feed\" data-agenda-session data-day=\"27-11-sexta\" data-room=\"SALA HYDRA\" data-module=\"Doen\u00e7as Pulmonares\" data-search=\"sala hydra doen\u00e7as pulmonares doen\u00e7as pulmonares acupuntura nas doen\u00e7as respirat\u00f3rias cr\u00f4nicas: evid\u00eancias atuais do uso do laser na pediatria marcelo neubauer moderador: chin an lin\" data-agenda-context-key=\"sala-hydra-doencas-pulmonares-chin-an-lin\" data-agenda-wide=\"false\"><div class=\"cmba-program-agenda__session-head\"><time datetime=\"2026-11-27T11:00:00-03:00\">11:00 - 11:20<\/time><\/div><h3>Acupuntura nas Doen\u00e7as Respirat\u00f3rias Cr\u00f4nicas: Evid\u00eancias Atuais do uso do Laser na Pediatria<\/h3><p class=\"cmba-program-agenda__speaker\">MARCELO NEUBAUER<\/p><p class=\"cmba-program-agenda__meta\"><span>SALA HYDRA<\/span><\/p><\/article><article class=\"cmba-program-agenda__session cmba-program-agenda__session--lecture cmba-program-agenda__room-tone--sala-hydra cmba-program-agenda__day-module--3 cmba-program-agenda__session--feed\" data-agenda-session data-day=\"27-11-sexta\" data-room=\"SALA HYDRA\" data-module=\"Doen\u00e7as Pulmonares\" data-search=\"sala hydra 3.0 doen\u00e7as pulmonares o papel da acupuntura na asma br\u00f4nquica: mecanismos e aplica\u00e7\u00f5es cl\u00ednicas henrique sidi moderador: chin an lin\" data-agenda-context-key=\"sala-hydra-doencas-pulmonares-chin-an-lin\" data-agenda-wide=\"false\"><div class=\"cmba-program-agenda__session-head\"><time datetime=\"2026-11-27T11:20:00-03:00\">11:20 - 11:40<\/time><\/div><h3>O Papel da Acupuntura na Asma br\u00f4nquica: Mecanismos e Aplica\u00e7\u00f5es Cl\u00ednicas<\/h3><p class=\"cmba-program-agenda__speaker\">HENRIQUE SIDI<\/p><p class=\"cmba-program-agenda__meta\"><span>SALA HYDRA<\/span><\/p><\/article><article class=\"cmba-program-agenda__session cmba-program-agenda__session--debate cmba-program-agenda__room-tone--sala-hydra cmba-program-agenda__day-module--3 cmba-program-agenda__session--feed\" data-agenda-session data-day=\"27-11-sexta\" data-room=\"SALA HYDRA\" data-module=\"Doen\u00e7as Pulmonares\" data-search=\"sala hydra doen\u00e7as pulmonares doen\u00e7as pulmonares debate moderador: chin an lin\" data-agenda-context-key=\"sala-hydra-doencas-pulmonares-chin-an-lin\" data-agenda-wide=\"false\"><div class=\"cmba-program-agenda__session-head\"><time datetime=\"2026-11-27T11:40:00-03:00\">11:40 - 12:00<\/time><\/div><h3>DEBATE<\/h3><p class=\"cmba-program-agenda__meta\"><span>SALA HYDRA<\/span><\/p><\/article><header class=\"cmba-program-agenda__module-context cmba-program-agenda__room-tone--sala-hydra cmba-program-agenda__day-module--4 cmba-program-agenda__module-context--feed\" data-agenda-context data-agenda-context-key=\"sala-hydra-sindrome-da-sensibilizacao-central-johnny-tah-ji-ng\"><strong>S\u00edndrome da Sensibiliza\u00e7\u00e3o Central<\/strong><span>Modera\u00e7\u00e3o: Johnny Tah Ji Ng<\/span><\/header><article class=\"cmba-program-agenda__session cmba-program-agenda__session--lecture cmba-program-agenda__room-tone--sala-hydra cmba-program-agenda__day-module--4 cmba-program-agenda__session--feed\" data-agenda-session data-day=\"27-11-sexta\" data-room=\"SALA HYDRA\" data-module=\"S\u00edndrome da Sensibiliza\u00e7\u00e3o Central\" data-search=\"sala hydra s\u00edndrome da sensibiliza\u00e7\u00e3o central s\u00edndrome da sensibiliza\u00e7\u00e3o central fibromialgia bernardo goldberg moderador: johnny tah ji ng\" data-agenda-context-key=\"sala-hydra-sindrome-da-sensibilizacao-central-johnny-tah-ji-ng\" data-agenda-wide=\"false\"><div class=\"cmba-program-agenda__session-head\"><time datetime=\"2026-11-27T14:00:00-03:00\">14:00 - 14:20<\/time><\/div><h3>Fibromialgia<\/h3><p class=\"cmba-program-agenda__speaker\">BERNARDO GOLDBERG<\/p><p class=\"cmba-program-agenda__meta\"><span>SALA HYDRA<\/span><\/p><\/article><article class=\"cmba-program-agenda__session cmba-program-agenda__session--lecture cmba-program-agenda__room-tone--sala-hydra cmba-program-agenda__day-module--4 cmba-program-agenda__session--feed\" data-agenda-session data-day=\"27-11-sexta\" data-room=\"SALA HYDRA\" data-module=\"S\u00edndrome da Sensibiliza\u00e7\u00e3o Central\" data-search=\"sala hydra 4.0 s\u00edndrome da sensibiliza\u00e7\u00e3o central disfun\u00e7\u00e3o temporomandibular taina calvette moderador: johnny tah ji ng\" data-agenda-context-key=\"sala-hydra-sindrome-da-sensibilizacao-central-johnny-tah-ji-ng\" data-agenda-wide=\"false\"><div class=\"cmba-program-agenda__session-head\"><time datetime=\"2026-11-27T14:20:00-03:00\">14:20 - 14:40<\/time><\/div><h3>Disfun\u00e7\u00e3o Temporomandibular<\/h3><p class=\"cmba-program-agenda__speaker\">TAINA CALVETTE<\/p><p class=\"cmba-program-agenda__meta\"><span>SALA HYDRA<\/span><\/p><\/article><article class=\"cmba-program-agenda__session cmba-program-agenda__session--lecture cmba-program-agenda__room-tone--sala-hydra cmba-program-agenda__day-module--4 cmba-program-agenda__session--feed\" data-agenda-session data-day=\"27-11-sexta\" data-room=\"SALA HYDRA\" data-module=\"S\u00edndrome da Sensibiliza\u00e7\u00e3o Central\" data-search=\"sala hydra s\u00edndrome da sensibiliza\u00e7\u00e3o central s\u00edndrome da sensibiliza\u00e7\u00e3o central s\u00cdndrome do cora\u00c7\u00c3o partido - cardiomiopatia de takotsubo eliane aboud moderador: johnny tah ji ng\" data-agenda-context-key=\"sala-hydra-sindrome-da-sensibilizacao-central-johnny-tah-ji-ng\" data-agenda-wide=\"false\"><div class=\"cmba-program-agenda__session-head\"><time datetime=\"2026-11-27T14:40:00-03:00\">14:40 - 15:00<\/time><\/div><h3>S\u00cdNDROME DO CORA\u00c7\u00c3O PARTIDO - CARDIOMIOPATIA DE TAKOTSUBO<\/h3><p class=\"cmba-program-agenda__speaker\">ELIANE ABOUD<\/p><p class=\"cmba-program-agenda__meta\"><span>SALA HYDRA<\/span><\/p><\/article><article class=\"cmba-program-agenda__session cmba-program-agenda__session--debate cmba-program-agenda__room-tone--sala-hydra cmba-program-agenda__day-module--4 cmba-program-agenda__session--feed\" data-agenda-session data-day=\"27-11-sexta\" data-room=\"SALA HYDRA\" data-module=\"S\u00edndrome da Sensibiliza\u00e7\u00e3o Central\" data-search=\"sala hydra s\u00edndrome da sensibiliza\u00e7\u00e3o central s\u00edndrome da sensibiliza\u00e7\u00e3o central debate moderador: johnny tah ji ng\" data-agenda-context-key=\"sala-hydra-sindrome-da-sensibilizacao-central-johnny-tah-ji-ng\" data-agenda-wide=\"false\"><div class=\"cmba-program-agenda__session-head\"><time datetime=\"2026-11-27T15:00:00-03:00\">15:00 - 15:30<\/time><\/div><h3>DEBATE<\/h3><p class=\"cmba-program-agenda__meta\"><span>SALA HYDRA<\/span><\/p><\/article><header class=\"cmba-program-agenda__module-context cmba-program-agenda__room-tone--sala-hydra cmba-program-agenda__day-module--5 cmba-program-agenda__module-context--feed\" data-agenda-context data-agenda-context-key=\"sala-hydra-tecnicas-complementares-na-dor-luciana-aikawa\"><strong>T\u00e9cnicas Complementares na Dor<\/strong><span>Modera\u00e7\u00e3o: Luciana Aikawa<\/span><\/header><article class=\"cmba-program-agenda__session cmba-program-agenda__session--lecture cmba-program-agenda__room-tone--sala-hydra cmba-program-agenda__day-module--5 cmba-program-agenda__session--feed\" data-agenda-session data-day=\"27-11-sexta\" data-room=\"SALA HYDRA\" data-module=\"T\u00e9cnicas Complementares na Dor\" data-search=\"sala hydra t\u00e9cnicas complementares na dor t\u00e9cnicas complementares na dor principais indica\u00e7\u00f5es da laserterapia ruy tanigawa moderador: luciana aikawa\" data-agenda-context-key=\"sala-hydra-tecnicas-complementares-na-dor-luciana-aikawa\" data-agenda-wide=\"false\"><div class=\"cmba-program-agenda__session-head\"><time datetime=\"2026-11-27T15:30:00-03:00\">15:30 - 15:50<\/time><\/div><h3>Principais Indica\u00e7\u00f5es da Laserterapia<\/h3><p class=\"cmba-program-agenda__speaker\">RUY TANIGAWA<\/p><p class=\"cmba-program-agenda__meta\"><span>SALA HYDRA<\/span><\/p><\/article><article class=\"cmba-program-agenda__session cmba-program-agenda__session--lecture cmba-program-agenda__room-tone--sala-hydra cmba-program-agenda__day-module--5 cmba-program-agenda__session--feed\" data-agenda-session data-day=\"27-11-sexta\" data-room=\"SALA HYDRA\" data-module=\"T\u00e9cnicas Complementares na Dor\" data-search=\"sala hydra 5.0 t\u00e9cnicas complementares na dor ynsa alexandre massao yoshizumi moderador: luciana aikawa\" data-agenda-context-key=\"sala-hydra-tecnicas-complementares-na-dor-luciana-aikawa\" data-agenda-wide=\"false\"><div class=\"cmba-program-agenda__session-head\"><time datetime=\"2026-11-27T15:50:00-03:00\">15:50 - 16:10<\/time><\/div><h3>YNSA<\/h3><p class=\"cmba-program-agenda__speaker\">ALEXANDRE MASSAO YOSHIZUMI<\/p><p class=\"cmba-program-agenda__meta\"><span>SALA HYDRA<\/span><\/p><\/article><article class=\"cmba-program-agenda__session cmba-program-agenda__session--debate cmba-program-agenda__room-tone--sala-hydra cmba-program-agenda__day-module--5 cmba-program-agenda__session--feed\" data-agenda-session data-day=\"27-11-sexta\" data-room=\"SALA HYDRA\" data-module=\"T\u00e9cnicas Complementares na Dor\" data-search=\"sala hydra t\u00e9cnicas complementares na dor t\u00e9cnicas complementares na dor debate moderador: luciana aikawa\" data-agenda-context-key=\"sala-hydra-tecnicas-complementares-na-dor-luciana-aikawa\" data-agenda-wide=\"false\"><div class=\"cmba-program-agenda__session-head\"><time datetime=\"2026-11-27T16:10:00-03:00\">16:10 - 16:30<\/time><\/div><h3>DEBATE<\/h3><p class=\"cmba-program-agenda__meta\"><span>SALA HYDRA<\/span><\/p><\/article><header class=\"cmba-program-agenda__module-context cmba-program-agenda__room-tone--sala-hydra cmba-program-agenda__day-module--6 cmba-program-agenda__module-context--feed\" data-agenda-context data-agenda-context-key=\"sala-hydra-infertilidade-maria-cristina-cerqueira-e-silva\"><strong>Infertilidade<\/strong><span>Modera\u00e7\u00e3o: MARIA CRISTINA CERQUEIRA E SILVA<\/span><\/header><article class=\"cmba-program-agenda__session cmba-program-agenda__session--lecture cmba-program-agenda__room-tone--sala-hydra cmba-program-agenda__day-module--6 cmba-program-agenda__session--feed\" data-agenda-session data-day=\"27-11-sexta\" data-room=\"SALA HYDRA\" data-module=\"Infertilidade\" data-search=\"sala hydra infertilidade infertilidade acupuntura na infertilidade: evid\u00eancias e aplica\u00e7\u00f5es cl\u00ednicas gustavo cerqueira moderador: maria cristina cerqueira e silva\" data-agenda-context-key=\"sala-hydra-infertilidade-maria-cristina-cerqueira-e-silva\" data-agenda-wide=\"false\"><div class=\"cmba-program-agenda__session-head\"><time datetime=\"2026-11-27T17:00:00-03:00\">17:00 - 17:20<\/time><\/div><h3>Acupuntura na Infertilidade: Evid\u00eancias e Aplica\u00e7\u00f5es Cl\u00ednicas<\/h3><p class=\"cmba-program-agenda__speaker\">GUSTAVO CERQUEIRA<\/p><p class=\"cmba-program-agenda__meta\"><span>SALA HYDRA<\/span><\/p><\/article><article class=\"cmba-program-agenda__session cmba-program-agenda__session--lecture cmba-program-agenda__room-tone--sala-hydra cmba-program-agenda__day-module--6 cmba-program-agenda__session--feed\" data-agenda-session data-day=\"27-11-sexta\" data-room=\"SALA HYDRA\" data-module=\"Infertilidade\" data-search=\"sala hydra 6.0 infertilidade endometriose e infertilidade: abordagem integrativa com acupuntura luciano curuci moderador: maria cristina cerqueira e silva\" data-agenda-context-key=\"sala-hydra-infertilidade-maria-cristina-cerqueira-e-silva\" data-agenda-wide=\"false\"><div class=\"cmba-program-agenda__session-head\"><time datetime=\"2026-11-27T17:20:00-03:00\">17:20 - 17:40<\/time><\/div><h3>Endometriose e Infertilidade: Abordagem Integrativa com Acupuntura<\/h3><p class=\"cmba-program-agenda__speaker\">LUCIANO CURUCI<\/p><p class=\"cmba-program-agenda__meta\"><span>SALA HYDRA<\/span><\/p><\/article><article class=\"cmba-program-agenda__session cmba-program-agenda__session--debate cmba-program-agenda__room-tone--sala-hydra cmba-program-agenda__day-module--6 cmba-program-agenda__session--feed\" data-agenda-session data-day=\"27-11-sexta\" data-room=\"SALA HYDRA\" data-module=\"Infertilidade\" data-search=\"sala hydra infertilidade infertilidade debate moderador: maria cristina cerqueira e silva\" data-agenda-context-key=\"sala-hydra-infertilidade-maria-cristina-cerqueira-e-silva\" data-agenda-wide=\"false\"><div class=\"cmba-program-agenda__session-head\"><time datetime=\"2026-11-27T17:40:00-03:00\">17:40 - 18:00<\/time><\/div><h3>DEBATE<\/h3><p class=\"cmba-program-agenda__meta\"><span>SALA HYDRA<\/span><\/p><\/article><\/section><section class=\"cmba-program-agenda__feed-room cmba-program-agenda__room-tone--sala-hercules\" data-agenda-feed-room data-agenda-room=\"SALA HERCULES\"><header class=\"cmba-program-agenda__feed-room-head\"><span>Agenda por sala<\/span><h3>SALA HERCULES<\/h3><\/header><header class=\"cmba-program-agenda__module-context cmba-program-agenda__room-tone--sala-hercules cmba-program-agenda__day-module--1 cmba-program-agenda__module-context--feed\" data-agenda-context data-agenda-context-key=\"sala-hercules-enxaqueca-tratamentos-atuais-que-mudaram-a-vida-dos-pacientes-eline-barbosa\"><strong>Enxaqueca: tratamentos atuais que mudaram a vida dos pacientes<\/strong><span>Modera\u00e7\u00e3o: Eline Barbosa<\/span><\/header><article class=\"cmba-program-agenda__session cmba-program-agenda__session--lecture cmba-program-agenda__room-tone--sala-hercules cmba-program-agenda__day-module--1 cmba-program-agenda__session--feed\" data-agenda-session data-day=\"27-11-sexta\" data-room=\"SALA HERCULES\" data-module=\"Enxaqueca: tratamentos atuais que mudaram a vida dos pacientes\" data-search=\"sala hercules enxaqueca: tratamentos atuais que mudaram a vida dos pacientes enxaqueca: tratamentos atuais que mudaram a vida dos pacientes o uso de novas terapias e anticorpos monoclonais no tratamento da enxaqueca bruna queiroz moderador: eline barbosa\" data-agenda-context-key=\"sala-hercules-enxaqueca-tratamentos-atuais-que-mudaram-a-vida-dos-pacientes-eline-barbosa\" data-agenda-wide=\"false\"><div class=\"cmba-program-agenda__session-head\"><time datetime=\"2026-11-27T08:00:00-03:00\">08:00 - 08:20<\/time><\/div><h3>O Uso de Novas Terapias e Anticorpos Monoclonais no Tratamento da Enxaqueca<\/h3><p class=\"cmba-program-agenda__speaker\">BRUNA QUEIROZ<\/p><p class=\"cmba-program-agenda__meta\"><span>SALA HERCULES<\/span><\/p><\/article><article class=\"cmba-program-agenda__session cmba-program-agenda__session--lecture cmba-program-agenda__room-tone--sala-hercules cmba-program-agenda__day-module--1 cmba-program-agenda__session--feed\" data-agenda-session data-day=\"27-11-sexta\" data-room=\"SALA HERCULES\" data-module=\"Enxaqueca: tratamentos atuais que mudaram a vida dos pacientes\" data-search=\"sala hercules 1.0 enxaqueca: tratamentos atuais que mudaram a vida dos pacientes acupuntura e neuromodula\u00e7\u00e3o: o que temos de evid\u00eancias atuais? h\u00c9lio pinheiro moderador: eline barbosa\" data-agenda-context-key=\"sala-hercules-enxaqueca-tratamentos-atuais-que-mudaram-a-vida-dos-pacientes-eline-barbosa\" data-agenda-wide=\"false\"><div class=\"cmba-program-agenda__session-head\"><time datetime=\"2026-11-27T08:20:00-03:00\">08:20 - 08:40<\/time><\/div><h3>Acupuntura e Neuromodula\u00e7\u00e3o: O Que temos de Evid\u00eancias Atuais?<\/h3><p class=\"cmba-program-agenda__speaker\">H\u00c9LIO PINHEIRO<\/p><p class=\"cmba-program-agenda__meta\"><span>SALA HERCULES<\/span><\/p><\/article><article class=\"cmba-program-agenda__session cmba-program-agenda__session--lecture cmba-program-agenda__room-tone--sala-hercules cmba-program-agenda__day-module--1 cmba-program-agenda__session--feed\" data-agenda-session data-day=\"27-11-sexta\" data-room=\"SALA HERCULES\" data-module=\"Enxaqueca: tratamentos atuais que mudaram a vida dos pacientes\" data-search=\"sala hercules enxaqueca: tratamentos atuais que mudaram a vida dos pacientes enxaqueca: tratamentos atuais que mudaram a vida dos pacientes procedimentos intervencionistas no controle da migr\u00e2nea paula gusson moderador: eline barbosa\" data-agenda-context-key=\"sala-hercules-enxaqueca-tratamentos-atuais-que-mudaram-a-vida-dos-pacientes-eline-barbosa\" data-agenda-wide=\"false\"><div class=\"cmba-program-agenda__session-head\"><time datetime=\"2026-11-27T08:40:00-03:00\">08:40 - 09:00<\/time><\/div><h3>Procedimentos Intervencionistas no Controle da Migr\u00e2nea<\/h3><p class=\"cmba-program-agenda__speaker\">PAULA GUSSON<\/p><p class=\"cmba-program-agenda__meta\"><span>SALA HERCULES<\/span><\/p><\/article><article class=\"cmba-program-agenda__session cmba-program-agenda__session--debate cmba-program-agenda__room-tone--sala-hercules cmba-program-agenda__day-module--1 cmba-program-agenda__session--feed\" data-agenda-session data-day=\"27-11-sexta\" data-room=\"SALA HERCULES\" data-module=\"Enxaqueca: tratamentos atuais que mudaram a vida dos pacientes\" data-search=\"sala hercules enxaqueca: tratamentos atuais que mudaram a vida dos pacientes enxaqueca: tratamentos atuais que mudaram a vida dos pacientes debate moderador: eline barbosa\" data-agenda-context-key=\"sala-hercules-enxaqueca-tratamentos-atuais-que-mudaram-a-vida-dos-pacientes-eline-barbosa\" data-agenda-wide=\"false\"><div class=\"cmba-program-agenda__session-head\"><time datetime=\"2026-11-27T09:00:00-03:00\">09:00 - 09:30<\/time><\/div><h3>DEBATE<\/h3><p class=\"cmba-program-agenda__meta\"><span>SALA HERCULES<\/span><\/p><\/article><header class=\"cmba-program-agenda__module-context cmba-program-agenda__room-tone--sala-hercules cmba-program-agenda__day-module--2 cmba-program-agenda__module-context--feed\" data-agenda-context data-agenda-context-key=\"sala-hercules-neuropatias-perifericas-claudia-misorelli\"><strong>Neuropatias Perif\u00e9ricas<\/strong><span>Modera\u00e7\u00e3o: Claudia Misorelli<\/span><\/header><article class=\"cmba-program-agenda__session cmba-program-agenda__session--lecture cmba-program-agenda__room-tone--sala-hercules cmba-program-agenda__day-module--2 cmba-program-agenda__session--feed\" data-agenda-session data-day=\"27-11-sexta\" data-room=\"SALA HERCULES\" data-module=\"Neuropatias Perif\u00e9ricas\" data-search=\"sala hercules neuropatias perif\u00e9ricas neuropatias perif\u00e9ricas herpes zoster e neuralgia p\u00f3s herp\u00e9tica: da preven\u00e7\u00e3o ao tratamento gabriel kubota moderador: claudia misorelli\" data-agenda-context-key=\"sala-hercules-neuropatias-perifericas-claudia-misorelli\" data-agenda-wide=\"false\"><div class=\"cmba-program-agenda__session-head\"><time datetime=\"2026-11-27T09:30:00-03:00\">09:30 - 09:50<\/time><\/div><h3>Herpes Zoster e Neuralgia P\u00f3s Herp\u00e9tica: Da Preven\u00e7\u00e3o ao Tratamento<\/h3><p class=\"cmba-program-agenda__speaker\">GABRIEL KUBOTA<\/p><p class=\"cmba-program-agenda__meta\"><span>SALA HERCULES<\/span><\/p><\/article><article class=\"cmba-program-agenda__session cmba-program-agenda__session--lecture cmba-program-agenda__room-tone--sala-hercules cmba-program-agenda__day-module--2 cmba-program-agenda__session--feed\" data-agenda-session data-day=\"27-11-sexta\" data-room=\"SALA HERCULES\" data-module=\"Neuropatias Perif\u00e9ricas\" data-search=\"sala hercules 2.0 neuropatias perif\u00e9ricas principais interven\u00e7\u00f5es nas neuropatias perif\u00e9ricas hazem adel ashmawi moderador: claudia misorelli\" data-agenda-context-key=\"sala-hercules-neuropatias-perifericas-claudia-misorelli\" data-agenda-wide=\"false\"><div class=\"cmba-program-agenda__session-head\"><time datetime=\"2026-11-27T09:50:00-03:00\">09:50 - 10:10<\/time><\/div><h3>Principais Interven\u00e7\u00f5es nas Neuropatias Perif\u00e9ricas<\/h3><p class=\"cmba-program-agenda__speaker\">HAZEM ADEL ASHMAWI<\/p><p class=\"cmba-program-agenda__meta\"><span>SALA HERCULES<\/span><\/p><\/article><article class=\"cmba-program-agenda__session cmba-program-agenda__session--debate cmba-program-agenda__room-tone--sala-hercules cmba-program-agenda__day-module--2 cmba-program-agenda__session--feed\" data-agenda-session data-day=\"27-11-sexta\" data-room=\"SALA HERCULES\" data-module=\"Neuropatias Perif\u00e9ricas\" data-search=\"sala hercules neuropatias perif\u00e9ricas neuropatias perif\u00e9ricas debate moderador: claudia misorelli\" data-agenda-context-key=\"sala-hercules-neuropatias-perifericas-claudia-misorelli\" data-agenda-wide=\"false\"><div class=\"cmba-program-agenda__session-head\"><time datetime=\"2026-11-27T10:10:00-03:00\">10:10 - 10:30<\/time><\/div><h3>DEBATE<\/h3><p class=\"cmba-program-agenda__meta\"><span>SALA HERCULES<\/span><\/p><\/article><header class=\"cmba-program-agenda__module-context cmba-program-agenda__room-tone--sala-hercules cmba-program-agenda__day-module--3 cmba-program-agenda__module-context--feed\" data-agenda-context data-agenda-context-key=\"sala-hercules-medicina-do-esporte-janete-bandeira\"><strong>Medicina do Esporte<\/strong><span>Modera\u00e7\u00e3o: Janete Bandeira<\/span><\/header><article class=\"cmba-program-agenda__session cmba-program-agenda__session--lecture cmba-program-agenda__room-tone--sala-hercules cmba-program-agenda__day-module--3 cmba-program-agenda__session--feed\" data-agenda-session data-day=\"27-11-sexta\" data-room=\"SALA HERCULES\" data-module=\"Medicina do Esporte\" data-search=\"sala hercules medicina do esporte medicina do esporte dor musculoesquel\u00e9tica no atleta - abordagem contempor\u00e2nea frederico ferro moderador: janete bandeira\" data-agenda-context-key=\"sala-hercules-medicina-do-esporte-janete-bandeira\" data-agenda-wide=\"false\"><div class=\"cmba-program-agenda__session-head\"><time datetime=\"2026-11-27T11:00:00-03:00\">11:00 - 11:20<\/time><\/div><h3>Dor Musculoesquel\u00e9tica no Atleta - Abordagem Contempor\u00e2nea<\/h3><p class=\"cmba-program-agenda__speaker\">FREDERICO FERRO<\/p><p class=\"cmba-program-agenda__meta\"><span>SALA HERCULES<\/span><\/p><\/article><article class=\"cmba-program-agenda__session cmba-program-agenda__session--lecture cmba-program-agenda__room-tone--sala-hercules cmba-program-agenda__day-module--3 cmba-program-agenda__session--feed\" data-agenda-session data-day=\"27-11-sexta\" data-room=\"SALA HERCULES\" data-module=\"Medicina do Esporte\" data-search=\"sala hercules 3.0 medicina do esporte principais les\u00f5es no esporte - como a acupuntura pode ajudar? m\u00c1rio s\u00c9rgio rossi vieira moderador: janete bandeira\" data-agenda-context-key=\"sala-hercules-medicina-do-esporte-janete-bandeira\" data-agenda-wide=\"false\"><div class=\"cmba-program-agenda__session-head\"><time datetime=\"2026-11-27T11:20:00-03:00\">11:20 - 11:40<\/time><\/div><h3>Principais Les\u00f5es no Esporte - Como a Acupuntura Pode Ajudar?<\/h3><p class=\"cmba-program-agenda__speaker\">M\u00c1RIO S\u00c9RGIO ROSSI VIEIRA<\/p><p class=\"cmba-program-agenda__meta\"><span>SALA HERCULES<\/span><\/p><\/article><article class=\"cmba-program-agenda__session cmba-program-agenda__session--debate cmba-program-agenda__room-tone--sala-hercules cmba-program-agenda__day-module--3 cmba-program-agenda__session--feed\" data-agenda-session data-day=\"27-11-sexta\" data-room=\"SALA HERCULES\" data-module=\"Medicina do Esporte\" data-search=\"sala hercules medicina do esporte medicina do esporte debate moderador: janete bandeira\" data-agenda-context-key=\"sala-hercules-medicina-do-esporte-janete-bandeira\" data-agenda-wide=\"false\"><div class=\"cmba-program-agenda__session-head\"><time datetime=\"2026-11-27T11:40:00-03:00\">11:40 - 12:00<\/time><\/div><h3>DEBATE<\/h3><p class=\"cmba-program-agenda__meta\"><span>SALA HERCULES<\/span><\/p><\/article><header class=\"cmba-program-agenda__module-context cmba-program-agenda__room-tone--sala-hercules cmba-program-agenda__day-module--4 cmba-program-agenda__module-context--feed\" data-agenda-context data-agenda-context-key=\"sala-hercules-dor-lombar-lucilia-de-brito-tavares\"><strong>Dor Lombar<\/strong><span>Modera\u00e7\u00e3o: Luc\u00edlia de Brito Tavares<\/span><\/header><article class=\"cmba-program-agenda__session cmba-program-agenda__session--lecture cmba-program-agenda__room-tone--sala-hercules cmba-program-agenda__day-module--4 cmba-program-agenda__session--feed\" data-agenda-session data-day=\"27-11-sexta\" data-room=\"SALA HERCULES\" data-module=\"Dor Lombar\" data-search=\"sala hercules dor lombar dor lombar dor lombar - epidemia silenciosa? ibrahim liu moderador: luc\u00edlia de brito tavares\" data-agenda-context-key=\"sala-hercules-dor-lombar-lucilia-de-brito-tavares\" data-agenda-wide=\"false\"><div class=\"cmba-program-agenda__session-head\"><time datetime=\"2026-11-27T14:00:00-03:00\">14:00 - 14:20<\/time><\/div><h3>Dor Lombar - Epidemia Silenciosa?<\/h3><p class=\"cmba-program-agenda__speaker\">IBRAHIM LIU<\/p><p class=\"cmba-program-agenda__meta\"><span>SALA HERCULES<\/span><\/p><\/article><article class=\"cmba-program-agenda__session cmba-program-agenda__session--lecture cmba-program-agenda__room-tone--sala-hercules cmba-program-agenda__day-module--4 cmba-program-agenda__session--feed\" data-agenda-session data-day=\"27-11-sexta\" data-room=\"SALA HERCULES\" data-module=\"Dor Lombar\" data-search=\"sala hercules 4.0 dor lombar acupuntura e neuromodula\u00e7\u00e3o na dor lombar liaw chao moderador: luc\u00edlia de brito tavares\" data-agenda-context-key=\"sala-hercules-dor-lombar-lucilia-de-brito-tavares\" data-agenda-wide=\"false\"><div class=\"cmba-program-agenda__session-head\"><time datetime=\"2026-11-27T14:20:00-03:00\">14:20 - 14:40<\/time><\/div><h3>Acupuntura e Neuromodula\u00e7\u00e3o na Dor Lombar<\/h3><p class=\"cmba-program-agenda__speaker\">LIAW CHAO<\/p><p class=\"cmba-program-agenda__meta\"><span>SALA HERCULES<\/span><\/p><\/article><article class=\"cmba-program-agenda__session cmba-program-agenda__session--lecture cmba-program-agenda__room-tone--sala-hercules cmba-program-agenda__day-module--4 cmba-program-agenda__session--feed\" data-agenda-session data-day=\"27-11-sexta\" data-room=\"SALA HERCULES\" data-module=\"Dor Lombar\" data-search=\"sala hercules dor lombar dor lombar procedimentos minimamente invasivos no manejo da lombalgia amelie falcone moderador: luc\u00edlia de brito tavares\" data-agenda-context-key=\"sala-hercules-dor-lombar-lucilia-de-brito-tavares\" data-agenda-wide=\"false\"><div class=\"cmba-program-agenda__session-head\"><time datetime=\"2026-11-27T14:40:00-03:00\">14:40 - 15:00<\/time><\/div><h3>Procedimentos Minimamente Invasivos no Manejo da Lombalgia<\/h3><p class=\"cmba-program-agenda__speaker\">AMELIE FALCONE<\/p><p class=\"cmba-program-agenda__meta\"><span>SALA HERCULES<\/span><\/p><\/article><article class=\"cmba-program-agenda__session cmba-program-agenda__session--lecture cmba-program-agenda__room-tone--sala-hercules cmba-program-agenda__day-module--4 cmba-program-agenda__session--feed\" data-agenda-session data-day=\"27-11-sexta\" data-room=\"SALA HERCULES\" data-module=\"Dor Lombar\" data-search=\"sala hercules dor lombar dor lombar dor lombar: da cronifica\u00e7\u00e3o da dor \u00e0 recupera\u00e7\u00e3o funcional - eduardo rocha eduardo rocha moderador: luc\u00edlia de brito tavares\" data-agenda-context-key=\"sala-hercules-dor-lombar-lucilia-de-brito-tavares\" data-agenda-wide=\"false\"><div class=\"cmba-program-agenda__session-head\"><time datetime=\"2026-11-27T15:00:00-03:00\">15:00 - 15:20<\/time><\/div><h3>Dor Lombar: Da Cronifica\u00e7\u00e3o da Dor \u00e0 Recupera\u00e7\u00e3o Funcional - Eduardo Rocha<\/h3><p class=\"cmba-program-agenda__speaker\">EDUARDO ROCHA<\/p><p class=\"cmba-program-agenda__meta\"><span>SALA HERCULES<\/span><\/p><\/article><article class=\"cmba-program-agenda__session cmba-program-agenda__session--debate cmba-program-agenda__room-tone--sala-hercules cmba-program-agenda__day-module--4 cmba-program-agenda__session--feed\" data-agenda-session data-day=\"27-11-sexta\" data-room=\"SALA HERCULES\" data-module=\"Dor Lombar\" data-search=\"sala hercules dor lombar dor lombar debate moderador: luc\u00edlia de brito tavares\" data-agenda-context-key=\"sala-hercules-dor-lombar-lucilia-de-brito-tavares\" data-agenda-wide=\"false\"><div class=\"cmba-program-agenda__session-head\"><time datetime=\"2026-11-27T15:20:00-03:00\">15:20 - 15:30<\/time><\/div><h3>DEBATE<\/h3><p class=\"cmba-program-agenda__meta\"><span>SALA HERCULES<\/span><\/p><\/article><header class=\"cmba-program-agenda__module-context cmba-program-agenda__room-tone--sala-hercules cmba-program-agenda__day-module--5 cmba-program-agenda__module-context--feed\" data-agenda-context data-agenda-context-key=\"sala-hercules-dor-pelvica-cronica-um-impacto-na-saude-da-mulher-ananilia-filizola\"><strong>Dor P\u00e9lvica Cr\u00f4nica: Um Impacto na Sa\u00fade da Mulher<\/strong><span>Modera\u00e7\u00e3o: Ananilia Filizola<\/span><\/header><article class=\"cmba-program-agenda__session cmba-program-agenda__session--lecture cmba-program-agenda__room-tone--sala-hercules cmba-program-agenda__day-module--5 cmba-program-agenda__session--feed\" data-agenda-session data-day=\"27-11-sexta\" data-room=\"SALA HERCULES\" data-module=\"Dor P\u00e9lvica Cr\u00f4nica: Um Impacto na Sa\u00fade da Mulher\" data-search=\"sala hercules dor p\u00e9lvica cr\u00f4nica: um impacto na sa\u00fade da mulher dor p\u00e9lvica cr\u00f4nica: um impacto na sa\u00fade da mulher endometriose e manejo da dor anita perp\u00c9tua carvalho rocha castro moderador: ananilia filizola\" data-agenda-context-key=\"sala-hercules-dor-pelvica-cronica-um-impacto-na-saude-da-mulher-ananilia-filizola\" data-agenda-wide=\"false\"><div class=\"cmba-program-agenda__session-head\"><time datetime=\"2026-11-27T15:30:00-03:00\">15:30 - 15:50<\/time><\/div><h3>Endometriose e Manejo da Dor<\/h3><p class=\"cmba-program-agenda__speaker\">ANITA PERP\u00c9TUA CARVALHO ROCHA CASTRO<\/p><p class=\"cmba-program-agenda__meta\"><span>SALA HERCULES<\/span><\/p><\/article><article class=\"cmba-program-agenda__session cmba-program-agenda__session--lecture cmba-program-agenda__room-tone--sala-hercules cmba-program-agenda__day-module--5 cmba-program-agenda__session--feed\" data-agenda-session data-day=\"27-11-sexta\" data-room=\"SALA HERCULES\" data-module=\"Dor P\u00e9lvica Cr\u00f4nica: Um Impacto na Sa\u00fade da Mulher\" data-search=\"sala hercules 5.0 dor p\u00e9lvica cr\u00f4nica: um impacto na sa\u00fade da mulher neuralgia do pudendo: do subdiagn\u00f3stico ao controle da dor luc\u00cdlia de brito tavares moderador: ananilia filizola\" data-agenda-context-key=\"sala-hercules-dor-pelvica-cronica-um-impacto-na-saude-da-mulher-ananilia-filizola\" data-agenda-wide=\"false\"><div class=\"cmba-program-agenda__session-head\"><time datetime=\"2026-11-27T15:50:00-03:00\">15:50 - 16:10<\/time><\/div><h3>Neuralgia do Pudendo: Do Subdiagn\u00f3stico ao Controle da Dor<\/h3><p class=\"cmba-program-agenda__speaker\">LUC\u00cdLIA DE BRITO TAVARES<\/p><p class=\"cmba-program-agenda__meta\"><span>SALA HERCULES<\/span><\/p><\/article><article class=\"cmba-program-agenda__session cmba-program-agenda__session--debate cmba-program-agenda__room-tone--sala-hercules cmba-program-agenda__day-module--5 cmba-program-agenda__session--feed\" data-agenda-session data-day=\"27-11-sexta\" data-room=\"SALA HERCULES\" data-module=\"Dor P\u00e9lvica Cr\u00f4nica: Um Impacto na Sa\u00fade da Mulher\" data-search=\"sala hercules dor p\u00e9lvica cr\u00f4nica: um impacto na sa\u00fade da mulher dor p\u00e9lvica cr\u00f4nica: um impacto na sa\u00fade da mulher debate moderador: ananilia filizola\" data-agenda-context-key=\"sala-hercules-dor-pelvica-cronica-um-impacto-na-saude-da-mulher-ananilia-filizola\" data-agenda-wide=\"false\"><div class=\"cmba-program-agenda__session-head\"><time datetime=\"2026-11-27T16:10:00-03:00\">16:10 - 16:30<\/time><\/div><h3>DEBATE<\/h3><p class=\"cmba-program-agenda__meta\"><span>SALA HERCULES<\/span><\/p><\/article><header class=\"cmba-program-agenda__module-context cmba-program-agenda__room-tone--sala-hercules cmba-program-agenda__day-module--6 cmba-program-agenda__module-context--feed\" data-agenda-context data-agenda-context-key=\"sala-hercules-neuromodulacao-andrew-park\"><strong>Neuromodula\u00e7\u00e3o<\/strong><span>Modera\u00e7\u00e3o: Andrew Park<\/span><\/header><article class=\"cmba-program-agenda__session cmba-program-agenda__session--lecture cmba-program-agenda__room-tone--sala-hercules cmba-program-agenda__day-module--6 cmba-program-agenda__session--feed\" data-agenda-session data-day=\"27-11-sexta\" data-room=\"SALA HERCULES\" data-module=\"Neuromodula\u00e7\u00e3o\" data-search=\"sala hercules neuromodula\u00e7\u00e3o neuromodula\u00e7\u00e3o neuromodula\u00e7\u00e3o, afinal o que \u00e9? luiz coura moderador: andrew park\" data-agenda-context-key=\"sala-hercules-neuromodulacao-andrew-park\" data-agenda-wide=\"false\"><div class=\"cmba-program-agenda__session-head\"><time datetime=\"2026-11-27T17:00:00-03:00\">17:00 - 17:20<\/time><\/div><h3>Neuromodula\u00e7\u00e3o, afinal o que \u00e9?<\/h3><p class=\"cmba-program-agenda__speaker\">LUIZ COURA<\/p><p class=\"cmba-program-agenda__meta\"><span>SALA HERCULES<\/span><\/p><\/article><article class=\"cmba-program-agenda__session cmba-program-agenda__session--lecture cmba-program-agenda__room-tone--sala-hercules cmba-program-agenda__day-module--6 cmba-program-agenda__session--feed\" data-agenda-session data-day=\"27-11-sexta\" data-room=\"SALA HERCULES\" data-module=\"Neuromodula\u00e7\u00e3o\" data-search=\"sala hercules 6.0 neuromodula\u00e7\u00e3o estimula\u00e7\u00e3o medular na dor - indica\u00e7\u00f5es nos casos refrat\u00e1rios manoel jacobsen moderador: andrew park\" data-agenda-context-key=\"sala-hercules-neuromodulacao-andrew-park\" data-agenda-wide=\"false\"><div class=\"cmba-program-agenda__session-head\"><time datetime=\"2026-11-27T17:20:00-03:00\">17:20 - 17:40<\/time><\/div><h3>Estimula\u00e7\u00e3o Medular na Dor - Indica\u00e7\u00f5es nos casos refrat\u00e1rios<\/h3><p class=\"cmba-program-agenda__speaker\">MANOEL JACOBSEN<\/p><p class=\"cmba-program-agenda__meta\"><span>SALA HERCULES<\/span><\/p><\/article><article class=\"cmba-program-agenda__session cmba-program-agenda__session--debate cmba-program-agenda__room-tone--sala-hercules cmba-program-agenda__day-module--6 cmba-program-agenda__session--feed\" data-agenda-session data-day=\"27-11-sexta\" data-room=\"SALA HERCULES\" data-module=\"Neuromodula\u00e7\u00e3o\" data-search=\"sala hercules neuromodula\u00e7\u00e3o neuromodula\u00e7\u00e3o debate moderador: andrew park\" data-agenda-context-key=\"sala-hercules-neuromodulacao-andrew-park\" data-agenda-wide=\"false\"><div class=\"cmba-program-agenda__session-head\"><time datetime=\"2026-11-27T17:40:00-03:00\">17:40 - 18:00<\/time><\/div><h3>DEBATE<\/h3><p class=\"cmba-program-agenda__meta\"><span>SALA HERCULES<\/span><\/p><\/article><\/section><section class=\"cmba-program-agenda__feed-room cmba-program-agenda__room-tone--sala-lyra\" data-agenda-feed-room data-agenda-room=\"SALA LYRA\"><header class=\"cmba-program-agenda__feed-room-head\"><span>Agenda por sala<\/span><h3>SALA LYRA<\/h3><\/header><header class=\"cmba-program-agenda__module-context cmba-program-agenda__room-tone--sala-lyra cmba-program-agenda__day-module--1 cmba-program-agenda__module-context--feed\" data-agenda-context data-agenda-context-key=\"sala-lyra-curso-intervencao-em-dor-frederico-ferro\"><strong>CURSO INTERVEN\u00c7\u00c3O EM DOR<\/strong><span>Modera\u00e7\u00e3o: Frederico Ferro<\/span><\/header><article class=\"cmba-program-agenda__session cmba-program-agenda__session--course cmba-program-agenda__room-tone--sala-lyra cmba-program-agenda__day-module--1 cmba-program-agenda__session--feed\" data-agenda-session data-day=\"27-11-sexta\" data-room=\"SALA LYRA\" data-module=\"CURSO INTERVEN\u00c7\u00c3O EM DOR\" data-search=\"sala lyra curso interven\u00c7\u00c3o em dor curso interven\u00c7\u00c3o em dor procedimentos guiados por ultrassom: conceitos b\u00e1sicos palestrante: renan ferreira jorge moderador: frederico ferro\" data-agenda-context-key=\"sala-lyra-curso-intervencao-em-dor-frederico-ferro\" data-agenda-wide=\"false\"><div class=\"cmba-program-agenda__session-head\"><time datetime=\"2026-11-27T08:00:00-03:00\">08:00 - 09:30<\/time><\/div><h3>Procedimentos Guiados Por ultrassom: Conceitos B\u00e1sicos<\/h3><p class=\"cmba-program-agenda__speaker\">Palestrante: RENAN FERREIRA JORGE<\/p><p class=\"cmba-program-agenda__meta\"><span>SALA LYRA<\/span><\/p><\/article><article class=\"cmba-program-agenda__session cmba-program-agenda__session--course cmba-program-agenda__room-tone--sala-lyra cmba-program-agenda__day-module--3 cmba-program-agenda__session--feed\" data-agenda-session data-day=\"27-11-sexta\" data-room=\"SALA LYRA\" data-module=\"CURSO INTERVEN\u00c7\u00c3O EM DOR\" data-search=\"sala lyra curso interven\u00c7\u00c3o em dor curso interven\u00c7\u00c3o em dor procedimentos guiados por ultrassom: conceitos b\u00e1sicos palestrante: renan ferreira jorge moderador: frederico ferro\" data-agenda-context-key=\"sala-lyra-curso-intervencao-em-dor-frederico-ferro\" data-agenda-wide=\"false\"><div class=\"cmba-program-agenda__session-head\"><time datetime=\"2026-11-27T11:00:00-03:00\">11:00 - 12:00<\/time><\/div><h3>Procedimentos Guiados Por ultrassom: Conceitos B\u00e1sicos<\/h3><p class=\"cmba-program-agenda__speaker\">Palestrante: RENAN FERREIRA JORGE<\/p><p class=\"cmba-program-agenda__meta\"><span>SALA LYRA<\/span><\/p><\/article><header class=\"cmba-program-agenda__module-context cmba-program-agenda__room-tone--sala-lyra cmba-program-agenda__day-module--4 cmba-program-agenda__module-context--feed\" data-agenda-context data-agenda-context-key=\"sala-lyra-curso-intervencao-em-dor-diogo-assis-couto\"><strong>CURSO INTERVEN\u00c7\u00c3O EM DOR<\/strong><span>Modera\u00e7\u00e3o: Diogo Assis Couto<\/span><\/header><article class=\"cmba-program-agenda__session cmba-program-agenda__session--course cmba-program-agenda__room-tone--sala-lyra cmba-program-agenda__day-module--4 cmba-program-agenda__session--feed\" data-agenda-session data-day=\"27-11-sexta\" data-room=\"SALA LYRA\" data-module=\"CURSO INTERVEN\u00c7\u00c3O EM DOR\" data-search=\"sala lyra curso interven\u00c7\u00c3o em dor curso interven\u00c7\u00c3o em dor mesoterapia palestrante: raul coelho lamberti moderador: diogo assis couto\" data-agenda-context-key=\"sala-lyra-curso-intervencao-em-dor-diogo-assis-couto\" data-agenda-wide=\"false\"><div class=\"cmba-program-agenda__session-head\"><time datetime=\"2026-11-27T14:00:00-03:00\">14:00 - 15:30<\/time><\/div><h3>Mesoterapia<\/h3><p class=\"cmba-program-agenda__speaker\">Palestrante: RAUL COELHO LAMBERTI<\/p><p class=\"cmba-program-agenda__meta\"><span>SALA LYRA<\/span><\/p><\/article><article class=\"cmba-program-agenda__session cmba-program-agenda__session--course cmba-program-agenda__room-tone--sala-lyra cmba-program-agenda__day-module--6 cmba-program-agenda__session--feed\" data-agenda-session data-day=\"27-11-sexta\" data-room=\"SALA LYRA\" data-module=\"CURSO INTERVEN\u00c7\u00c3O EM DOR\" data-search=\"sala lyra curso interven\u00c7\u00c3o em dor curso interven\u00c7\u00c3o em dor mesoterapia palestrante: raul coelho lamberti moderador: diogo assis couto\" data-agenda-context-key=\"sala-lyra-curso-intervencao-em-dor-diogo-assis-couto\" data-agenda-wide=\"false\"><div class=\"cmba-program-agenda__session-head\"><time datetime=\"2026-11-27T17:00:00-03:00\">17:00 - 18:00<\/time><\/div><h3>Mesoterapia<\/h3><p class=\"cmba-program-agenda__speaker\">Palestrante: RAUL COELHO LAMBERTI<\/p><p class=\"cmba-program-agenda__meta\"><span>SALA LYRA<\/span><\/p><\/article><\/section><section class=\"cmba-program-agenda__feed-room cmba-program-agenda__room-tone--todas-as-salas cmba-program-agenda__feed-room--shared\" data-agenda-feed-room data-agenda-room=\"Todas as salas\"><header class=\"cmba-program-agenda__feed-room-head\"><span>Eventos do congresso<\/span><h3>Eventos gerais<\/h3><\/header><article class=\"cmba-program-agenda__session cmba-program-agenda__session--special cmba-program-agenda__room-tone--espaco-garden cmba-program-agenda__day-module--1 cmba-program-agenda__session--feed\" data-agenda-session data-day=\"27-11-sexta\" data-room=\"ESPA\u00c7O GARDEN\" data-module=\"Pr\u00e1ticas Corporais\" data-search=\"espa\u00c7o garden pr\u00e1ticas corporais pr\u00e1ticas corporais yi jin jing \u6613\u7b4b\u7ecf luiz carlos souza sampaio\" data-agenda-context-key=\"espaco-garden-praticas-corporais\" data-agenda-wide=\"true\"><div class=\"cmba-program-agenda__session-head\"><time datetime=\"2026-11-27T07:00:00-03:00\">07:00 - 07:30<\/time><\/div><h3>YI JIN JING \u6613\u7b4b\u7ecf<\/h3><p class=\"cmba-program-agenda__speaker\">LUIZ CARLOS SOUZA SAMPAIO<\/p><p class=\"cmba-program-agenda__meta\"><span>ESPA\u00c7O GARDEN<\/span><\/p><\/article><article class=\"cmba-program-agenda__session cmba-program-agenda__session--break cmba-program-agenda__room-tone--todas-as-salas cmba-program-agenda__day-module--2 cmba-program-agenda__session--feed\" data-agenda-session data-day=\"27-11-sexta\" data-room=\"Todas as salas\" data-module=\"Intervalo\" data-search=\"todas as salas intervalo intervalo coffee break\" data-agenda-context-key=\"todas-as-salas-intervalo\" data-agenda-wide=\"true\"><div class=\"cmba-program-agenda__session-head\"><time datetime=\"2026-11-27T10:30:00-03:00\">10:30 - 11:00<\/time><\/div><h3>Coffee Break<\/h3><p class=\"cmba-program-agenda__meta\"><span>Todas as salas<\/span><\/p><\/article><article class=\"cmba-program-agenda__session cmba-program-agenda__session--plenary cmba-program-agenda__room-tone--plenaria cmba-program-agenda__day-module--3 cmba-program-agenda__session--feed\" data-agenda-session data-day=\"27-11-sexta\" data-room=\"Plen\u00e1ria\" data-module=\"Plen\u00e1ria Especial\" data-search=\"plen\u00e1ria plen\u00e1ria especial plen\u00e1ria especial forum de defesa profissional - fernando genschow e eliane aboud\" data-agenda-context-key=\"plenaria-plenaria-especial\" data-agenda-wide=\"true\"><div class=\"cmba-program-agenda__session-head\"><time datetime=\"2026-11-27T12:15:00-03:00\">12:15 - 13:15<\/time><\/div><h3>FORUM DE DEFESA PROFISSIONAL - Fernando Genschow e Eliane Aboud<\/h3><p class=\"cmba-program-agenda__meta\"><span>Plen\u00e1ria<\/span><\/p><\/article><article class=\"cmba-program-agenda__session cmba-program-agenda__session--break cmba-program-agenda__room-tone--todas-as-salas cmba-program-agenda__day-module--5 cmba-program-agenda__session--feed\" data-agenda-session data-day=\"27-11-sexta\" data-room=\"Todas as salas\" data-module=\"Intervalo\" data-search=\"todas as salas intervalo intervalo coffee break\" data-agenda-context-key=\"todas-as-salas-intervalo\" data-agenda-wide=\"true\"><div class=\"cmba-program-agenda__session-head\"><time datetime=\"2026-11-27T16:30:00-03:00\">16:30 - 17:00<\/time><\/div><h3>Coffee Break<\/h3><p class=\"cmba-program-agenda__meta\"><span>Todas as salas<\/span><\/p><\/article><article class=\"cmba-program-agenda__session cmba-program-agenda__session--plenary cmba-program-agenda__room-tone--plenaria cmba-program-agenda__day-module--6 cmba-program-agenda__session--feed\" data-agenda-session data-day=\"27-11-sexta\" data-room=\"Plen\u00e1ria\" data-module=\"ABERTURA\" data-search=\"plen\u00e1ria abertura abertura cerim\u00d4nia de abertura\" data-agenda-context-key=\"plenaria-abertura\" data-agenda-wide=\"true\"><div class=\"cmba-program-agenda__session-head\"><time datetime=\"2026-11-27T18:30:00-03:00\">18:30<\/time><\/div><h3>CERIM\u00d4NIA DE ABERTURA<\/h3><p class=\"cmba-program-agenda__meta\"><span>Plen\u00e1ria<\/span><\/p><\/article><\/section><\/div><\/section><section class=\"cmba-program-agenda__day cmba-program-agenda__day--2\" id=\"agenda-day-28-11-sabado\" role=\"tabpanel\" aria-labelledby=\"agenda-tab-28-11-sabado\" data-agenda-day=\"28-11-sabado\"><header class=\"cmba-program-agenda__day-head\"><p>28\/11 S\u00e1bado<\/p><h2><span>XXX Congresso Internacional de Acupuntura do CMBA 2026<\/span><span>VIII Congresso de Dor do CMBA<\/span><\/h2><span>70 atividades<\/span><\/header><div class=\"cmba-program-agenda__desktop\" aria-label=\"Grade por sala\"><div class=\"cmba-program-agenda__matrix-scroll\"><div class=\"cmba-program-agenda__matrix\" style=\"--agenda-room-count:4\"><div class=\"cmba-program-agenda__matrix-head\"><span>Hor\u00e1rio<\/span><div class=\"cmba-program-agenda__matrix-cells\"><div class=\"cmba-program-agenda__room-label cmba-program-agenda__room-tone--sala-orion\" data-agenda-room-panel=\"SALA ORION\"><span>Sala<\/span><h3>SALA ORION<\/h3><small>21 itens<\/small><\/div><div class=\"cmba-program-agenda__room-label cmba-program-agenda__room-tone--sala-hydra\" data-agenda-room-panel=\"SALA HYDRA\"><span>Sala<\/span><h3>SALA HYDRA<\/h3><small>20 itens<\/small><\/div><div class=\"cmba-program-agenda__room-label cmba-program-agenda__room-tone--sala-hercules\" data-agenda-room-panel=\"SALA HERCULES\"><span>Sala<\/span><h3>SALA HERCULES<\/h3><small>20 itens<\/small><\/div><div class=\"cmba-program-agenda__room-label cmba-program-agenda__room-tone--sala-lyra\" data-agenda-room-panel=\"SALA LYRA\"><span>Sala<\/span><h3>SALA LYRA<\/h3><small>5 itens<\/small><\/div><\/div><\/div><div class=\"cmba-program-agenda__matrix-row cmba-program-agenda__matrix-row--wide\"><time datetime=\"2026-11-28T07:00:00-03:00\">07:00<\/time><div class=\"cmba-program-agenda__matrix-wide cmba-program-agenda__room-tone--espaco-garden\"><article class=\"cmba-program-agenda__session cmba-program-agenda__session--special cmba-program-agenda__room-tone--espaco-garden cmba-program-agenda__day-module--1\" id=\"agenda-28-11-sabado-espaco-garden-0700-luiz-carlos-souza-sampaio-yi-jin-jing\" data-agenda-session data-day=\"28-11-sabado\" data-room=\"ESPA\u00c7O GARDEN\" data-module=\"Pr\u00e1ticas Corporais\" data-search=\"espa\u00c7o garden pr\u00e1ticas corporais pr\u00e1ticas corporais yi jin jing \u6613\u7b4b\u7ecf luiz carlos souza sampaio\" data-agenda-context-key=\"espaco-garden-praticas-corporais\" data-agenda-wide=\"true\" style=\"--agenda-row-start:1;--agenda-row-span:2\"><div class=\"cmba-program-agenda__session-head\"><time datetime=\"2026-11-28T07:00:00-03:00\">07:00 - 07:30<\/time><\/div><h3>YI JIN JING \u6613\u7b4b\u7ecf<\/h3><p class=\"cmba-program-agenda__speaker\">LUIZ CARLOS SOUZA SAMPAIO<\/p><p class=\"cmba-program-agenda__meta\"><span>ESPA\u00c7O GARDEN<\/span><\/p><\/article><\/div><\/div><div class=\"cmba-program-agenda__matrix-row\"><time datetime=\"2026-11-28T08:00:00-03:00\">08:00<\/time><div class=\"cmba-program-agenda__matrix-cells\"><div class=\"cmba-program-agenda__matrix-cell cmba-program-agenda__room-tone--sala-orion\" data-agenda-room-cell=\"SALA ORION\"><header class=\"cmba-program-agenda__module-context cmba-program-agenda__room-tone--sala-orion cmba-program-agenda__day-module--1\" data-agenda-context data-agenda-context-key=\"sala-orion-acupuntura-no-contexto-hospitalar-joao-bosco-guerreiro\"><strong>Acupuntura no Contexto Hospitalar<\/strong><span>Modera\u00e7\u00e3o: Jo\u00e3o Bosco Guerreiro<\/span><\/header><article class=\"cmba-program-agenda__session cmba-program-agenda__session--lecture cmba-program-agenda__room-tone--sala-orion cmba-program-agenda__day-module--1\" id=\"agenda-28-11-sabado-sala-orion-0800-joao-bissoto-experiencia-na-unifesp\" data-agenda-session data-day=\"28-11-sabado\" data-room=\"SALA ORION\" data-module=\"Acupuntura no Contexto Hospitalar\" data-search=\"sala orion acupuntura no contexto hospitalar acupuntura no contexto hospitalar experi\u00eancia na unifesp jo\u00c3o bissoto moderador: jo\u00e3o bosco guerreiro\" data-agenda-context-key=\"sala-orion-acupuntura-no-contexto-hospitalar-joao-bosco-guerreiro\" data-agenda-wide=\"false\" style=\"--agenda-row-start:4;--agenda-row-span:1\"><div class=\"cmba-program-agenda__session-head\"><time datetime=\"2026-11-28T08:00:00-03:00\">08:00 - 08:20<\/time><\/div><h3>Experi\u00eancia na UNIFESP<\/h3><p class=\"cmba-program-agenda__speaker\">JO\u00c3O BISSOTO<\/p><p class=\"cmba-program-agenda__meta\"><span>SALA ORION<\/span><\/p><\/article><\/div><div class=\"cmba-program-agenda__matrix-cell cmba-program-agenda__room-tone--sala-hydra\" data-agenda-room-cell=\"SALA HYDRA\"><header class=\"cmba-program-agenda__module-context cmba-program-agenda__room-tone--sala-hydra cmba-program-agenda__day-module--1\" data-agenda-context data-agenda-context-key=\"sala-hydra-saude-mental-sono-e-qualidade-de-vida-chang-yen-yin\"><strong>Sa\u00fade Mental, Sono e Qualidade de Vida<\/strong><span>Modera\u00e7\u00e3o: Chang Yen Yin<\/span><\/header><article class=\"cmba-program-agenda__session cmba-program-agenda__session--lecture cmba-program-agenda__room-tone--sala-hydra cmba-program-agenda__day-module--1\" id=\"agenda-28-11-sabado-sala-hydra-0800-agamenon-honorio-silva-acupuntura-no-tratamento-da-ansiedade-e-estresse-cronico\" data-agenda-session data-day=\"28-11-sabado\" data-room=\"SALA HYDRA\" data-module=\"Sa\u00fade Mental, Sono e Qualidade de Vida\" data-search=\"sala hydra sa\u00fade mental, sono e qualidade de vida sa\u00fade mental, sono e qualidade de vida acupuntura no tratamento da ansiedade e estresse cr\u00f4nico agamenon hon\u00d3rio silva moderador: chang yen yin\" data-agenda-context-key=\"sala-hydra-saude-mental-sono-e-qualidade-de-vida-chang-yen-yin\" data-agenda-wide=\"false\" style=\"--agenda-row-start:4;--agenda-row-span:1\"><div class=\"cmba-program-agenda__session-head\"><time datetime=\"2026-11-28T08:00:00-03:00\">08:00 - 08:20<\/time><\/div><h3>Acupuntura no Tratamento da Ansiedade e Estresse Cr\u00f4nico<\/h3><p class=\"cmba-program-agenda__speaker\">AGAMENON HON\u00d3RIO SILVA<\/p><p class=\"cmba-program-agenda__meta\"><span>SALA HYDRA<\/span><\/p><\/article><\/div><div class=\"cmba-program-agenda__matrix-cell cmba-program-agenda__room-tone--sala-hercules\" data-agenda-room-cell=\"SALA HERCULES\"><header class=\"cmba-program-agenda__module-context cmba-program-agenda__room-tone--sala-hercules cmba-program-agenda__day-module--1\" data-agenda-context data-agenda-context-key=\"sala-hercules-osteoartrite-marcus-pai\"><strong>Osteoartrite<\/strong><span>Modera\u00e7\u00e3o: Marcus Pai<\/span><\/header><article class=\"cmba-program-agenda__session cmba-program-agenda__session--lecture cmba-program-agenda__room-tone--sala-hercules cmba-program-agenda__day-module--1\" id=\"agenda-28-11-sabado-sala-hercules-0800-andre-tsai-uso-da-acupuntura-associada-a-ventosa-nos-casos-de-oa-avancada\" data-agenda-session data-day=\"28-11-sabado\" data-room=\"SALA HERCULES\" data-module=\"Osteoartrite\" data-search=\"sala hercules osteoartrite osteoartrite uso da acupuntura associada \u00e0 ventosa nos casos de oa avan\u00e7ada andr\u00c9 tsai moderador: marcus pai\" data-agenda-context-key=\"sala-hercules-osteoartrite-marcus-pai\" data-agenda-wide=\"false\" style=\"--agenda-row-start:4;--agenda-row-span:1\"><div class=\"cmba-program-agenda__session-head\"><time datetime=\"2026-11-28T08:00:00-03:00\">08:00 - 08:20<\/time><\/div><h3>Uso da Acupuntura Associada \u00e0 Ventosa Nos Casos de OA Avan\u00e7ada<\/h3><p class=\"cmba-program-agenda__speaker\">ANDR\u00c9 TSAI<\/p><p class=\"cmba-program-agenda__meta\"><span>SALA HERCULES<\/span><\/p><\/article><\/div><div class=\"cmba-program-agenda__matrix-cell cmba-program-agenda__room-tone--sala-lyra\" data-agenda-room-cell=\"SALA LYRA\"><header class=\"cmba-program-agenda__module-context cmba-program-agenda__room-tone--sala-lyra cmba-program-agenda__day-module--1\" data-agenda-context data-agenda-context-key=\"sala-lyra-curso-intervencao-em-dor-lucilia-de-brito-tavares\"><strong>CURSO INTERVEN\u00c7\u00c3O EM DOR<\/strong><span>Modera\u00e7\u00e3o: Luc\u00edlia de Brito Tavares<\/span><\/header><article class=\"cmba-program-agenda__session cmba-program-agenda__session--course cmba-program-agenda__room-tone--sala-lyra cmba-program-agenda__day-module--1\" id=\"agenda-28-11-sabado-sala-lyra-0800-palestrante-bernardo-silveira-radiofrequencia-e-crioablacao-individualizando-o-tratamento-intervencionista-da-dor\" data-agenda-session data-day=\"28-11-sabado\" data-room=\"SALA LYRA\" data-module=\"CURSO INTERVEN\u00c7\u00c3O EM DOR\" data-search=\"sala lyra curso interven\u00c7\u00c3o em dor curso interven\u00c7\u00c3o em dor radiofrequ\u00eancia e crioabla\u00e7\u00e3o: individualizando o tratamento intervencionista da dor palestrante: bernardo silveira moderador: luc\u00edlia de brito tavares\" data-agenda-context-key=\"sala-lyra-curso-intervencao-em-dor-lucilia-de-brito-tavares\" data-agenda-wide=\"false\" style=\"--agenda-row-start:4;--agenda-row-span:5\"><div class=\"cmba-program-agenda__session-head\"><time datetime=\"2026-11-28T08:00:00-03:00\">08:00 - 09:30<\/time><\/div><h3>Radiofrequ\u00eancia e Crioabla\u00e7\u00e3o: Individualizando o Tratamento Intervencionista da Dor<\/h3><p class=\"cmba-program-agenda__speaker\">Palestrante: BERNARDO SILVEIRA<\/p><p class=\"cmba-program-agenda__meta\"><span>SALA LYRA<\/span><\/p><\/article><\/div><\/div><\/div><div class=\"cmba-program-agenda__matrix-row\"><time datetime=\"2026-11-28T08:20:00-03:00\">08:20<\/time><div class=\"cmba-program-agenda__matrix-cells\"><div class=\"cmba-program-agenda__matrix-cell cmba-program-agenda__room-tone--sala-orion\" data-agenda-room-cell=\"SALA ORION\"><article class=\"cmba-program-agenda__session cmba-program-agenda__session--lecture cmba-program-agenda__room-tone--sala-orion cmba-program-agenda__day-module--1\" id=\"agenda-28-11-sabado-sala-orion-0820-camilo-dias-experiencia-na-famerp\" data-agenda-session data-day=\"28-11-sabado\" data-room=\"SALA ORION\" data-module=\"Acupuntura no Contexto Hospitalar\" data-search=\"sala orion 1.0 acupuntura no contexto hospitalar experi\u00eancia na famerp camilo dias moderador: jo\u00e3o bosco guerreiro\" data-agenda-context-key=\"sala-orion-acupuntura-no-contexto-hospitalar-joao-bosco-guerreiro\" data-agenda-wide=\"false\" style=\"--agenda-row-start:5;--agenda-row-span:1\"><div class=\"cmba-program-agenda__session-head\"><time datetime=\"2026-11-28T08:20:00-03:00\">08:20 - 08:40<\/time><\/div><h3>Experi\u00eancia na FAMERP<\/h3><p class=\"cmba-program-agenda__speaker\">CAMILO DIAS<\/p><p class=\"cmba-program-agenda__meta\"><span>SALA ORION<\/span><\/p><\/article><\/div><div class=\"cmba-program-agenda__matrix-cell cmba-program-agenda__room-tone--sala-hydra\" data-agenda-room-cell=\"SALA HYDRA\"><article class=\"cmba-program-agenda__session cmba-program-agenda__session--lecture cmba-program-agenda__room-tone--sala-hydra cmba-program-agenda__day-module--1\" id=\"agenda-28-11-sabado-sala-hydra-0820-hiaeno-hirata-ayabe-o-papel-da-auriculoterapia-na-insonia\" data-agenda-session data-day=\"28-11-sabado\" data-room=\"SALA HYDRA\" data-module=\"Sa\u00fade Mental, Sono e Qualidade de Vida\" data-search=\"sala hydra 1.0 sa\u00fade mental, sono e qualidade de vida o papel da auriculoterapia na ins\u00f4nia hiaeno hirata ayabe moderador: chang yen yin\" data-agenda-context-key=\"sala-hydra-saude-mental-sono-e-qualidade-de-vida-chang-yen-yin\" data-agenda-wide=\"false\" style=\"--agenda-row-start:5;--agenda-row-span:1\"><div class=\"cmba-program-agenda__session-head\"><time datetime=\"2026-11-28T08:20:00-03:00\">08:20 - 08:40<\/time><\/div><h3>O Papel da Auriculoterapia na Ins\u00f4nia<\/h3><p class=\"cmba-program-agenda__speaker\">HIAENO HIRATA AYABE<\/p><p class=\"cmba-program-agenda__meta\"><span>SALA HYDRA<\/span><\/p><\/article><\/div><div class=\"cmba-program-agenda__matrix-cell cmba-program-agenda__room-tone--sala-hercules\" data-agenda-room-cell=\"SALA HERCULES\"><article class=\"cmba-program-agenda__session cmba-program-agenda__session--lecture cmba-program-agenda__room-tone--sala-hercules cmba-program-agenda__day-module--1\" id=\"agenda-28-11-sabado-sala-hercules-0820-barbara-pimenta-osteoartrite-quando-o-tratamento-conservador-falha-no-paciente-nao-cirurgico-o-que-fazer\" data-agenda-session data-day=\"28-11-sabado\" data-room=\"SALA HERCULES\" data-module=\"Osteoartrite\" data-search=\"sala hercules 1.0 osteoartrite osteoartrite: quando o tratamento conservador falha no paciente n\u00e3o cir\u00fargico. o que fazer? barbara pimenta moderador: marcus pai\" data-agenda-context-key=\"sala-hercules-osteoartrite-marcus-pai\" data-agenda-wide=\"false\" style=\"--agenda-row-start:5;--agenda-row-span:1\"><div class=\"cmba-program-agenda__session-head\"><time datetime=\"2026-11-28T08:20:00-03:00\">08:20 - 08:40<\/time><\/div><h3>Osteoartrite: Quando o Tratamento Conservador Falha no Paciente N\u00e3o Cir\u00fargico. O Que Fazer?<\/h3><p class=\"cmba-program-agenda__speaker\">BARBARA PIMENTA<\/p><p class=\"cmba-program-agenda__meta\"><span>SALA HERCULES<\/span><\/p><\/article><\/div><div class=\"cmba-program-agenda__matrix-cell cmba-program-agenda__room-tone--sala-lyra\" data-agenda-room-cell=\"SALA LYRA\"><\/div><\/div><\/div><div class=\"cmba-program-agenda__matrix-row\"><time datetime=\"2026-11-28T08:40:00-03:00\">08:40<\/time><div class=\"cmba-program-agenda__matrix-cells\"><div class=\"cmba-program-agenda__matrix-cell cmba-program-agenda__room-tone--sala-orion\" data-agenda-room-cell=\"SALA ORION\"><article class=\"cmba-program-agenda__session cmba-program-agenda__session--lecture cmba-program-agenda__room-tone--sala-orion cmba-program-agenda__day-module--1\" id=\"agenda-28-11-sabado-sala-orion-0840-paula-fasano-experiencia-na-fmusp\" data-agenda-session data-day=\"28-11-sabado\" data-room=\"SALA ORION\" data-module=\"Acupuntura no Contexto Hospitalar\" data-search=\"sala orion acupuntura no contexto hospitalar acupuntura no contexto hospitalar experi\u00eancia na fmusp paula fasano moderador: jo\u00e3o bosco guerreiro\" data-agenda-context-key=\"sala-orion-acupuntura-no-contexto-hospitalar-joao-bosco-guerreiro\" data-agenda-wide=\"false\" style=\"--agenda-row-start:6;--agenda-row-span:1\"><div class=\"cmba-program-agenda__session-head\"><time datetime=\"2026-11-28T08:40:00-03:00\">08:40 - 09:00<\/time><\/div><h3>Experi\u00eancia na FMUSP<\/h3><p class=\"cmba-program-agenda__speaker\">PAULA FASANO<\/p><p class=\"cmba-program-agenda__meta\"><span>SALA ORION<\/span><\/p><\/article><\/div><div class=\"cmba-program-agenda__matrix-cell cmba-program-agenda__room-tone--sala-hydra\" data-agenda-room-cell=\"SALA HYDRA\"><article class=\"cmba-program-agenda__session cmba-program-agenda__session--lecture cmba-program-agenda__room-tone--sala-hydra cmba-program-agenda__day-module--1\" id=\"agenda-28-11-sabado-sala-hydra-0840-luiz-carlos-souza-sampaio-acupuntura-e-regulacao-emocional-evidencias-neurobiologicas\" data-agenda-session data-day=\"28-11-sabado\" data-room=\"SALA HYDRA\" data-module=\"Sa\u00fade Mental, Sono e Qualidade de Vida\" data-search=\"sala hydra sa\u00fade mental, sono e qualidade de vida sa\u00fade mental, sono e qualidade de vida acupuntura e regula\u00e7\u00e3o emocional: evid\u00eancias neurobiol\u00f3gicas luiz carlos souza sampaio moderador: chang yen yin\" data-agenda-context-key=\"sala-hydra-saude-mental-sono-e-qualidade-de-vida-chang-yen-yin\" data-agenda-wide=\"false\" style=\"--agenda-row-start:6;--agenda-row-span:1\"><div class=\"cmba-program-agenda__session-head\"><time datetime=\"2026-11-28T08:40:00-03:00\">08:40 - 09:00<\/time><\/div><h3>Acupuntura e Regula\u00e7\u00e3o Emocional: Evid\u00eancias Neurobiol\u00f3gicas<\/h3><p class=\"cmba-program-agenda__speaker\">LUIZ CARLOS SOUZA SAMPAIO<\/p><p class=\"cmba-program-agenda__meta\"><span>SALA HYDRA<\/span><\/p><\/article><\/div><div class=\"cmba-program-agenda__matrix-cell cmba-program-agenda__room-tone--sala-hercules\" data-agenda-room-cell=\"SALA HERCULES\"><article class=\"cmba-program-agenda__session cmba-program-agenda__session--lecture cmba-program-agenda__room-tone--sala-hercules cmba-program-agenda__day-module--1\" id=\"agenda-28-11-sabado-sala-hercules-0840-armando-freitas-topicos-e-transdermicos-na-oa\" data-agenda-session data-day=\"28-11-sabado\" data-room=\"SALA HERCULES\" data-module=\"Osteoartrite\" data-search=\"sala hercules osteoartrite osteoartrite t\u00f3picos e transd\u00e9rmicos na oa armando freitas moderador: marcus pai\" data-agenda-context-key=\"sala-hercules-osteoartrite-marcus-pai\" data-agenda-wide=\"false\" style=\"--agenda-row-start:6;--agenda-row-span:1\"><div class=\"cmba-program-agenda__session-head\"><time datetime=\"2026-11-28T08:40:00-03:00\">08:40 - 09:00<\/time><\/div><h3>T\u00f3picos e Transd\u00e9rmicos na OA<\/h3><p class=\"cmba-program-agenda__speaker\">ARMANDO FREITAS<\/p><p class=\"cmba-program-agenda__meta\"><span>SALA HERCULES<\/span><\/p><\/article><\/div><div class=\"cmba-program-agenda__matrix-cell cmba-program-agenda__room-tone--sala-lyra\" data-agenda-room-cell=\"SALA LYRA\"><\/div><\/div><\/div><div class=\"cmba-program-agenda__matrix-row\"><time datetime=\"2026-11-28T09:00:00-03:00\">09:00<\/time><div class=\"cmba-program-agenda__matrix-cells\"><div class=\"cmba-program-agenda__matrix-cell cmba-program-agenda__room-tone--sala-orion\" data-agenda-room-cell=\"SALA ORION\"><article class=\"cmba-program-agenda__session cmba-program-agenda__session--debate cmba-program-agenda__room-tone--sala-orion cmba-program-agenda__day-module--1\" id=\"agenda-28-11-sabado-sala-orion-0900-debate-debate\" data-agenda-session data-day=\"28-11-sabado\" data-room=\"SALA ORION\" data-module=\"Acupuntura no Contexto Hospitalar\" data-search=\"sala orion acupuntura no contexto hospitalar acupuntura no contexto hospitalar debate moderador: jo\u00e3o bosco guerreiro\" data-agenda-context-key=\"sala-orion-acupuntura-no-contexto-hospitalar-joao-bosco-guerreiro\" data-agenda-wide=\"false\" style=\"--agenda-row-start:7;--agenda-row-span:2\"><div class=\"cmba-program-agenda__session-head\"><time datetime=\"2026-11-28T09:00:00-03:00\">09:00 - 09:30<\/time><\/div><h3>DEBATE<\/h3><p class=\"cmba-program-agenda__meta\"><span>SALA ORION<\/span><\/p><\/article><\/div><div class=\"cmba-program-agenda__matrix-cell cmba-program-agenda__room-tone--sala-hydra\" data-agenda-room-cell=\"SALA HYDRA\"><article class=\"cmba-program-agenda__session cmba-program-agenda__session--debate cmba-program-agenda__room-tone--sala-hydra cmba-program-agenda__day-module--1\" id=\"agenda-28-11-sabado-sala-hydra-0900-debate-debate\" data-agenda-session data-day=\"28-11-sabado\" data-room=\"SALA HYDRA\" data-module=\"Sa\u00fade Mental, Sono e Qualidade de Vida\" data-search=\"sala hydra sa\u00fade mental, sono e qualidade de vida sa\u00fade mental, sono e qualidade de vida debate moderador: chang yen yin\" data-agenda-context-key=\"sala-hydra-saude-mental-sono-e-qualidade-de-vida-chang-yen-yin\" data-agenda-wide=\"false\" style=\"--agenda-row-start:7;--agenda-row-span:2\"><div class=\"cmba-program-agenda__session-head\"><time datetime=\"2026-11-28T09:00:00-03:00\">09:00 - 09:30<\/time><\/div><h3>DEBATE<\/h3><p class=\"cmba-program-agenda__meta\"><span>SALA HYDRA<\/span><\/p><\/article><\/div><div class=\"cmba-program-agenda__matrix-cell cmba-program-agenda__room-tone--sala-hercules\" data-agenda-room-cell=\"SALA HERCULES\"><article class=\"cmba-program-agenda__session cmba-program-agenda__session--debate cmba-program-agenda__room-tone--sala-hercules cmba-program-agenda__day-module--1\" id=\"agenda-28-11-sabado-sala-hercules-0900-debate-debate\" data-agenda-session data-day=\"28-11-sabado\" data-room=\"SALA HERCULES\" data-module=\"Osteoartrite\" data-search=\"sala hercules osteoartrite osteoartrite debate moderador: marcus pai\" data-agenda-context-key=\"sala-hercules-osteoartrite-marcus-pai\" data-agenda-wide=\"false\" style=\"--agenda-row-start:7;--agenda-row-span:2\"><div class=\"cmba-program-agenda__session-head\"><time datetime=\"2026-11-28T09:00:00-03:00\">09:00 - 09:30<\/time><\/div><h3>DEBATE<\/h3><p class=\"cmba-program-agenda__meta\"><span>SALA HERCULES<\/span><\/p><\/article><\/div><div class=\"cmba-program-agenda__matrix-cell cmba-program-agenda__room-tone--sala-lyra\" data-agenda-room-cell=\"SALA LYRA\"><\/div><\/div><\/div><div class=\"cmba-program-agenda__matrix-row\"><time datetime=\"2026-11-28T09:30:00-03:00\">09:30<\/time><div class=\"cmba-program-agenda__matrix-cells\"><div class=\"cmba-program-agenda__matrix-cell cmba-program-agenda__room-tone--sala-orion cmba-program-agenda__matrix-cell--module-start\" data-agenda-room-cell=\"SALA ORION\"><header class=\"cmba-program-agenda__module-context cmba-program-agenda__room-tone--sala-orion cmba-program-agenda__day-module--2\" data-agenda-context data-agenda-context-key=\"sala-orion-temas-gerais-luiz-carlos-souza-sampaio\"><strong>TEMAS GERAIS<\/strong><span>Modera\u00e7\u00e3o: Luiz Carlos Souza Sampaio<\/span><\/header><article class=\"cmba-program-agenda__session cmba-program-agenda__session--lecture cmba-program-agenda__room-tone--sala-orion cmba-program-agenda__day-module--2\" id=\"agenda-28-11-sabado-sala-orion-0930-rubens-zanella-tratamento-da-retocolite-ulcerativa-com-eletroacupuntura-follow-up-de-30-anos\" data-agenda-session data-day=\"28-11-sabado\" data-room=\"SALA ORION\" data-module=\"TEMAS GERAIS\" data-search=\"sala orion temas gerais temas gerais tratamento da retocolite ulcerativa com eletroacupuntura - follow up de 30 anos rubens zanella moderador: luiz carlos souza sampaio\" data-agenda-context-key=\"sala-orion-temas-gerais-luiz-carlos-souza-sampaio\" data-agenda-wide=\"false\" style=\"--agenda-row-start:8;--agenda-row-span:1\"><div class=\"cmba-program-agenda__session-head\"><time datetime=\"2026-11-28T09:30:00-03:00\">09:30 - 09:50<\/time><\/div><h3>Tratamento da Retocolite Ulcerativa com Eletroacupuntura - Follow Up de 30 anos<\/h3><p class=\"cmba-program-agenda__speaker\">RUBENS ZANELLA<\/p><p class=\"cmba-program-agenda__meta\"><span>SALA ORION<\/span><\/p><\/article><\/div><div class=\"cmba-program-agenda__matrix-cell cmba-program-agenda__room-tone--sala-hydra cmba-program-agenda__matrix-cell--module-start\" data-agenda-room-cell=\"SALA HYDRA\"><header class=\"cmba-program-agenda__module-context cmba-program-agenda__room-tone--sala-hydra cmba-program-agenda__day-module--2\" data-agenda-context data-agenda-context-key=\"sala-hydra-dor-toracica-e-acupuntura-luciana-aikawa\"><strong>Dor Tor\u00e1cica e Acupuntura<\/strong><span>Modera\u00e7\u00e3o: Luciana Aikawa<\/span><\/header><article class=\"cmba-program-agenda__session cmba-program-agenda__session--lecture cmba-program-agenda__room-tone--sala-hydra cmba-program-agenda__day-module--2\" id=\"agenda-28-11-sabado-sala-hydra-0930-fernando-sant-anna-dor-toracica-nao-cardiaca\" data-agenda-session data-day=\"28-11-sabado\" data-room=\"SALA HYDRA\" data-module=\"Dor Tor\u00e1cica e Acupuntura\" data-search=\"sala hydra dor tor\u00e1cica e acupuntura dor tor\u00e1cica e acupuntura dor tor\u00e1cica n\u00e3o card\u00edaca fernando sant&#039;anna moderador: luciana aikawa\" data-agenda-context-key=\"sala-hydra-dor-toracica-e-acupuntura-luciana-aikawa\" data-agenda-wide=\"false\" style=\"--agenda-row-start:8;--agenda-row-span:1\"><div class=\"cmba-program-agenda__session-head\"><time datetime=\"2026-11-28T09:30:00-03:00\">09:30 - 09:50<\/time><\/div><h3>Dor Tor\u00e1cica n\u00e3o card\u00edaca<\/h3><p class=\"cmba-program-agenda__speaker\">FERNANDO SANT&#039;ANNA<\/p><p class=\"cmba-program-agenda__meta\"><span>SALA HYDRA<\/span><\/p><\/article><\/div><div class=\"cmba-program-agenda__matrix-cell cmba-program-agenda__room-tone--sala-hercules cmba-program-agenda__matrix-cell--module-start\" data-agenda-room-cell=\"SALA HERCULES\"><header class=\"cmba-program-agenda__module-context cmba-program-agenda__room-tone--sala-hercules cmba-program-agenda__day-module--2\" data-agenda-context data-agenda-context-key=\"sala-hercules-canabinoides-de-tratamento-da-dor-flavia-vadas\"><strong>Canabin\u00f3ides de Tratamento da Dor<\/strong><span>Modera\u00e7\u00e3o: Flavia Vadas<\/span><\/header><article class=\"cmba-program-agenda__session cmba-program-agenda__session--lecture cmba-program-agenda__room-tone--sala-hercules cmba-program-agenda__day-module--2 is-tentative\" id=\"agenda-28-11-sabado-sala-hercules-0930-em-definicao-evidencias-indicacoes-e-limitacoes\" data-agenda-session data-day=\"28-11-sabado\" data-room=\"SALA HERCULES\" data-module=\"Canabin\u00f3ides de Tratamento da Dor\" data-search=\"sala hercules canabin\u00f3ides de tratamento da dor canabin\u00f3ides de tratamento da dor evid\u00eancias, indica\u00e7\u00f5es e limita\u00e7\u00f5es em defini\u00e7\u00e3o moderador: flavia vadas\" data-agenda-context-key=\"sala-hercules-canabinoides-de-tratamento-da-dor-flavia-vadas\" data-agenda-wide=\"false\" style=\"--agenda-row-start:8;--agenda-row-span:1\"><div class=\"cmba-program-agenda__session-head\"><time datetime=\"2026-11-28T09:30:00-03:00\">09:30 - 09:50<\/time><span class=\"cmba-program-agenda__status\">Em defini\u00e7\u00e3o<\/span><\/div><h3>Evid\u00eancias, Indica\u00e7\u00f5es e Limita\u00e7\u00f5es<\/h3><p class=\"cmba-program-agenda__meta\"><span>SALA HERCULES<\/span><\/p><\/article><\/div><div class=\"cmba-program-agenda__matrix-cell cmba-program-agenda__room-tone--sala-lyra\" data-agenda-room-cell=\"SALA LYRA\"><\/div><\/div><\/div><div class=\"cmba-program-agenda__matrix-row\"><time datetime=\"2026-11-28T09:50:00-03:00\">09:50<\/time><div class=\"cmba-program-agenda__matrix-cells\"><div class=\"cmba-program-agenda__matrix-cell cmba-program-agenda__room-tone--sala-orion\" data-agenda-room-cell=\"SALA ORION\"><article class=\"cmba-program-agenda__session cmba-program-agenda__session--lecture cmba-program-agenda__room-tone--sala-orion cmba-program-agenda__day-module--2\" id=\"agenda-28-11-sabado-sala-orion-0950-otino-jose-de-araujo-freitas-a-historia-da-especialidade-medica-da-acupuntura\" data-agenda-session data-day=\"28-11-sabado\" data-room=\"SALA ORION\" data-module=\"TEMAS GERAIS\" data-search=\"sala orion 2.0 temas gerais a hist\u00f3ria da especialidade m\u00e9dica da acupuntura otino jos\u00c9 de ara\u00dajo freitas moderador: luiz carlos souza sampaio\" data-agenda-context-key=\"sala-orion-temas-gerais-luiz-carlos-souza-sampaio\" data-agenda-wide=\"false\" style=\"--agenda-row-start:9;--agenda-row-span:1\"><div class=\"cmba-program-agenda__session-head\"><time datetime=\"2026-11-28T09:50:00-03:00\">09:50 - 10:10<\/time><\/div><h3>A Hist\u00f3ria da Especialidade M\u00e9dica da Acupuntura<\/h3><p class=\"cmba-program-agenda__speaker\">OTINO JOS\u00c9 DE ARA\u00daJO FREITAS<\/p><p class=\"cmba-program-agenda__meta\"><span>SALA ORION<\/span><\/p><\/article><\/div><div class=\"cmba-program-agenda__matrix-cell cmba-program-agenda__room-tone--sala-hydra\" data-agenda-room-cell=\"SALA HYDRA\"><article class=\"cmba-program-agenda__session cmba-program-agenda__session--lecture cmba-program-agenda__room-tone--sala-hydra cmba-program-agenda__day-module--2\" id=\"agenda-28-11-sabado-sala-hydra-0950-antonio-carlos-martins-cirilo-dor-toracica-musculoesqueletica-acupuntura-e-reabilitacao\" data-agenda-session data-day=\"28-11-sabado\" data-room=\"SALA HYDRA\" data-module=\"Dor Tor\u00e1cica e Acupuntura\" data-search=\"sala hydra 2.0 dor tor\u00e1cica e acupuntura dor tor\u00e1cica musculoesquel\u00e9tica: acupuntura e reabilita\u00e7\u00e3o antonio carlos martins cirilo moderador: luciana aikawa\" data-agenda-context-key=\"sala-hydra-dor-toracica-e-acupuntura-luciana-aikawa\" data-agenda-wide=\"false\" style=\"--agenda-row-start:9;--agenda-row-span:1\"><div class=\"cmba-program-agenda__session-head\"><time datetime=\"2026-11-28T09:50:00-03:00\">09:50 - 10:10<\/time><\/div><h3>Dor Tor\u00e1cica Musculoesquel\u00e9tica: Acupuntura e Reabilita\u00e7\u00e3o<\/h3><p class=\"cmba-program-agenda__speaker\">ANTONIO CARLOS MARTINS CIRILO<\/p><p class=\"cmba-program-agenda__meta\"><span>SALA HYDRA<\/span><\/p><\/article><\/div><div class=\"cmba-program-agenda__matrix-cell cmba-program-agenda__room-tone--sala-hercules\" data-agenda-room-cell=\"SALA HERCULES\"><article class=\"cmba-program-agenda__session cmba-program-agenda__session--lecture cmba-program-agenda__room-tone--sala-hercules cmba-program-agenda__day-module--2\" id=\"agenda-28-11-sabado-sala-hercules-0950-mariana-palladini-como-prescrever-na-dor-cronica\" data-agenda-session data-day=\"28-11-sabado\" data-room=\"SALA HERCULES\" data-module=\"Canabin\u00f3ides de Tratamento da Dor\" data-search=\"sala hercules 2.0 canabin\u00f3ides de tratamento da dor como prescrever na dor cr\u00f4nica? mariana palladini moderador: flavia vadas\" data-agenda-context-key=\"sala-hercules-canabinoides-de-tratamento-da-dor-flavia-vadas\" data-agenda-wide=\"false\" style=\"--agenda-row-start:9;--agenda-row-span:1\"><div class=\"cmba-program-agenda__session-head\"><time datetime=\"2026-11-28T09:50:00-03:00\">09:50 - 10:10<\/time><\/div><h3>Como Prescrever na Dor Cr\u00f4nica?<\/h3><p class=\"cmba-program-agenda__speaker\">Mariana Palladini<\/p><p class=\"cmba-program-agenda__meta\"><span>SALA HERCULES<\/span><\/p><\/article><\/div><div class=\"cmba-program-agenda__matrix-cell cmba-program-agenda__room-tone--sala-lyra\" data-agenda-room-cell=\"SALA LYRA\"><\/div><\/div><\/div><div class=\"cmba-program-agenda__matrix-row\"><time datetime=\"2026-11-28T10:10:00-03:00\">10:10<\/time><div class=\"cmba-program-agenda__matrix-cells\"><div class=\"cmba-program-agenda__matrix-cell cmba-program-agenda__room-tone--sala-orion\" data-agenda-room-cell=\"SALA ORION\"><article class=\"cmba-program-agenda__session cmba-program-agenda__session--debate cmba-program-agenda__room-tone--sala-orion cmba-program-agenda__day-module--2\" id=\"agenda-28-11-sabado-sala-orion-1010-debate-debate\" data-agenda-session data-day=\"28-11-sabado\" data-room=\"SALA ORION\" data-module=\"TEMAS GERAIS\" data-search=\"sala orion temas gerais temas gerais debate moderador: luiz carlos souza sampaio\" data-agenda-context-key=\"sala-orion-temas-gerais-luiz-carlos-souza-sampaio\" data-agenda-wide=\"false\" style=\"--agenda-row-start:10;--agenda-row-span:1\"><div class=\"cmba-program-agenda__session-head\"><time datetime=\"2026-11-28T10:10:00-03:00\">10:10 - 10:30<\/time><\/div><h3>DEBATE<\/h3><p class=\"cmba-program-agenda__meta\"><span>SALA ORION<\/span><\/p><\/article><\/div><div class=\"cmba-program-agenda__matrix-cell cmba-program-agenda__room-tone--sala-hydra\" data-agenda-room-cell=\"SALA HYDRA\"><article class=\"cmba-program-agenda__session cmba-program-agenda__session--debate cmba-program-agenda__room-tone--sala-hydra cmba-program-agenda__day-module--2\" id=\"agenda-28-11-sabado-sala-hydra-1010-debate-debate\" data-agenda-session data-day=\"28-11-sabado\" data-room=\"SALA HYDRA\" data-module=\"Dor Tor\u00e1cica e Acupuntura\" data-search=\"sala hydra dor tor\u00e1cica e acupuntura dor tor\u00e1cica e acupuntura debate moderador: luciana aikawa\" data-agenda-context-key=\"sala-hydra-dor-toracica-e-acupuntura-luciana-aikawa\" data-agenda-wide=\"false\" style=\"--agenda-row-start:10;--agenda-row-span:1\"><div class=\"cmba-program-agenda__session-head\"><time datetime=\"2026-11-28T10:10:00-03:00\">10:10 - 10:30<\/time><\/div><h3>DEBATE<\/h3><p class=\"cmba-program-agenda__meta\"><span>SALA HYDRA<\/span><\/p><\/article><\/div><div class=\"cmba-program-agenda__matrix-cell cmba-program-agenda__room-tone--sala-hercules\" data-agenda-room-cell=\"SALA HERCULES\"><article class=\"cmba-program-agenda__session cmba-program-agenda__session--debate cmba-program-agenda__room-tone--sala-hercules cmba-program-agenda__day-module--2\" id=\"agenda-28-11-sabado-sala-hercules-1010-debate-debate\" data-agenda-session data-day=\"28-11-sabado\" data-room=\"SALA HERCULES\" data-module=\"Canabin\u00f3ides de Tratamento da Dor\" data-search=\"sala hercules canabin\u00f3ides de tratamento da dor canabin\u00f3ides de tratamento da dor debate moderador: flavia vadas\" data-agenda-context-key=\"sala-hercules-canabinoides-de-tratamento-da-dor-flavia-vadas\" data-agenda-wide=\"false\" style=\"--agenda-row-start:10;--agenda-row-span:1\"><div class=\"cmba-program-agenda__session-head\"><time datetime=\"2026-11-28T10:10:00-03:00\">10:10 - 10:30<\/time><\/div><h3>DEBATE<\/h3><p class=\"cmba-program-agenda__meta\"><span>SALA HERCULES<\/span><\/p><\/article><\/div><div class=\"cmba-program-agenda__matrix-cell cmba-program-agenda__room-tone--sala-lyra\" data-agenda-room-cell=\"SALA LYRA\"><\/div><\/div><\/div><div class=\"cmba-program-agenda__matrix-row cmba-program-agenda__matrix-row--wide\"><time datetime=\"2026-11-28T10:30:00-03:00\">10:30<\/time><div class=\"cmba-program-agenda__matrix-wide cmba-program-agenda__room-tone--todas-as-salas\"><article class=\"cmba-program-agenda__session cmba-program-agenda__session--break cmba-program-agenda__room-tone--todas-as-salas cmba-program-agenda__day-module--2\" id=\"agenda-28-11-sabado-todas-as-salas-1030-coffee-break-coffee-break\" data-agenda-session data-day=\"28-11-sabado\" data-room=\"Todas as salas\" data-module=\"Intervalo\" data-search=\"todas as salas intervalo intervalo coffee break\" data-agenda-context-key=\"todas-as-salas-intervalo\" data-agenda-wide=\"true\" style=\"--agenda-row-start:11;--agenda-row-span:2\"><div class=\"cmba-program-agenda__session-head\"><time datetime=\"2026-11-28T10:30:00-03:00\">10:30 - 11:00<\/time><\/div><h3>Coffee Break<\/h3><p class=\"cmba-program-agenda__meta\"><span>Todas as salas<\/span><\/p><\/article><\/div><\/div><div class=\"cmba-program-agenda__matrix-row\"><time datetime=\"2026-11-28T11:00:00-03:00\">11:00<\/time><div class=\"cmba-program-agenda__matrix-cells\"><div class=\"cmba-program-agenda__matrix-cell cmba-program-agenda__room-tone--sala-orion cmba-program-agenda__matrix-cell--module-start\" data-agenda-room-cell=\"SALA ORION\"><header class=\"cmba-program-agenda__module-context cmba-program-agenda__room-tone--sala-orion cmba-program-agenda__day-module--3\" data-agenda-context data-agenda-context-key=\"sala-orion-internacionais-luiz-dian\"><strong>Internacionais<\/strong><span>Modera\u00e7\u00e3o: Luiz Dian<\/span><\/header><article class=\"cmba-program-agenda__session cmba-program-agenda__session--lecture cmba-program-agenda__room-tone--sala-orion cmba-program-agenda__day-module--3\" id=\"agenda-28-11-sabado-sala-orion-1100-francesco-menichelli-paresia-facial-e-acupuntura\" data-agenda-session data-day=\"28-11-sabado\" data-room=\"SALA ORION\" data-module=\"Internacionais\" data-search=\"sala orion internacionais internacionais paresia facial e acupuntura francesco menichelli moderador: luiz dian\" data-agenda-context-key=\"sala-orion-internacionais-luiz-dian\" data-agenda-wide=\"false\" style=\"--agenda-row-start:13;--agenda-row-span:1\"><div class=\"cmba-program-agenda__session-head\"><time datetime=\"2026-11-28T11:00:00-03:00\">11:00 - 11:20<\/time><\/div><h3>Paresia Facial e Acupuntura<\/h3><p class=\"cmba-program-agenda__speaker\">FRANCESCO MENICHELLI<\/p><p class=\"cmba-program-agenda__meta\"><span>SALA ORION<\/span><\/p><\/article><\/div><div class=\"cmba-program-agenda__matrix-cell cmba-program-agenda__room-tone--sala-hydra cmba-program-agenda__matrix-cell--module-start\" data-agenda-room-cell=\"SALA HYDRA\"><header class=\"cmba-program-agenda__module-context cmba-program-agenda__room-tone--sala-hydra cmba-program-agenda__day-module--3\" data-agenda-context data-agenda-context-key=\"sala-hydra-saude-da-mulher-lin-chen-hau\"><strong>Sa\u00fade da Mulher<\/strong><span>Modera\u00e7\u00e3o: Lin Chen Hau<\/span><\/header><article class=\"cmba-program-agenda__session cmba-program-agenda__session--lecture cmba-program-agenda__room-tone--sala-hydra cmba-program-agenda__day-module--3\" id=\"agenda-28-11-sabado-sala-hydra-1100-maryangela-darella-disturbios-peri-menstruais\" data-agenda-session data-day=\"28-11-sabado\" data-room=\"SALA HYDRA\" data-module=\"Sa\u00fade da Mulher\" data-search=\"sala hydra sa\u00fade da mulher sa\u00fade da mulher dist\u00farbios peri menstruais maryangela darella moderador: lin chen hau\" data-agenda-context-key=\"sala-hydra-saude-da-mulher-lin-chen-hau\" data-agenda-wide=\"false\" style=\"--agenda-row-start:13;--agenda-row-span:1\"><div class=\"cmba-program-agenda__session-head\"><time datetime=\"2026-11-28T11:00:00-03:00\">11:00 - 11:20<\/time><\/div><h3>Dist\u00farbios Peri Menstruais<\/h3><p class=\"cmba-program-agenda__speaker\">MARYANGELA DARELLA<\/p><p class=\"cmba-program-agenda__meta\"><span>SALA HYDRA<\/span><\/p><\/article><\/div><div class=\"cmba-program-agenda__matrix-cell cmba-program-agenda__room-tone--sala-hercules cmba-program-agenda__matrix-cell--module-start\" data-agenda-room-cell=\"SALA HERCULES\"><header class=\"cmba-program-agenda__module-context cmba-program-agenda__room-tone--sala-hercules cmba-program-agenda__day-module--3\" data-agenda-context data-agenda-context-key=\"sala-hercules-fibromialgia-carlos-eduardo-mendes\"><strong>Fibromialgia<\/strong><span>Modera\u00e7\u00e3o: Carlos Eduardo Mendes<\/span><\/header><article class=\"cmba-program-agenda__session cmba-program-agenda__session--lecture cmba-program-agenda__room-tone--sala-hercules cmba-program-agenda__day-module--3\" id=\"agenda-28-11-sabado-sala-hercules-1100-levi-higino-jales-junior-terapia-antialgica-integrada-tai-no-controle-terapeutico-da-fibromialgia\" data-agenda-session data-day=\"28-11-sabado\" data-room=\"SALA HERCULES\" data-module=\"Fibromialgia\" data-search=\"sala hercules fibromialgia fibromialgia terapia anti\u00e1lgica integrada (tai) no controle terap\u00eautico da fibromialgia levi higino jales junior moderador: carlos eduardo mendes\" data-agenda-context-key=\"sala-hercules-fibromialgia-carlos-eduardo-mendes\" data-agenda-wide=\"false\" style=\"--agenda-row-start:13;--agenda-row-span:1\"><div class=\"cmba-program-agenda__session-head\"><time datetime=\"2026-11-28T11:00:00-03:00\">11:00 - 11:20<\/time><\/div><h3>Terapia Anti\u00e1lgica Integrada (TAI) no Controle Terap\u00eautico da Fibromialgia<\/h3><p class=\"cmba-program-agenda__speaker\">LEVI HIGINO JALES JUNIOR<\/p><p class=\"cmba-program-agenda__meta\"><span>SALA HERCULES<\/span><\/p><\/article><\/div><div class=\"cmba-program-agenda__matrix-cell cmba-program-agenda__room-tone--sala-lyra cmba-program-agenda__matrix-cell--module-start\" data-agenda-room-cell=\"SALA LYRA\"><article class=\"cmba-program-agenda__session cmba-program-agenda__session--course cmba-program-agenda__room-tone--sala-lyra cmba-program-agenda__day-module--3\" id=\"agenda-28-11-sabado-sala-lyra-1100-palestrante-bernardo-silveira-radiofrequencia-e-crioablacao-individualizando-o-tratamento-intervencionista-da-dor\" data-agenda-session data-day=\"28-11-sabado\" data-room=\"SALA LYRA\" data-module=\"CURSO INTERVEN\u00c7\u00c3O EM DOR\" data-search=\"sala lyra curso interven\u00c7\u00c3o em dor curso interven\u00c7\u00c3o em dor radiofrequ\u00eancia e crioabla\u00e7\u00e3o: individualizando o tratamento intervencionista da dor palestrante: bernardo silveira moderador: luc\u00edlia de brito tavares\" data-agenda-context-key=\"sala-lyra-curso-intervencao-em-dor-lucilia-de-brito-tavares\" data-agenda-wide=\"false\" style=\"--agenda-row-start:13;--agenda-row-span:3\"><div class=\"cmba-program-agenda__session-head\"><time datetime=\"2026-11-28T11:00:00-03:00\">11:00 - 12:00<\/time><\/div><h3>Radiofrequ\u00eancia e Crioabla\u00e7\u00e3o: Individualizando o Tratamento Intervencionista da Dor<\/h3><p class=\"cmba-program-agenda__speaker\">Palestrante: BERNARDO SILVEIRA<\/p><p class=\"cmba-program-agenda__meta\"><span>SALA LYRA<\/span><\/p><\/article><\/div><\/div><\/div><div class=\"cmba-program-agenda__matrix-row\"><time datetime=\"2026-11-28T11:20:00-03:00\">11:20<\/time><div class=\"cmba-program-agenda__matrix-cells\"><div class=\"cmba-program-agenda__matrix-cell cmba-program-agenda__room-tone--sala-orion\" data-agenda-room-cell=\"SALA ORION\"><article class=\"cmba-program-agenda__session cmba-program-agenda__session--lecture cmba-program-agenda__room-tone--sala-orion cmba-program-agenda__day-module--3\" id=\"agenda-28-11-sabado-sala-orion-1120-dominik-irnich-evidencia-cientifica-dos-trigger-points\" data-agenda-session data-day=\"28-11-sabado\" data-room=\"SALA ORION\" data-module=\"Internacionais\" data-search=\"sala orion 3.0 internacionais evid\u00eancia cient\u00edfica dos trigger points dominik irnich moderador: luiz dian\" data-agenda-context-key=\"sala-orion-internacionais-luiz-dian\" data-agenda-wide=\"false\" style=\"--agenda-row-start:14;--agenda-row-span:1\"><div class=\"cmba-program-agenda__session-head\"><time datetime=\"2026-11-28T11:20:00-03:00\">11:20 - 11:40<\/time><\/div><h3>Evid\u00eancia Cient\u00edfica dos Trigger Points<\/h3><p class=\"cmba-program-agenda__speaker\">DOMINIK IRNICH<\/p><p class=\"cmba-program-agenda__meta\"><span>SALA ORION<\/span><\/p><\/article><\/div><div class=\"cmba-program-agenda__matrix-cell cmba-program-agenda__room-tone--sala-hydra\" data-agenda-room-cell=\"SALA HYDRA\"><article class=\"cmba-program-agenda__session cmba-program-agenda__session--lecture cmba-program-agenda__room-tone--sala-hydra cmba-program-agenda__day-module--3\" id=\"agenda-28-11-sabado-sala-hydra-1120-silvana-maria-silva-fernandes-acupuntura-na-menopausa-controle-dos-sintomas-e-qualidade-de-vida\" data-agenda-session data-day=\"28-11-sabado\" data-room=\"SALA HYDRA\" data-module=\"Sa\u00fade da Mulher\" data-search=\"sala hydra 3.0 sa\u00fade da mulher acupuntura na menopausa: controle dos sintomas e qualidade de vida silvana maria silva fernandes moderador: lin chen hau\" data-agenda-context-key=\"sala-hydra-saude-da-mulher-lin-chen-hau\" data-agenda-wide=\"false\" style=\"--agenda-row-start:14;--agenda-row-span:1\"><div class=\"cmba-program-agenda__session-head\"><time datetime=\"2026-11-28T11:20:00-03:00\">11:20 - 11:40<\/time><\/div><h3>Acupuntura na Menopausa: Controle dos Sintomas e Qualidade de Vida<\/h3><p class=\"cmba-program-agenda__speaker\">SILVANA MARIA SILVA FERNANDES<\/p><p class=\"cmba-program-agenda__meta\"><span>SALA HYDRA<\/span><\/p><\/article><\/div><div class=\"cmba-program-agenda__matrix-cell cmba-program-agenda__room-tone--sala-hercules\" data-agenda-room-cell=\"SALA HERCULES\"><article class=\"cmba-program-agenda__session cmba-program-agenda__session--lecture cmba-program-agenda__room-tone--sala-hercules cmba-program-agenda__day-module--3\" id=\"agenda-28-11-sabado-sala-hercules-1120-walter-viterbo-aspectos-emocionais-no-tratamento-da-fibromialgia\" data-agenda-session data-day=\"28-11-sabado\" data-room=\"SALA HERCULES\" data-module=\"Fibromialgia\" data-search=\"sala hercules 3.0 fibromialgia aspectos emocionais no tratamento da fibromialgia walter viterbo moderador: carlos eduardo mendes\" data-agenda-context-key=\"sala-hercules-fibromialgia-carlos-eduardo-mendes\" data-agenda-wide=\"false\" style=\"--agenda-row-start:14;--agenda-row-span:1\"><div class=\"cmba-program-agenda__session-head\"><time datetime=\"2026-11-28T11:20:00-03:00\">11:20 - 11:40<\/time><\/div><h3>Aspectos Emocionais no Tratamento da Fibromialgia<\/h3><p class=\"cmba-program-agenda__speaker\">WALTER VITERBO<\/p><p class=\"cmba-program-agenda__meta\"><span>SALA HERCULES<\/span><\/p><\/article><\/div><div class=\"cmba-program-agenda__matrix-cell cmba-program-agenda__room-tone--sala-lyra\" data-agenda-room-cell=\"SALA LYRA\"><\/div><\/div><\/div><div class=\"cmba-program-agenda__matrix-row\"><time datetime=\"2026-11-28T11:40:00-03:00\">11:40<\/time><div class=\"cmba-program-agenda__matrix-cells\"><div class=\"cmba-program-agenda__matrix-cell cmba-program-agenda__room-tone--sala-orion\" data-agenda-room-cell=\"SALA ORION\"><article class=\"cmba-program-agenda__session cmba-program-agenda__session--debate cmba-program-agenda__room-tone--sala-orion cmba-program-agenda__day-module--3\" id=\"agenda-28-11-sabado-sala-orion-1140-debate-debate\" data-agenda-session data-day=\"28-11-sabado\" data-room=\"SALA ORION\" data-module=\"Internacionais\" data-search=\"sala orion internacionais internacionais debate moderador: luiz dian\" data-agenda-context-key=\"sala-orion-internacionais-luiz-dian\" data-agenda-wide=\"false\" style=\"--agenda-row-start:15;--agenda-row-span:1\"><div class=\"cmba-program-agenda__session-head\"><time datetime=\"2026-11-28T11:40:00-03:00\">11:40 - 12:00<\/time><\/div><h3>DEBATE<\/h3><p class=\"cmba-program-agenda__meta\"><span>SALA ORION<\/span><\/p><\/article><\/div><div class=\"cmba-program-agenda__matrix-cell cmba-program-agenda__room-tone--sala-hydra\" data-agenda-room-cell=\"SALA HYDRA\"><article class=\"cmba-program-agenda__session cmba-program-agenda__session--debate cmba-program-agenda__room-tone--sala-hydra cmba-program-agenda__day-module--3\" id=\"agenda-28-11-sabado-sala-hydra-1140-debate-debate\" data-agenda-session data-day=\"28-11-sabado\" data-room=\"SALA HYDRA\" data-module=\"Sa\u00fade da Mulher\" data-search=\"sala hydra sa\u00fade da mulher sa\u00fade da mulher debate moderador: lin chen hau\" data-agenda-context-key=\"sala-hydra-saude-da-mulher-lin-chen-hau\" data-agenda-wide=\"false\" style=\"--agenda-row-start:15;--agenda-row-span:1\"><div class=\"cmba-program-agenda__session-head\"><time datetime=\"2026-11-28T11:40:00-03:00\">11:40 - 12:00<\/time><\/div><h3>DEBATE<\/h3><p class=\"cmba-program-agenda__meta\"><span>SALA HYDRA<\/span><\/p><\/article><\/div><div class=\"cmba-program-agenda__matrix-cell cmba-program-agenda__room-tone--sala-hercules\" data-agenda-room-cell=\"SALA HERCULES\"><article class=\"cmba-program-agenda__session cmba-program-agenda__session--debate cmba-program-agenda__room-tone--sala-hercules cmba-program-agenda__day-module--3\" id=\"agenda-28-11-sabado-sala-hercules-1140-debate-debate\" data-agenda-session data-day=\"28-11-sabado\" data-room=\"SALA HERCULES\" data-module=\"Fibromialgia\" data-search=\"sala hercules fibromialgia fibromialgia debate moderador: carlos eduardo mendes\" data-agenda-context-key=\"sala-hercules-fibromialgia-carlos-eduardo-mendes\" data-agenda-wide=\"false\" style=\"--agenda-row-start:15;--agenda-row-span:1\"><div class=\"cmba-program-agenda__session-head\"><time datetime=\"2026-11-28T11:40:00-03:00\">11:40 - 12:00<\/time><\/div><h3>DEBATE<\/h3><p class=\"cmba-program-agenda__meta\"><span>SALA HERCULES<\/span><\/p><\/article><\/div><div class=\"cmba-program-agenda__matrix-cell cmba-program-agenda__room-tone--sala-lyra\" data-agenda-room-cell=\"SALA LYRA\"><\/div><\/div><\/div><div class=\"cmba-program-agenda__matrix-row\"><time datetime=\"2026-11-28T12:15:00-03:00\">12:15<\/time><div class=\"cmba-program-agenda__matrix-cells\"><div class=\"cmba-program-agenda__matrix-cell cmba-program-agenda__room-tone--sala-orion\" data-agenda-room-cell=\"SALA ORION\"><header class=\"cmba-program-agenda__module-context cmba-program-agenda__room-tone--sala-orion cmba-program-agenda__day-module--3\" data-agenda-context data-agenda-context-key=\"sala-orion-1200-1400\"><strong>12:00 - 14:00<\/strong><\/header><article class=\"cmba-program-agenda__session cmba-program-agenda__session--lecture cmba-program-agenda__room-tone--sala-orion cmba-program-agenda__day-module--3\" id=\"agenda-28-11-sabado-sala-orion-1215-silvana-maria-silva-fernandes-forum-das-ligas-de-acupuntura-e-residencia-medica\" data-agenda-session data-day=\"28-11-sabado\" data-room=\"SALA ORION\" data-module=\"12:00 - 14:00\" data-search=\"sala orion 12:00 - 14:00 12:00 - 14:00 f\u00f3rum das ligas de acupuntura e resid\u00eancia m\u00e9dica silvana maria silva fernandes\" data-agenda-context-key=\"sala-orion-1200-1400\" data-agenda-wide=\"false\" style=\"--agenda-row-start:16;--agenda-row-span:5\"><div class=\"cmba-program-agenda__session-head\"><time datetime=\"2026-11-28T12:15:00-03:00\">12:15 - 13:45<\/time><\/div><h3>F\u00f3rum das Ligas de Acupuntura e Resid\u00eancia M\u00e9dica<\/h3><p class=\"cmba-program-agenda__speaker\">Silvana Maria Silva Fernandes<\/p><p class=\"cmba-program-agenda__meta\"><span>SALA ORION<\/span><\/p><\/article><\/div><div class=\"cmba-program-agenda__matrix-cell cmba-program-agenda__room-tone--sala-hydra\" data-agenda-room-cell=\"SALA HYDRA\"><\/div><div class=\"cmba-program-agenda__matrix-cell cmba-program-agenda__room-tone--sala-hercules\" data-agenda-room-cell=\"SALA HERCULES\"><\/div><div class=\"cmba-program-agenda__matrix-cell cmba-program-agenda__room-tone--sala-lyra\" data-agenda-room-cell=\"SALA LYRA\"><article class=\"cmba-program-agenda__session cmba-program-agenda__session--course cmba-program-agenda__room-tone--sala-lyra cmba-program-agenda__day-module--3\" id=\"agenda-28-11-sabado-sala-lyra-1215-simposio-satelite-simposio-satelite\" data-agenda-session data-day=\"28-11-sabado\" data-room=\"SALA LYRA\" data-module=\"CURSO INTERVEN\u00c7\u00c3O EM DOR\" data-search=\"sala lyra curso interven\u00c7\u00c3o em dor curso interven\u00c7\u00c3o em dor simp\u00d3sio sat\u00c9lite moderador: luc\u00edlia de brito tavares\" data-agenda-context-key=\"sala-lyra-curso-intervencao-em-dor-lucilia-de-brito-tavares\" data-agenda-wide=\"false\" style=\"--agenda-row-start:16;--agenda-row-span:5\"><div class=\"cmba-program-agenda__session-head\"><time datetime=\"2026-11-28T12:15:00-03:00\">12:15 - 13:45<\/time><\/div><h3>SIMP\u00d3SIO SAT\u00c9LITE<\/h3><p class=\"cmba-program-agenda__meta\"><span>SALA LYRA<\/span><\/p><\/article><\/div><\/div><\/div><div class=\"cmba-program-agenda__matrix-row\"><time datetime=\"2026-11-28T14:00:00-03:00\">14:00<\/time><div class=\"cmba-program-agenda__matrix-cells\"><div class=\"cmba-program-agenda__matrix-cell cmba-program-agenda__room-tone--sala-orion cmba-program-agenda__matrix-cell--module-start\" data-agenda-room-cell=\"SALA ORION\"><header class=\"cmba-program-agenda__module-context cmba-program-agenda__room-tone--sala-orion cmba-program-agenda__day-module--4\" data-agenda-context data-agenda-context-key=\"sala-orion-dor-musculoesqueletica-marcio-travaglini-carvalho-pereira\"><strong>Dor Musculoesquel\u00e9tica<\/strong><span>Modera\u00e7\u00e3o: M\u00e1rcio Travaglini Carvalho Pereira<\/span><\/header><article class=\"cmba-program-agenda__session cmba-program-agenda__session--lecture cmba-program-agenda__room-tone--sala-orion cmba-program-agenda__day-module--4\" id=\"agenda-28-11-sabado-sala-orion-1400-franco-menichelli-lombalgia-de-origem-visceral\" data-agenda-session data-day=\"28-11-sabado\" data-room=\"SALA ORION\" data-module=\"Dor Musculoesquel\u00e9tica\" data-search=\"sala orion dor musculoesquel\u00e9tica dor musculoesquel\u00e9tica lombalgia de origem visceral franco menichelli moderador: m\u00e1rcio travaglini carvalho pereira\" data-agenda-context-key=\"sala-orion-dor-musculoesqueletica-marcio-travaglini-carvalho-pereira\" data-agenda-wide=\"false\" style=\"--agenda-row-start:22;--agenda-row-span:1\"><div class=\"cmba-program-agenda__session-head\"><time datetime=\"2026-11-28T14:00:00-03:00\">14:00 - 14:20<\/time><\/div><h3>Lombalgia de Origem Visceral<\/h3><p class=\"cmba-program-agenda__speaker\">FRANCO MENICHELLI<\/p><p class=\"cmba-program-agenda__meta\"><span>SALA ORION<\/span><\/p><\/article><\/div><div class=\"cmba-program-agenda__matrix-cell cmba-program-agenda__room-tone--sala-hydra cmba-program-agenda__matrix-cell--module-start\" data-agenda-room-cell=\"SALA HYDRA\"><header class=\"cmba-program-agenda__module-context cmba-program-agenda__room-tone--sala-hydra cmba-program-agenda__day-module--4\" data-agenda-context data-agenda-context-key=\"sala-hydra-sindrome-dolorosa-miofascial-marcelo-neubauer\"><strong>S\u00edndrome Dolorosa Miofascial<\/strong><span>Modera\u00e7\u00e3o: Marcelo Neubauer<\/span><\/header><article class=\"cmba-program-agenda__session cmba-program-agenda__session--lecture cmba-program-agenda__room-tone--sala-hydra cmba-program-agenda__day-module--4\" id=\"agenda-28-11-sabado-sala-hydra-1400-rodrigo-suarez-sindrome-dolorosa-miofascial-desafios-diagnosticos-na-pratica-clinica\" data-agenda-session data-day=\"28-11-sabado\" data-room=\"SALA HYDRA\" data-module=\"S\u00edndrome Dolorosa Miofascial\" data-search=\"sala hydra s\u00edndrome dolorosa miofascial s\u00edndrome dolorosa miofascial s\u00edndrome dolorosa miofascial: desafios diagn\u00f3sticos na pr\u00e1tica cl\u00ednica rodrigo suarez moderador: marcelo neubauer\" data-agenda-context-key=\"sala-hydra-sindrome-dolorosa-miofascial-marcelo-neubauer\" data-agenda-wide=\"false\" style=\"--agenda-row-start:22;--agenda-row-span:1\"><div class=\"cmba-program-agenda__session-head\"><time datetime=\"2026-11-28T14:00:00-03:00\">14:00 - 14:20<\/time><\/div><h3>S\u00edndrome Dolorosa Miofascial: Desafios Diagn\u00f3sticos na Pr\u00e1tica Cl\u00ednica<\/h3><p class=\"cmba-program-agenda__speaker\">RODRIGO SUAREZ<\/p><p class=\"cmba-program-agenda__meta\"><span>SALA HYDRA<\/span><\/p><\/article><\/div><div class=\"cmba-program-agenda__matrix-cell cmba-program-agenda__room-tone--sala-hercules cmba-program-agenda__matrix-cell--module-start\" data-agenda-room-cell=\"SALA HERCULES\"><header class=\"cmba-program-agenda__module-context cmba-program-agenda__room-tone--sala-hercules cmba-program-agenda__day-module--4\" data-agenda-context data-agenda-context-key=\"sala-hercules-dor-oncologica-ciencia-inovacao-e-humanizacao-fernando-farias\"><strong>Dor Oncol\u00f3gica: Ci\u00eancia, Inova\u00e7\u00e3o e Humaniza\u00e7\u00e3o<\/strong><span>Modera\u00e7\u00e3o: Fernando Farias<\/span><\/header><article class=\"cmba-program-agenda__session cmba-program-agenda__session--lecture cmba-program-agenda__room-tone--sala-hercules cmba-program-agenda__day-module--4\" id=\"agenda-28-11-sabado-sala-hercules-1400-eduardo-d-alessandro-alem-da-analgesia-cuidado-integral-ao-paciente-oncologico\" data-agenda-session data-day=\"28-11-sabado\" data-room=\"SALA HERCULES\" data-module=\"Dor Oncol\u00f3gica: Ci\u00eancia, Inova\u00e7\u00e3o e Humaniza\u00e7\u00e3o\" data-search=\"sala hercules dor oncol\u00f3gica: ci\u00eancia, inova\u00e7\u00e3o e humaniza\u00e7\u00e3o dor oncol\u00f3gica: ci\u00eancia, inova\u00e7\u00e3o e humaniza\u00e7\u00e3o al\u00e9m da analgesia: cuidado integral ao paciente oncol\u00f3gico eduardo d&#039;alessandro moderador: fernando farias\" data-agenda-context-key=\"sala-hercules-dor-oncologica-ciencia-inovacao-e-humanizacao-fernando-farias\" data-agenda-wide=\"false\" style=\"--agenda-row-start:22;--agenda-row-span:1\"><div class=\"cmba-program-agenda__session-head\"><time datetime=\"2026-11-28T14:00:00-03:00\">14:00 - 14:20<\/time><\/div><h3>Al\u00e9m da Analgesia: Cuidado Integral ao Paciente Oncol\u00f3gico<\/h3><p class=\"cmba-program-agenda__speaker\">EDUARDO D&#039;ALESSANDRO<\/p><p class=\"cmba-program-agenda__meta\"><span>SALA HERCULES<\/span><\/p><\/article><\/div><div class=\"cmba-program-agenda__matrix-cell cmba-program-agenda__room-tone--sala-lyra cmba-program-agenda__matrix-cell--module-start\" data-agenda-room-cell=\"SALA LYRA\"><header class=\"cmba-program-agenda__module-context cmba-program-agenda__room-tone--sala-lyra cmba-program-agenda__day-module--4\" data-agenda-context data-agenda-context-key=\"sala-lyra-curso-intervencao-em-dor-patricia-spengler\"><strong>CURSO INTERVEN\u00c7\u00c3O EM DOR<\/strong><span>Modera\u00e7\u00e3o: Patr\u00edcia Spengler<\/span><\/header><article class=\"cmba-program-agenda__session cmba-program-agenda__session--course cmba-program-agenda__room-tone--sala-lyra cmba-program-agenda__day-module--4\" id=\"agenda-28-11-sabado-sala-lyra-1400-palestrante-kelson-ogata-infiltracao-guiada-por-anatomia\" data-agenda-session data-day=\"28-11-sabado\" data-room=\"SALA LYRA\" data-module=\"CURSO INTERVEN\u00c7\u00c3O EM DOR\" data-search=\"sala lyra curso interven\u00c7\u00c3o em dor curso interven\u00c7\u00c3o em dor infiltra\u00e7\u00e3o guiada por anatomia palestrante: kelson ogata moderador: patr\u00edcia spengler\" data-agenda-context-key=\"sala-lyra-curso-intervencao-em-dor-patricia-spengler\" data-agenda-wide=\"false\" style=\"--agenda-row-start:22;--agenda-row-span:5\"><div class=\"cmba-program-agenda__session-head\"><time datetime=\"2026-11-28T14:00:00-03:00\">14:00 - 15:30<\/time><\/div><h3>Infiltra\u00e7\u00e3o Guiada Por Anatomia<\/h3><p class=\"cmba-program-agenda__speaker\">Palestrante: KELSON OGATA<\/p><p class=\"cmba-program-agenda__meta\"><span>SALA LYRA<\/span><\/p><\/article><\/div><\/div><\/div><div class=\"cmba-program-agenda__matrix-row\"><time datetime=\"2026-11-28T14:20:00-03:00\">14:20<\/time><div class=\"cmba-program-agenda__matrix-cells\"><div class=\"cmba-program-agenda__matrix-cell cmba-program-agenda__room-tone--sala-orion\" data-agenda-room-cell=\"SALA ORION\"><article class=\"cmba-program-agenda__session cmba-program-agenda__session--lecture cmba-program-agenda__room-tone--sala-orion cmba-program-agenda__day-module--4\" id=\"agenda-28-11-sabado-sala-orion-1420-eleonora-marchi-tratamento-da-dor-musculoesqueletica-pela-neuromodulacao-auricular\" data-agenda-session data-day=\"28-11-sabado\" data-room=\"SALA ORION\" data-module=\"Dor Musculoesquel\u00e9tica\" data-search=\"sala orion 4.0 dor musculoesquel\u00e9tica tratamento da dor musculoesquel\u00e9tica pela neuromodula\u00e7\u00e3o auricular eleonora marchi moderador: m\u00e1rcio travaglini carvalho pereira\" data-agenda-context-key=\"sala-orion-dor-musculoesqueletica-marcio-travaglini-carvalho-pereira\" data-agenda-wide=\"false\" style=\"--agenda-row-start:23;--agenda-row-span:1\"><div class=\"cmba-program-agenda__session-head\"><time datetime=\"2026-11-28T14:20:00-03:00\">14:20 - 14:40<\/time><\/div><h3>Tratamento da Dor Musculoesquel\u00e9tica pela Neuromodula\u00e7\u00e3o Auricular<\/h3><p class=\"cmba-program-agenda__speaker\">ELEONORA MARCHI<\/p><p class=\"cmba-program-agenda__meta\"><span>SALA ORION<\/span><\/p><\/article><\/div><div class=\"cmba-program-agenda__matrix-cell cmba-program-agenda__room-tone--sala-hydra\" data-agenda-room-cell=\"SALA HYDRA\"><article class=\"cmba-program-agenda__session cmba-program-agenda__session--lecture cmba-program-agenda__room-tone--sala-hydra cmba-program-agenda__day-module--4\" id=\"agenda-28-11-sabado-sala-hydra-1420-rogerio-duarte-principios-terapeuticos-na-sindrome-dolorosa-miofascial-cronica\" data-agenda-session data-day=\"28-11-sabado\" data-room=\"SALA HYDRA\" data-module=\"S\u00edndrome Dolorosa Miofascial\" data-search=\"sala hydra 4.0 s\u00edndrome dolorosa miofascial princ\u00edpios terap\u00eauticos na s\u00edndrome dolorosa miofascial cr\u00f4nica rogerio duarte moderador: marcelo neubauer\" data-agenda-context-key=\"sala-hydra-sindrome-dolorosa-miofascial-marcelo-neubauer\" data-agenda-wide=\"false\" style=\"--agenda-row-start:23;--agenda-row-span:1\"><div class=\"cmba-program-agenda__session-head\"><time datetime=\"2026-11-28T14:20:00-03:00\">14:20 - 14:40<\/time><\/div><h3>Princ\u00edpios Terap\u00eauticos na S\u00edndrome Dolorosa Miofascial Cr\u00f4nica<\/h3><p class=\"cmba-program-agenda__speaker\">ROGERIO DUARTE<\/p><p class=\"cmba-program-agenda__meta\"><span>SALA HYDRA<\/span><\/p><\/article><\/div><div class=\"cmba-program-agenda__matrix-cell cmba-program-agenda__room-tone--sala-hercules\" data-agenda-room-cell=\"SALA HERCULES\"><article class=\"cmba-program-agenda__session cmba-program-agenda__session--lecture cmba-program-agenda__room-tone--sala-hercules cmba-program-agenda__day-module--4\" id=\"agenda-28-11-sabado-sala-hercules-1420-karenthan-abreu-rodrigues-bloqueios-em-dor-oncologica\" data-agenda-session data-day=\"28-11-sabado\" data-room=\"SALA HERCULES\" data-module=\"Dor Oncol\u00f3gica: Ci\u00eancia, Inova\u00e7\u00e3o e Humaniza\u00e7\u00e3o\" data-search=\"sala hercules 4.0 dor oncol\u00f3gica: ci\u00eancia, inova\u00e7\u00e3o e humaniza\u00e7\u00e3o bloqueios em dor oncol\u00f3gica karenthan abreu rodrigues moderador: fernando farias\" data-agenda-context-key=\"sala-hercules-dor-oncologica-ciencia-inovacao-e-humanizacao-fernando-farias\" data-agenda-wide=\"false\" style=\"--agenda-row-start:23;--agenda-row-span:1\"><div class=\"cmba-program-agenda__session-head\"><time datetime=\"2026-11-28T14:20:00-03:00\">14:20 - 14:40<\/time><\/div><h3>Bloqueios em Dor Oncol\u00f3gica<\/h3><p class=\"cmba-program-agenda__speaker\">KARENTHAN ABREU RODRIGUES<\/p><p class=\"cmba-program-agenda__meta\"><span>SALA HERCULES<\/span><\/p><\/article><\/div><div class=\"cmba-program-agenda__matrix-cell cmba-program-agenda__room-tone--sala-lyra\" data-agenda-room-cell=\"SALA LYRA\"><\/div><\/div><\/div><div class=\"cmba-program-agenda__matrix-row\"><time datetime=\"2026-11-28T14:40:00-03:00\">14:40<\/time><div class=\"cmba-program-agenda__matrix-cells\"><div class=\"cmba-program-agenda__matrix-cell cmba-program-agenda__room-tone--sala-orion\" data-agenda-room-cell=\"SALA ORION\"><article class=\"cmba-program-agenda__session cmba-program-agenda__session--lecture cmba-program-agenda__room-tone--sala-orion cmba-program-agenda__day-module--4\" id=\"agenda-28-11-sabado-sala-orion-1440-francesco-menichelli-tratamento-das-cervicobraquialgias\" data-agenda-session data-day=\"28-11-sabado\" data-room=\"SALA ORION\" data-module=\"Dor Musculoesquel\u00e9tica\" data-search=\"sala orion dor musculoesquel\u00e9tica dor musculoesquel\u00e9tica tratamento das cervicobraquialgias francesco menichelli moderador: m\u00e1rcio travaglini carvalho pereira\" data-agenda-context-key=\"sala-orion-dor-musculoesqueletica-marcio-travaglini-carvalho-pereira\" data-agenda-wide=\"false\" style=\"--agenda-row-start:24;--agenda-row-span:1\"><div class=\"cmba-program-agenda__session-head\"><time datetime=\"2026-11-28T14:40:00-03:00\">14:40 - 15:00<\/time><\/div><h3>Tratamento das Cervicobraquialgias<\/h3><p class=\"cmba-program-agenda__speaker\">FRANCESCO MENICHELLI<\/p><p class=\"cmba-program-agenda__meta\"><span>SALA ORION<\/span><\/p><\/article><\/div><div class=\"cmba-program-agenda__matrix-cell cmba-program-agenda__room-tone--sala-hydra\" data-agenda-room-cell=\"SALA HYDRA\"><article class=\"cmba-program-agenda__session cmba-program-agenda__session--lecture cmba-program-agenda__room-tone--sala-hydra cmba-program-agenda__day-module--4\" id=\"agenda-28-11-sabado-sala-hydra-1440-marcus-pai-sdm-em-ombro-e-cintura-escapular\" data-agenda-session data-day=\"28-11-sabado\" data-room=\"SALA HYDRA\" data-module=\"S\u00edndrome Dolorosa Miofascial\" data-search=\"sala hydra s\u00edndrome dolorosa miofascial s\u00edndrome dolorosa miofascial sdm em ombro e cintura escapular marcus pai moderador: marcelo neubauer\" data-agenda-context-key=\"sala-hydra-sindrome-dolorosa-miofascial-marcelo-neubauer\" data-agenda-wide=\"false\" style=\"--agenda-row-start:24;--agenda-row-span:1\"><div class=\"cmba-program-agenda__session-head\"><time datetime=\"2026-11-28T14:40:00-03:00\">14:40 - 15:00<\/time><\/div><h3>SDM em Ombro e Cintura Escapular<\/h3><p class=\"cmba-program-agenda__speaker\">MARCUS PAI<\/p><p class=\"cmba-program-agenda__meta\"><span>SALA HYDRA<\/span><\/p><\/article><\/div><div class=\"cmba-program-agenda__matrix-cell cmba-program-agenda__room-tone--sala-hercules\" data-agenda-room-cell=\"SALA HERCULES\"><article class=\"cmba-program-agenda__session cmba-program-agenda__session--lecture cmba-program-agenda__room-tone--sala-hercules cmba-program-agenda__day-module--4\" id=\"agenda-28-11-sabado-sala-hercules-1440-luisa-paiva-manejo-de-opioides-na-oncologia\" data-agenda-session data-day=\"28-11-sabado\" data-room=\"SALA HERCULES\" data-module=\"Dor Oncol\u00f3gica: Ci\u00eancia, Inova\u00e7\u00e3o e Humaniza\u00e7\u00e3o\" data-search=\"sala hercules dor oncol\u00f3gica: ci\u00eancia, inova\u00e7\u00e3o e humaniza\u00e7\u00e3o dor oncol\u00f3gica: ci\u00eancia, inova\u00e7\u00e3o e humaniza\u00e7\u00e3o manejo de opioides na oncologia luisa paiva moderador: fernando farias\" data-agenda-context-key=\"sala-hercules-dor-oncologica-ciencia-inovacao-e-humanizacao-fernando-farias\" data-agenda-wide=\"false\" style=\"--agenda-row-start:24;--agenda-row-span:1\"><div class=\"cmba-program-agenda__session-head\"><time datetime=\"2026-11-28T14:40:00-03:00\">14:40 - 15:00<\/time><\/div><h3>Manejo de Opioides na Oncologia<\/h3><p class=\"cmba-program-agenda__speaker\">LUISA PAIVA<\/p><p class=\"cmba-program-agenda__meta\"><span>SALA HERCULES<\/span><\/p><\/article><\/div><div class=\"cmba-program-agenda__matrix-cell cmba-program-agenda__room-tone--sala-lyra\" data-agenda-room-cell=\"SALA LYRA\"><\/div><\/div><\/div><div class=\"cmba-program-agenda__matrix-row\"><time datetime=\"2026-11-28T15:00:00-03:00\">15:00<\/time><div class=\"cmba-program-agenda__matrix-cells\"><div class=\"cmba-program-agenda__matrix-cell cmba-program-agenda__room-tone--sala-orion\" data-agenda-room-cell=\"SALA ORION\"><article class=\"cmba-program-agenda__session cmba-program-agenda__session--debate cmba-program-agenda__room-tone--sala-orion cmba-program-agenda__day-module--4\" id=\"agenda-28-11-sabado-sala-orion-1500-debate-debate\" data-agenda-session data-day=\"28-11-sabado\" data-room=\"SALA ORION\" data-module=\"Dor Musculoesquel\u00e9tica\" data-search=\"sala orion dor musculoesquel\u00e9tica dor musculoesquel\u00e9tica debate moderador: m\u00e1rcio travaglini carvalho pereira\" data-agenda-context-key=\"sala-orion-dor-musculoesqueletica-marcio-travaglini-carvalho-pereira\" data-agenda-wide=\"false\" style=\"--agenda-row-start:25;--agenda-row-span:2\"><div class=\"cmba-program-agenda__session-head\"><time datetime=\"2026-11-28T15:00:00-03:00\">15:00 - 15:30<\/time><\/div><h3>DEBATE<\/h3><p class=\"cmba-program-agenda__meta\"><span>SALA ORION<\/span><\/p><\/article><\/div><div class=\"cmba-program-agenda__matrix-cell cmba-program-agenda__room-tone--sala-hydra\" data-agenda-room-cell=\"SALA HYDRA\"><article class=\"cmba-program-agenda__session cmba-program-agenda__session--debate cmba-program-agenda__room-tone--sala-hydra cmba-program-agenda__day-module--4\" id=\"agenda-28-11-sabado-sala-hydra-1500-debate-debate\" data-agenda-session data-day=\"28-11-sabado\" data-room=\"SALA HYDRA\" data-module=\"S\u00edndrome Dolorosa Miofascial\" data-search=\"sala hydra s\u00edndrome dolorosa miofascial s\u00edndrome dolorosa miofascial debate moderador: marcelo neubauer\" data-agenda-context-key=\"sala-hydra-sindrome-dolorosa-miofascial-marcelo-neubauer\" data-agenda-wide=\"false\" style=\"--agenda-row-start:25;--agenda-row-span:2\"><div class=\"cmba-program-agenda__session-head\"><time datetime=\"2026-11-28T15:00:00-03:00\">15:00 - 15:30<\/time><\/div><h3>DEBATE<\/h3><p class=\"cmba-program-agenda__meta\"><span>SALA HYDRA<\/span><\/p><\/article><\/div><div class=\"cmba-program-agenda__matrix-cell cmba-program-agenda__room-tone--sala-hercules\" data-agenda-room-cell=\"SALA HERCULES\"><article class=\"cmba-program-agenda__session cmba-program-agenda__session--debate cmba-program-agenda__room-tone--sala-hercules cmba-program-agenda__day-module--4\" id=\"agenda-28-11-sabado-sala-hercules-1500-debate-debate\" data-agenda-session data-day=\"28-11-sabado\" data-room=\"SALA HERCULES\" data-module=\"Dor Oncol\u00f3gica: Ci\u00eancia, Inova\u00e7\u00e3o e Humaniza\u00e7\u00e3o\" data-search=\"sala hercules dor oncol\u00f3gica: ci\u00eancia, inova\u00e7\u00e3o e humaniza\u00e7\u00e3o dor oncol\u00f3gica: ci\u00eancia, inova\u00e7\u00e3o e humaniza\u00e7\u00e3o debate moderador: fernando farias\" data-agenda-context-key=\"sala-hercules-dor-oncologica-ciencia-inovacao-e-humanizacao-fernando-farias\" data-agenda-wide=\"false\" style=\"--agenda-row-start:25;--agenda-row-span:2\"><div class=\"cmba-program-agenda__session-head\"><time datetime=\"2026-11-28T15:00:00-03:00\">15:00 - 15:30<\/time><\/div><h3>DEBATE<\/h3><p class=\"cmba-program-agenda__meta\"><span>SALA HERCULES<\/span><\/p><\/article><\/div><div class=\"cmba-program-agenda__matrix-cell cmba-program-agenda__room-tone--sala-lyra\" data-agenda-room-cell=\"SALA LYRA\"><\/div><\/div><\/div><div class=\"cmba-program-agenda__matrix-row\"><time datetime=\"2026-11-28T15:30:00-03:00\">15:30<\/time><div class=\"cmba-program-agenda__matrix-cells\"><div class=\"cmba-program-agenda__matrix-cell cmba-program-agenda__room-tone--sala-orion cmba-program-agenda__matrix-cell--module-start\" data-agenda-room-cell=\"SALA ORION\"><header class=\"cmba-program-agenda__module-context cmba-program-agenda__room-tone--sala-orion cmba-program-agenda__day-module--5\" data-agenda-context data-agenda-context-key=\"sala-orion-acupuntura-estetica-marcia-reguera\"><strong>Acupuntura Est\u00e9tica<\/strong><span>Modera\u00e7\u00e3o: Marcia Reguera<\/span><\/header><article class=\"cmba-program-agenda__session cmba-program-agenda__session--lecture cmba-program-agenda__room-tone--sala-orion cmba-program-agenda__day-module--5 is-tentative\" id=\"agenda-28-11-sabado-sala-orion-1530-marcia-reguera-em-definicao\" data-agenda-session data-day=\"28-11-sabado\" data-room=\"SALA ORION\" data-module=\"Acupuntura Est\u00e9tica\" data-search=\"sala orion acupuntura est\u00e9tica acupuntura est\u00e9tica em defini\u00e7\u00e3o marcia reguera moderador: marcia reguera\" data-agenda-context-key=\"sala-orion-acupuntura-estetica-marcia-reguera\" data-agenda-wide=\"false\" style=\"--agenda-row-start:26;--agenda-row-span:1\"><div class=\"cmba-program-agenda__session-head\"><time datetime=\"2026-11-28T15:30:00-03:00\">15:30 - 15:50<\/time><span class=\"cmba-program-agenda__status\">Em defini\u00e7\u00e3o<\/span><\/div><h3>Em defini\u00e7\u00e3o<\/h3><p class=\"cmba-program-agenda__speaker\">MARCIA REGUERA<\/p><p class=\"cmba-program-agenda__meta\"><span>SALA ORION<\/span><\/p><\/article><\/div><div class=\"cmba-program-agenda__matrix-cell cmba-program-agenda__room-tone--sala-hydra cmba-program-agenda__matrix-cell--module-start\" data-agenda-room-cell=\"SALA HYDRA\"><header class=\"cmba-program-agenda__module-context cmba-program-agenda__room-tone--sala-hydra cmba-program-agenda__day-module--5\" data-agenda-context data-agenda-context-key=\"sala-hydra-cuidados-paliativos-ibere-ferreira\"><strong>Cuidados Paliativos<\/strong><span>Modera\u00e7\u00e3o: Iber\u00ea Ferreira<\/span><\/header><article class=\"cmba-program-agenda__session cmba-program-agenda__session--lecture cmba-program-agenda__room-tone--sala-hydra cmba-program-agenda__day-module--5\" id=\"agenda-28-11-sabado-sala-hydra-1530-daniela-charnizon-acupuntura-em-cuidados-paliativos\" data-agenda-session data-day=\"28-11-sabado\" data-room=\"SALA HYDRA\" data-module=\"Cuidados Paliativos\" data-search=\"sala hydra cuidados paliativos cuidados paliativos acupuntura em cuidados paliativos daniela charnizon moderador: iber\u00ea ferreira\" data-agenda-context-key=\"sala-hydra-cuidados-paliativos-ibere-ferreira\" data-agenda-wide=\"false\" style=\"--agenda-row-start:26;--agenda-row-span:1\"><div class=\"cmba-program-agenda__session-head\"><time datetime=\"2026-11-28T15:30:00-03:00\">15:30 - 15:50<\/time><\/div><h3>Acupuntura em Cuidados Paliativos<\/h3><p class=\"cmba-program-agenda__speaker\">DANIELA CHARNIZON<\/p><p class=\"cmba-program-agenda__meta\"><span>SALA HYDRA<\/span><\/p><\/article><\/div><div class=\"cmba-program-agenda__matrix-cell cmba-program-agenda__room-tone--sala-hercules cmba-program-agenda__matrix-cell--module-start\" data-agenda-room-cell=\"SALA HERCULES\"><header class=\"cmba-program-agenda__module-context cmba-program-agenda__room-tone--sala-hercules cmba-program-agenda__day-module--5\" data-agenda-context data-agenda-context-key=\"sala-hercules-relacao-entre-hormonio-e-dor-paulo-abrahao\"><strong>Rela\u00e7\u00e3o Entre Horm\u00f4nio e Dor<\/strong><span>Modera\u00e7\u00e3o: Paulo Abrah\u00e3o<\/span><\/header><article class=\"cmba-program-agenda__session cmba-program-agenda__session--lecture cmba-program-agenda__room-tone--sala-hercules cmba-program-agenda__day-module--5\" id=\"agenda-28-11-sabado-sala-hercules-1530-mara-valeria-mendes-interacoes-entre-hormonios-inflamacao-e-dor\" data-agenda-session data-day=\"28-11-sabado\" data-room=\"SALA HERCULES\" data-module=\"Rela\u00e7\u00e3o Entre Horm\u00f4nio e Dor\" data-search=\"sala hercules rela\u00e7\u00e3o entre horm\u00f4nio e dor rela\u00e7\u00e3o entre horm\u00f4nio e dor intera\u00e7\u00f5es entre horm\u00f4nios, inflama\u00e7\u00e3o e dor mara val\u00c9ria mendes moderador: paulo abrah\u00e3o\" data-agenda-context-key=\"sala-hercules-relacao-entre-hormonio-e-dor-paulo-abrahao\" data-agenda-wide=\"false\" style=\"--agenda-row-start:26;--agenda-row-span:1\"><div class=\"cmba-program-agenda__session-head\"><time datetime=\"2026-11-28T15:30:00-03:00\">15:30 - 15:50<\/time><\/div><h3>Intera\u00e7\u00f5es Entre Horm\u00f4nios, Inflama\u00e7\u00e3o e Dor<\/h3><p class=\"cmba-program-agenda__speaker\">MARA VAL\u00c9RIA MENDES<\/p><p class=\"cmba-program-agenda__meta\"><span>SALA HERCULES<\/span><\/p><\/article><\/div><div class=\"cmba-program-agenda__matrix-cell cmba-program-agenda__room-tone--sala-lyra\" data-agenda-room-cell=\"SALA LYRA\"><\/div><\/div><\/div><div class=\"cmba-program-agenda__matrix-row\"><time datetime=\"2026-11-28T15:50:00-03:00\">15:50<\/time><div class=\"cmba-program-agenda__matrix-cells\"><div class=\"cmba-program-agenda__matrix-cell cmba-program-agenda__room-tone--sala-orion\" data-agenda-room-cell=\"SALA ORION\"><article class=\"cmba-program-agenda__session cmba-program-agenda__session--lecture cmba-program-agenda__room-tone--sala-orion cmba-program-agenda__day-module--5\" id=\"agenda-28-11-sabado-sala-orion-1550-maria-assunta-conceitos-da-mtc-na-estetica-facial\" data-agenda-session data-day=\"28-11-sabado\" data-room=\"SALA ORION\" data-module=\"Acupuntura Est\u00e9tica\" data-search=\"sala orion 5.0 acupuntura est\u00e9tica conceitos da mtc na est\u00e9tica facial maria assunta moderador: marcia reguera\" data-agenda-context-key=\"sala-orion-acupuntura-estetica-marcia-reguera\" data-agenda-wide=\"false\" style=\"--agenda-row-start:27;--agenda-row-span:1\"><div class=\"cmba-program-agenda__session-head\"><time datetime=\"2026-11-28T15:50:00-03:00\">15:50 - 16:10<\/time><\/div><h3>Conceitos da MTC na Est\u00e9tica Facial<\/h3><p class=\"cmba-program-agenda__speaker\">MARIA ASSUNTA<\/p><p class=\"cmba-program-agenda__meta\"><span>SALA ORION<\/span><\/p><\/article><\/div><div class=\"cmba-program-agenda__matrix-cell cmba-program-agenda__room-tone--sala-hydra\" data-agenda-room-cell=\"SALA HYDRA\"><article class=\"cmba-program-agenda__session cmba-program-agenda__session--lecture cmba-program-agenda__room-tone--sala-hydra cmba-program-agenda__day-module--5\" id=\"agenda-28-11-sabado-sala-hydra-1550-bruno-belo-de-lima-expectativas-do-clinico-paliativista-na-associacao-com-a-acupuntura\" data-agenda-session data-day=\"28-11-sabado\" data-room=\"SALA HYDRA\" data-module=\"Cuidados Paliativos\" data-search=\"sala hydra 5.0 cuidados paliativos expectativas do cl\u00ednico paliativista na associa\u00e7\u00e3o com a acupuntura bruno belo de lima moderador: iber\u00ea ferreira\" data-agenda-context-key=\"sala-hydra-cuidados-paliativos-ibere-ferreira\" data-agenda-wide=\"false\" style=\"--agenda-row-start:27;--agenda-row-span:1\"><div class=\"cmba-program-agenda__session-head\"><time datetime=\"2026-11-28T15:50:00-03:00\">15:50 - 16:10<\/time><\/div><h3>Expectativas do Cl\u00ednico Paliativista na Associa\u00e7\u00e3o com a Acupuntura<\/h3><p class=\"cmba-program-agenda__speaker\">Bruno Belo de Lima<\/p><p class=\"cmba-program-agenda__meta\"><span>SALA HYDRA<\/span><\/p><\/article><\/div><div class=\"cmba-program-agenda__matrix-cell cmba-program-agenda__room-tone--sala-hercules\" data-agenda-room-cell=\"SALA HERCULES\"><article class=\"cmba-program-agenda__session cmba-program-agenda__session--lecture cmba-program-agenda__room-tone--sala-hercules cmba-program-agenda__day-module--5\" id=\"agenda-28-11-sabado-sala-hercules-1550-levi-higino-jales-neto-sarcopenia-envelhecimento-e-dor-cronica\" data-agenda-session data-day=\"28-11-sabado\" data-room=\"SALA HERCULES\" data-module=\"Rela\u00e7\u00e3o Entre Horm\u00f4nio e Dor\" data-search=\"sala hercules 5.0 rela\u00e7\u00e3o entre horm\u00f4nio e dor sarcopenia, envelhecimento e dor cr\u00f4nica levi higino jales neto moderador: paulo abrah\u00e3o\" data-agenda-context-key=\"sala-hercules-relacao-entre-hormonio-e-dor-paulo-abrahao\" data-agenda-wide=\"false\" style=\"--agenda-row-start:27;--agenda-row-span:1\"><div class=\"cmba-program-agenda__session-head\"><time datetime=\"2026-11-28T15:50:00-03:00\">15:50 - 16:10<\/time><\/div><h3>Sarcopenia, Envelhecimento e Dor Cr\u00f4nica<\/h3><p class=\"cmba-program-agenda__speaker\">LEVI HIGINO JALES NETO<\/p><p class=\"cmba-program-agenda__meta\"><span>SALA HERCULES<\/span><\/p><\/article><\/div><div class=\"cmba-program-agenda__matrix-cell cmba-program-agenda__room-tone--sala-lyra\" data-agenda-room-cell=\"SALA LYRA\"><\/div><\/div><\/div><div class=\"cmba-program-agenda__matrix-row\"><time datetime=\"2026-11-28T16:10:00-03:00\">16:10<\/time><div class=\"cmba-program-agenda__matrix-cells\"><div class=\"cmba-program-agenda__matrix-cell cmba-program-agenda__room-tone--sala-orion\" data-agenda-room-cell=\"SALA ORION\"><article class=\"cmba-program-agenda__session cmba-program-agenda__session--debate cmba-program-agenda__room-tone--sala-orion cmba-program-agenda__day-module--5\" id=\"agenda-28-11-sabado-sala-orion-1610-debate-debate\" data-agenda-session data-day=\"28-11-sabado\" data-room=\"SALA ORION\" data-module=\"Acupuntura Est\u00e9tica\" data-search=\"sala orion acupuntura est\u00e9tica acupuntura est\u00e9tica debate moderador: marcia reguera\" data-agenda-context-key=\"sala-orion-acupuntura-estetica-marcia-reguera\" data-agenda-wide=\"false\" style=\"--agenda-row-start:28;--agenda-row-span:1\"><div class=\"cmba-program-agenda__session-head\"><time datetime=\"2026-11-28T16:10:00-03:00\">16:10 - 16:30<\/time><\/div><h3>DEBATE<\/h3><p class=\"cmba-program-agenda__meta\"><span>SALA ORION<\/span><\/p><\/article><\/div><div class=\"cmba-program-agenda__matrix-cell cmba-program-agenda__room-tone--sala-hydra\" data-agenda-room-cell=\"SALA HYDRA\"><article class=\"cmba-program-agenda__session cmba-program-agenda__session--debate cmba-program-agenda__room-tone--sala-hydra cmba-program-agenda__day-module--5\" id=\"agenda-28-11-sabado-sala-hydra-1610-debate-debate\" data-agenda-session data-day=\"28-11-sabado\" data-room=\"SALA HYDRA\" data-module=\"Cuidados Paliativos\" data-search=\"sala hydra cuidados paliativos cuidados paliativos debate moderador: iber\u00ea ferreira\" data-agenda-context-key=\"sala-hydra-cuidados-paliativos-ibere-ferreira\" data-agenda-wide=\"false\" style=\"--agenda-row-start:28;--agenda-row-span:1\"><div class=\"cmba-program-agenda__session-head\"><time datetime=\"2026-11-28T16:10:00-03:00\">16:10 - 16:30<\/time><\/div><h3>DEBATE<\/h3><p class=\"cmba-program-agenda__meta\"><span>SALA HYDRA<\/span><\/p><\/article><\/div><div class=\"cmba-program-agenda__matrix-cell cmba-program-agenda__room-tone--sala-hercules\" data-agenda-room-cell=\"SALA HERCULES\"><article class=\"cmba-program-agenda__session cmba-program-agenda__session--debate cmba-program-agenda__room-tone--sala-hercules cmba-program-agenda__day-module--5\" id=\"agenda-28-11-sabado-sala-hercules-1610-debate-debate\" data-agenda-session data-day=\"28-11-sabado\" data-room=\"SALA HERCULES\" data-module=\"Rela\u00e7\u00e3o Entre Horm\u00f4nio e Dor\" data-search=\"sala hercules rela\u00e7\u00e3o entre horm\u00f4nio e dor rela\u00e7\u00e3o entre horm\u00f4nio e dor debate moderador: paulo abrah\u00e3o\" data-agenda-context-key=\"sala-hercules-relacao-entre-hormonio-e-dor-paulo-abrahao\" data-agenda-wide=\"false\" style=\"--agenda-row-start:28;--agenda-row-span:1\"><div class=\"cmba-program-agenda__session-head\"><time datetime=\"2026-11-28T16:10:00-03:00\">16:10 - 16:30<\/time><\/div><h3>DEBATE<\/h3><p class=\"cmba-program-agenda__meta\"><span>SALA HERCULES<\/span><\/p><\/article><\/div><div class=\"cmba-program-agenda__matrix-cell cmba-program-agenda__room-tone--sala-lyra\" data-agenda-room-cell=\"SALA LYRA\"><\/div><\/div><\/div><div class=\"cmba-program-agenda__matrix-row cmba-program-agenda__matrix-row--wide\"><time datetime=\"2026-11-28T16:30:00-03:00\">16:30<\/time><div class=\"cmba-program-agenda__matrix-wide cmba-program-agenda__room-tone--todas-as-salas\"><article class=\"cmba-program-agenda__session cmba-program-agenda__session--break cmba-program-agenda__room-tone--todas-as-salas cmba-program-agenda__day-module--5\" id=\"agenda-28-11-sabado-todas-as-salas-1630-coffee-break-coffee-break\" data-agenda-session data-day=\"28-11-sabado\" data-room=\"Todas as salas\" data-module=\"Intervalo\" data-search=\"todas as salas intervalo intervalo coffee break\" data-agenda-context-key=\"todas-as-salas-intervalo\" data-agenda-wide=\"true\" style=\"--agenda-row-start:29;--agenda-row-span:2\"><div class=\"cmba-program-agenda__session-head\"><time datetime=\"2026-11-28T16:30:00-03:00\">16:30 - 17:00<\/time><\/div><h3>Coffee Break<\/h3><p class=\"cmba-program-agenda__meta\"><span>Todas as salas<\/span><\/p><\/article><\/div><\/div><div class=\"cmba-program-agenda__matrix-row\"><time datetime=\"2026-11-28T17:00:00-03:00\">17:00<\/time><div class=\"cmba-program-agenda__matrix-cells\"><div class=\"cmba-program-agenda__matrix-cell cmba-program-agenda__room-tone--sala-orion cmba-program-agenda__matrix-cell--module-start\" data-agenda-room-cell=\"SALA ORION\"><header class=\"cmba-program-agenda__module-context cmba-program-agenda__room-tone--sala-orion cmba-program-agenda__day-module--6\" data-agenda-context data-agenda-context-key=\"sala-orion-mtc-liyoko-okino\"><strong>MTC<\/strong><span>Modera\u00e7\u00e3o: Liyoko Okino<\/span><\/header><article class=\"cmba-program-agenda__session cmba-program-agenda__session--lecture cmba-program-agenda__room-tone--sala-orion cmba-program-agenda__day-module--6\" id=\"agenda-28-11-sabado-sala-orion-1700-ricardo-bassetto-acupuntura-e-neuromodulacao\" data-agenda-session data-day=\"28-11-sabado\" data-room=\"SALA ORION\" data-module=\"MTC\" data-search=\"sala orion mtc mtc acupuntura e neuromodula\u00e7\u00e3o ricardo bassetto moderador: liyoko okino\" data-agenda-context-key=\"sala-orion-mtc-liyoko-okino\" data-agenda-wide=\"false\" style=\"--agenda-row-start:31;--agenda-row-span:1\"><div class=\"cmba-program-agenda__session-head\"><time datetime=\"2026-11-28T17:00:00-03:00\">17:00 - 17:20<\/time><\/div><h3>Acupuntura e Neuromodula\u00e7\u00e3o<\/h3><p class=\"cmba-program-agenda__speaker\">Ricardo Bassetto<\/p><p class=\"cmba-program-agenda__meta\"><span>SALA ORION<\/span><\/p><\/article><\/div><div class=\"cmba-program-agenda__matrix-cell cmba-program-agenda__room-tone--sala-hydra cmba-program-agenda__matrix-cell--module-start\" data-agenda-room-cell=\"SALA HYDRA\"><header class=\"cmba-program-agenda__module-context cmba-program-agenda__room-tone--sala-hydra cmba-program-agenda__day-module--6\" data-agenda-context data-agenda-context-key=\"sala-hydra-doencas-gastrointestinais-jorgean\"><strong>Doen\u00e7as Gastrointestinais<\/strong><span>Modera\u00e7\u00e3o: Jorgean<\/span><\/header><article class=\"cmba-program-agenda__session cmba-program-agenda__session--lecture cmba-program-agenda__room-tone--sala-hydra cmba-program-agenda__day-module--6\" id=\"agenda-28-11-sabado-sala-hydra-1700-marlene-ueda-dietoterapia-nas-doencas-gastrointestinais-funcionais\" data-agenda-session data-day=\"28-11-sabado\" data-room=\"SALA HYDRA\" data-module=\"Doen\u00e7as Gastrointestinais\" data-search=\"sala hydra doen\u00e7as gastrointestinais doen\u00e7as gastrointestinais dietoterapia nas doen\u00e7as gastrointestinais funcionais marlene ueda moderador: jorgean\" data-agenda-context-key=\"sala-hydra-doencas-gastrointestinais-jorgean\" data-agenda-wide=\"false\" style=\"--agenda-row-start:31;--agenda-row-span:1\"><div class=\"cmba-program-agenda__session-head\"><time datetime=\"2026-11-28T17:00:00-03:00\">17:00 - 17:20<\/time><\/div><h3>Dietoterapia nas Doen\u00e7as Gastrointestinais Funcionais<\/h3><p class=\"cmba-program-agenda__speaker\">MARLENE UEDA<\/p><p class=\"cmba-program-agenda__meta\"><span>SALA HYDRA<\/span><\/p><\/article><\/div><div class=\"cmba-program-agenda__matrix-cell cmba-program-agenda__room-tone--sala-hercules cmba-program-agenda__matrix-cell--module-start\" data-agenda-room-cell=\"SALA HERCULES\"><header class=\"cmba-program-agenda__module-context cmba-program-agenda__room-tone--sala-hercules cmba-program-agenda__day-module--6\" data-agenda-context data-agenda-context-key=\"sala-hercules-medicina-regenerativa-um-novo-olhar-no-controle-da-dor-renan-ferreira-jorge\"><strong>Medicina Regenerativa: Um Novo Olhar no Controle da Dor<\/strong><span>Modera\u00e7\u00e3o: Renan Ferreira Jorge<\/span><\/header><article class=\"cmba-program-agenda__session cmba-program-agenda__session--lecture cmba-program-agenda__room-tone--sala-hercules cmba-program-agenda__day-module--6\" id=\"agenda-28-11-sabado-sala-hercules-1700-olympio-chacon-prp-e-tudo-igual\" data-agenda-session data-day=\"28-11-sabado\" data-room=\"SALA HERCULES\" data-module=\"Medicina Regenerativa: Um Novo Olhar no Controle da Dor\" data-search=\"sala hercules medicina regenerativa: um novo olhar no controle da dor medicina regenerativa: um novo olhar no controle da dor prp \u00e9 tudo igual? olympio chacon moderador: renan ferreira jorge\" data-agenda-context-key=\"sala-hercules-medicina-regenerativa-um-novo-olhar-no-controle-da-dor-renan-ferreira-jorge\" data-agenda-wide=\"false\" style=\"--agenda-row-start:31;--agenda-row-span:1\"><div class=\"cmba-program-agenda__session-head\"><time datetime=\"2026-11-28T17:00:00-03:00\">17:00 - 17:20<\/time><\/div><h3>PRP \u00e9 Tudo Igual?<\/h3><p class=\"cmba-program-agenda__speaker\">OLYMPIO CHACON<\/p><p class=\"cmba-program-agenda__meta\"><span>SALA HERCULES<\/span><\/p><\/article><\/div><div class=\"cmba-program-agenda__matrix-cell cmba-program-agenda__room-tone--sala-lyra cmba-program-agenda__matrix-cell--module-start\" data-agenda-room-cell=\"SALA LYRA\"><article class=\"cmba-program-agenda__session cmba-program-agenda__session--course cmba-program-agenda__room-tone--sala-lyra cmba-program-agenda__day-module--6\" id=\"agenda-28-11-sabado-sala-lyra-1700-palestrante-kelson-ogata-infiltracao-guiada-por-anatomia\" data-agenda-session data-day=\"28-11-sabado\" data-room=\"SALA LYRA\" data-module=\"CURSO INTERVEN\u00c7\u00c3O EM DOR\" data-search=\"sala lyra curso interven\u00c7\u00c3o em dor curso interven\u00c7\u00c3o em dor infiltra\u00e7\u00e3o guiada por anatomia palestrante: kelson ogata moderador: patr\u00edcia spengler\" data-agenda-context-key=\"sala-lyra-curso-intervencao-em-dor-patricia-spengler\" data-agenda-wide=\"false\" style=\"--agenda-row-start:31;--agenda-row-span:3\"><div class=\"cmba-program-agenda__session-head\"><time datetime=\"2026-11-28T17:00:00-03:00\">17:00 - 18:00<\/time><\/div><h3>Infiltra\u00e7\u00e3o Guiada Por Anatomia<\/h3><p class=\"cmba-program-agenda__speaker\">Palestrante: KELSON OGATA<\/p><p class=\"cmba-program-agenda__meta\"><span>SALA LYRA<\/span><\/p><\/article><\/div><\/div><\/div><div class=\"cmba-program-agenda__matrix-row\"><time datetime=\"2026-11-28T17:20:00-03:00\">17:20<\/time><div class=\"cmba-program-agenda__matrix-cells\"><div class=\"cmba-program-agenda__matrix-cell cmba-program-agenda__room-tone--sala-orion\" data-agenda-room-cell=\"SALA ORION\"><article class=\"cmba-program-agenda__session cmba-program-agenda__session--lecture cmba-program-agenda__room-tone--sala-orion cmba-program-agenda__day-module--6\" id=\"agenda-28-11-sabado-sala-orion-1720-ling-tung-yang-experiencia-clinica-da-dor-visceral-cronica-com-acupuntura-mtc\" data-agenda-session data-day=\"28-11-sabado\" data-room=\"SALA ORION\" data-module=\"MTC\" data-search=\"sala orion 6.0 mtc experi\u00eancia cl\u00ednica da dor visceral cr\u00f4nica com acupuntura\/mtc ling tung yang moderador: liyoko okino\" data-agenda-context-key=\"sala-orion-mtc-liyoko-okino\" data-agenda-wide=\"false\" style=\"--agenda-row-start:32;--agenda-row-span:1\"><div class=\"cmba-program-agenda__session-head\"><time datetime=\"2026-11-28T17:20:00-03:00\">17:20 - 17:40<\/time><\/div><h3>Experi\u00eancia Cl\u00ednica da Dor Visceral Cr\u00f4nica com Acupuntura\/MTC<\/h3><p class=\"cmba-program-agenda__speaker\">LING TUNG YANG<\/p><p class=\"cmba-program-agenda__meta\"><span>SALA ORION<\/span><\/p><\/article><\/div><div class=\"cmba-program-agenda__matrix-cell cmba-program-agenda__room-tone--sala-hydra\" data-agenda-room-cell=\"SALA HYDRA\"><article class=\"cmba-program-agenda__session cmba-program-agenda__session--lecture cmba-program-agenda__room-tone--sala-hydra cmba-program-agenda__day-module--6\" id=\"agenda-28-11-sabado-sala-hydra-1720-mauro-carbonar-microbiota-intestinal-e-mtc-conexoes-emergentes\" data-agenda-session data-day=\"28-11-sabado\" data-room=\"SALA HYDRA\" data-module=\"Doen\u00e7as Gastrointestinais\" data-search=\"sala hydra 6.0 doen\u00e7as gastrointestinais microbiota intestinal e mtc: conex\u00f5es emergentes mauro carbonar moderador: jorgean\" data-agenda-context-key=\"sala-hydra-doencas-gastrointestinais-jorgean\" data-agenda-wide=\"false\" style=\"--agenda-row-start:32;--agenda-row-span:1\"><div class=\"cmba-program-agenda__session-head\"><time datetime=\"2026-11-28T17:20:00-03:00\">17:20 - 17:40<\/time><\/div><h3>Microbiota intestinal e MTC: Conex\u00f5es Emergentes<\/h3><p class=\"cmba-program-agenda__speaker\">MAURO CARBONAR<\/p><p class=\"cmba-program-agenda__meta\"><span>SALA HYDRA<\/span><\/p><\/article><\/div><div class=\"cmba-program-agenda__matrix-cell cmba-program-agenda__room-tone--sala-hercules\" data-agenda-room-cell=\"SALA HERCULES\"><article class=\"cmba-program-agenda__session cmba-program-agenda__session--lecture cmba-program-agenda__room-tone--sala-hercules cmba-program-agenda__day-module--6\" id=\"agenda-28-11-sabado-sala-hercules-1720-renato-bevilacqua-prp-uma-ferramenta-poderosa-nas-patologias-musculoesqueleticas\" data-agenda-session data-day=\"28-11-sabado\" data-room=\"SALA HERCULES\" data-module=\"Medicina Regenerativa: Um Novo Olhar no Controle da Dor\" data-search=\"sala hercules 6.0 medicina regenerativa: um novo olhar no controle da dor prp - uma ferramenta poderosa nas patologias musculoesquel\u00e9ticas renato bevil\u00c1cqua moderador: renan ferreira jorge\" data-agenda-context-key=\"sala-hercules-medicina-regenerativa-um-novo-olhar-no-controle-da-dor-renan-ferreira-jorge\" data-agenda-wide=\"false\" style=\"--agenda-row-start:32;--agenda-row-span:1\"><div class=\"cmba-program-agenda__session-head\"><time datetime=\"2026-11-28T17:20:00-03:00\">17:20 - 17:40<\/time><\/div><h3>PRP - Uma Ferramenta Poderosa Nas Patologias Musculoesquel\u00e9ticas<\/h3><p class=\"cmba-program-agenda__speaker\">RENATO BEVIL\u00c1CQUA<\/p><p class=\"cmba-program-agenda__meta\"><span>SALA HERCULES<\/span><\/p><\/article><\/div><div class=\"cmba-program-agenda__matrix-cell cmba-program-agenda__room-tone--sala-lyra\" data-agenda-room-cell=\"SALA LYRA\"><\/div><\/div><\/div><div class=\"cmba-program-agenda__matrix-row\"><time datetime=\"2026-11-28T17:40:00-03:00\">17:40<\/time><div class=\"cmba-program-agenda__matrix-cells\"><div class=\"cmba-program-agenda__matrix-cell cmba-program-agenda__room-tone--sala-orion\" data-agenda-room-cell=\"SALA ORION\"><article class=\"cmba-program-agenda__session cmba-program-agenda__session--debate cmba-program-agenda__room-tone--sala-orion cmba-program-agenda__day-module--6\" id=\"agenda-28-11-sabado-sala-orion-1740-debate-debate\" data-agenda-session data-day=\"28-11-sabado\" data-room=\"SALA ORION\" data-module=\"MTC\" data-search=\"sala orion mtc mtc debate moderador: liyoko okino\" data-agenda-context-key=\"sala-orion-mtc-liyoko-okino\" data-agenda-wide=\"false\" style=\"--agenda-row-start:33;--agenda-row-span:1\"><div class=\"cmba-program-agenda__session-head\"><time datetime=\"2026-11-28T17:40:00-03:00\">17:40 - 18:00<\/time><\/div><h3>DEBATE<\/h3><p class=\"cmba-program-agenda__meta\"><span>SALA ORION<\/span><\/p><\/article><\/div><div class=\"cmba-program-agenda__matrix-cell cmba-program-agenda__room-tone--sala-hydra\" data-agenda-room-cell=\"SALA HYDRA\"><article class=\"cmba-program-agenda__session cmba-program-agenda__session--debate cmba-program-agenda__room-tone--sala-hydra cmba-program-agenda__day-module--6\" id=\"agenda-28-11-sabado-sala-hydra-1740-debate-debate\" data-agenda-session data-day=\"28-11-sabado\" data-room=\"SALA HYDRA\" data-module=\"Doen\u00e7as Gastrointestinais\" data-search=\"sala hydra doen\u00e7as gastrointestinais doen\u00e7as gastrointestinais debate moderador: jorgean\" data-agenda-context-key=\"sala-hydra-doencas-gastrointestinais-jorgean\" data-agenda-wide=\"false\" style=\"--agenda-row-start:33;--agenda-row-span:1\"><div class=\"cmba-program-agenda__session-head\"><time datetime=\"2026-11-28T17:40:00-03:00\">17:40 - 18:00<\/time><\/div><h3>DEBATE<\/h3><p class=\"cmba-program-agenda__meta\"><span>SALA HYDRA<\/span><\/p><\/article><\/div><div class=\"cmba-program-agenda__matrix-cell cmba-program-agenda__room-tone--sala-hercules\" data-agenda-room-cell=\"SALA HERCULES\"><article class=\"cmba-program-agenda__session cmba-program-agenda__session--debate cmba-program-agenda__room-tone--sala-hercules cmba-program-agenda__day-module--6\" id=\"agenda-28-11-sabado-sala-hercules-1740-debate-debate\" data-agenda-session data-day=\"28-11-sabado\" data-room=\"SALA HERCULES\" data-module=\"Medicina Regenerativa: Um Novo Olhar no Controle da Dor\" data-search=\"sala hercules medicina regenerativa: um novo olhar no controle da dor medicina regenerativa: um novo olhar no controle da dor debate moderador: renan ferreira jorge\" data-agenda-context-key=\"sala-hercules-medicina-regenerativa-um-novo-olhar-no-controle-da-dor-renan-ferreira-jorge\" data-agenda-wide=\"false\" style=\"--agenda-row-start:33;--agenda-row-span:1\"><div class=\"cmba-program-agenda__session-head\"><time datetime=\"2026-11-28T17:40:00-03:00\">17:40 - 18:00<\/time><\/div><h3>DEBATE<\/h3><p class=\"cmba-program-agenda__meta\"><span>SALA HERCULES<\/span><\/p><\/article><\/div><div class=\"cmba-program-agenda__matrix-cell cmba-program-agenda__room-tone--sala-lyra\" data-agenda-room-cell=\"SALA LYRA\"><\/div><\/div><\/div><div class=\"cmba-program-agenda__matrix-row cmba-program-agenda__matrix-row--wide\"><time datetime=\"2026-11-28T18:00:00-03:00\">18:00<\/time><div class=\"cmba-program-agenda__matrix-wide cmba-program-agenda__room-tone--plenaria\"><article class=\"cmba-program-agenda__session cmba-program-agenda__session--plenary cmba-program-agenda__room-tone--plenaria cmba-program-agenda__day-module--6\" id=\"agenda-28-11-sabado-plenaria-1800-encerramento-do-congresso-caminhada-na-praia-encerramento-do-congresso-caminhada-na-praia\" data-agenda-session data-day=\"28-11-sabado\" data-room=\"Plen\u00e1ria\" data-module=\"ENCERRAMENTO\" data-search=\"plen\u00e1ria encerramento encerramento encerramento do congresso - caminhada na praia\" data-agenda-context-key=\"plenaria-encerramento\" data-agenda-wide=\"true\" style=\"--agenda-row-start:34;--agenda-row-span:2\"><div class=\"cmba-program-agenda__session-head\"><time datetime=\"2026-11-28T18:00:00-03:00\">18:00<\/time><\/div><h3>ENCERRAMENTO DO CONGRESSO - CAMINHADA NA PRAIA<\/h3><p class=\"cmba-program-agenda__meta\"><span>Plen\u00e1ria<\/span><\/p><\/article><\/div><\/div><\/div><\/div><\/div><div class=\"cmba-program-agenda__feed\" aria-label=\"Agenda por sala\"><section class=\"cmba-program-agenda__feed-room cmba-program-agenda__room-tone--sala-orion\" data-agenda-feed-room data-agenda-room=\"SALA ORION\"><header class=\"cmba-program-agenda__feed-room-head\"><span>Agenda por sala<\/span><h3>SALA ORION<\/h3><\/header><header class=\"cmba-program-agenda__module-context cmba-program-agenda__room-tone--sala-orion cmba-program-agenda__day-module--1 cmba-program-agenda__module-context--feed\" data-agenda-context data-agenda-context-key=\"sala-orion-acupuntura-no-contexto-hospitalar-joao-bosco-guerreiro\"><strong>Acupuntura no Contexto Hospitalar<\/strong><span>Modera\u00e7\u00e3o: Jo\u00e3o Bosco Guerreiro<\/span><\/header><article class=\"cmba-program-agenda__session cmba-program-agenda__session--lecture cmba-program-agenda__room-tone--sala-orion cmba-program-agenda__day-module--1 cmba-program-agenda__session--feed\" data-agenda-session data-day=\"28-11-sabado\" data-room=\"SALA ORION\" data-module=\"Acupuntura no Contexto Hospitalar\" data-search=\"sala orion acupuntura no contexto hospitalar acupuntura no contexto hospitalar experi\u00eancia na unifesp jo\u00c3o bissoto moderador: jo\u00e3o bosco guerreiro\" data-agenda-context-key=\"sala-orion-acupuntura-no-contexto-hospitalar-joao-bosco-guerreiro\" data-agenda-wide=\"false\"><div class=\"cmba-program-agenda__session-head\"><time datetime=\"2026-11-28T08:00:00-03:00\">08:00 - 08:20<\/time><\/div><h3>Experi\u00eancia na UNIFESP<\/h3><p class=\"cmba-program-agenda__speaker\">JO\u00c3O BISSOTO<\/p><p class=\"cmba-program-agenda__meta\"><span>SALA ORION<\/span><\/p><\/article><article class=\"cmba-program-agenda__session cmba-program-agenda__session--lecture cmba-program-agenda__room-tone--sala-orion cmba-program-agenda__day-module--1 cmba-program-agenda__session--feed\" data-agenda-session data-day=\"28-11-sabado\" data-room=\"SALA ORION\" data-module=\"Acupuntura no Contexto Hospitalar\" data-search=\"sala orion 1.0 acupuntura no contexto hospitalar experi\u00eancia na famerp camilo dias moderador: jo\u00e3o bosco guerreiro\" data-agenda-context-key=\"sala-orion-acupuntura-no-contexto-hospitalar-joao-bosco-guerreiro\" data-agenda-wide=\"false\"><div class=\"cmba-program-agenda__session-head\"><time datetime=\"2026-11-28T08:20:00-03:00\">08:20 - 08:40<\/time><\/div><h3>Experi\u00eancia na FAMERP<\/h3><p class=\"cmba-program-agenda__speaker\">CAMILO DIAS<\/p><p class=\"cmba-program-agenda__meta\"><span>SALA ORION<\/span><\/p><\/article><article class=\"cmba-program-agenda__session cmba-program-agenda__session--lecture cmba-program-agenda__room-tone--sala-orion cmba-program-agenda__day-module--1 cmba-program-agenda__session--feed\" data-agenda-session data-day=\"28-11-sabado\" data-room=\"SALA ORION\" data-module=\"Acupuntura no Contexto Hospitalar\" data-search=\"sala orion acupuntura no contexto hospitalar acupuntura no contexto hospitalar experi\u00eancia na fmusp paula fasano moderador: jo\u00e3o bosco guerreiro\" data-agenda-context-key=\"sala-orion-acupuntura-no-contexto-hospitalar-joao-bosco-guerreiro\" data-agenda-wide=\"false\"><div class=\"cmba-program-agenda__session-head\"><time datetime=\"2026-11-28T08:40:00-03:00\">08:40 - 09:00<\/time><\/div><h3>Experi\u00eancia na FMUSP<\/h3><p class=\"cmba-program-agenda__speaker\">PAULA FASANO<\/p><p class=\"cmba-program-agenda__meta\"><span>SALA ORION<\/span><\/p><\/article><article class=\"cmba-program-agenda__session cmba-program-agenda__session--debate cmba-program-agenda__room-tone--sala-orion cmba-program-agenda__day-module--1 cmba-program-agenda__session--feed\" data-agenda-session data-day=\"28-11-sabado\" data-room=\"SALA ORION\" data-module=\"Acupuntura no Contexto Hospitalar\" data-search=\"sala orion acupuntura no contexto hospitalar acupuntura no contexto hospitalar debate moderador: jo\u00e3o bosco guerreiro\" data-agenda-context-key=\"sala-orion-acupuntura-no-contexto-hospitalar-joao-bosco-guerreiro\" data-agenda-wide=\"false\"><div class=\"cmba-program-agenda__session-head\"><time datetime=\"2026-11-28T09:00:00-03:00\">09:00 - 09:30<\/time><\/div><h3>DEBATE<\/h3><p class=\"cmba-program-agenda__meta\"><span>SALA ORION<\/span><\/p><\/article><header class=\"cmba-program-agenda__module-context cmba-program-agenda__room-tone--sala-orion cmba-program-agenda__day-module--2 cmba-program-agenda__module-context--feed\" data-agenda-context data-agenda-context-key=\"sala-orion-temas-gerais-luiz-carlos-souza-sampaio\"><strong>TEMAS GERAIS<\/strong><span>Modera\u00e7\u00e3o: Luiz Carlos Souza Sampaio<\/span><\/header><article class=\"cmba-program-agenda__session cmba-program-agenda__session--lecture cmba-program-agenda__room-tone--sala-orion cmba-program-agenda__day-module--2 cmba-program-agenda__session--feed\" data-agenda-session data-day=\"28-11-sabado\" data-room=\"SALA ORION\" data-module=\"TEMAS GERAIS\" data-search=\"sala orion temas gerais temas gerais tratamento da retocolite ulcerativa com eletroacupuntura - follow up de 30 anos rubens zanella moderador: luiz carlos souza sampaio\" data-agenda-context-key=\"sala-orion-temas-gerais-luiz-carlos-souza-sampaio\" data-agenda-wide=\"false\"><div class=\"cmba-program-agenda__session-head\"><time datetime=\"2026-11-28T09:30:00-03:00\">09:30 - 09:50<\/time><\/div><h3>Tratamento da Retocolite Ulcerativa com Eletroacupuntura - Follow Up de 30 anos<\/h3><p class=\"cmba-program-agenda__speaker\">RUBENS ZANELLA<\/p><p class=\"cmba-program-agenda__meta\"><span>SALA ORION<\/span><\/p><\/article><article class=\"cmba-program-agenda__session cmba-program-agenda__session--lecture cmba-program-agenda__room-tone--sala-orion cmba-program-agenda__day-module--2 cmba-program-agenda__session--feed\" data-agenda-session data-day=\"28-11-sabado\" data-room=\"SALA ORION\" data-module=\"TEMAS GERAIS\" data-search=\"sala orion 2.0 temas gerais a hist\u00f3ria da especialidade m\u00e9dica da acupuntura otino jos\u00c9 de ara\u00dajo freitas moderador: luiz carlos souza sampaio\" data-agenda-context-key=\"sala-orion-temas-gerais-luiz-carlos-souza-sampaio\" data-agenda-wide=\"false\"><div class=\"cmba-program-agenda__session-head\"><time datetime=\"2026-11-28T09:50:00-03:00\">09:50 - 10:10<\/time><\/div><h3>A Hist\u00f3ria da Especialidade M\u00e9dica da Acupuntura<\/h3><p class=\"cmba-program-agenda__speaker\">OTINO JOS\u00c9 DE ARA\u00daJO FREITAS<\/p><p class=\"cmba-program-agenda__meta\"><span>SALA ORION<\/span><\/p><\/article><article class=\"cmba-program-agenda__session cmba-program-agenda__session--debate cmba-program-agenda__room-tone--sala-orion cmba-program-agenda__day-module--2 cmba-program-agenda__session--feed\" data-agenda-session data-day=\"28-11-sabado\" data-room=\"SALA ORION\" data-module=\"TEMAS GERAIS\" data-search=\"sala orion temas gerais temas gerais debate moderador: luiz carlos souza sampaio\" data-agenda-context-key=\"sala-orion-temas-gerais-luiz-carlos-souza-sampaio\" data-agenda-wide=\"false\"><div class=\"cmba-program-agenda__session-head\"><time datetime=\"2026-11-28T10:10:00-03:00\">10:10 - 10:30<\/time><\/div><h3>DEBATE<\/h3><p class=\"cmba-program-agenda__meta\"><span>SALA ORION<\/span><\/p><\/article><header class=\"cmba-program-agenda__module-context cmba-program-agenda__room-tone--sala-orion cmba-program-agenda__day-module--3 cmba-program-agenda__module-context--feed\" data-agenda-context data-agenda-context-key=\"sala-orion-internacionais-luiz-dian\"><strong>Internacionais<\/strong><span>Modera\u00e7\u00e3o: Luiz Dian<\/span><\/header><article class=\"cmba-program-agenda__session cmba-program-agenda__session--lecture cmba-program-agenda__room-tone--sala-orion cmba-program-agenda__day-module--3 cmba-program-agenda__session--feed\" data-agenda-session data-day=\"28-11-sabado\" data-room=\"SALA ORION\" data-module=\"Internacionais\" data-search=\"sala orion internacionais internacionais paresia facial e acupuntura francesco menichelli moderador: luiz dian\" data-agenda-context-key=\"sala-orion-internacionais-luiz-dian\" data-agenda-wide=\"false\"><div class=\"cmba-program-agenda__session-head\"><time datetime=\"2026-11-28T11:00:00-03:00\">11:00 - 11:20<\/time><\/div><h3>Paresia Facial e Acupuntura<\/h3><p class=\"cmba-program-agenda__speaker\">FRANCESCO MENICHELLI<\/p><p class=\"cmba-program-agenda__meta\"><span>SALA ORION<\/span><\/p><\/article><article class=\"cmba-program-agenda__session cmba-program-agenda__session--lecture cmba-program-agenda__room-tone--sala-orion cmba-program-agenda__day-module--3 cmba-program-agenda__session--feed\" data-agenda-session data-day=\"28-11-sabado\" data-room=\"SALA ORION\" data-module=\"Internacionais\" data-search=\"sala orion 3.0 internacionais evid\u00eancia cient\u00edfica dos trigger points dominik irnich moderador: luiz dian\" data-agenda-context-key=\"sala-orion-internacionais-luiz-dian\" data-agenda-wide=\"false\"><div class=\"cmba-program-agenda__session-head\"><time datetime=\"2026-11-28T11:20:00-03:00\">11:20 - 11:40<\/time><\/div><h3>Evid\u00eancia Cient\u00edfica dos Trigger Points<\/h3><p class=\"cmba-program-agenda__speaker\">DOMINIK IRNICH<\/p><p class=\"cmba-program-agenda__meta\"><span>SALA ORION<\/span><\/p><\/article><article class=\"cmba-program-agenda__session cmba-program-agenda__session--debate cmba-program-agenda__room-tone--sala-orion cmba-program-agenda__day-module--3 cmba-program-agenda__session--feed\" data-agenda-session data-day=\"28-11-sabado\" data-room=\"SALA ORION\" data-module=\"Internacionais\" data-search=\"sala orion internacionais internacionais debate moderador: luiz dian\" data-agenda-context-key=\"sala-orion-internacionais-luiz-dian\" data-agenda-wide=\"false\"><div class=\"cmba-program-agenda__session-head\"><time datetime=\"2026-11-28T11:40:00-03:00\">11:40 - 12:00<\/time><\/div><h3>DEBATE<\/h3><p class=\"cmba-program-agenda__meta\"><span>SALA ORION<\/span><\/p><\/article><header class=\"cmba-program-agenda__module-context cmba-program-agenda__room-tone--sala-orion cmba-program-agenda__day-module--3 cmba-program-agenda__module-context--feed\" data-agenda-context data-agenda-context-key=\"sala-orion-1200-1400\"><strong>12:00 - 14:00<\/strong><\/header><article class=\"cmba-program-agenda__session cmba-program-agenda__session--lecture cmba-program-agenda__room-tone--sala-orion cmba-program-agenda__day-module--3 cmba-program-agenda__session--feed\" data-agenda-session data-day=\"28-11-sabado\" data-room=\"SALA ORION\" data-module=\"12:00 - 14:00\" data-search=\"sala orion 12:00 - 14:00 12:00 - 14:00 f\u00f3rum das ligas de acupuntura e resid\u00eancia m\u00e9dica silvana maria silva fernandes\" data-agenda-context-key=\"sala-orion-1200-1400\" data-agenda-wide=\"false\"><div class=\"cmba-program-agenda__session-head\"><time datetime=\"2026-11-28T12:15:00-03:00\">12:15 - 13:45<\/time><\/div><h3>F\u00f3rum das Ligas de Acupuntura e Resid\u00eancia M\u00e9dica<\/h3><p class=\"cmba-program-agenda__speaker\">Silvana Maria Silva Fernandes<\/p><p class=\"cmba-program-agenda__meta\"><span>SALA ORION<\/span><\/p><\/article><header class=\"cmba-program-agenda__module-context cmba-program-agenda__room-tone--sala-orion cmba-program-agenda__day-module--4 cmba-program-agenda__module-context--feed\" data-agenda-context data-agenda-context-key=\"sala-orion-dor-musculoesqueletica-marcio-travaglini-carvalho-pereira\"><strong>Dor Musculoesquel\u00e9tica<\/strong><span>Modera\u00e7\u00e3o: M\u00e1rcio Travaglini Carvalho Pereira<\/span><\/header><article class=\"cmba-program-agenda__session cmba-program-agenda__session--lecture cmba-program-agenda__room-tone--sala-orion cmba-program-agenda__day-module--4 cmba-program-agenda__session--feed\" data-agenda-session data-day=\"28-11-sabado\" data-room=\"SALA ORION\" data-module=\"Dor Musculoesquel\u00e9tica\" data-search=\"sala orion dor musculoesquel\u00e9tica dor musculoesquel\u00e9tica lombalgia de origem visceral franco menichelli moderador: m\u00e1rcio travaglini carvalho pereira\" data-agenda-context-key=\"sala-orion-dor-musculoesqueletica-marcio-travaglini-carvalho-pereira\" data-agenda-wide=\"false\"><div class=\"cmba-program-agenda__session-head\"><time datetime=\"2026-11-28T14:00:00-03:00\">14:00 - 14:20<\/time><\/div><h3>Lombalgia de Origem Visceral<\/h3><p class=\"cmba-program-agenda__speaker\">FRANCO MENICHELLI<\/p><p class=\"cmba-program-agenda__meta\"><span>SALA ORION<\/span><\/p><\/article><article class=\"cmba-program-agenda__session cmba-program-agenda__session--lecture cmba-program-agenda__room-tone--sala-orion cmba-program-agenda__day-module--4 cmba-program-agenda__session--feed\" data-agenda-session data-day=\"28-11-sabado\" data-room=\"SALA ORION\" data-module=\"Dor Musculoesquel\u00e9tica\" data-search=\"sala orion 4.0 dor musculoesquel\u00e9tica tratamento da dor musculoesquel\u00e9tica pela neuromodula\u00e7\u00e3o auricular eleonora marchi moderador: m\u00e1rcio travaglini carvalho pereira\" data-agenda-context-key=\"sala-orion-dor-musculoesqueletica-marcio-travaglini-carvalho-pereira\" data-agenda-wide=\"false\"><div class=\"cmba-program-agenda__session-head\"><time datetime=\"2026-11-28T14:20:00-03:00\">14:20 - 14:40<\/time><\/div><h3>Tratamento da Dor Musculoesquel\u00e9tica pela Neuromodula\u00e7\u00e3o Auricular<\/h3><p class=\"cmba-program-agenda__speaker\">ELEONORA MARCHI<\/p><p class=\"cmba-program-agenda__meta\"><span>SALA ORION<\/span><\/p><\/article><article class=\"cmba-program-agenda__session cmba-program-agenda__session--lecture cmba-program-agenda__room-tone--sala-orion cmba-program-agenda__day-module--4 cmba-program-agenda__session--feed\" data-agenda-session data-day=\"28-11-sabado\" data-room=\"SALA ORION\" data-module=\"Dor Musculoesquel\u00e9tica\" data-search=\"sala orion dor musculoesquel\u00e9tica dor musculoesquel\u00e9tica tratamento das cervicobraquialgias francesco menichelli moderador: m\u00e1rcio travaglini carvalho pereira\" data-agenda-context-key=\"sala-orion-dor-musculoesqueletica-marcio-travaglini-carvalho-pereira\" data-agenda-wide=\"false\"><div class=\"cmba-program-agenda__session-head\"><time datetime=\"2026-11-28T14:40:00-03:00\">14:40 - 15:00<\/time><\/div><h3>Tratamento das Cervicobraquialgias<\/h3><p class=\"cmba-program-agenda__speaker\">FRANCESCO MENICHELLI<\/p><p class=\"cmba-program-agenda__meta\"><span>SALA ORION<\/span><\/p><\/article><article class=\"cmba-program-agenda__session cmba-program-agenda__session--debate cmba-program-agenda__room-tone--sala-orion cmba-program-agenda__day-module--4 cmba-program-agenda__session--feed\" data-agenda-session data-day=\"28-11-sabado\" data-room=\"SALA ORION\" data-module=\"Dor Musculoesquel\u00e9tica\" data-search=\"sala orion dor musculoesquel\u00e9tica dor musculoesquel\u00e9tica debate moderador: m\u00e1rcio travaglini carvalho pereira\" data-agenda-context-key=\"sala-orion-dor-musculoesqueletica-marcio-travaglini-carvalho-pereira\" data-agenda-wide=\"false\"><div class=\"cmba-program-agenda__session-head\"><time datetime=\"2026-11-28T15:00:00-03:00\">15:00 - 15:30<\/time><\/div><h3>DEBATE<\/h3><p class=\"cmba-program-agenda__meta\"><span>SALA ORION<\/span><\/p><\/article><header class=\"cmba-program-agenda__module-context cmba-program-agenda__room-tone--sala-orion cmba-program-agenda__day-module--5 cmba-program-agenda__module-context--feed\" data-agenda-context data-agenda-context-key=\"sala-orion-acupuntura-estetica-marcia-reguera\"><strong>Acupuntura Est\u00e9tica<\/strong><span>Modera\u00e7\u00e3o: Marcia Reguera<\/span><\/header><article class=\"cmba-program-agenda__session cmba-program-agenda__session--lecture cmba-program-agenda__room-tone--sala-orion cmba-program-agenda__day-module--5 cmba-program-agenda__session--feed is-tentative\" data-agenda-session data-day=\"28-11-sabado\" data-room=\"SALA ORION\" data-module=\"Acupuntura Est\u00e9tica\" data-search=\"sala orion acupuntura est\u00e9tica acupuntura est\u00e9tica em defini\u00e7\u00e3o marcia reguera moderador: marcia reguera\" data-agenda-context-key=\"sala-orion-acupuntura-estetica-marcia-reguera\" data-agenda-wide=\"false\"><div class=\"cmba-program-agenda__session-head\"><time datetime=\"2026-11-28T15:30:00-03:00\">15:30 - 15:50<\/time><span class=\"cmba-program-agenda__status\">Em defini\u00e7\u00e3o<\/span><\/div><h3>Em defini\u00e7\u00e3o<\/h3><p class=\"cmba-program-agenda__speaker\">MARCIA REGUERA<\/p><p class=\"cmba-program-agenda__meta\"><span>SALA ORION<\/span><\/p><\/article><article class=\"cmba-program-agenda__session cmba-program-agenda__session--lecture cmba-program-agenda__room-tone--sala-orion cmba-program-agenda__day-module--5 cmba-program-agenda__session--feed\" data-agenda-session data-day=\"28-11-sabado\" data-room=\"SALA ORION\" data-module=\"Acupuntura Est\u00e9tica\" data-search=\"sala orion 5.0 acupuntura est\u00e9tica conceitos da mtc na est\u00e9tica facial maria assunta moderador: marcia reguera\" data-agenda-context-key=\"sala-orion-acupuntura-estetica-marcia-reguera\" data-agenda-wide=\"false\"><div class=\"cmba-program-agenda__session-head\"><time datetime=\"2026-11-28T15:50:00-03:00\">15:50 - 16:10<\/time><\/div><h3>Conceitos da MTC na Est\u00e9tica Facial<\/h3><p class=\"cmba-program-agenda__speaker\">MARIA ASSUNTA<\/p><p class=\"cmba-program-agenda__meta\"><span>SALA ORION<\/span><\/p><\/article><article class=\"cmba-program-agenda__session cmba-program-agenda__session--debate cmba-program-agenda__room-tone--sala-orion cmba-program-agenda__day-module--5 cmba-program-agenda__session--feed\" data-agenda-session data-day=\"28-11-sabado\" data-room=\"SALA ORION\" data-module=\"Acupuntura Est\u00e9tica\" data-search=\"sala orion acupuntura est\u00e9tica acupuntura est\u00e9tica debate moderador: marcia reguera\" data-agenda-context-key=\"sala-orion-acupuntura-estetica-marcia-reguera\" data-agenda-wide=\"false\"><div class=\"cmba-program-agenda__session-head\"><time datetime=\"2026-11-28T16:10:00-03:00\">16:10 - 16:30<\/time><\/div><h3>DEBATE<\/h3><p class=\"cmba-program-agenda__meta\"><span>SALA ORION<\/span><\/p><\/article><header class=\"cmba-program-agenda__module-context cmba-program-agenda__room-tone--sala-orion cmba-program-agenda__day-module--6 cmba-program-agenda__module-context--feed\" data-agenda-context data-agenda-context-key=\"sala-orion-mtc-liyoko-okino\"><strong>MTC<\/strong><span>Modera\u00e7\u00e3o: Liyoko Okino<\/span><\/header><article class=\"cmba-program-agenda__session cmba-program-agenda__session--lecture cmba-program-agenda__room-tone--sala-orion cmba-program-agenda__day-module--6 cmba-program-agenda__session--feed\" data-agenda-session data-day=\"28-11-sabado\" data-room=\"SALA ORION\" data-module=\"MTC\" data-search=\"sala orion mtc mtc acupuntura e neuromodula\u00e7\u00e3o ricardo bassetto moderador: liyoko okino\" data-agenda-context-key=\"sala-orion-mtc-liyoko-okino\" data-agenda-wide=\"false\"><div class=\"cmba-program-agenda__session-head\"><time datetime=\"2026-11-28T17:00:00-03:00\">17:00 - 17:20<\/time><\/div><h3>Acupuntura e Neuromodula\u00e7\u00e3o<\/h3><p class=\"cmba-program-agenda__speaker\">Ricardo Bassetto<\/p><p class=\"cmba-program-agenda__meta\"><span>SALA ORION<\/span><\/p><\/article><article class=\"cmba-program-agenda__session cmba-program-agenda__session--lecture cmba-program-agenda__room-tone--sala-orion cmba-program-agenda__day-module--6 cmba-program-agenda__session--feed\" data-agenda-session data-day=\"28-11-sabado\" data-room=\"SALA ORION\" data-module=\"MTC\" data-search=\"sala orion 6.0 mtc experi\u00eancia cl\u00ednica da dor visceral cr\u00f4nica com acupuntura\/mtc ling tung yang moderador: liyoko okino\" data-agenda-context-key=\"sala-orion-mtc-liyoko-okino\" data-agenda-wide=\"false\"><div class=\"cmba-program-agenda__session-head\"><time datetime=\"2026-11-28T17:20:00-03:00\">17:20 - 17:40<\/time><\/div><h3>Experi\u00eancia Cl\u00ednica da Dor Visceral Cr\u00f4nica com Acupuntura\/MTC<\/h3><p class=\"cmba-program-agenda__speaker\">LING TUNG YANG<\/p><p class=\"cmba-program-agenda__meta\"><span>SALA ORION<\/span><\/p><\/article><article class=\"cmba-program-agenda__session cmba-program-agenda__session--debate cmba-program-agenda__room-tone--sala-orion cmba-program-agenda__day-module--6 cmba-program-agenda__session--feed\" data-agenda-session data-day=\"28-11-sabado\" data-room=\"SALA ORION\" data-module=\"MTC\" data-search=\"sala orion mtc mtc debate moderador: liyoko okino\" data-agenda-context-key=\"sala-orion-mtc-liyoko-okino\" data-agenda-wide=\"false\"><div class=\"cmba-program-agenda__session-head\"><time datetime=\"2026-11-28T17:40:00-03:00\">17:40 - 18:00<\/time><\/div><h3>DEBATE<\/h3><p class=\"cmba-program-agenda__meta\"><span>SALA ORION<\/span><\/p><\/article><\/section><section class=\"cmba-program-agenda__feed-room cmba-program-agenda__room-tone--sala-hydra\" data-agenda-feed-room data-agenda-room=\"SALA HYDRA\"><header class=\"cmba-program-agenda__feed-room-head\"><span>Agenda por sala<\/span><h3>SALA HYDRA<\/h3><\/header><header class=\"cmba-program-agenda__module-context cmba-program-agenda__room-tone--sala-hydra cmba-program-agenda__day-module--1 cmba-program-agenda__module-context--feed\" data-agenda-context data-agenda-context-key=\"sala-hydra-saude-mental-sono-e-qualidade-de-vida-chang-yen-yin\"><strong>Sa\u00fade Mental, Sono e Qualidade de Vida<\/strong><span>Modera\u00e7\u00e3o: Chang Yen Yin<\/span><\/header><article class=\"cmba-program-agenda__session cmba-program-agenda__session--lecture cmba-program-agenda__room-tone--sala-hydra cmba-program-agenda__day-module--1 cmba-program-agenda__session--feed\" data-agenda-session data-day=\"28-11-sabado\" data-room=\"SALA HYDRA\" data-module=\"Sa\u00fade Mental, Sono e Qualidade de Vida\" data-search=\"sala hydra sa\u00fade mental, sono e qualidade de vida sa\u00fade mental, sono e qualidade de vida acupuntura no tratamento da ansiedade e estresse cr\u00f4nico agamenon hon\u00d3rio silva moderador: chang yen yin\" data-agenda-context-key=\"sala-hydra-saude-mental-sono-e-qualidade-de-vida-chang-yen-yin\" data-agenda-wide=\"false\"><div class=\"cmba-program-agenda__session-head\"><time datetime=\"2026-11-28T08:00:00-03:00\">08:00 - 08:20<\/time><\/div><h3>Acupuntura no Tratamento da Ansiedade e Estresse Cr\u00f4nico<\/h3><p class=\"cmba-program-agenda__speaker\">AGAMENON HON\u00d3RIO SILVA<\/p><p class=\"cmba-program-agenda__meta\"><span>SALA HYDRA<\/span><\/p><\/article><article class=\"cmba-program-agenda__session cmba-program-agenda__session--lecture cmba-program-agenda__room-tone--sala-hydra cmba-program-agenda__day-module--1 cmba-program-agenda__session--feed\" data-agenda-session data-day=\"28-11-sabado\" data-room=\"SALA HYDRA\" data-module=\"Sa\u00fade Mental, Sono e Qualidade de Vida\" data-search=\"sala hydra 1.0 sa\u00fade mental, sono e qualidade de vida o papel da auriculoterapia na ins\u00f4nia hiaeno hirata ayabe moderador: chang yen yin\" data-agenda-context-key=\"sala-hydra-saude-mental-sono-e-qualidade-de-vida-chang-yen-yin\" data-agenda-wide=\"false\"><div class=\"cmba-program-agenda__session-head\"><time datetime=\"2026-11-28T08:20:00-03:00\">08:20 - 08:40<\/time><\/div><h3>O Papel da Auriculoterapia na Ins\u00f4nia<\/h3><p class=\"cmba-program-agenda__speaker\">HIAENO HIRATA AYABE<\/p><p class=\"cmba-program-agenda__meta\"><span>SALA HYDRA<\/span><\/p><\/article><article class=\"cmba-program-agenda__session cmba-program-agenda__session--lecture cmba-program-agenda__room-tone--sala-hydra cmba-program-agenda__day-module--1 cmba-program-agenda__session--feed\" data-agenda-session data-day=\"28-11-sabado\" data-room=\"SALA HYDRA\" data-module=\"Sa\u00fade Mental, Sono e Qualidade de Vida\" data-search=\"sala hydra sa\u00fade mental, sono e qualidade de vida sa\u00fade mental, sono e qualidade de vida acupuntura e regula\u00e7\u00e3o emocional: evid\u00eancias neurobiol\u00f3gicas luiz carlos souza sampaio moderador: chang yen yin\" data-agenda-context-key=\"sala-hydra-saude-mental-sono-e-qualidade-de-vida-chang-yen-yin\" data-agenda-wide=\"false\"><div class=\"cmba-program-agenda__session-head\"><time datetime=\"2026-11-28T08:40:00-03:00\">08:40 - 09:00<\/time><\/div><h3>Acupuntura e Regula\u00e7\u00e3o Emocional: Evid\u00eancias Neurobiol\u00f3gicas<\/h3><p class=\"cmba-program-agenda__speaker\">LUIZ CARLOS SOUZA SAMPAIO<\/p><p class=\"cmba-program-agenda__meta\"><span>SALA HYDRA<\/span><\/p><\/article><article class=\"cmba-program-agenda__session cmba-program-agenda__session--debate cmba-program-agenda__room-tone--sala-hydra cmba-program-agenda__day-module--1 cmba-program-agenda__session--feed\" data-agenda-session data-day=\"28-11-sabado\" data-room=\"SALA HYDRA\" data-module=\"Sa\u00fade Mental, Sono e Qualidade de Vida\" data-search=\"sala hydra sa\u00fade mental, sono e qualidade de vida sa\u00fade mental, sono e qualidade de vida debate moderador: chang yen yin\" data-agenda-context-key=\"sala-hydra-saude-mental-sono-e-qualidade-de-vida-chang-yen-yin\" data-agenda-wide=\"false\"><div class=\"cmba-program-agenda__session-head\"><time datetime=\"2026-11-28T09:00:00-03:00\">09:00 - 09:30<\/time><\/div><h3>DEBATE<\/h3><p class=\"cmba-program-agenda__meta\"><span>SALA HYDRA<\/span><\/p><\/article><header class=\"cmba-program-agenda__module-context cmba-program-agenda__room-tone--sala-hydra cmba-program-agenda__day-module--2 cmba-program-agenda__module-context--feed\" data-agenda-context data-agenda-context-key=\"sala-hydra-dor-toracica-e-acupuntura-luciana-aikawa\"><strong>Dor Tor\u00e1cica e Acupuntura<\/strong><span>Modera\u00e7\u00e3o: Luciana Aikawa<\/span><\/header><article class=\"cmba-program-agenda__session cmba-program-agenda__session--lecture cmba-program-agenda__room-tone--sala-hydra cmba-program-agenda__day-module--2 cmba-program-agenda__session--feed\" data-agenda-session data-day=\"28-11-sabado\" data-room=\"SALA HYDRA\" data-module=\"Dor Tor\u00e1cica e Acupuntura\" data-search=\"sala hydra dor tor\u00e1cica e acupuntura dor tor\u00e1cica e acupuntura dor tor\u00e1cica n\u00e3o card\u00edaca fernando sant&#039;anna moderador: luciana aikawa\" data-agenda-context-key=\"sala-hydra-dor-toracica-e-acupuntura-luciana-aikawa\" data-agenda-wide=\"false\"><div class=\"cmba-program-agenda__session-head\"><time datetime=\"2026-11-28T09:30:00-03:00\">09:30 - 09:50<\/time><\/div><h3>Dor Tor\u00e1cica n\u00e3o card\u00edaca<\/h3><p class=\"cmba-program-agenda__speaker\">FERNANDO SANT&#039;ANNA<\/p><p class=\"cmba-program-agenda__meta\"><span>SALA HYDRA<\/span><\/p><\/article><article class=\"cmba-program-agenda__session cmba-program-agenda__session--lecture cmba-program-agenda__room-tone--sala-hydra cmba-program-agenda__day-module--2 cmba-program-agenda__session--feed\" data-agenda-session data-day=\"28-11-sabado\" data-room=\"SALA HYDRA\" data-module=\"Dor Tor\u00e1cica e Acupuntura\" data-search=\"sala hydra 2.0 dor tor\u00e1cica e acupuntura dor tor\u00e1cica musculoesquel\u00e9tica: acupuntura e reabilita\u00e7\u00e3o antonio carlos martins cirilo moderador: luciana aikawa\" data-agenda-context-key=\"sala-hydra-dor-toracica-e-acupuntura-luciana-aikawa\" data-agenda-wide=\"false\"><div class=\"cmba-program-agenda__session-head\"><time datetime=\"2026-11-28T09:50:00-03:00\">09:50 - 10:10<\/time><\/div><h3>Dor Tor\u00e1cica Musculoesquel\u00e9tica: Acupuntura e Reabilita\u00e7\u00e3o<\/h3><p class=\"cmba-program-agenda__speaker\">ANTONIO CARLOS MARTINS CIRILO<\/p><p class=\"cmba-program-agenda__meta\"><span>SALA HYDRA<\/span><\/p><\/article><article class=\"cmba-program-agenda__session cmba-program-agenda__session--debate cmba-program-agenda__room-tone--sala-hydra cmba-program-agenda__day-module--2 cmba-program-agenda__session--feed\" data-agenda-session data-day=\"28-11-sabado\" data-room=\"SALA HYDRA\" data-module=\"Dor Tor\u00e1cica e Acupuntura\" data-search=\"sala hydra dor tor\u00e1cica e acupuntura dor tor\u00e1cica e acupuntura debate moderador: luciana aikawa\" data-agenda-context-key=\"sala-hydra-dor-toracica-e-acupuntura-luciana-aikawa\" data-agenda-wide=\"false\"><div class=\"cmba-program-agenda__session-head\"><time datetime=\"2026-11-28T10:10:00-03:00\">10:10 - 10:30<\/time><\/div><h3>DEBATE<\/h3><p class=\"cmba-program-agenda__meta\"><span>SALA HYDRA<\/span><\/p><\/article><header class=\"cmba-program-agenda__module-context cmba-program-agenda__room-tone--sala-hydra cmba-program-agenda__day-module--3 cmba-program-agenda__module-context--feed\" data-agenda-context data-agenda-context-key=\"sala-hydra-saude-da-mulher-lin-chen-hau\"><strong>Sa\u00fade da Mulher<\/strong><span>Modera\u00e7\u00e3o: Lin Chen Hau<\/span><\/header><article class=\"cmba-program-agenda__session cmba-program-agenda__session--lecture cmba-program-agenda__room-tone--sala-hydra cmba-program-agenda__day-module--3 cmba-program-agenda__session--feed\" data-agenda-session data-day=\"28-11-sabado\" data-room=\"SALA HYDRA\" data-module=\"Sa\u00fade da Mulher\" data-search=\"sala hydra sa\u00fade da mulher sa\u00fade da mulher dist\u00farbios peri menstruais maryangela darella moderador: lin chen hau\" data-agenda-context-key=\"sala-hydra-saude-da-mulher-lin-chen-hau\" data-agenda-wide=\"false\"><div class=\"cmba-program-agenda__session-head\"><time datetime=\"2026-11-28T11:00:00-03:00\">11:00 - 11:20<\/time><\/div><h3>Dist\u00farbios Peri Menstruais<\/h3><p class=\"cmba-program-agenda__speaker\">MARYANGELA DARELLA<\/p><p class=\"cmba-program-agenda__meta\"><span>SALA HYDRA<\/span><\/p><\/article><article class=\"cmba-program-agenda__session cmba-program-agenda__session--lecture cmba-program-agenda__room-tone--sala-hydra cmba-program-agenda__day-module--3 cmba-program-agenda__session--feed\" data-agenda-session data-day=\"28-11-sabado\" data-room=\"SALA HYDRA\" data-module=\"Sa\u00fade da Mulher\" data-search=\"sala hydra 3.0 sa\u00fade da mulher acupuntura na menopausa: controle dos sintomas e qualidade de vida silvana maria silva fernandes moderador: lin chen hau\" data-agenda-context-key=\"sala-hydra-saude-da-mulher-lin-chen-hau\" data-agenda-wide=\"false\"><div class=\"cmba-program-agenda__session-head\"><time datetime=\"2026-11-28T11:20:00-03:00\">11:20 - 11:40<\/time><\/div><h3>Acupuntura na Menopausa: Controle dos Sintomas e Qualidade de Vida<\/h3><p class=\"cmba-program-agenda__speaker\">SILVANA MARIA SILVA FERNANDES<\/p><p class=\"cmba-program-agenda__meta\"><span>SALA HYDRA<\/span><\/p><\/article><article class=\"cmba-program-agenda__session cmba-program-agenda__session--debate cmba-program-agenda__room-tone--sala-hydra cmba-program-agenda__day-module--3 cmba-program-agenda__session--feed\" data-agenda-session data-day=\"28-11-sabado\" data-room=\"SALA HYDRA\" data-module=\"Sa\u00fade da Mulher\" data-search=\"sala hydra sa\u00fade da mulher sa\u00fade da mulher debate moderador: lin chen hau\" data-agenda-context-key=\"sala-hydra-saude-da-mulher-lin-chen-hau\" data-agenda-wide=\"false\"><div class=\"cmba-program-agenda__session-head\"><time datetime=\"2026-11-28T11:40:00-03:00\">11:40 - 12:00<\/time><\/div><h3>DEBATE<\/h3><p class=\"cmba-program-agenda__meta\"><span>SALA HYDRA<\/span><\/p><\/article><header class=\"cmba-program-agenda__module-context cmba-program-agenda__room-tone--sala-hydra cmba-program-agenda__day-module--4 cmba-program-agenda__module-context--feed\" data-agenda-context data-agenda-context-key=\"sala-hydra-sindrome-dolorosa-miofascial-marcelo-neubauer\"><strong>S\u00edndrome Dolorosa Miofascial<\/strong><span>Modera\u00e7\u00e3o: Marcelo Neubauer<\/span><\/header><article class=\"cmba-program-agenda__session cmba-program-agenda__session--lecture cmba-program-agenda__room-tone--sala-hydra cmba-program-agenda__day-module--4 cmba-program-agenda__session--feed\" data-agenda-session data-day=\"28-11-sabado\" data-room=\"SALA HYDRA\" data-module=\"S\u00edndrome Dolorosa Miofascial\" data-search=\"sala hydra s\u00edndrome dolorosa miofascial s\u00edndrome dolorosa miofascial s\u00edndrome dolorosa miofascial: desafios diagn\u00f3sticos na pr\u00e1tica cl\u00ednica rodrigo suarez moderador: marcelo neubauer\" data-agenda-context-key=\"sala-hydra-sindrome-dolorosa-miofascial-marcelo-neubauer\" data-agenda-wide=\"false\"><div class=\"cmba-program-agenda__session-head\"><time datetime=\"2026-11-28T14:00:00-03:00\">14:00 - 14:20<\/time><\/div><h3>S\u00edndrome Dolorosa Miofascial: Desafios Diagn\u00f3sticos na Pr\u00e1tica Cl\u00ednica<\/h3><p class=\"cmba-program-agenda__speaker\">RODRIGO SUAREZ<\/p><p class=\"cmba-program-agenda__meta\"><span>SALA HYDRA<\/span><\/p><\/article><article class=\"cmba-program-agenda__session cmba-program-agenda__session--lecture cmba-program-agenda__room-tone--sala-hydra cmba-program-agenda__day-module--4 cmba-program-agenda__session--feed\" data-agenda-session data-day=\"28-11-sabado\" data-room=\"SALA HYDRA\" data-module=\"S\u00edndrome Dolorosa Miofascial\" data-search=\"sala hydra 4.0 s\u00edndrome dolorosa miofascial princ\u00edpios terap\u00eauticos na s\u00edndrome dolorosa miofascial cr\u00f4nica rogerio duarte moderador: marcelo neubauer\" data-agenda-context-key=\"sala-hydra-sindrome-dolorosa-miofascial-marcelo-neubauer\" data-agenda-wide=\"false\"><div class=\"cmba-program-agenda__session-head\"><time datetime=\"2026-11-28T14:20:00-03:00\">14:20 - 14:40<\/time><\/div><h3>Princ\u00edpios Terap\u00eauticos na S\u00edndrome Dolorosa Miofascial Cr\u00f4nica<\/h3><p class=\"cmba-program-agenda__speaker\">ROGERIO DUARTE<\/p><p class=\"cmba-program-agenda__meta\"><span>SALA HYDRA<\/span><\/p><\/article><article class=\"cmba-program-agenda__session cmba-program-agenda__session--lecture cmba-program-agenda__room-tone--sala-hydra cmba-program-agenda__day-module--4 cmba-program-agenda__session--feed\" data-agenda-session data-day=\"28-11-sabado\" data-room=\"SALA HYDRA\" data-module=\"S\u00edndrome Dolorosa Miofascial\" data-search=\"sala hydra s\u00edndrome dolorosa miofascial s\u00edndrome dolorosa miofascial sdm em ombro e cintura escapular marcus pai moderador: marcelo neubauer\" data-agenda-context-key=\"sala-hydra-sindrome-dolorosa-miofascial-marcelo-neubauer\" data-agenda-wide=\"false\"><div class=\"cmba-program-agenda__session-head\"><time datetime=\"2026-11-28T14:40:00-03:00\">14:40 - 15:00<\/time><\/div><h3>SDM em Ombro e Cintura Escapular<\/h3><p class=\"cmba-program-agenda__speaker\">MARCUS PAI<\/p><p class=\"cmba-program-agenda__meta\"><span>SALA HYDRA<\/span><\/p><\/article><article class=\"cmba-program-agenda__session cmba-program-agenda__session--debate cmba-program-agenda__room-tone--sala-hydra cmba-program-agenda__day-module--4 cmba-program-agenda__session--feed\" data-agenda-session data-day=\"28-11-sabado\" data-room=\"SALA HYDRA\" data-module=\"S\u00edndrome Dolorosa Miofascial\" data-search=\"sala hydra s\u00edndrome dolorosa miofascial s\u00edndrome dolorosa miofascial debate moderador: marcelo neubauer\" data-agenda-context-key=\"sala-hydra-sindrome-dolorosa-miofascial-marcelo-neubauer\" data-agenda-wide=\"false\"><div class=\"cmba-program-agenda__session-head\"><time datetime=\"2026-11-28T15:00:00-03:00\">15:00 - 15:30<\/time><\/div><h3>DEBATE<\/h3><p class=\"cmba-program-agenda__meta\"><span>SALA HYDRA<\/span><\/p><\/article><header class=\"cmba-program-agenda__module-context cmba-program-agenda__room-tone--sala-hydra cmba-program-agenda__day-module--5 cmba-program-agenda__module-context--feed\" data-agenda-context data-agenda-context-key=\"sala-hydra-cuidados-paliativos-ibere-ferreira\"><strong>Cuidados Paliativos<\/strong><span>Modera\u00e7\u00e3o: Iber\u00ea Ferreira<\/span><\/header><article class=\"cmba-program-agenda__session cmba-program-agenda__session--lecture cmba-program-agenda__room-tone--sala-hydra cmba-program-agenda__day-module--5 cmba-program-agenda__session--feed\" data-agenda-session data-day=\"28-11-sabado\" data-room=\"SALA HYDRA\" data-module=\"Cuidados Paliativos\" data-search=\"sala hydra cuidados paliativos cuidados paliativos acupuntura em cuidados paliativos daniela charnizon moderador: iber\u00ea ferreira\" data-agenda-context-key=\"sala-hydra-cuidados-paliativos-ibere-ferreira\" data-agenda-wide=\"false\"><div class=\"cmba-program-agenda__session-head\"><time datetime=\"2026-11-28T15:30:00-03:00\">15:30 - 15:50<\/time><\/div><h3>Acupuntura em Cuidados Paliativos<\/h3><p class=\"cmba-program-agenda__speaker\">DANIELA CHARNIZON<\/p><p class=\"cmba-program-agenda__meta\"><span>SALA HYDRA<\/span><\/p><\/article><article class=\"cmba-program-agenda__session cmba-program-agenda__session--lecture cmba-program-agenda__room-tone--sala-hydra cmba-program-agenda__day-module--5 cmba-program-agenda__session--feed\" data-agenda-session data-day=\"28-11-sabado\" data-room=\"SALA HYDRA\" data-module=\"Cuidados Paliativos\" data-search=\"sala hydra 5.0 cuidados paliativos expectativas do cl\u00ednico paliativista na associa\u00e7\u00e3o com a acupuntura bruno belo de lima moderador: iber\u00ea ferreira\" data-agenda-context-key=\"sala-hydra-cuidados-paliativos-ibere-ferreira\" data-agenda-wide=\"false\"><div class=\"cmba-program-agenda__session-head\"><time datetime=\"2026-11-28T15:50:00-03:00\">15:50 - 16:10<\/time><\/div><h3>Expectativas do Cl\u00ednico Paliativista na Associa\u00e7\u00e3o com a Acupuntura<\/h3><p class=\"cmba-program-agenda__speaker\">Bruno Belo de Lima<\/p><p class=\"cmba-program-agenda__meta\"><span>SALA HYDRA<\/span><\/p><\/article><article class=\"cmba-program-agenda__session cmba-program-agenda__session--debate cmba-program-agenda__room-tone--sala-hydra cmba-program-agenda__day-module--5 cmba-program-agenda__session--feed\" data-agenda-session data-day=\"28-11-sabado\" data-room=\"SALA HYDRA\" data-module=\"Cuidados Paliativos\" data-search=\"sala hydra cuidados paliativos cuidados paliativos debate moderador: iber\u00ea ferreira\" data-agenda-context-key=\"sala-hydra-cuidados-paliativos-ibere-ferreira\" data-agenda-wide=\"false\"><div class=\"cmba-program-agenda__session-head\"><time datetime=\"2026-11-28T16:10:00-03:00\">16:10 - 16:30<\/time><\/div><h3>DEBATE<\/h3><p class=\"cmba-program-agenda__meta\"><span>SALA HYDRA<\/span><\/p><\/article><header class=\"cmba-program-agenda__module-context cmba-program-agenda__room-tone--sala-hydra cmba-program-agenda__day-module--6 cmba-program-agenda__module-context--feed\" data-agenda-context data-agenda-context-key=\"sala-hydra-doencas-gastrointestinais-jorgean\"><strong>Doen\u00e7as Gastrointestinais<\/strong><span>Modera\u00e7\u00e3o: Jorgean<\/span><\/header><article class=\"cmba-program-agenda__session cmba-program-agenda__session--lecture cmba-program-agenda__room-tone--sala-hydra cmba-program-agenda__day-module--6 cmba-program-agenda__session--feed\" data-agenda-session data-day=\"28-11-sabado\" data-room=\"SALA HYDRA\" data-module=\"Doen\u00e7as Gastrointestinais\" data-search=\"sala hydra doen\u00e7as gastrointestinais doen\u00e7as gastrointestinais dietoterapia nas doen\u00e7as gastrointestinais funcionais marlene ueda moderador: jorgean\" data-agenda-context-key=\"sala-hydra-doencas-gastrointestinais-jorgean\" data-agenda-wide=\"false\"><div class=\"cmba-program-agenda__session-head\"><time datetime=\"2026-11-28T17:00:00-03:00\">17:00 - 17:20<\/time><\/div><h3>Dietoterapia nas Doen\u00e7as Gastrointestinais Funcionais<\/h3><p class=\"cmba-program-agenda__speaker\">MARLENE UEDA<\/p><p class=\"cmba-program-agenda__meta\"><span>SALA HYDRA<\/span><\/p><\/article><article class=\"cmba-program-agenda__session cmba-program-agenda__session--lecture cmba-program-agenda__room-tone--sala-hydra cmba-program-agenda__day-module--6 cmba-program-agenda__session--feed\" data-agenda-session data-day=\"28-11-sabado\" data-room=\"SALA HYDRA\" data-module=\"Doen\u00e7as Gastrointestinais\" data-search=\"sala hydra 6.0 doen\u00e7as gastrointestinais microbiota intestinal e mtc: conex\u00f5es emergentes mauro carbonar moderador: jorgean\" data-agenda-context-key=\"sala-hydra-doencas-gastrointestinais-jorgean\" data-agenda-wide=\"false\"><div class=\"cmba-program-agenda__session-head\"><time datetime=\"2026-11-28T17:20:00-03:00\">17:20 - 17:40<\/time><\/div><h3>Microbiota intestinal e MTC: Conex\u00f5es Emergentes<\/h3><p class=\"cmba-program-agenda__speaker\">MAURO CARBONAR<\/p><p class=\"cmba-program-agenda__meta\"><span>SALA HYDRA<\/span><\/p><\/article><article class=\"cmba-program-agenda__session cmba-program-agenda__session--debate cmba-program-agenda__room-tone--sala-hydra cmba-program-agenda__day-module--6 cmba-program-agenda__session--feed\" data-agenda-session data-day=\"28-11-sabado\" data-room=\"SALA HYDRA\" data-module=\"Doen\u00e7as Gastrointestinais\" data-search=\"sala hydra doen\u00e7as gastrointestinais doen\u00e7as gastrointestinais debate moderador: jorgean\" data-agenda-context-key=\"sala-hydra-doencas-gastrointestinais-jorgean\" data-agenda-wide=\"false\"><div class=\"cmba-program-agenda__session-head\"><time datetime=\"2026-11-28T17:40:00-03:00\">17:40 - 18:00<\/time><\/div><h3>DEBATE<\/h3><p class=\"cmba-program-agenda__meta\"><span>SALA HYDRA<\/span><\/p><\/article><\/section><section class=\"cmba-program-agenda__feed-room cmba-program-agenda__room-tone--sala-hercules\" data-agenda-feed-room data-agenda-room=\"SALA HERCULES\"><header class=\"cmba-program-agenda__feed-room-head\"><span>Agenda por sala<\/span><h3>SALA HERCULES<\/h3><\/header><header class=\"cmba-program-agenda__module-context cmba-program-agenda__room-tone--sala-hercules cmba-program-agenda__day-module--1 cmba-program-agenda__module-context--feed\" data-agenda-context data-agenda-context-key=\"sala-hercules-osteoartrite-marcus-pai\"><strong>Osteoartrite<\/strong><span>Modera\u00e7\u00e3o: Marcus Pai<\/span><\/header><article class=\"cmba-program-agenda__session cmba-program-agenda__session--lecture cmba-program-agenda__room-tone--sala-hercules cmba-program-agenda__day-module--1 cmba-program-agenda__session--feed\" data-agenda-session data-day=\"28-11-sabado\" data-room=\"SALA HERCULES\" data-module=\"Osteoartrite\" data-search=\"sala hercules osteoartrite osteoartrite uso da acupuntura associada \u00e0 ventosa nos casos de oa avan\u00e7ada andr\u00c9 tsai moderador: marcus pai\" data-agenda-context-key=\"sala-hercules-osteoartrite-marcus-pai\" data-agenda-wide=\"false\"><div class=\"cmba-program-agenda__session-head\"><time datetime=\"2026-11-28T08:00:00-03:00\">08:00 - 08:20<\/time><\/div><h3>Uso da Acupuntura Associada \u00e0 Ventosa Nos Casos de OA Avan\u00e7ada<\/h3><p class=\"cmba-program-agenda__speaker\">ANDR\u00c9 TSAI<\/p><p class=\"cmba-program-agenda__meta\"><span>SALA HERCULES<\/span><\/p><\/article><article class=\"cmba-program-agenda__session cmba-program-agenda__session--lecture cmba-program-agenda__room-tone--sala-hercules cmba-program-agenda__day-module--1 cmba-program-agenda__session--feed\" data-agenda-session data-day=\"28-11-sabado\" data-room=\"SALA HERCULES\" data-module=\"Osteoartrite\" data-search=\"sala hercules 1.0 osteoartrite osteoartrite: quando o tratamento conservador falha no paciente n\u00e3o cir\u00fargico. o que fazer? barbara pimenta moderador: marcus pai\" data-agenda-context-key=\"sala-hercules-osteoartrite-marcus-pai\" data-agenda-wide=\"false\"><div class=\"cmba-program-agenda__session-head\"><time datetime=\"2026-11-28T08:20:00-03:00\">08:20 - 08:40<\/time><\/div><h3>Osteoartrite: Quando o Tratamento Conservador Falha no Paciente N\u00e3o Cir\u00fargico. O Que Fazer?<\/h3><p class=\"cmba-program-agenda__speaker\">BARBARA PIMENTA<\/p><p class=\"cmba-program-agenda__meta\"><span>SALA HERCULES<\/span><\/p><\/article><article class=\"cmba-program-agenda__session cmba-program-agenda__session--lecture cmba-program-agenda__room-tone--sala-hercules cmba-program-agenda__day-module--1 cmba-program-agenda__session--feed\" data-agenda-session data-day=\"28-11-sabado\" data-room=\"SALA HERCULES\" data-module=\"Osteoartrite\" data-search=\"sala hercules osteoartrite osteoartrite t\u00f3picos e transd\u00e9rmicos na oa armando freitas moderador: marcus pai\" data-agenda-context-key=\"sala-hercules-osteoartrite-marcus-pai\" data-agenda-wide=\"false\"><div class=\"cmba-program-agenda__session-head\"><time datetime=\"2026-11-28T08:40:00-03:00\">08:40 - 09:00<\/time><\/div><h3>T\u00f3picos e Transd\u00e9rmicos na OA<\/h3><p class=\"cmba-program-agenda__speaker\">ARMANDO FREITAS<\/p><p class=\"cmba-program-agenda__meta\"><span>SALA HERCULES<\/span><\/p><\/article><article class=\"cmba-program-agenda__session cmba-program-agenda__session--debate cmba-program-agenda__room-tone--sala-hercules cmba-program-agenda__day-module--1 cmba-program-agenda__session--feed\" data-agenda-session data-day=\"28-11-sabado\" data-room=\"SALA HERCULES\" data-module=\"Osteoartrite\" data-search=\"sala hercules osteoartrite osteoartrite debate moderador: marcus pai\" data-agenda-context-key=\"sala-hercules-osteoartrite-marcus-pai\" data-agenda-wide=\"false\"><div class=\"cmba-program-agenda__session-head\"><time datetime=\"2026-11-28T09:00:00-03:00\">09:00 - 09:30<\/time><\/div><h3>DEBATE<\/h3><p class=\"cmba-program-agenda__meta\"><span>SALA HERCULES<\/span><\/p><\/article><header class=\"cmba-program-agenda__module-context cmba-program-agenda__room-tone--sala-hercules cmba-program-agenda__day-module--2 cmba-program-agenda__module-context--feed\" data-agenda-context data-agenda-context-key=\"sala-hercules-canabinoides-de-tratamento-da-dor-flavia-vadas\"><strong>Canabin\u00f3ides de Tratamento da Dor<\/strong><span>Modera\u00e7\u00e3o: Flavia Vadas<\/span><\/header><article class=\"cmba-program-agenda__session cmba-program-agenda__session--lecture cmba-program-agenda__room-tone--sala-hercules cmba-program-agenda__day-module--2 cmba-program-agenda__session--feed is-tentative\" data-agenda-session data-day=\"28-11-sabado\" data-room=\"SALA HERCULES\" data-module=\"Canabin\u00f3ides de Tratamento da Dor\" data-search=\"sala hercules canabin\u00f3ides de tratamento da dor canabin\u00f3ides de tratamento da dor evid\u00eancias, indica\u00e7\u00f5es e limita\u00e7\u00f5es em defini\u00e7\u00e3o moderador: flavia vadas\" data-agenda-context-key=\"sala-hercules-canabinoides-de-tratamento-da-dor-flavia-vadas\" data-agenda-wide=\"false\"><div class=\"cmba-program-agenda__session-head\"><time datetime=\"2026-11-28T09:30:00-03:00\">09:30 - 09:50<\/time><span class=\"cmba-program-agenda__status\">Em defini\u00e7\u00e3o<\/span><\/div><h3>Evid\u00eancias, Indica\u00e7\u00f5es e Limita\u00e7\u00f5es<\/h3><p class=\"cmba-program-agenda__meta\"><span>SALA HERCULES<\/span><\/p><\/article><article class=\"cmba-program-agenda__session cmba-program-agenda__session--lecture cmba-program-agenda__room-tone--sala-hercules cmba-program-agenda__day-module--2 cmba-program-agenda__session--feed\" data-agenda-session data-day=\"28-11-sabado\" data-room=\"SALA HERCULES\" data-module=\"Canabin\u00f3ides de Tratamento da Dor\" data-search=\"sala hercules 2.0 canabin\u00f3ides de tratamento da dor como prescrever na dor cr\u00f4nica? mariana palladini moderador: flavia vadas\" data-agenda-context-key=\"sala-hercules-canabinoides-de-tratamento-da-dor-flavia-vadas\" data-agenda-wide=\"false\"><div class=\"cmba-program-agenda__session-head\"><time datetime=\"2026-11-28T09:50:00-03:00\">09:50 - 10:10<\/time><\/div><h3>Como Prescrever na Dor Cr\u00f4nica?<\/h3><p class=\"cmba-program-agenda__speaker\">Mariana Palladini<\/p><p class=\"cmba-program-agenda__meta\"><span>SALA HERCULES<\/span><\/p><\/article><article class=\"cmba-program-agenda__session cmba-program-agenda__session--debate cmba-program-agenda__room-tone--sala-hercules cmba-program-agenda__day-module--2 cmba-program-agenda__session--feed\" data-agenda-session data-day=\"28-11-sabado\" data-room=\"SALA HERCULES\" data-module=\"Canabin\u00f3ides de Tratamento da Dor\" data-search=\"sala hercules canabin\u00f3ides de tratamento da dor canabin\u00f3ides de tratamento da dor debate moderador: flavia vadas\" data-agenda-context-key=\"sala-hercules-canabinoides-de-tratamento-da-dor-flavia-vadas\" data-agenda-wide=\"false\"><div class=\"cmba-program-agenda__session-head\"><time datetime=\"2026-11-28T10:10:00-03:00\">10:10 - 10:30<\/time><\/div><h3>DEBATE<\/h3><p class=\"cmba-program-agenda__meta\"><span>SALA HERCULES<\/span><\/p><\/article><header class=\"cmba-program-agenda__module-context cmba-program-agenda__room-tone--sala-hercules cmba-program-agenda__day-module--3 cmba-program-agenda__module-context--feed\" data-agenda-context data-agenda-context-key=\"sala-hercules-fibromialgia-carlos-eduardo-mendes\"><strong>Fibromialgia<\/strong><span>Modera\u00e7\u00e3o: Carlos Eduardo Mendes<\/span><\/header><article class=\"cmba-program-agenda__session cmba-program-agenda__session--lecture cmba-program-agenda__room-tone--sala-hercules cmba-program-agenda__day-module--3 cmba-program-agenda__session--feed\" data-agenda-session data-day=\"28-11-sabado\" data-room=\"SALA HERCULES\" data-module=\"Fibromialgia\" data-search=\"sala hercules fibromialgia fibromialgia terapia anti\u00e1lgica integrada (tai) no controle terap\u00eautico da fibromialgia levi higino jales junior moderador: carlos eduardo mendes\" data-agenda-context-key=\"sala-hercules-fibromialgia-carlos-eduardo-mendes\" data-agenda-wide=\"false\"><div class=\"cmba-program-agenda__session-head\"><time datetime=\"2026-11-28T11:00:00-03:00\">11:00 - 11:20<\/time><\/div><h3>Terapia Anti\u00e1lgica Integrada (TAI) no Controle Terap\u00eautico da Fibromialgia<\/h3><p class=\"cmba-program-agenda__speaker\">LEVI HIGINO JALES JUNIOR<\/p><p class=\"cmba-program-agenda__meta\"><span>SALA HERCULES<\/span><\/p><\/article><article class=\"cmba-program-agenda__session cmba-program-agenda__session--lecture cmba-program-agenda__room-tone--sala-hercules cmba-program-agenda__day-module--3 cmba-program-agenda__session--feed\" data-agenda-session data-day=\"28-11-sabado\" data-room=\"SALA HERCULES\" data-module=\"Fibromialgia\" data-search=\"sala hercules 3.0 fibromialgia aspectos emocionais no tratamento da fibromialgia walter viterbo moderador: carlos eduardo mendes\" data-agenda-context-key=\"sala-hercules-fibromialgia-carlos-eduardo-mendes\" data-agenda-wide=\"false\"><div class=\"cmba-program-agenda__session-head\"><time datetime=\"2026-11-28T11:20:00-03:00\">11:20 - 11:40<\/time><\/div><h3>Aspectos Emocionais no Tratamento da Fibromialgia<\/h3><p class=\"cmba-program-agenda__speaker\">WALTER VITERBO<\/p><p class=\"cmba-program-agenda__meta\"><span>SALA HERCULES<\/span><\/p><\/article><article class=\"cmba-program-agenda__session cmba-program-agenda__session--debate cmba-program-agenda__room-tone--sala-hercules cmba-program-agenda__day-module--3 cmba-program-agenda__session--feed\" data-agenda-session data-day=\"28-11-sabado\" data-room=\"SALA HERCULES\" data-module=\"Fibromialgia\" data-search=\"sala hercules fibromialgia fibromialgia debate moderador: carlos eduardo mendes\" data-agenda-context-key=\"sala-hercules-fibromialgia-carlos-eduardo-mendes\" data-agenda-wide=\"false\"><div class=\"cmba-program-agenda__session-head\"><time datetime=\"2026-11-28T11:40:00-03:00\">11:40 - 12:00<\/time><\/div><h3>DEBATE<\/h3><p class=\"cmba-program-agenda__meta\"><span>SALA HERCULES<\/span><\/p><\/article><header class=\"cmba-program-agenda__module-context cmba-program-agenda__room-tone--sala-hercules cmba-program-agenda__day-module--4 cmba-program-agenda__module-context--feed\" data-agenda-context data-agenda-context-key=\"sala-hercules-dor-oncologica-ciencia-inovacao-e-humanizacao-fernando-farias\"><strong>Dor Oncol\u00f3gica: Ci\u00eancia, Inova\u00e7\u00e3o e Humaniza\u00e7\u00e3o<\/strong><span>Modera\u00e7\u00e3o: Fernando Farias<\/span><\/header><article class=\"cmba-program-agenda__session cmba-program-agenda__session--lecture cmba-program-agenda__room-tone--sala-hercules cmba-program-agenda__day-module--4 cmba-program-agenda__session--feed\" data-agenda-session data-day=\"28-11-sabado\" data-room=\"SALA HERCULES\" data-module=\"Dor Oncol\u00f3gica: Ci\u00eancia, Inova\u00e7\u00e3o e Humaniza\u00e7\u00e3o\" data-search=\"sala hercules dor oncol\u00f3gica: ci\u00eancia, inova\u00e7\u00e3o e humaniza\u00e7\u00e3o dor oncol\u00f3gica: ci\u00eancia, inova\u00e7\u00e3o e humaniza\u00e7\u00e3o al\u00e9m da analgesia: cuidado integral ao paciente oncol\u00f3gico eduardo d&#039;alessandro moderador: fernando farias\" data-agenda-context-key=\"sala-hercules-dor-oncologica-ciencia-inovacao-e-humanizacao-fernando-farias\" data-agenda-wide=\"false\"><div class=\"cmba-program-agenda__session-head\"><time datetime=\"2026-11-28T14:00:00-03:00\">14:00 - 14:20<\/time><\/div><h3>Al\u00e9m da Analgesia: Cuidado Integral ao Paciente Oncol\u00f3gico<\/h3><p class=\"cmba-program-agenda__speaker\">EDUARDO D&#039;ALESSANDRO<\/p><p class=\"cmba-program-agenda__meta\"><span>SALA HERCULES<\/span><\/p><\/article><article class=\"cmba-program-agenda__session cmba-program-agenda__session--lecture cmba-program-agenda__room-tone--sala-hercules cmba-program-agenda__day-module--4 cmba-program-agenda__session--feed\" data-agenda-session data-day=\"28-11-sabado\" data-room=\"SALA HERCULES\" data-module=\"Dor Oncol\u00f3gica: Ci\u00eancia, Inova\u00e7\u00e3o e Humaniza\u00e7\u00e3o\" data-search=\"sala hercules 4.0 dor oncol\u00f3gica: ci\u00eancia, inova\u00e7\u00e3o e humaniza\u00e7\u00e3o bloqueios em dor oncol\u00f3gica karenthan abreu rodrigues moderador: fernando farias\" data-agenda-context-key=\"sala-hercules-dor-oncologica-ciencia-inovacao-e-humanizacao-fernando-farias\" data-agenda-wide=\"false\"><div class=\"cmba-program-agenda__session-head\"><time datetime=\"2026-11-28T14:20:00-03:00\">14:20 - 14:40<\/time><\/div><h3>Bloqueios em Dor Oncol\u00f3gica<\/h3><p class=\"cmba-program-agenda__speaker\">KARENTHAN ABREU RODRIGUES<\/p><p class=\"cmba-program-agenda__meta\"><span>SALA HERCULES<\/span><\/p><\/article><article class=\"cmba-program-agenda__session cmba-program-agenda__session--lecture cmba-program-agenda__room-tone--sala-hercules cmba-program-agenda__day-module--4 cmba-program-agenda__session--feed\" data-agenda-session data-day=\"28-11-sabado\" data-room=\"SALA HERCULES\" data-module=\"Dor Oncol\u00f3gica: Ci\u00eancia, Inova\u00e7\u00e3o e Humaniza\u00e7\u00e3o\" data-search=\"sala hercules dor oncol\u00f3gica: ci\u00eancia, inova\u00e7\u00e3o e humaniza\u00e7\u00e3o dor oncol\u00f3gica: ci\u00eancia, inova\u00e7\u00e3o e humaniza\u00e7\u00e3o manejo de opioides na oncologia luisa paiva moderador: fernando farias\" data-agenda-context-key=\"sala-hercules-dor-oncologica-ciencia-inovacao-e-humanizacao-fernando-farias\" data-agenda-wide=\"false\"><div class=\"cmba-program-agenda__session-head\"><time datetime=\"2026-11-28T14:40:00-03:00\">14:40 - 15:00<\/time><\/div><h3>Manejo de Opioides na Oncologia<\/h3><p class=\"cmba-program-agenda__speaker\">LUISA PAIVA<\/p><p class=\"cmba-program-agenda__meta\"><span>SALA HERCULES<\/span><\/p><\/article><article class=\"cmba-program-agenda__session cmba-program-agenda__session--debate cmba-program-agenda__room-tone--sala-hercules cmba-program-agenda__day-module--4 cmba-program-agenda__session--feed\" data-agenda-session data-day=\"28-11-sabado\" data-room=\"SALA HERCULES\" data-module=\"Dor Oncol\u00f3gica: Ci\u00eancia, Inova\u00e7\u00e3o e Humaniza\u00e7\u00e3o\" data-search=\"sala hercules dor oncol\u00f3gica: ci\u00eancia, inova\u00e7\u00e3o e humaniza\u00e7\u00e3o dor oncol\u00f3gica: ci\u00eancia, inova\u00e7\u00e3o e humaniza\u00e7\u00e3o debate moderador: fernando farias\" data-agenda-context-key=\"sala-hercules-dor-oncologica-ciencia-inovacao-e-humanizacao-fernando-farias\" data-agenda-wide=\"false\"><div class=\"cmba-program-agenda__session-head\"><time datetime=\"2026-11-28T15:00:00-03:00\">15:00 - 15:30<\/time><\/div><h3>DEBATE<\/h3><p class=\"cmba-program-agenda__meta\"><span>SALA HERCULES<\/span><\/p><\/article><header class=\"cmba-program-agenda__module-context cmba-program-agenda__room-tone--sala-hercules cmba-program-agenda__day-module--5 cmba-program-agenda__module-context--feed\" data-agenda-context data-agenda-context-key=\"sala-hercules-relacao-entre-hormonio-e-dor-paulo-abrahao\"><strong>Rela\u00e7\u00e3o Entre Horm\u00f4nio e Dor<\/strong><span>Modera\u00e7\u00e3o: Paulo Abrah\u00e3o<\/span><\/header><article class=\"cmba-program-agenda__session cmba-program-agenda__session--lecture cmba-program-agenda__room-tone--sala-hercules cmba-program-agenda__day-module--5 cmba-program-agenda__session--feed\" data-agenda-session data-day=\"28-11-sabado\" data-room=\"SALA HERCULES\" data-module=\"Rela\u00e7\u00e3o Entre Horm\u00f4nio e Dor\" data-search=\"sala hercules rela\u00e7\u00e3o entre horm\u00f4nio e dor rela\u00e7\u00e3o entre horm\u00f4nio e dor intera\u00e7\u00f5es entre horm\u00f4nios, inflama\u00e7\u00e3o e dor mara val\u00c9ria mendes moderador: paulo abrah\u00e3o\" data-agenda-context-key=\"sala-hercules-relacao-entre-hormonio-e-dor-paulo-abrahao\" data-agenda-wide=\"false\"><div class=\"cmba-program-agenda__session-head\"><time datetime=\"2026-11-28T15:30:00-03:00\">15:30 - 15:50<\/time><\/div><h3>Intera\u00e7\u00f5es Entre Horm\u00f4nios, Inflama\u00e7\u00e3o e Dor<\/h3><p class=\"cmba-program-agenda__speaker\">MARA VAL\u00c9RIA MENDES<\/p><p class=\"cmba-program-agenda__meta\"><span>SALA HERCULES<\/span><\/p><\/article><article class=\"cmba-program-agenda__session cmba-program-agenda__session--lecture cmba-program-agenda__room-tone--sala-hercules cmba-program-agenda__day-module--5 cmba-program-agenda__session--feed\" data-agenda-session data-day=\"28-11-sabado\" data-room=\"SALA HERCULES\" data-module=\"Rela\u00e7\u00e3o Entre Horm\u00f4nio e Dor\" data-search=\"sala hercules 5.0 rela\u00e7\u00e3o entre horm\u00f4nio e dor sarcopenia, envelhecimento e dor cr\u00f4nica levi higino jales neto moderador: paulo abrah\u00e3o\" data-agenda-context-key=\"sala-hercules-relacao-entre-hormonio-e-dor-paulo-abrahao\" data-agenda-wide=\"false\"><div class=\"cmba-program-agenda__session-head\"><time datetime=\"2026-11-28T15:50:00-03:00\">15:50 - 16:10<\/time><\/div><h3>Sarcopenia, Envelhecimento e Dor Cr\u00f4nica<\/h3><p class=\"cmba-program-agenda__speaker\">LEVI HIGINO JALES NETO<\/p><p class=\"cmba-program-agenda__meta\"><span>SALA HERCULES<\/span><\/p><\/article><article class=\"cmba-program-agenda__session cmba-program-agenda__session--debate cmba-program-agenda__room-tone--sala-hercules cmba-program-agenda__day-module--5 cmba-program-agenda__session--feed\" data-agenda-session data-day=\"28-11-sabado\" data-room=\"SALA HERCULES\" data-module=\"Rela\u00e7\u00e3o Entre Horm\u00f4nio e Dor\" data-search=\"sala hercules rela\u00e7\u00e3o entre horm\u00f4nio e dor rela\u00e7\u00e3o entre horm\u00f4nio e dor debate moderador: paulo abrah\u00e3o\" data-agenda-context-key=\"sala-hercules-relacao-entre-hormonio-e-dor-paulo-abrahao\" data-agenda-wide=\"false\"><div class=\"cmba-program-agenda__session-head\"><time datetime=\"2026-11-28T16:10:00-03:00\">16:10 - 16:30<\/time><\/div><h3>DEBATE<\/h3><p class=\"cmba-program-agenda__meta\"><span>SALA HERCULES<\/span><\/p><\/article><header class=\"cmba-program-agenda__module-context cmba-program-agenda__room-tone--sala-hercules cmba-program-agenda__day-module--6 cmba-program-agenda__module-context--feed\" data-agenda-context data-agenda-context-key=\"sala-hercules-medicina-regenerativa-um-novo-olhar-no-controle-da-dor-renan-ferreira-jorge\"><strong>Medicina Regenerativa: Um Novo Olhar no Controle da Dor<\/strong><span>Modera\u00e7\u00e3o: Renan Ferreira Jorge<\/span><\/header><article class=\"cmba-program-agenda__session cmba-program-agenda__session--lecture cmba-program-agenda__room-tone--sala-hercules cmba-program-agenda__day-module--6 cmba-program-agenda__session--feed\" data-agenda-session data-day=\"28-11-sabado\" data-room=\"SALA HERCULES\" data-module=\"Medicina Regenerativa: Um Novo Olhar no Controle da Dor\" data-search=\"sala hercules medicina regenerativa: um novo olhar no controle da dor medicina regenerativa: um novo olhar no controle da dor prp \u00e9 tudo igual? olympio chacon moderador: renan ferreira jorge\" data-agenda-context-key=\"sala-hercules-medicina-regenerativa-um-novo-olhar-no-controle-da-dor-renan-ferreira-jorge\" data-agenda-wide=\"false\"><div class=\"cmba-program-agenda__session-head\"><time datetime=\"2026-11-28T17:00:00-03:00\">17:00 - 17:20<\/time><\/div><h3>PRP \u00e9 Tudo Igual?<\/h3><p class=\"cmba-program-agenda__speaker\">OLYMPIO CHACON<\/p><p class=\"cmba-program-agenda__meta\"><span>SALA HERCULES<\/span><\/p><\/article><article class=\"cmba-program-agenda__session cmba-program-agenda__session--lecture cmba-program-agenda__room-tone--sala-hercules cmba-program-agenda__day-module--6 cmba-program-agenda__session--feed\" data-agenda-session data-day=\"28-11-sabado\" data-room=\"SALA HERCULES\" data-module=\"Medicina Regenerativa: Um Novo Olhar no Controle da Dor\" data-search=\"sala hercules 6.0 medicina regenerativa: um novo olhar no controle da dor prp - uma ferramenta poderosa nas patologias musculoesquel\u00e9ticas renato bevil\u00c1cqua moderador: renan ferreira jorge\" data-agenda-context-key=\"sala-hercules-medicina-regenerativa-um-novo-olhar-no-controle-da-dor-renan-ferreira-jorge\" data-agenda-wide=\"false\"><div class=\"cmba-program-agenda__session-head\"><time datetime=\"2026-11-28T17:20:00-03:00\">17:20 - 17:40<\/time><\/div><h3>PRP - Uma Ferramenta Poderosa Nas Patologias Musculoesquel\u00e9ticas<\/h3><p class=\"cmba-program-agenda__speaker\">RENATO BEVIL\u00c1CQUA<\/p><p class=\"cmba-program-agenda__meta\"><span>SALA HERCULES<\/span><\/p><\/article><article class=\"cmba-program-agenda__session cmba-program-agenda__session--debate cmba-program-agenda__room-tone--sala-hercules cmba-program-agenda__day-module--6 cmba-program-agenda__session--feed\" data-agenda-session data-day=\"28-11-sabado\" data-room=\"SALA HERCULES\" data-module=\"Medicina Regenerativa: Um Novo Olhar no Controle da Dor\" data-search=\"sala hercules medicina regenerativa: um novo olhar no controle da dor medicina regenerativa: um novo olhar no controle da dor debate moderador: renan ferreira jorge\" data-agenda-context-key=\"sala-hercules-medicina-regenerativa-um-novo-olhar-no-controle-da-dor-renan-ferreira-jorge\" data-agenda-wide=\"false\"><div class=\"cmba-program-agenda__session-head\"><time datetime=\"2026-11-28T17:40:00-03:00\">17:40 - 18:00<\/time><\/div><h3>DEBATE<\/h3><p class=\"cmba-program-agenda__meta\"><span>SALA HERCULES<\/span><\/p><\/article><\/section><section class=\"cmba-program-agenda__feed-room cmba-program-agenda__room-tone--sala-lyra\" data-agenda-feed-room data-agenda-room=\"SALA LYRA\"><header class=\"cmba-program-agenda__feed-room-head\"><span>Agenda por sala<\/span><h3>SALA LYRA<\/h3><\/header><header class=\"cmba-program-agenda__module-context cmba-program-agenda__room-tone--sala-lyra cmba-program-agenda__day-module--1 cmba-program-agenda__module-context--feed\" data-agenda-context data-agenda-context-key=\"sala-lyra-curso-intervencao-em-dor-lucilia-de-brito-tavares\"><strong>CURSO INTERVEN\u00c7\u00c3O EM DOR<\/strong><span>Modera\u00e7\u00e3o: Luc\u00edlia de Brito Tavares<\/span><\/header><article class=\"cmba-program-agenda__session cmba-program-agenda__session--course cmba-program-agenda__room-tone--sala-lyra cmba-program-agenda__day-module--1 cmba-program-agenda__session--feed\" data-agenda-session data-day=\"28-11-sabado\" data-room=\"SALA LYRA\" data-module=\"CURSO INTERVEN\u00c7\u00c3O EM DOR\" data-search=\"sala lyra curso interven\u00c7\u00c3o em dor curso interven\u00c7\u00c3o em dor radiofrequ\u00eancia e crioabla\u00e7\u00e3o: individualizando o tratamento intervencionista da dor palestrante: bernardo silveira moderador: luc\u00edlia de brito tavares\" data-agenda-context-key=\"sala-lyra-curso-intervencao-em-dor-lucilia-de-brito-tavares\" data-agenda-wide=\"false\"><div class=\"cmba-program-agenda__session-head\"><time datetime=\"2026-11-28T08:00:00-03:00\">08:00 - 09:30<\/time><\/div><h3>Radiofrequ\u00eancia e Crioabla\u00e7\u00e3o: Individualizando o Tratamento Intervencionista da Dor<\/h3><p class=\"cmba-program-agenda__speaker\">Palestrante: BERNARDO SILVEIRA<\/p><p class=\"cmba-program-agenda__meta\"><span>SALA LYRA<\/span><\/p><\/article><article class=\"cmba-program-agenda__session cmba-program-agenda__session--course cmba-program-agenda__room-tone--sala-lyra cmba-program-agenda__day-module--3 cmba-program-agenda__session--feed\" data-agenda-session data-day=\"28-11-sabado\" data-room=\"SALA LYRA\" data-module=\"CURSO INTERVEN\u00c7\u00c3O EM DOR\" data-search=\"sala lyra curso interven\u00c7\u00c3o em dor curso interven\u00c7\u00c3o em dor radiofrequ\u00eancia e crioabla\u00e7\u00e3o: individualizando o tratamento intervencionista da dor palestrante: bernardo silveira moderador: luc\u00edlia de brito tavares\" data-agenda-context-key=\"sala-lyra-curso-intervencao-em-dor-lucilia-de-brito-tavares\" data-agenda-wide=\"false\"><div class=\"cmba-program-agenda__session-head\"><time datetime=\"2026-11-28T11:00:00-03:00\">11:00 - 12:00<\/time><\/div><h3>Radiofrequ\u00eancia e Crioabla\u00e7\u00e3o: Individualizando o Tratamento Intervencionista da Dor<\/h3><p class=\"cmba-program-agenda__speaker\">Palestrante: BERNARDO SILVEIRA<\/p><p class=\"cmba-program-agenda__meta\"><span>SALA LYRA<\/span><\/p><\/article><article class=\"cmba-program-agenda__session cmba-program-agenda__session--course cmba-program-agenda__room-tone--sala-lyra cmba-program-agenda__day-module--3 cmba-program-agenda__session--feed\" data-agenda-session data-day=\"28-11-sabado\" data-room=\"SALA LYRA\" data-module=\"CURSO INTERVEN\u00c7\u00c3O EM DOR\" data-search=\"sala lyra curso interven\u00c7\u00c3o em dor curso interven\u00c7\u00c3o em dor simp\u00d3sio sat\u00c9lite moderador: luc\u00edlia de brito tavares\" data-agenda-context-key=\"sala-lyra-curso-intervencao-em-dor-lucilia-de-brito-tavares\" data-agenda-wide=\"false\"><div class=\"cmba-program-agenda__session-head\"><time datetime=\"2026-11-28T12:15:00-03:00\">12:15 - 13:45<\/time><\/div><h3>SIMP\u00d3SIO SAT\u00c9LITE<\/h3><p class=\"cmba-program-agenda__meta\"><span>SALA LYRA<\/span><\/p><\/article><header class=\"cmba-program-agenda__module-context cmba-program-agenda__room-tone--sala-lyra cmba-program-agenda__day-module--4 cmba-program-agenda__module-context--feed\" data-agenda-context data-agenda-context-key=\"sala-lyra-curso-intervencao-em-dor-patricia-spengler\"><strong>CURSO INTERVEN\u00c7\u00c3O EM DOR<\/strong><span>Modera\u00e7\u00e3o: Patr\u00edcia Spengler<\/span><\/header><article class=\"cmba-program-agenda__session cmba-program-agenda__session--course cmba-program-agenda__room-tone--sala-lyra cmba-program-agenda__day-module--4 cmba-program-agenda__session--feed\" data-agenda-session data-day=\"28-11-sabado\" data-room=\"SALA LYRA\" data-module=\"CURSO INTERVEN\u00c7\u00c3O EM DOR\" data-search=\"sala lyra curso interven\u00c7\u00c3o em dor curso interven\u00c7\u00c3o em dor infiltra\u00e7\u00e3o guiada por anatomia palestrante: kelson ogata moderador: patr\u00edcia spengler\" data-agenda-context-key=\"sala-lyra-curso-intervencao-em-dor-patricia-spengler\" data-agenda-wide=\"false\"><div class=\"cmba-program-agenda__session-head\"><time datetime=\"2026-11-28T14:00:00-03:00\">14:00 - 15:30<\/time><\/div><h3>Infiltra\u00e7\u00e3o Guiada Por Anatomia<\/h3><p class=\"cmba-program-agenda__speaker\">Palestrante: KELSON OGATA<\/p><p class=\"cmba-program-agenda__meta\"><span>SALA LYRA<\/span><\/p><\/article><article class=\"cmba-program-agenda__session cmba-program-agenda__session--course cmba-program-agenda__room-tone--sala-lyra cmba-program-agenda__day-module--6 cmba-program-agenda__session--feed\" data-agenda-session data-day=\"28-11-sabado\" data-room=\"SALA LYRA\" data-module=\"CURSO INTERVEN\u00c7\u00c3O EM DOR\" data-search=\"sala lyra curso interven\u00c7\u00c3o em dor curso interven\u00c7\u00c3o em dor infiltra\u00e7\u00e3o guiada por anatomia palestrante: kelson ogata moderador: patr\u00edcia spengler\" data-agenda-context-key=\"sala-lyra-curso-intervencao-em-dor-patricia-spengler\" data-agenda-wide=\"false\"><div class=\"cmba-program-agenda__session-head\"><time datetime=\"2026-11-28T17:00:00-03:00\">17:00 - 18:00<\/time><\/div><h3>Infiltra\u00e7\u00e3o Guiada Por Anatomia<\/h3><p class=\"cmba-program-agenda__speaker\">Palestrante: KELSON OGATA<\/p><p class=\"cmba-program-agenda__meta\"><span>SALA LYRA<\/span><\/p><\/article><\/section><section class=\"cmba-program-agenda__feed-room cmba-program-agenda__room-tone--todas-as-salas cmba-program-agenda__feed-room--shared\" data-agenda-feed-room data-agenda-room=\"Todas as salas\"><header class=\"cmba-program-agenda__feed-room-head\"><span>Eventos do congresso<\/span><h3>Eventos gerais<\/h3><\/header><article class=\"cmba-program-agenda__session cmba-program-agenda__session--special cmba-program-agenda__room-tone--espaco-garden cmba-program-agenda__day-module--1 cmba-program-agenda__session--feed\" data-agenda-session data-day=\"28-11-sabado\" data-room=\"ESPA\u00c7O GARDEN\" data-module=\"Pr\u00e1ticas Corporais\" data-search=\"espa\u00c7o garden pr\u00e1ticas corporais pr\u00e1ticas corporais yi jin jing \u6613\u7b4b\u7ecf luiz carlos souza sampaio\" data-agenda-context-key=\"espaco-garden-praticas-corporais\" data-agenda-wide=\"true\"><div class=\"cmba-program-agenda__session-head\"><time datetime=\"2026-11-28T07:00:00-03:00\">07:00 - 07:30<\/time><\/div><h3>YI JIN JING \u6613\u7b4b\u7ecf<\/h3><p class=\"cmba-program-agenda__speaker\">LUIZ CARLOS SOUZA SAMPAIO<\/p><p class=\"cmba-program-agenda__meta\"><span>ESPA\u00c7O GARDEN<\/span><\/p><\/article><article class=\"cmba-program-agenda__session cmba-program-agenda__session--break cmba-program-agenda__room-tone--todas-as-salas cmba-program-agenda__day-module--2 cmba-program-agenda__session--feed\" data-agenda-session data-day=\"28-11-sabado\" data-room=\"Todas as salas\" data-module=\"Intervalo\" data-search=\"todas as salas intervalo intervalo coffee break\" data-agenda-context-key=\"todas-as-salas-intervalo\" data-agenda-wide=\"true\"><div class=\"cmba-program-agenda__session-head\"><time datetime=\"2026-11-28T10:30:00-03:00\">10:30 - 11:00<\/time><\/div><h3>Coffee Break<\/h3><p class=\"cmba-program-agenda__meta\"><span>Todas as salas<\/span><\/p><\/article><article class=\"cmba-program-agenda__session cmba-program-agenda__session--break cmba-program-agenda__room-tone--todas-as-salas cmba-program-agenda__day-module--5 cmba-program-agenda__session--feed\" data-agenda-session data-day=\"28-11-sabado\" data-room=\"Todas as salas\" data-module=\"Intervalo\" data-search=\"todas as salas intervalo intervalo coffee break\" data-agenda-context-key=\"todas-as-salas-intervalo\" data-agenda-wide=\"true\"><div class=\"cmba-program-agenda__session-head\"><time datetime=\"2026-11-28T16:30:00-03:00\">16:30 - 17:00<\/time><\/div><h3>Coffee Break<\/h3><p class=\"cmba-program-agenda__meta\"><span>Todas as salas<\/span><\/p><\/article><article class=\"cmba-program-agenda__session cmba-program-agenda__session--plenary cmba-program-agenda__room-tone--plenaria cmba-program-agenda__day-module--6 cmba-program-agenda__session--feed\" data-agenda-session data-day=\"28-11-sabado\" data-room=\"Plen\u00e1ria\" data-module=\"ENCERRAMENTO\" data-search=\"plen\u00e1ria encerramento encerramento encerramento do congresso - caminhada na praia\" data-agenda-context-key=\"plenaria-encerramento\" data-agenda-wide=\"true\"><div class=\"cmba-program-agenda__session-head\"><time datetime=\"2026-11-28T18:00:00-03:00\">18:00<\/time><\/div><h3>ENCERRAMENTO DO CONGRESSO - CAMINHADA NA PRAIA<\/h3><p class=\"cmba-program-agenda__meta\"><span>Plen\u00e1ria<\/span><\/p><\/article><\/section><\/div><\/section><p class=\"cmba-program-agenda__note\">Programa\u00e7\u00e3o sujeita a altera\u00e7\u00f5es.<\/p><\/div><\/section><\/main>\n<\/div>\n","protected":false},"excerpt":{"rendered":"","protected":false},"author":2,"featured_media":0,"parent":0,"menu_order":0,"comment_status":"closed","ping_status":"closed","template":"","meta":{"footnotes":""},"class_list":["post-465","page","type-page","status-publish","hentry"],"blocksy_meta":{"page_title_panel":"","has_hero_section":"disabled","0d250a00a8566f2f0313098d85f6944a":"","hero_section":"type-1","hero_elements":[{"id":"custom_title","enabled":true,"heading_tag":"h1","title":"Home"},{"id":"custom_description","enabled":true,"description_visibility":{"desktop":true,"tablet":true,"mobile":false}},{"id":"custom_meta","enabled":false,"meta_elements":[{"id":"author","enabled":true,"label":"By","has_author_avatar":"yes","avatar_size":25},{"id":"post_date","enabled":true,"label":"On","date_format_source":"default","date_format":"M j, Y"},{"id":"updated_date","enabled":false,"label":"On","date_format_source":"default","date_format":"M j, Y"},{"id":"categories","enabled":false,"label":"In","style":"simple"},{"id":"comments","enabled":true}],"page_meta_elements":{"joined":true,"articles_count":true,"comments":true}},{"id":"breadcrumbs","enabled":false}],"f1f885b9fe5879dade9e3b1017d64683":"","hero_alignment1":"CT_CSS_SKIP_RULE","hero_margin":40,"hero_alignment2":"center","hero_vertical_alignment":"center","b42f76bf5bc1f37939804e5d7aafb3cb":"","hero_structure":"narrow","e3971675bfd0707400b940a7a609741d":"","page_title_bg_type":"featured_image","custom_hero_background":{"attachment_id":null},"page_title_image_size":"full","parallax":{"desktop":false,"tablet":false,"mobile":false},"93aa90cd66038d66e8722e914f70d99e":"","hero_height":"250px","pageTitleFont":{"family":"Default","variation":"Default","size":"30px","line-height":"CT_CSS_SKIP_RULE","letter-spacing":"CT_CSS_SKIP_RULE","text-transform":"CT_CSS_SKIP_RULE","text-decoration":"CT_CSS_SKIP_RULE"},"pageTitleFontColor":{"default":{"color":"CT_CSS_SKIP_RULEDEFAULT"}},"pageMetaFont":{"family":"Default","variation":"n6","size":"12px","line-height":"1.3","letter-spacing":"CT_CSS_SKIP_RULE","text-transform":"uppercase","text-decoration":"CT_CSS_SKIP_RULE"},"pageMetaFontColor":{"default":{"color":"CT_CSS_SKIP_RULEDEFAULT"},"hover":{"color":"CT_CSS_SKIP_RULEDEFAULT"}},"page_meta_button_type_font_colors":{"default":{"color":"CT_CSS_SKIP_RULEDEFAULT"},"hover":{"color":"CT_CSS_SKIP_RULEDEFAULT"}},"page_meta_button_type_background_colors":{"default":{"color":"CT_CSS_SKIP_RULEDEFAULT"},"hover":{"color":"CT_CSS_SKIP_RULEDEFAULT"}},"pageExcerptFont":{"family":"Default","variation":"Default","size":"CT_CSS_SKIP_RULE","line-height":"CT_CSS_SKIP_RULE","letter-spacing":"CT_CSS_SKIP_RULE","text-transform":"CT_CSS_SKIP_RULE","text-decoration":"CT_CSS_SKIP_RULE"},"pageExcerptColor":{"default":{"color":"CT_CSS_SKIP_RULEDEFAULT"}},"breadcrumbsFont":{"family":"Default","variation":"Default","size":"CT_CSS_SKIP_RULE","line-height":"CT_CSS_SKIP_RULE","letter-spacing":"CT_CSS_SKIP_RULE","text-transform":"CT_CSS_SKIP_RULE","text-decoration":"CT_CSS_SKIP_RULE"},"breadcrumbsFontColor":{"default":{"color":"CT_CSS_SKIP_RULEDEFAULT"},"initial":{"color":"CT_CSS_SKIP_RULEDEFAULT"},"hover":{"color":"CT_CSS_SKIP_RULEDEFAULT"}},"pageTitleOverlay":{"background_type":"color","background_pattern":"type-1","background_image":{"attachment_id":null,"x":0,"y":0},"gradient":"linear-gradient(135deg,rgba(6,147,227,1) 0%,rgb(155,81,224) 100%)","background_repeat":"repeat","background_size":"auto","background_attachment":"scroll","patternColor":{"default":{"color":"#e5e7ea"}},"overlayColor":{"default":{"color":"CT_CSS_SKIP_RULE"}},"backgroundColor":{"default":{"color":"CT_CSS_SKIP_RULE"}}},"pageTitleBackground":{"background_type":"color","background_pattern":"type-1","background_image":{"attachment_id":null,"x":0,"y":0},"gradient":"linear-gradient(135deg,rgba(6,147,227,1) 0%,rgb(155,81,224) 100%)","background_repeat":"repeat","background_size":"auto","background_attachment":"scroll","patternColor":{"default":{"color":"#e5e7ea"}},"overlayColor":{"default":{"color":"CT_CSS_SKIP_RULE"}},"backgroundColor":{"default":{"color":"var(--theme-palette-color-6)"}}},"pageTitlePadding":{"top":"50px","bottom":"50px","left":"auto","right":"auto","linked":true},"1974eaa6e869509a19e5dd9e845e3134":"","page_structure_type":"default","9a705e5e3bd57b58359b397631e410db":"","content_style_source":"inherit","content_style":"wide","vertical_spacing_source":"custom","content_area_spacing":"none","background":{"background_type":"color","background_pattern":"type-1","background_image":{"attachment_id":null,"x":0,"y":0},"gradient":"linear-gradient(135deg,rgba(6,147,227,1) 0%,rgb(155,81,224) 100%)","background_repeat":"repeat","background_size":"auto","background_attachment":"scroll","patternColor":{"default":{"color":"#e5e7ea"}},"overlayColor":{"default":{"color":"CT_CSS_SKIP_RULE"}},"backgroundColor":{"default":{"color":"CT_CSS_SKIP_RULE"}}},"content_background":{"background_type":"color","background_pattern":"type-1","background_image":{"attachment_id":null,"x":0,"y":0},"gradient":"linear-gradient(135deg,rgba(6,147,227,1) 0%,rgb(155,81,224) 100%)","background_repeat":"repeat","background_size":"auto","background_attachment":"scroll","patternColor":{"default":{"color":"#e5e7ea"}},"overlayColor":{"default":{"color":"CT_CSS_SKIP_RULE"}},"backgroundColor":{"default":{"color":"var(--theme-palette-color-8)"}}},"content_boxed_shadow":{"inherit":false,"blur":18,"spread":-6,"v_offset":12,"h_offset":0,"inset":false,"enable":true,"color":{"color":"rgba(34, 56, 101, 0.04)"}},"boxed_content_spacing":{"desktop":{"top":"40px","bottom":"40px","left":"40px","right":"40px","linked":true},"tablet":{"top":"35px","bottom":"35px","left":"35px","right":"35px","linked":true},"mobile":{"top":"20px","bottom":"20px","left":"20px","right":"20px","linked":true}},"content_boxed_radius":{"top":"3px","bottom":"3px","left":"3px","right":"3px","linked":true},"0e395ffd9c465e46428e68c54f8b4d79":"","disable_featured_image":"no","disable_share_box":"no","disable_header":"no","disable_footer":"no","styles_descriptor":{"styles":{"desktop":"","tablet":"","mobile":""},"google_fonts":[],"version":7}},"_links":{"self":[{"href":"https:\/\/congressocmba.com.br\/site\/wp-json\/wp\/v2\/pages\/465","targetHints":{"allow":["GET"]}}],"collection":[{"href":"https:\/\/congressocmba.com.br\/site\/wp-json\/wp\/v2\/pages"}],"about":[{"href":"https:\/\/congressocmba.com.br\/site\/wp-json\/wp\/v2\/types\/page"}],"author":[{"embeddable":true,"href":"https:\/\/congressocmba.com.br\/site\/wp-json\/wp\/v2\/users\/2"}],"replies":[{"embeddable":true,"href":"https:\/\/congressocmba.com.br\/site\/wp-json\/wp\/v2\/comments?post=465"}],"version-history":[{"count":4,"href":"https:\/\/congressocmba.com.br\/site\/wp-json\/wp\/v2\/pages\/465\/revisions"}],"predecessor-version":[{"id":3928,"href":"https:\/\/congressocmba.com.br\/site\/wp-json\/wp\/v2\/pages\/465\/revisions\/3928"}],"wp:attachment":[{"href":"https:\/\/congressocmba.com.br\/site\/wp-json\/wp\/v2\/media?parent=465"}],"curies":[{"name":"wp","href":"https:\/\/api.w.org\/{rel}","templated":true}]}}